{"id":6,"date":"2024-04-04T07:52:50","date_gmt":"2024-04-04T04:52:50","guid":{"rendered":"https:\/\/sisu.ut.ee\/transportplanning\/loengud2022\/"},"modified":"2024-04-10T14:25:28","modified_gmt":"2024-04-10T11:25:28","slug":"loengud2022","status":"publish","type":"page","link":"https:\/\/sisu.ut.ee\/transportplanning\/loengud2022\/?lang=et","title":{"rendered":"Loengud 2022"},"content":{"rendered":"<p style=\"text-align: justify\">\n\t<span style=\"font-size:18px\"><strong>Avalik\u00a0veebiloengute sari \u201cLiikuvusanal\u00fc\u00fcs ja planeerimine inimm\u00f5\u00f5tmeliste linnade jaoks\u201d<\/strong> <\/span>\n<\/p>\n<p style=\"text-align: justify\">\n\t<span style=\"font-size:16px\">Tartu \u00dclikooli mobiilsusuuringute labori korraldatud veebiloengute sari\u00a0toob k\u00f5nelema liikuvuse ja transpordiplaneerimise\u00a0eksperte ja juhtivaid teadlasi \u00fcle ilma. Loengusarjas otsime vastust k\u00fcsimusele, kuidas toetada inimm\u00f5\u00f5tmelise, sotsiaalselt ja keskkondlikult j\u00e4tkusuutliku linnaruumi\u00a0kujundamist liikuvusanal\u00fc\u00fcsi ja transpordiplaneerimise kaudu. Loengud k\u00e4sitlevad transpordipoliitikat ja liikuvusega seotud strateegilist planeerimist, transpordi ja liikuvuse\u00a0sotsiaalseid, keskkonna- ja terviseaspekte, traditsioonilisi ja suurandmetele tuginevaid meetodeid transpordiplaneerimises ning digilahendusi ja tulevikutehnoloogiaid ning nende sotsiaalset m\u00f5ju.<\/span>\n<\/p>\n<p>\n\t<span style=\"font-size:16px\">Vaata <strong>2022. a kevadsemestri\u00a0loengute kava ja salvestusi<\/strong>\u00a0alt poolt.\u00a0<\/span>\n<\/p>\n<p>\n\t<span style=\"font-size:16px\">Loengusari toimub Tartu \u00dclikooli ainekursuse \u201cTranspordiplaneerimine\u201d raames. Vaata ainekursuse infot <a data-url=\"https:\/\/ois2.ut.ee\/#\/courses\/LOOM.02.343\/version\/d3482362-8ed6-68ef-4db5-3e8c92f45e0e\/details\" href=\"https:\/\/ois2.ut.ee\/#\/courses\/LOOM.02.343\/version\/d3482362-8ed6-68ef-4db5-3e8c92f45e0e\/details\" target=\"_blank\" title=\"\" rel=\"noopener\">T\u00dc \u00f5ppeinfos\u00fcsteemist<\/a>.\u00a0<\/span>\n<\/p>\n<p>\n\t<span style=\"font-size:16px\">T\u00e4iendav info: Siiri Silm (siiri.silm\u00a0[at]\u00a0ut.ee), Age Poom\u00a0(age.poom [at]\u00a0ut.ee) <\/span>\n<\/p>\n<p style=\"text-align: justify\">\n\t<span style=\"font-size:16px\"><a data-url=\"https:\/\/mobilitylab.ut.ee\" href=\"https:\/\/mobilitylab.ut.ee\" target=\"_blank\" title=\"\" rel=\"noopener\">Tartu \u00dclikooli mobiilsusuuringute labor<\/a>\u00a0\u00a0<\/span>\n<\/p>\n<p>\n\t\u00a0\n<\/p>\n<h2 lang=\"EN-GB\" xml:lang=\"EN-GB\">\n\t<span style=\"font-size:18px\">\u00a0<\/span>\u00a0<img loading=\"lazy\" decoding=\"async\" width=\"2000\" height=\"349\" class=\"alignnone wp-image-33\" style=\"width:287px;height:50px\" src=\"https:\/\/sisu.ut.ee\/wp-content\/uploads\/sites\/550\/mobiilsusuuringute_labor_est_sinine.png\" title=\"mobiilsusuuringute_labor_est_sinine.png\" alt=\"uus_eesti_sinine_logo\" srcset=\"https:\/\/sisu.ut.ee\/wp-content\/uploads\/sites\/550\/mobiilsusuuringute_labor_est_sinine.png 2000w, https:\/\/sisu.ut.ee\/wp-content\/uploads\/sites\/550\/mobiilsusuuringute_labor_est_sinine-300x52.png 300w, https:\/\/sisu.ut.ee\/wp-content\/uploads\/sites\/550\/mobiilsusuuringute_labor_est_sinine-1024x179.png 1024w, https:\/\/sisu.ut.ee\/wp-content\/uploads\/sites\/550\/mobiilsusuuringute_labor_est_sinine-768x134.png 768w, https:\/\/sisu.ut.ee\/wp-content\/uploads\/sites\/550\/mobiilsusuuringute_labor_est_sinine-1536x268.png 1536w, https:\/\/sisu.ut.ee\/wp-content\/uploads\/sites\/550\/mobiilsusuuringute_labor_est_sinine-1920x335.png 1920w\" sizes=\"auto, (max-width: 2000px) 100vw, 2000px\">\u00a0\u00a0<img loading=\"lazy\" decoding=\"async\" width=\"2018\" height=\"426\" class=\"alignnone wp-image-45\" style=\"width: 237px;height: 50px\" src=\"https:\/\/sisu.ut.ee\/wp-content\/uploads\/sites\/550\/hawkeeujeanmnntcentreexcllnce_eustars_18_01_blu.png\" title=\"hawkeeujeanmnntcentreexcllnce_eustars_18_01_blu.png\" alt=\"cc\" srcset=\"https:\/\/sisu.ut.ee\/wp-content\/uploads\/sites\/550\/hawkeeujeanmnntcentreexcllnce_eustars_18_01_blu.png 2018w, https:\/\/sisu.ut.ee\/wp-content\/uploads\/sites\/550\/hawkeeujeanmnntcentreexcllnce_eustars_18_01_blu-300x63.png 300w, https:\/\/sisu.ut.ee\/wp-content\/uploads\/sites\/550\/hawkeeujeanmnntcentreexcllnce_eustars_18_01_blu-1024x216.png 1024w, https:\/\/sisu.ut.ee\/wp-content\/uploads\/sites\/550\/hawkeeujeanmnntcentreexcllnce_eustars_18_01_blu-768x162.png 768w, https:\/\/sisu.ut.ee\/wp-content\/uploads\/sites\/550\/hawkeeujeanmnntcentreexcllnce_eustars_18_01_blu-1536x324.png 1536w, https:\/\/sisu.ut.ee\/wp-content\/uploads\/sites\/550\/hawkeeujeanmnntcentreexcllnce_eustars_18_01_blu-1920x405.png 1920w\" sizes=\"auto, (max-width: 2018px) 100vw, 2018px\">\u00a0<img loading=\"lazy\" decoding=\"async\" width=\"245\" height=\"70\" class=\"alignnone wp-image-47\" style=\"width: 210px;height: 60px;margin-left: 20px;margin-right: 20px\" src=\"https:\/\/sisu.ut.ee\/wp-content\/uploads\/sites\/550\/logo.png\" title=\"logo.png\" alt=\"logo\"><br>\n<\/h2>\n<h2>\n\t<span style=\"font-size:18px\"><em>Veebiloengute sarja toetas\u00a0Erasmus+ Jean Monnet v\u00f5rgustik <a data-url=\"https:\/\/www.unisa.edu.au\/research\/Hawke-EU-Centre-for-Mobilities-Migrations-and-Cultural-Transformations\/CCAMEU-jean-monnet-Network\/\" href=\"https:\/\/www.unisa.edu.au\/research\/Hawke-EU-Centre-for-Mobilities-Migrations-and-Cultural-Transformations\/CCAMEU-jean-monnet-Network\/\" target=\"_blank\" title=\"\" rel=\"noopener\">\u201cCCAMEU\u2014Cooperative, Connected and Automated Mobility: EU and Australasian Innovations\u201d<\/a>. <\/em><\/span><br>\n<\/h2>\n<p>\n\t\u00a0\n<\/p>\n<table class=\"table table-hover\" border=\"0\" cellpadding=\"1\" cellspacing=\"1\" style=\"width: 1200px\">\n<tbody>\n<tr>\n<td style=\"width: 400px;text-align: left\">\n\t\t\t\t<img loading=\"lazy\" decoding=\"async\" width=\"853\" height=\"853\" class=\"alignnone wp-image-18\" style=\"width: 300px;height: 300px;float: left\" src=\"https:\/\/sisu.ut.ee\/wp-content\/uploads\/sites\/550\/johannpeetre_ruut.jpg\" title=\"johannpeetre_ruut.jpg\" alt=\"joh\" srcset=\"https:\/\/sisu.ut.ee\/wp-content\/uploads\/sites\/550\/johannpeetre_ruut.jpg 853w, https:\/\/sisu.ut.ee\/wp-content\/uploads\/sites\/550\/johannpeetre_ruut-300x300.jpg 300w, https:\/\/sisu.ut.ee\/wp-content\/uploads\/sites\/550\/johannpeetre_ruut-150x150.jpg 150w, https:\/\/sisu.ut.ee\/wp-content\/uploads\/sites\/550\/johannpeetre_ruut-768x768.jpg 768w\" sizes=\"auto, (max-width: 853px) 100vw, 853px\">\n\t\t\t<\/td>\n<td style=\"width: 50px;height: 0px;text-align: left\">\n\t\t\t\t\u00a0\n\t\t\t<\/td>\n<td style=\"width: 400px;text-align: left\">\n\t\t\t\t<img loading=\"lazy\" decoding=\"async\" width=\"2560\" height=\"2560\" class=\"alignnone wp-image-15\" style=\"width: 300px;height: 300px;float: left\" src=\"https:\/\/sisu.ut.ee\/wp-content\/uploads\/sites\/550\/karl_saidla_ruut-scaled.jpg\" title=\"karl_saidla_ruut.jpg\" alt=\"kar\" srcset=\"https:\/\/sisu.ut.ee\/wp-content\/uploads\/sites\/550\/karl_saidla_ruut-scaled.jpg 2560w, https:\/\/sisu.ut.ee\/wp-content\/uploads\/sites\/550\/karl_saidla_ruut-300x300.jpg 300w, https:\/\/sisu.ut.ee\/wp-content\/uploads\/sites\/550\/karl_saidla_ruut-1024x1024.jpg 1024w, https:\/\/sisu.ut.ee\/wp-content\/uploads\/sites\/550\/karl_saidla_ruut-150x150.jpg 150w, https:\/\/sisu.ut.ee\/wp-content\/uploads\/sites\/550\/karl_saidla_ruut-768x768.jpg 768w, https:\/\/sisu.ut.ee\/wp-content\/uploads\/sites\/550\/karl_saidla_ruut-1536x1536.jpg 1536w, https:\/\/sisu.ut.ee\/wp-content\/uploads\/sites\/550\/karl_saidla_ruut-2048x2048.jpg 2048w, https:\/\/sisu.ut.ee\/wp-content\/uploads\/sites\/550\/karl_saidla_ruut-1920x1920.jpg 1920w\" sizes=\"auto, (max-width: 2560px) 100vw, 2560px\">\n\t\t\t<\/td>\n<td style=\"width: 50px;height: 0px;text-align: left\">\n\t\t\t\t\u00a0\n\t\t\t<\/td>\n<td style=\"width: 400px;text-align: left\">\n\t\t\t\t<img loading=\"lazy\" decoding=\"async\" width=\"2560\" height=\"2560\" class=\"alignnone wp-image-16\" style=\"width: 300px;height: 300px;float: left\" src=\"https:\/\/sisu.ut.ee\/wp-content\/uploads\/sites\/550\/tonisarjus_ruut-scaled.jpg\" title=\"tonisarjus_ruut.jpg\" alt=\"t\u00f5n\" srcset=\"https:\/\/sisu.ut.ee\/wp-content\/uploads\/sites\/550\/tonisarjus_ruut-scaled.jpg 2560w, https:\/\/sisu.ut.ee\/wp-content\/uploads\/sites\/550\/tonisarjus_ruut-300x300.jpg 300w, https:\/\/sisu.ut.ee\/wp-content\/uploads\/sites\/550\/tonisarjus_ruut-1024x1024.jpg 1024w, https:\/\/sisu.ut.ee\/wp-content\/uploads\/sites\/550\/tonisarjus_ruut-150x150.jpg 150w, https:\/\/sisu.ut.ee\/wp-content\/uploads\/sites\/550\/tonisarjus_ruut-768x768.jpg 768w, https:\/\/sisu.ut.ee\/wp-content\/uploads\/sites\/550\/tonisarjus_ruut-1536x1536.jpg 1536w, https:\/\/sisu.ut.ee\/wp-content\/uploads\/sites\/550\/tonisarjus_ruut-2048x2048.jpg 2048w, https:\/\/sisu.ut.ee\/wp-content\/uploads\/sites\/550\/tonisarjus_ruut-1920x1920.jpg 1920w\" sizes=\"auto, (max-width: 2560px) 100vw, 2560px\">\n\t\t\t<\/td>\n<\/tr>\n<tr>\n<td style=\"vertical-align: top;text-align: left\">\n<h2>\n\t\t\t\t\tJohann Peetre<br>\n\t\t\t\t<\/h2>\n<p>\n\t\t\t\t\t<em>Majandus- ja Kommunikatsiooniministeerium\u00a0<\/em>\n\t\t\t\t<\/p>\n<p lang=\"EN-GB\" xml:lang=\"EN-GB\">\n\t\t\t\t\t<strong>10. m\u00e4rts<\/strong>\u00a0kell 14:15\u201315:30\u00a0\u00a0\n\t\t\t\t<\/p>\n<h3 lang=\"EN-GB\" xml:lang=\"EN-GB\">\n\t\t\t\t\tTranspordi ja liikuvuse arengukava 2035 koostamisest<br>\n\t\t\t\t<\/h3>\n<p style=\"text-align: justify\">\n\t\t\t\t\tJohann Peetre t\u00f6\u00f6tab Majandus- ja Kommunikatsiooniministeeriumi (MKM) transpordi arengu ja investeeringute osakonna eksperdina, on Tallinna Sadama t\u00fctarettev\u00f5tte TS Laevade n\u00f5ukogu liige ning kuulub FinEst Targa Linna Tippkeskuse juhtkomiteesse. MKMis vedas Peetre Transpordi ja liikuvuse arengukava 2021\u20132035 koostamist ning tegeleb praegu transpordi rohep\u00f6\u00f6rde ja nutikate transpordis\u00fcsteemidega. Peetre on hariduselt politoloog ja \u00f5petanud aastatel 2015\u20132018 TL\u00dc \u00fchiskonnateaduste instituudis riigiteaduste tudengeid.\n\t\t\t\t<\/p>\n<\/td>\n<td style=\"text-align: left\">\n\t\t\t\t\u00a0\n\t\t\t<\/td>\n<td style=\"vertical-align: top;text-align: left\">\n<h2>\n\t\t\t\t\tDr. Karl Saidla<br>\n\t\t\t\t<\/h2>\n<p>\n\t\t\t\t\t<em>Tartu \u00dclikool\u00a0<\/em>\n\t\t\t\t<\/p>\n<p lang=\"EN-GB\" xml:lang=\"EN-GB\">\n\t\t\t\t\t<strong>15. m\u00e4rts<\/strong> kell 14:15\u20135:30.\u00a0Loeng on inglise keeles\n\t\t\t\t<\/p>\n<h3 lang=\"EN-GB\" xml:lang=\"EN-GB\">\n\t\t\t\t\tActive transportation policy \u2013 what, why, how?<br>\n\t\t\t\t<\/h3>\n<p lang=\"EN-GB\" style=\"text-align: justify\" xml:lang=\"EN-GB\">\n\t\t\t\t\tKarl Saidla is a postdoctoral researcher with the University of Tartu\u2019s Mobility Lab, where his research compares the bike share systems of Tartu and Helsinki from the perspective of public policy. Overall, his research explores what governmental approaches are most likely to help sustain and grow active transportation rates. He has a particular interest in Nordic cases and given their comparability with his home country\u2019s (i.e., Canada\u2019s) context. His PhD thesis compared the promotion of walking, cycling, and public transit use in Ottawa, Canada, and Helsinki.\n\t\t\t\t<\/p>\n<\/td>\n<td style=\"text-align: left\">\n\t\t\t\t\u00a0\n\t\t\t<\/td>\n<td style=\"vertical-align: top;text-align: left\">\n<h2>\n\t\t\t\t\tT\u00f5nis Arjus<br>\n\t\t\t\t<\/h2>\n<p>\n\t\t\t\t\t<em>Tartu linnavalitsus<\/em> \u00a0\n\t\t\t\t<\/p>\n<p lang=\"EN-GB\" xml:lang=\"EN-GB\">\n\t\t\t\t\t<strong>17. m\u00e4rts<\/strong> kell 14:15\u201315:30\u00a0\u00a0\n\t\t\t\t<\/p>\n<h3>\n\t\t\t\t\tLinnade kujunemisest ja tulevikust<br>\n\t\t\t\t<\/h3>\n<p style=\"text-align: justify\">\n\t\t\t\t\tT\u00f5nis Arjus on Tartu linnaarhitekt alates 2012. aastast ja alates 2021. aastast juhib ka ruumiloome osakonda. Arjus anal\u00fc\u00fcsib oma t\u00f6\u00f6s linnade s\u00e4\u00e4stva arenguga seotud teemasid ja uurib, kas kestlik linn on t\u00e4nastes trendides ka p\u00e4riselt v\u00f5imalik. Ressursside k\u00e4ttesaadavuse v\u00e4hemise ning dramaatiliste kliimamuutuste vaates k\u00e4ib kompaktse ja kodanikus\u00f5braliku linna kontseptsioon k\u00e4sik\u00e4es vastupidava \u00fchiskonna rajamisega. Tulevikumuutustest r\u00e4\u00e4kides ei tohi \u00e4ra unustada linnade p\u00f5hiolemust, milleks on inimeste kokku toomine parima koost\u00f6\u00f6 nimel. Arjus tugineb oma ettekandes nii ajaloolistele n\u00e4idetele kui ka Tartu linnaruumi muutustele.\u00a0\n\t\t\t\t<\/p>\n<\/td>\n<\/tr>\n<tr>\n<td style=\"vertical-align: top;text-align: left\">\n\t\t\t\t<div class=\"ratio ratio-16x9 mb-3\"><div class=\"video-placeholder-wrapper video-placeholder-wrapper--16x9\">\n\t\t\t    <div class=\"video-placeholder d-flex justify-content-center align-items-center\">\n\t\t\t        <div class=\"overlay text-white p-2 w-100 text-center d-block justify-content-center align-items-center\">\n\t\t\t            <div>To view third-party content, please accept cookies.<\/div>\n\t\t\t            <button class=\"btn btn-secondary btn-sm mt-1 consent-change\">Change consent<\/button>\n\t\t\t        <\/div>\n\t\t\t    <\/div>\n\t\t\t<\/div>\n<\/div>\n\t\t\t<\/td>\n<td style=\"text-align: left\">\n\t\t\t\t\u00a0\n\t\t\t<\/td>\n<td style=\"vertical-align: top;text-align: left\">\n\t\t\t\t<div class=\"ratio ratio-16x9 mb-3\"><div class=\"video-placeholder-wrapper video-placeholder-wrapper--16x9\">\n\t\t\t    <div class=\"video-placeholder d-flex justify-content-center align-items-center\">\n\t\t\t        <div class=\"overlay text-white p-2 w-100 text-center d-block justify-content-center align-items-center\">\n\t\t\t            <div>To view third-party content, please accept cookies.<\/div>\n\t\t\t            <button class=\"btn btn-secondary btn-sm mt-1 consent-change\">Change consent<\/button>\n\t\t\t        <\/div>\n\t\t\t    <\/div>\n\t\t\t<\/div>\n<\/div>\n\t\t\t<\/td>\n<td style=\"text-align: left\">\n\t\t\t\t\u00a0\n\t\t\t<\/td>\n<td style=\"vertical-align: top;text-align: left\">\n\t\t\t\t<div class=\"ratio ratio-16x9 mb-3\"><div class=\"video-placeholder-wrapper video-placeholder-wrapper--16x9\">\n\t\t\t    <div class=\"video-placeholder d-flex justify-content-center align-items-center\">\n\t\t\t        <div class=\"overlay text-white p-2 w-100 text-center d-block justify-content-center align-items-center\">\n\t\t\t            <div>To view third-party content, please accept cookies.<\/div>\n\t\t\t            <button class=\"btn btn-secondary btn-sm mt-1 consent-change\">Change consent<\/button>\n\t\t\t        <\/div>\n\t\t\t    <\/div>\n\t\t\t<\/div>\n<\/div>\n\t\t\t<\/td>\n<\/tr>\n<tr>\n<td style=\"vertical-align: top;text-align: left\">\n<p>\n\t\t\t\t\t\u00a0\n\t\t\t\t<\/p>\n<p>\n\t\t\t\t\t\u00a0\n\t\t\t\t<\/p>\n<\/td>\n<td style=\"text-align: left\">\n\t\t\t\t\u00a0\n\t\t\t<\/td>\n<td style=\"vertical-align: top;text-align: left\">\n\t\t\t\t\u00a0\n\t\t\t<\/td>\n<td style=\"text-align: left\">\n\t\t\t\t\u00a0\n\t\t\t<\/td>\n<td style=\"vertical-align: top;text-align: left\">\n\t\t\t\t\u00a0\n\t\t\t<\/td>\n<\/tr>\n<tr>\n<td style=\"text-align: left\">\n\t\t\t\t<img loading=\"lazy\" decoding=\"async\" width=\"2560\" height=\"2560\" class=\"alignnone wp-image-21\" style=\"width: 300px;height: 300px\" src=\"https:\/\/sisu.ut.ee\/wp-content\/uploads\/sites\/550\/malene_pedersen_photographer_mette_frandsen_004-scaled.jpg\" title=\"malene_pedersen_photographer_mette_frandsen_004.jpg\" alt=\"mal\" srcset=\"https:\/\/sisu.ut.ee\/wp-content\/uploads\/sites\/550\/malene_pedersen_photographer_mette_frandsen_004-scaled.jpg 2560w, https:\/\/sisu.ut.ee\/wp-content\/uploads\/sites\/550\/malene_pedersen_photographer_mette_frandsen_004-300x300.jpg 300w, https:\/\/sisu.ut.ee\/wp-content\/uploads\/sites\/550\/malene_pedersen_photographer_mette_frandsen_004-1024x1024.jpg 1024w, https:\/\/sisu.ut.ee\/wp-content\/uploads\/sites\/550\/malene_pedersen_photographer_mette_frandsen_004-150x150.jpg 150w, https:\/\/sisu.ut.ee\/wp-content\/uploads\/sites\/550\/malene_pedersen_photographer_mette_frandsen_004-768x768.jpg 768w, https:\/\/sisu.ut.ee\/wp-content\/uploads\/sites\/550\/malene_pedersen_photographer_mette_frandsen_004-1536x1536.jpg 1536w, https:\/\/sisu.ut.ee\/wp-content\/uploads\/sites\/550\/malene_pedersen_photographer_mette_frandsen_004-2048x2048.jpg 2048w, https:\/\/sisu.ut.ee\/wp-content\/uploads\/sites\/550\/malene_pedersen_photographer_mette_frandsen_004-1920x1920.jpg 1920w\" sizes=\"auto, (max-width: 2560px) 100vw, 2560px\">\n\t\t\t<\/td>\n<td style=\"text-align: left\">\n\t\t\t\t\u00a0\n\t\t\t<\/td>\n<td style=\"text-align: left\">\n\t\t\t\t<img loading=\"lazy\" decoding=\"async\" width=\"374\" height=\"374\" class=\"alignnone wp-image-17\" style=\"width: 300px;height: 300px\" src=\"https:\/\/sisu.ut.ee\/wp-content\/uploads\/sites\/550\/tuulitoivonen_ruut.png\" title=\"tuulitoivonen_ruut.png\" alt=\"tuu\" srcset=\"https:\/\/sisu.ut.ee\/wp-content\/uploads\/sites\/550\/tuulitoivonen_ruut.png 374w, https:\/\/sisu.ut.ee\/wp-content\/uploads\/sites\/550\/tuulitoivonen_ruut-300x300.png 300w, https:\/\/sisu.ut.ee\/wp-content\/uploads\/sites\/550\/tuulitoivonen_ruut-150x150.png 150w\" sizes=\"auto, (max-width: 374px) 100vw, 374px\">\n\t\t\t<\/td>\n<td style=\"text-align: left\">\n\t\t\t\t\u00a0\n\t\t\t<\/td>\n<td style=\"text-align: left\">\n\t\t\t\t<img loading=\"lazy\" decoding=\"async\" width=\"1600\" height=\"1600\" class=\"alignnone wp-image-22\" style=\"width: 300px;height: 300px\" src=\"https:\/\/sisu.ut.ee\/wp-content\/uploads\/sites\/550\/marketa.jpg\" title=\"marketa.jpg\" alt=\"mar\" srcset=\"https:\/\/sisu.ut.ee\/wp-content\/uploads\/sites\/550\/marketa.jpg 1600w, https:\/\/sisu.ut.ee\/wp-content\/uploads\/sites\/550\/marketa-300x300.jpg 300w, https:\/\/sisu.ut.ee\/wp-content\/uploads\/sites\/550\/marketa-1024x1024.jpg 1024w, https:\/\/sisu.ut.ee\/wp-content\/uploads\/sites\/550\/marketa-150x150.jpg 150w, https:\/\/sisu.ut.ee\/wp-content\/uploads\/sites\/550\/marketa-768x768.jpg 768w, https:\/\/sisu.ut.ee\/wp-content\/uploads\/sites\/550\/marketa-1536x1536.jpg 1536w\" sizes=\"auto, (max-width: 1600px) 100vw, 1600px\">\n\t\t\t<\/td>\n<\/tr>\n<tr>\n<td style=\"vertical-align: top;text-align: left\">\n<h2>\n\t\t\t\t\tProf. Malene Freudendal-Pedersen<br>\n\t\t\t\t<\/h2>\n<p>\n\t\t\t\t\t<em>Aalborgi\u00a0\u00dclikool<\/em>\n\t\t\t\t<\/p>\n<p>\n\t\t\t\t\t<strong>22. m\u00e4rts<\/strong> kell 14:15\u201315:30. Loeng on inglise keeles\n\t\t\t\t<\/p>\n<h3 lang=\"EN-GB\" xml:lang=\"EN-GB\">\n\t\t\t\t\tSustainable mobilities in the human-scale city \u00a0<br>\n\t\t\t\t<\/h3>\n<p style=\"text-align: justify\">\n\t\t\t\t\tMalene Freudendal-Pedersen is a Professor in Urban Planning at Aalborg University and leads the Planning for Urban Sustainability research group. She has an interdisciplinary background linking sociology, geography, urban planning, and the sociology of technology. Her research has been strongly inspired by the mobilities turn. Previously, her work was primarily focused on investigating everyday life practices of mobilities. Currently, she investigates the transition into sustainable mobilities and its impact on everyday life communities, societies, and cities.\u00a0\n\t\t\t\t<\/p>\n<h3>\n\t\t\t\t\t\u00a0<br>\n\t\t\t\t<\/h3>\n<\/td>\n<td style=\"text-align: left\">\n\t\t\t\t\u00a0\n\t\t\t<\/td>\n<td style=\"vertical-align: top;text-align: left\">\n<h2>\n\t\t\t\t\tProf. Tuuli Toivonen<br>\n\t\t\t\t<\/h2>\n<p>\n\t\t\t\t\t<em>Helsingi \u00dclikool<\/em>\u00a0\u00a0\n\t\t\t\t<\/p>\n<p>\n\t\t\t\t\t<strong>29. m\u00e4rts<\/strong> kell 14:15\u201315:30. Loeng on inglise keeles\n\t\t\t\t<\/p>\n<h3 lang=\"EN-GB\" xml:lang=\"EN-GB\">\n\t\t\t\t\tAnalysing accessibility and mobility for planning of sustainable and equitable cities<br>\n\t\t\t\t<\/h3>\n<p lang=\"EN-GB\" style=\"text-align: justify\" xml:lang=\"EN-GB\">\n\t\t\t\t\tTuuli Toivonen is a Professor of Geoinformatics and the leader of the Digital Geography Lab at the University of Helsinki. Her research focuses on understanding the dynamics of people and places, in both urban and natural areas, mostly using open\/big data, spatial analytics, and machine learning approaches. Much of her work examines the mobility and accessibility of people from different perspectives and in different environments, using user-generated data (social media, mobile phone, sports apps, etc.) combined with traditional data sources.\u00a0\n\t\t\t\t<\/p>\n<\/td>\n<td style=\"text-align: left\">\n\t\t\t\t\u00a0\n\t\t\t<\/td>\n<td style=\"vertical-align: top;text-align: left\">\n<h2>\n\t\t\t\t\tProf. Marketta Kytt\u00e4<br>\n\t\t\t\t<\/h2>\n<p>\n\t\t\t\t\t<em>Aalto \u00dclikool<\/em>\n\t\t\t\t<\/p>\n<p>\n\t\t\t\t\t<strong>5. aprill<\/strong> kell 14:15\u201315:30. Loeng on inglise keeles\n\t\t\t\t<\/p>\n<h3>\n\t\t\t\t\tPlace-based methods in the study of urban mobility and participatory transport planning\u00a0<br>\n\t\t\t\t<\/h3>\n<p style=\"text-align: justify\">\n\t\t\t\t\tMarketta Kytt\u00e4 is a Professor in Land Use Planning. Her research interests within participatory planning and environmental psychology include human-friendly environments that promote health and wellbeing, active living, child- and age-friendly environments, and new methods for public participation. Her innovation, \u201csoftGIS\u201d methodology, is an advanced example of PPGIS (public participation GIS) methodology.\n\t\t\t\t<\/p>\n<\/td>\n<\/tr>\n<tr>\n<td style=\"vertical-align: top;text-align: left\">\n\t\t\t\t<div class=\"ratio ratio-16x9 mb-3\"><div class=\"video-placeholder-wrapper video-placeholder-wrapper--16x9\">\n\t\t\t    <div class=\"video-placeholder d-flex justify-content-center align-items-center\">\n\t\t\t        <div class=\"overlay text-white p-2 w-100 text-center d-block justify-content-center align-items-center\">\n\t\t\t            <div>To view third-party content, please accept cookies.<\/div>\n\t\t\t            <button class=\"btn btn-secondary btn-sm mt-1 consent-change\">Change consent<\/button>\n\t\t\t        <\/div>\n\t\t\t    <\/div>\n\t\t\t<\/div>\n<\/div>\n\t\t\t<\/td>\n<td style=\"text-align: left\">\n\t\t\t\t\u00a0\n\t\t\t<\/td>\n<td style=\"vertical-align: top;text-align: left\">\n\t\t\t\t<div class=\"ratio ratio-16x9 mb-3\"><div class=\"video-placeholder-wrapper video-placeholder-wrapper--16x9\">\n\t\t\t    <div class=\"video-placeholder d-flex justify-content-center align-items-center\">\n\t\t\t        <div class=\"overlay text-white p-2 w-100 text-center d-block justify-content-center align-items-center\">\n\t\t\t            <div>To view third-party content, please accept cookies.<\/div>\n\t\t\t            <button class=\"btn btn-secondary btn-sm mt-1 consent-change\">Change consent<\/button>\n\t\t\t        <\/div>\n\t\t\t    <\/div>\n\t\t\t<\/div>\n<\/div>\n\t\t\t<\/td>\n<td style=\"text-align: left\">\n\t\t\t\t\u00a0\n\t\t\t<\/td>\n<td style=\"vertical-align: top;text-align: left\">\n\t\t\t\t<div class=\"ratio ratio-16x9 mb-3\"><div class=\"video-placeholder-wrapper video-placeholder-wrapper--16x9\">\n\t\t\t    <div class=\"video-placeholder d-flex justify-content-center align-items-center\">\n\t\t\t        <div class=\"overlay text-white p-2 w-100 text-center d-block justify-content-center align-items-center\">\n\t\t\t            <div>To view third-party content, please accept cookies.<\/div>\n\t\t\t            <button class=\"btn btn-secondary btn-sm mt-1 consent-change\">Change consent<\/button>\n\t\t\t        <\/div>\n\t\t\t    <\/div>\n\t\t\t<\/div>\n<\/div>\n\t\t\t<\/td>\n<\/tr>\n<tr>\n<td style=\"vertical-align: top;text-align: left\">\n\t\t\t\t\u00a0\n\t\t\t<\/td>\n<td style=\"text-align: left\">\n\t\t\t\t\u00a0\n\t\t\t<\/td>\n<td style=\"vertical-align: top;text-align: left\">\n<p>\n\t\t\t\t\t\u00a0\n\t\t\t\t<\/p>\n<p>\n\t\t\t\t\t\u00a0\n\t\t\t\t<\/p>\n<\/td>\n<td style=\"text-align: left\">\n\t\t\t\t\u00a0\n\t\t\t<\/td>\n<td style=\"vertical-align: top;text-align: left\">\n\t\t\t\t\u00a0\n\t\t\t<\/td>\n<\/tr>\n<tr>\n<td style=\"vertical-align: top;text-align: left\">\n\t\t\t\t<img loading=\"lazy\" decoding=\"async\" width=\"512\" height=\"512\" class=\"alignnone wp-image-51\" style=\"width: 300px;height: 300px\" src=\"https:\/\/sisu.ut.ee\/wp-content\/uploads\/sites\/550\/marek_rannala_uus.jpg\" title=\"marek_rannala_uus.jpg\" alt=\"Marek Rannala\" srcset=\"https:\/\/sisu.ut.ee\/wp-content\/uploads\/sites\/550\/marek_rannala_uus.jpg 512w, https:\/\/sisu.ut.ee\/wp-content\/uploads\/sites\/550\/marek_rannala_uus-300x300.jpg 300w, https:\/\/sisu.ut.ee\/wp-content\/uploads\/sites\/550\/marek_rannala_uus-150x150.jpg 150w\" sizes=\"auto, (max-width: 512px) 100vw, 512px\">\n\t\t\t<\/td>\n<td style=\"text-align: left\">\n\t\t\t\t\u00a0\n\t\t\t<\/td>\n<td style=\"vertical-align: top;text-align: left\">\n\t\t\t\t<img loading=\"lazy\" decoding=\"async\" width=\"540\" height=\"540\" class=\"alignnone wp-image-19\" style=\"width: 300px;height: 300px\" src=\"https:\/\/sisu.ut.ee\/wp-content\/uploads\/sites\/550\/frank_witlox.png\" title=\"frank_witlox.png\" alt=\"fra\" srcset=\"https:\/\/sisu.ut.ee\/wp-content\/uploads\/sites\/550\/frank_witlox.png 540w, https:\/\/sisu.ut.ee\/wp-content\/uploads\/sites\/550\/frank_witlox-300x300.png 300w, https:\/\/sisu.ut.ee\/wp-content\/uploads\/sites\/550\/frank_witlox-150x150.png 150w\" sizes=\"auto, (max-width: 540px) 100vw, 540px\">\n\t\t\t<\/td>\n<td style=\"text-align: left\">\n\t\t\t\t\u00a0\n\t\t\t<\/td>\n<td style=\"vertical-align: top;text-align: left\">\n\t\t\t\t<img loading=\"lazy\" decoding=\"async\" width=\"800\" height=\"800\" class=\"alignnone wp-image-23\" style=\"width: 300px;height: 300px\" src=\"https:\/\/sisu.ut.ee\/wp-content\/uploads\/sites\/550\/hans_orru.png\" title=\"hans_orru.png\" alt=\"han\" srcset=\"https:\/\/sisu.ut.ee\/wp-content\/uploads\/sites\/550\/hans_orru.png 800w, https:\/\/sisu.ut.ee\/wp-content\/uploads\/sites\/550\/hans_orru-300x300.png 300w, https:\/\/sisu.ut.ee\/wp-content\/uploads\/sites\/550\/hans_orru-150x150.png 150w, https:\/\/sisu.ut.ee\/wp-content\/uploads\/sites\/550\/hans_orru-768x768.png 768w\" sizes=\"auto, (max-width: 800px) 100vw, 800px\">\n\t\t\t<\/td>\n<\/tr>\n<tr>\n<td style=\"vertical-align: top;text-align: left\">\n<h2 lang=\"EN-GB\" xml:lang=\"EN-GB\">\n\t\t\t\t\tMarek Rannala<br>\n\t\t\t\t<\/h2>\n<p lang=\"EN-GB\" xml:lang=\"EN-GB\">\n\t\t\t\t\t<em>O\u00dc Liikuvusagentuur<\/em>\u00a0\n\t\t\t\t<\/p>\n<p lang=\"EN-GB\" xml:lang=\"EN-GB\">\n\t\t\t\t\t<strong>7. aprill<\/strong> kell 14:15\u201315:30\u00a0\u00a0\n\t\t\t\t<\/p>\n<h3>\n\t\t\t\t\tAndmete positsioon transpordi ja liikuvuse planeerimisel<br>\n\t\t\t\t<\/h3>\n<p style=\"text-align: justify\">\n\t\t\t\t\tMarek Rannala on ekspert ja partner O\u00dc\u00a0Liikuvusagentuuris. Marek on t\u00f6\u00f6tanud erinevates projekteerimise, uuringute ja konsultatsiooniga tegelevates ettev\u00f5tetes alates 1997. aastast. 2007\u2013 2010 \u00f5petas ta Tallinna Tehnika\u00fclikoolis linnaliiklust ja logistika infrastruktuuri, alates 2021. aastast \u00f5petab ta Eesti Kunstiakadeemias linnaliikuvust. Alates 2008. aastast on ta kokku puutunud mobiilpositsioneerimisega algul Positiumist t\u00f6id tellides ning\u00a02017\u20132021 Positiumis transpordi ja liikuvusega seotud projekte juhtides. Mareki kogemuste pagas sisaldab teede ja t\u00e4navate projekteerimist, liiklusuuringuid, liikluse modelleerimist, liikuvusuuringuid, strateegiliste plaanide koostamist ja avaliku ruumi projektide n\u00f5ustamist.\n\t\t\t\t<\/p>\n<\/td>\n<td style=\"text-align: left\">\n\t\t\t\t\u00a0\n\t\t\t<\/td>\n<td style=\"vertical-align: top;text-align: left\">\n<h2 lang=\"EN-GB\" xml:lang=\"EN-GB\">\n\t\t\t\t\tProf. Frank Witlox<br>\n\t\t\t\t<\/h2>\n<p lang=\"EN-GB\" xml:lang=\"EN-GB\">\n\t\t\t\t\t<em>Genti\u00a0\u00dclikool \/ Tartu \u00dclikool<\/em>\n\t\t\t\t<\/p>\n<p lang=\"EN-GB\" xml:lang=\"EN-GB\">\n\t\t\t\t\t<strong>12. aprill<\/strong> kell 14:15\u201315:30. Loeng on inglise keeles\n\t\t\t\t<\/p>\n<h3 lang=\"EN-GB\" xml:lang=\"EN-GB\">\n\t\t\t\t\tModelling approaches in transport geography<br>\n\t\t\t\t<\/h3>\n<p style=\"text-align: justify\">\n\t\t\t\t\tFrank Witlox is Senior Full Professor of Economic Geography and Head of the Department of Geography at Ghent University. He is also Visiting Professor at the Department of Geography, University of Tartu. His research focuses mainly on travel behaviour analysis and modelling. He is the current Editor-in-Chief of the Journal of Transport Geography, a world-leading interdisciplinary journal focusing on the geographical dimensions of transport, travel, and mobility\n\t\t\t\t<\/p>\n<\/td>\n<td style=\"text-align: left\">\n\t\t\t\t\u00a0\n\t\t\t<\/td>\n<td style=\"vertical-align: top;text-align: left\">\n<h2>\n\t\t\t\t\tKaasprof. Hans Orru<br>\n\t\t\t\t<\/h2>\n<p>\n\t\t\t\t\t<em>Tartu \u00dclikool<\/em>\n\t\t\t\t<\/p>\n<p>\n\t\t\t\t\t<strong>19. aprill<\/strong> kell 14:15\u201315:30\u00a0\u00a0\u00a0\n\t\t\t\t<\/p>\n<h3 lang=\"EN-GB\" xml:lang=\"EN-GB\">\n\t\t\t\t\tKuidas m\u00f5jutavad liikumisvalikud linnakeskkonnas meie tervist?<br>\n\t\t\t\t<\/h3>\n<p lang=\"EN-GB\" style=\"text-align: justify\" xml:lang=\"EN-GB\">\n\t\t\t\t\tHans Orru on Tartu \u00dclikooli keskkonnatervishoiu kaasprofessor ja \u00fcks juhtivatest keskkonnatervise teadlastest Eestis. Tema peamiseks uurimisvaldkonnaks on v\u00e4lis- ja sisekeskkonna m\u00f5ju inimeste tervisele ning ta on keskendunud oma t\u00f6\u00f6s tervisem\u00f5juritele nagu \u00f5husaaste, \u00e4\u00e4rmuslikud \u00f5hutemperatuurid ja m\u00fcra. Orru on juhtinud mitmeid rahvastikup\u00f5hiseid keskkonnaterviseuuringuid, l\u00e4bi viinud \u00fcle-euroopalisi \u00f5husaaste tervisem\u00f5ju hinnanguid ning panustanud ka keskkonnatervise riskide tunnetamise valdkonda.\u00a0\n\t\t\t\t<\/p>\n<\/td>\n<\/tr>\n<tr>\n<td style=\"vertical-align: top;text-align: left\">\n\t\t\t\t<div class=\"ratio ratio-16x9 mb-3\"><div class=\"video-placeholder-wrapper video-placeholder-wrapper--16x9\">\n\t\t\t    <div class=\"video-placeholder d-flex justify-content-center align-items-center\">\n\t\t\t        <div class=\"overlay text-white p-2 w-100 text-center d-block justify-content-center align-items-center\">\n\t\t\t            <div>To view third-party content, please accept cookies.<\/div>\n\t\t\t            <button class=\"btn btn-secondary btn-sm mt-1 consent-change\">Change consent<\/button>\n\t\t\t        <\/div>\n\t\t\t    <\/div>\n\t\t\t<\/div>\n<\/div>\n\t\t\t<\/td>\n<td style=\"text-align: left\">\n\t\t\t\t\u00a0\n\t\t\t<\/td>\n<td style=\"vertical-align: top;text-align: left\">\n\t\t\t\t<div class=\"ratio ratio-16x9 mb-3\"><div class=\"video-placeholder-wrapper video-placeholder-wrapper--16x9\">\n\t\t\t    <div class=\"video-placeholder d-flex justify-content-center align-items-center\">\n\t\t\t        <div class=\"overlay text-white p-2 w-100 text-center d-block justify-content-center align-items-center\">\n\t\t\t            <div>To view third-party content, please accept cookies.<\/div>\n\t\t\t            <button class=\"btn btn-secondary btn-sm mt-1 consent-change\">Change consent<\/button>\n\t\t\t        <\/div>\n\t\t\t    <\/div>\n\t\t\t<\/div>\n<\/div>\n\t\t\t<\/td>\n<td style=\"text-align: left\">\n\t\t\t\t\u00a0\n\t\t\t<\/td>\n<td style=\"vertical-align: top;text-align: left\">\n\t\t\t\t<div class=\"ratio ratio-16x9 mb-3\"><div class=\"video-placeholder-wrapper video-placeholder-wrapper--16x9\">\n\t\t\t    <div class=\"video-placeholder d-flex justify-content-center align-items-center\">\n\t\t\t        <div class=\"overlay text-white p-2 w-100 text-center d-block justify-content-center align-items-center\">\n\t\t\t            <div>To view third-party content, please accept cookies.<\/div>\n\t\t\t            <button class=\"btn btn-secondary btn-sm mt-1 consent-change\">Change consent<\/button>\n\t\t\t        <\/div>\n\t\t\t    <\/div>\n\t\t\t<\/div>\n<\/div>\n\t\t\t<\/td>\n<\/tr>\n<tr>\n<td style=\"vertical-align: top;text-align: left\">\n\t\t\t\t\u00a0\n\t\t\t<\/td>\n<td style=\"text-align: left\">\n\t\t\t\t\u00a0\n\t\t\t<\/td>\n<td style=\"vertical-align: top;text-align: left\">\n<p>\n\t\t\t\t\t\u00a0\n\t\t\t\t<\/p>\n<p>\n\t\t\t\t\t\u00a0\n\t\t\t\t<\/p>\n<\/td>\n<td style=\"text-align: left\">\n\t\t\t\t\u00a0\n\t\t\t<\/td>\n<td style=\"vertical-align: top;text-align: left\">\n\t\t\t\t\u00a0\n\t\t\t<\/td>\n<\/tr>\n<tr>\n<td style=\"vertical-align: middle;text-align: left\">\n\t\t\t\t<img loading=\"lazy\" decoding=\"async\" width=\"1678\" height=\"1678\" class=\"alignnone wp-image-14\" style=\"width: 300px;height: 300px\" src=\"https:\/\/sisu.ut.ee\/wp-content\/uploads\/sites\/550\/anthonyelliott_ruut.jpg\" title=\"anthonyelliott_ruut.jpg\" alt=\"ant\" srcset=\"https:\/\/sisu.ut.ee\/wp-content\/uploads\/sites\/550\/anthonyelliott_ruut.jpg 1678w, https:\/\/sisu.ut.ee\/wp-content\/uploads\/sites\/550\/anthonyelliott_ruut-300x300.jpg 300w, https:\/\/sisu.ut.ee\/wp-content\/uploads\/sites\/550\/anthonyelliott_ruut-1024x1024.jpg 1024w, https:\/\/sisu.ut.ee\/wp-content\/uploads\/sites\/550\/anthonyelliott_ruut-150x150.jpg 150w, https:\/\/sisu.ut.ee\/wp-content\/uploads\/sites\/550\/anthonyelliott_ruut-768x768.jpg 768w, https:\/\/sisu.ut.ee\/wp-content\/uploads\/sites\/550\/anthonyelliott_ruut-1536x1536.jpg 1536w\" sizes=\"auto, (max-width: 1678px) 100vw, 1678px\">\n\t\t\t<\/td>\n<td style=\"text-align: left\">\n\t\t\t\t\u00a0\n\t\t\t<\/td>\n<td style=\"vertical-align: middle;text-align: left\">\n\t\t\t\t<img loading=\"lazy\" decoding=\"async\" width=\"321\" height=\"321\" class=\"alignnone wp-image-13\" style=\"width: 300px;height: 300px\" src=\"https:\/\/sisu.ut.ee\/wp-content\/uploads\/sites\/550\/joc.png\" title=\"joc.png\" alt=\"joc\" srcset=\"https:\/\/sisu.ut.ee\/wp-content\/uploads\/sites\/550\/joc.png 321w, https:\/\/sisu.ut.ee\/wp-content\/uploads\/sites\/550\/joc-300x300.png 300w, https:\/\/sisu.ut.ee\/wp-content\/uploads\/sites\/550\/joc-150x150.png 150w\" sizes=\"auto, (max-width: 321px) 100vw, 321px\">\n\t\t\t<\/td>\n<td style=\"text-align: left\">\n\t\t\t\t\u00a0\n\t\t\t<\/td>\n<td style=\"vertical-align: top;text-align: left\">\n\t\t\t\t\u00a0\n\t\t\t<\/td>\n<\/tr>\n<tr>\n<td style=\"vertical-align: top;text-align: left\">\n<h2 lang=\"ET-EE\" xml:lang=\"ET-EE\">\n\t\t\t\t\tProf. Anthony Elliott<br>\n\t\t\t\t<\/h2>\n<p lang=\"ET-EE\" xml:lang=\"ET-EE\">\n\t\t\t\t\t<em>L\u00f5una-Austraalia \u00dclikool<\/em>\n\t\t\t\t<\/p>\n<p lang=\"ET-EE\" xml:lang=\"ET-EE\">\n\t\t\t\t\t<strong>21. aprill<\/strong> kell 8:15\u20139:30. Loeng on inglise keeles\u00a0\n\t\t\t\t<\/p>\n<h3 lang=\"ET-EE\" xml:lang=\"ET-EE\">\n\t\t\t\t\tNo one driving: technologies, systems, retrotopias\u00a0\u00a0<br>\n\t\t\t\t<\/h3>\n<p lang=\"ET-EE\" style=\"text-align: justify\" xml:lang=\"ET-EE\">\n\t\t\t\t\tAnthony Elliott is a Professor of Sociology and the Executive Director of the Jean Monnet Centre of Excellence and Network at the University of South Australia. Professor Elliott is a prominent social theorist, sociologist, and public intellectual. He writes about identity, society, globalisation, and the digital revolution. His research has had a lasting impact upon social theory and sociology worldwide. Currently, he leads several international teams investigating the social impact of digital technologies, robotics, and artificial intelligence.\u00a0\n\t\t\t\t<\/p>\n<\/td>\n<td style=\"text-align: left\">\n\t\t\t\t\u00a0\n\t\t\t<\/td>\n<td style=\"vertical-align: top;text-align: left\">\n<h2>\n\t\t\t\t\tDr. Jochen Wendel<br>\n\t\t\t\t<\/h2>\n<p>\n\t\t\t\t\t<em>INIT<\/em>\n\t\t\t\t<\/p>\n<p lang=\"EN-GB\" xml:lang=\"EN-GB\">\n\t\t\t\t\t<strong>26. aprill<\/strong> kell 14:15\u201315:30. Loeng on inglise keeles\n\t\t\t\t<\/p>\n<h3>\n\t\t\t\t\tAdvancements in public transit to promote sustainable, connected, and seamless mobility<br>\n\t\t\t\t<\/h3>\n<p style=\"text-align: justify\">\n\t\t\t\t\tJochen Wendel received his PhD in Geography from the University of Colorado Boulder, USA. He also holds a master\u2019s degree in Geomatics from the Karlsruhe University of Applied Sciences, Germany. Since 2021, Dr. Wendel is an R&amp;D Manager in the research team at INIT. His work focuses on novel advancements in the public transit sector, including digitalization, data and analytics to promote sustainable, connected and seamless mobility. Prior of joining INIT, Dr. Wendel has worked on several projects related to smart cities, location-based services, data mining and data visualisation with several state agencies and research institutes in the US and Germany.\u00a0\n\t\t\t\t<\/p>\n<\/td>\n<td style=\"text-align: left\">\n\t\t\t\t\u00a0\n\t\t\t<\/td>\n<td style=\"vertical-align: top;text-align: left\">\n\t\t\t\t\u00a0\n\t\t\t<\/td>\n<\/tr>\n<tr>\n<td style=\"vertical-align: top;text-align: left\">\n\t\t\t\t<div class=\"ratio ratio-16x9 mb-3\"><div class=\"video-placeholder-wrapper video-placeholder-wrapper--16x9\">\n\t\t\t    <div class=\"video-placeholder d-flex justify-content-center align-items-center\">\n\t\t\t        <div class=\"overlay text-white p-2 w-100 text-center d-block justify-content-center align-items-center\">\n\t\t\t            <div>To view third-party content, please accept cookies.<\/div>\n\t\t\t            <button class=\"btn btn-secondary btn-sm mt-1 consent-change\">Change consent<\/button>\n\t\t\t        <\/div>\n\t\t\t    <\/div>\n\t\t\t<\/div>\n<\/div>\n\t\t\t<\/td>\n<td style=\"text-align: left\">\n\t\t\t\t\u00a0\n\t\t\t<\/td>\n<td style=\"vertical-align: top;text-align: left\">\n\t\t\t\t<div class=\"ratio ratio-16x9 mb-3\"><div class=\"video-placeholder-wrapper video-placeholder-wrapper--16x9\">\n\t\t\t    <div class=\"video-placeholder d-flex justify-content-center align-items-center\">\n\t\t\t        <div class=\"overlay text-white p-2 w-100 text-center d-block justify-content-center align-items-center\">\n\t\t\t            <div>To view third-party content, please accept cookies.<\/div>\n\t\t\t            <button class=\"btn btn-secondary btn-sm mt-1 consent-change\">Change consent<\/button>\n\t\t\t        <\/div>\n\t\t\t    <\/div>\n\t\t\t<\/div>\n<\/div>\n\t\t\t<\/td>\n<td style=\"text-align: left\">\n\t\t\t\t\u00a0\n\t\t\t<\/td>\n<td style=\"vertical-align: top;text-align: left\">\n\t\t\t\t\u00a0\n\t\t\t<\/td>\n<\/tr>\n<\/tbody>\n<\/table>\n<p style=\"text-align: justify\">\n\t<img loading=\"lazy\" decoding=\"async\" width=\"1640\" height=\"924\" class=\"alignnone wp-image-44\" src=\"https:\/\/sisu.ut.ee\/wp-content\/uploads\/sites\/550\/mobility_analysis_and_planning_for_human-scale_cities_2.png\" title=\"banner 2022\" alt=\"banner 2022\" srcset=\"https:\/\/sisu.ut.ee\/wp-content\/uploads\/sites\/550\/mobility_analysis_and_planning_for_human-scale_cities_2.png 1640w, https:\/\/sisu.ut.ee\/wp-content\/uploads\/sites\/550\/mobility_analysis_and_planning_for_human-scale_cities_2-300x169.png 300w, https:\/\/sisu.ut.ee\/wp-content\/uploads\/sites\/550\/mobility_analysis_and_planning_for_human-scale_cities_2-1024x577.png 1024w, https:\/\/sisu.ut.ee\/wp-content\/uploads\/sites\/550\/mobility_analysis_and_planning_for_human-scale_cities_2-768x433.png 768w, https:\/\/sisu.ut.ee\/wp-content\/uploads\/sites\/550\/mobility_analysis_and_planning_for_human-scale_cities_2-1536x865.png 1536w\" sizes=\"auto, (max-width: 1640px) 100vw, 1640px\">\u00a0\n<\/p>\n<p style=\"text-align: justify\">\n\t<img loading=\"lazy\" decoding=\"async\" width=\"1920\" height=\"1080\" class=\"alignnone wp-image-52\" src=\"https:\/\/sisu.ut.ee\/wp-content\/uploads\/sites\/550\/slaid.png\" title=\"Loengusarja kava 2022\" alt=\"Lecture series programme 2022\" srcset=\"https:\/\/sisu.ut.ee\/wp-content\/uploads\/sites\/550\/slaid.png 1920w, https:\/\/sisu.ut.ee\/wp-content\/uploads\/sites\/550\/slaid-300x169.png 300w, https:\/\/sisu.ut.ee\/wp-content\/uploads\/sites\/550\/slaid-1024x576.png 1024w, https:\/\/sisu.ut.ee\/wp-content\/uploads\/sites\/550\/slaid-768x432.png 768w, https:\/\/sisu.ut.ee\/wp-content\/uploads\/sites\/550\/slaid-1536x864.png 1536w\" sizes=\"auto, (max-width: 1920px) 100vw, 1920px\">\n<\/p>\n<p style=\"text-align: justify\">\n\t\u00a0<\/p>\n","protected":false},"excerpt":{"rendered":"<p>Avalik\u00a0veebiloengute sari \u201cLiikuvusanal\u00fc\u00fcs ja planeerimine inimm\u00f5\u00f5tmeliste linnade jaoks\u201d Tartu \u00dclikooli mobiilsusuuringute labori korraldatud veebiloengute sari\u00a0toob k\u00f5nelema liikuvuse ja transpordiplaneerimise\u00a0eksperte ja juhtivaid teadlasi \u00fcle ilma. Loengusarjas otsime vastust k\u00fcsimusele, kuidas toetada inimm\u00f5\u00f5tmelise, sotsiaalselt ja keskkondlikult j\u00e4tkusuutliku linnaruumi\u00a0kujundamist liikuvusanal\u00fc\u00fcsi ja transpordiplaneerimise kaudu. &#8230;<\/p>\n","protected":false},"author":278,"featured_media":0,"parent":0,"menu_order":0,"comment_status":"closed","ping_status":"closed","template":"","meta":{"_acf_changed":false,"inline_featured_image":false,"footnotes":""},"class_list":["post-6","page","type-page","status-publish","hentry"],"acf":[],"_links":{"self":[{"href":"https:\/\/sisu.ut.ee\/transportplanning\/wp-json\/wp\/v2\/pages\/6","targetHints":{"allow":["GET"]}}],"collection":[{"href":"https:\/\/sisu.ut.ee\/transportplanning\/wp-json\/wp\/v2\/pages"}],"about":[{"href":"https:\/\/sisu.ut.ee\/transportplanning\/wp-json\/wp\/v2\/types\/page"}],"author":[{"embeddable":true,"href":"https:\/\/sisu.ut.ee\/transportplanning\/wp-json\/wp\/v2\/users\/278"}],"replies":[{"embeddable":true,"href":"https:\/\/sisu.ut.ee\/transportplanning\/wp-json\/wp\/v2\/comments?post=6"}],"version-history":[{"count":2,"href":"https:\/\/sisu.ut.ee\/transportplanning\/wp-json\/wp\/v2\/pages\/6\/revisions"}],"predecessor-version":[{"id":182,"href":"https:\/\/sisu.ut.ee\/transportplanning\/wp-json\/wp\/v2\/pages\/6\/revisions\/182"}],"wp:attachment":[{"href":"https:\/\/sisu.ut.ee\/transportplanning\/wp-json\/wp\/v2\/media?parent=6"}],"curies":[{"name":"wp","href":"https:\/\/api.w.org\/{rel}","templated":true}]}}