{"id":5,"date":"2024-04-04T07:52:50","date_gmt":"2024-04-04T04:52:50","guid":{"rendered":"https:\/\/sisu.ut.ee\/transportplanning\/avaleht\/"},"modified":"2026-03-18T10:32:38","modified_gmt":"2026-03-18T08:32:38","slug":"avaleht","status":"publish","type":"page","link":"https:\/\/sisu.ut.ee\/transportplanning\/avaleht\/?lang=et","title":{"rendered":"Avaleht"},"content":{"rendered":"<h3 class=\"wp-block-heading\"><strong>Veebiloengute sari toimub taas 2026. aasta kevadel! <\/strong><\/h3>\n\n\n\n<p><strong><a href=\"https:\/\/transportplanning.ut.ee\/loengud-2026\/?lang=et\">Vaata tulevasi loenguid ja nende ajakava siin.<\/a><\/strong><\/p>\n\n\n\n<p><strong><a href=\"https:\/\/survey.ut.ee\/index.php\/753447?lang=et\" target=\"_blank\" rel=\"noreferrer noopener\">Registreeri loengusarjale siin.<\/a><\/strong><\/p>\n\n\n\n<p><strong>Tartu \u00dclikooli mobiilsusuuringute labori avalike veebiloengute sari\u00a0Liikuvusanal\u00fc\u00fcs ja planeerimine inimm\u00f5\u00f5tmeliste linnade jaoks<\/strong> toob k\u00f5nelema liikuvuse ja transpordiplaneerimise eksperte ja juhtivaid teadlasi nii Eestist kui ka v\u00e4ljastpoolt. Loengusari toimub Tartu \u00dclikooli ainekursuse <a href=\"https:\/\/ois2.ut.ee\/#\/courses\/LTOM.02.063\/details\" target=\"_blank\" rel=\"noreferrer noopener\">\u201cLiikuvusanal\u00fc\u00fcs planeerimises<\/a>\u201d raames, kuid k\u00f5ik loengud on avatud kuulajatele ka v\u00e4ljaspool ainekursust.\u00a0<\/p>\n\n\n\n<p><strong>Vaata 2025. a kevadsemestri loengute salvestusi <a href=\"https:\/\/transportplanning.ut.ee\/loengud-2025\/?lang=et\">siit<\/a>, 2024. a salvestusi <a href=\"https:\/\/transportplanning.ut.ee\/loengud-2024\/?lang=et\">siit<\/a>, 2023. a salvestusi <a href=\"https:\/\/transportplanning.ut.ee\/loengud2023\/?lang=et\">siit<\/a>\u00a0<\/strong><strong>ja 2022. aasta salvestusi<\/strong>\u00a0<strong><a href=\"https:\/\/transportplanning.ut.ee\/loengud2022\/?lang=et\">siit<\/a><\/strong>.\u00a0<\/p>\n\n\n\n<p>T\u00e4iendav info: Siiri Silm (siiri.silm (@) ut.ee) ja Age Poom (age.poom (@) ut.ee)<\/p>\n\n\n\n<figure class=\"wp-block-image size-full\"><img loading=\"lazy\" decoding=\"async\" width=\"1280\" height=\"720\" src=\"https:\/\/sisu.ut.ee\/wp-content\/uploads\/sites\/550\/loengusari_poster_et-3.png\" alt=\"\" class=\"wp-image-939\" srcset=\"https:\/\/sisu.ut.ee\/wp-content\/uploads\/sites\/550\/loengusari_poster_et-3.png 1280w, https:\/\/sisu.ut.ee\/wp-content\/uploads\/sites\/550\/loengusari_poster_et-3-300x169.png 300w, https:\/\/sisu.ut.ee\/wp-content\/uploads\/sites\/550\/loengusari_poster_et-3-1024x576.png 1024w, https:\/\/sisu.ut.ee\/wp-content\/uploads\/sites\/550\/loengusari_poster_et-3-768x432.png 768w\" sizes=\"auto, (max-width: 1280px) 100vw, 1280px\"><\/figure>\n\n\n\n<p><a href=\"https:\/\/mobilitylab.ut.ee\" target=\"_blank\" rel=\"noreferrer noopener\">Tartu \u00dclikooli mobiilsusuuringute labor<\/a>\u00a0\u00a0<\/p>\n\n\n\n<figure class=\"wp-block-image is-resized\"><img loading=\"lazy\" decoding=\"async\" width=\"2000\" height=\"349\" src=\"https:\/\/sisu.ut.ee\/wp-content\/uploads\/sites\/550\/mobiilsusuuringute_labor_est_sinine.png\" alt=\"uus_eesti_sinine_logo\" class=\"wp-image-33\" style=\"width:274px;height:auto\" title=\"mobiilsusuuringute_labor_est_sinine.png\" srcset=\"https:\/\/sisu.ut.ee\/wp-content\/uploads\/sites\/550\/mobiilsusuuringute_labor_est_sinine.png 2000w, https:\/\/sisu.ut.ee\/wp-content\/uploads\/sites\/550\/mobiilsusuuringute_labor_est_sinine-300x52.png 300w, https:\/\/sisu.ut.ee\/wp-content\/uploads\/sites\/550\/mobiilsusuuringute_labor_est_sinine-1024x179.png 1024w, https:\/\/sisu.ut.ee\/wp-content\/uploads\/sites\/550\/mobiilsusuuringute_labor_est_sinine-768x134.png 768w, https:\/\/sisu.ut.ee\/wp-content\/uploads\/sites\/550\/mobiilsusuuringute_labor_est_sinine-1536x268.png 1536w, https:\/\/sisu.ut.ee\/wp-content\/uploads\/sites\/550\/mobiilsusuuringute_labor_est_sinine-1920x335.png 1920w\" sizes=\"auto, (max-width: 2000px) 100vw, 2000px\"><\/figure>\n","protected":false},"excerpt":{"rendered":"<p>Veebiloengute sari toimub taas 2026. aasta kevadel! Vaata tulevasi loenguid ja nende ajakava siin. Registreeri loengusarjale siin. Tartu \u00dclikooli mobiilsusuuringute labori avalike veebiloengute sari\u00a0Liikuvusanal\u00fc\u00fcs ja planeerimine inimm\u00f5\u00f5tmeliste linnade jaoks toob k\u00f5nelema liikuvuse ja transpordiplaneerimise eksperte ja juhtivaid teadlasi nii Eestist &#8230;<\/p>\n","protected":false},"author":278,"featured_media":0,"parent":0,"menu_order":0,"comment_status":"closed","ping_status":"closed","template":"","meta":{"_acf_changed":false,"inline_featured_image":false,"footnotes":""},"class_list":["post-5","page","type-page","status-publish","hentry"],"acf":[],"_links":{"self":[{"href":"https:\/\/sisu.ut.ee\/transportplanning\/wp-json\/wp\/v2\/pages\/5","targetHints":{"allow":["GET"]}}],"collection":[{"href":"https:\/\/sisu.ut.ee\/transportplanning\/wp-json\/wp\/v2\/pages"}],"about":[{"href":"https:\/\/sisu.ut.ee\/transportplanning\/wp-json\/wp\/v2\/types\/page"}],"author":[{"embeddable":true,"href":"https:\/\/sisu.ut.ee\/transportplanning\/wp-json\/wp\/v2\/users\/278"}],"replies":[{"embeddable":true,"href":"https:\/\/sisu.ut.ee\/transportplanning\/wp-json\/wp\/v2\/comments?post=5"}],"version-history":[{"count":30,"href":"https:\/\/sisu.ut.ee\/transportplanning\/wp-json\/wp\/v2\/pages\/5\/revisions"}],"predecessor-version":[{"id":942,"href":"https:\/\/sisu.ut.ee\/transportplanning\/wp-json\/wp\/v2\/pages\/5\/revisions\/942"}],"wp:attachment":[{"href":"https:\/\/sisu.ut.ee\/transportplanning\/wp-json\/wp\/v2\/media?parent=5"}],"curies":[{"name":"wp","href":"https:\/\/api.w.org\/{rel}","templated":true}]}}