{"id":3,"date":"2024-04-04T07:52:49","date_gmt":"2024-04-04T04:52:49","guid":{"rendered":"https:\/\/sisu.ut.ee\/transportplanning\/loengud2023\/"},"modified":"2024-04-10T17:18:50","modified_gmt":"2024-04-10T14:18:50","slug":"loengud2023","status":"publish","type":"page","link":"https:\/\/sisu.ut.ee\/transportplanning\/loengud2023\/?lang=et","title":{"rendered":"Loengud 2023"},"content":{"rendered":"<h2 style=\"text-align: justify;\">Avalik\u00a0veebiloengute sari \u201cLiikuvusanal\u00fc\u00fcs ja planeerimine inimm\u00f5\u00f5tmeliste linnade jaoks\u201d<\/h2>\n<p style=\"text-align: justify;\"><span style=\"font-size: 16px;\">Tartu \u00dclikooli mobiilsusuuringute labori korraldatud loengusari toob k\u00f5nelema liikuvuse ja transpordiplaneerimise\u00a0eksperte ja juhtivaid teadlasi nii Eestist kui v\u00e4ljastpoolt. Loengusarjas otsime vastust k\u00fcsimusele, kuidas toetada sotsiaalselt ja keskkondlikult j\u00e4tkusuutliku liikuvuse ja kestliku linnaruumi\u00a0kujundamist liikuvusanal\u00fc\u00fcsi ja transpordiplaneerimise kaudu. Loengud k\u00e4sitlevad transpordipoliitikat ja liikuvusega seotud strateegilist planeerimist, sotsiaalse muutuse juhtimist, transpordi ja liikuvuse\u00a0sotsiaalseid, keskkonna- ja terviseaspekte,\u00a0k\u00e4ttesaadavuse kontseptsiooni, liikumisviide erip\u00e4rasid ja l\u00f5imimist ning uusi andmekogusid ja meetodeid liikuvusanal\u00fc\u00fcsis ja transpordiplaneerimises.<\/span><\/p>\n<p style=\"text-align: justify;\"><span style=\"font-size: 16px;\">Vaata <strong>2023. a kevadsemestri\u00a0loengute kava<\/strong>\u00a0siit alt.\u00a0<\/span><\/p>\n<p style=\"text-align: justify;\"><span style=\"font-size: 16px;\">Loengusari toimub Tartu \u00dclikooli geograafia magistri\u00f5ppekava <a title=\"\" href=\"https:\/\/ois2.ut.ee\/#\/courses\/LTOM.02.063\/details\" target=\"_blank\" rel=\"noopener\" data-url=\"https:\/\/ois2.ut.ee\/#\/courses\/LTOM.02.063\/details\">\u201cLiikuvusanal\u00fc\u00fcs planeerimises\u201d<\/a> \u00f5ppeaine raames.<\/span><\/p>\n<p lang=\"EN-GB\" style=\"text-align: justify;\" xml:lang=\"EN-GB\"><span style=\"font-size: 16px;\">Prof. Harvey Milleri loeng toimub koost\u00f6\u00f6s USA saatkonnaga Eestis\u00a0<strong>U.S. Speaker Program<\/strong>\u2018i raames.<\/span><\/p>\n<p lang=\"EN-GB\" style=\"text-align: justify;\" xml:lang=\"EN-GB\"><span style=\"font-size: 16px;\">T\u00e4iendav info: Age Poom\u00a0(age.poom@ut.ee),\u00a0Siiri Silm (siiri.silm@ut.ee).<\/span><\/p>\n<p style=\"text-align: justify;\"><span style=\"font-size: 16px;\"><a title=\"\" href=\"https:\/\/mobilitylab.ut.ee\" target=\"_blank\" rel=\"noopener\" data-url=\"https:\/\/mobilitylab.ut.ee\">Tartu \u00dclikooli mobiilsusuuringute labor<\/a>\u00a0<\/span><\/p>\n<p style=\"text-align: justify;\">\u00a0 \u00a0<img loading=\"lazy\" decoding=\"async\" width=\"2000\" height=\"349\" class=\"alignnone wp-image-33\" style=\"width: 275px; height: 48px;\" title=\"mobiilsusuuringute_labor_est_sinine.png\" src=\"https:\/\/sisu.ut.ee\/wp-content\/uploads\/sites\/550\/mobiilsusuuringute_labor_est_sinine.png\" alt=\"uus_eesti_sinine_logo\" srcset=\"https:\/\/sisu.ut.ee\/wp-content\/uploads\/sites\/550\/mobiilsusuuringute_labor_est_sinine.png 2000w, https:\/\/sisu.ut.ee\/wp-content\/uploads\/sites\/550\/mobiilsusuuringute_labor_est_sinine-300x52.png 300w, https:\/\/sisu.ut.ee\/wp-content\/uploads\/sites\/550\/mobiilsusuuringute_labor_est_sinine-1024x179.png 1024w, https:\/\/sisu.ut.ee\/wp-content\/uploads\/sites\/550\/mobiilsusuuringute_labor_est_sinine-768x134.png 768w, https:\/\/sisu.ut.ee\/wp-content\/uploads\/sites\/550\/mobiilsusuuringute_labor_est_sinine-1536x268.png 1536w, https:\/\/sisu.ut.ee\/wp-content\/uploads\/sites\/550\/mobiilsusuuringute_labor_est_sinine-1920x335.png 1920w\" sizes=\"auto, (max-width: 2000px) 100vw, 2000px\">\u00a0\u00a0<img loading=\"lazy\" decoding=\"async\" class=\"alignnone wp-image-30\" title=\"use-tallinn-seal.png\" src=\"https:\/\/sisu.ut.ee\/wp-content\/uploads\/sites\/550\/use-tallinn-seal.png\" alt=\"The seal of U.S. Embassy, Tallinn\" width=\"144\" height=\"144\" srcset=\"https:\/\/sisu.ut.ee\/wp-content\/uploads\/sites\/550\/use-tallinn-seal.png 604w, https:\/\/sisu.ut.ee\/wp-content\/uploads\/sites\/550\/use-tallinn-seal-300x300.png 300w, https:\/\/sisu.ut.ee\/wp-content\/uploads\/sites\/550\/use-tallinn-seal-150x150.png 150w\" sizes=\"auto, (max-width: 144px) 100vw, 144px\"><\/p>\n<table class=\"table table-hover\" style=\"width: 1200px;\" border=\"0\" cellspacing=\"1\" cellpadding=\"1\">\n<tbody>\n<tr>\n<td style=\"width: 400px; text-align: justify;\"><img loading=\"lazy\" decoding=\"async\" width=\"856\" height=\"850\" class=\"alignnone wp-image-24\" style=\"width: 302px; height: 300px;\" title=\"elias_photo.jpg\" src=\"https:\/\/sisu.ut.ee\/wp-content\/uploads\/sites\/550\/elias_photo.jpg\" alt=\"Elias Willberg\" srcset=\"https:\/\/sisu.ut.ee\/wp-content\/uploads\/sites\/550\/elias_photo.jpg 856w, https:\/\/sisu.ut.ee\/wp-content\/uploads\/sites\/550\/elias_photo-300x298.jpg 300w, https:\/\/sisu.ut.ee\/wp-content\/uploads\/sites\/550\/elias_photo-150x150.jpg 150w, https:\/\/sisu.ut.ee\/wp-content\/uploads\/sites\/550\/elias_photo-768x763.jpg 768w\" sizes=\"auto, (max-width: 856px) 100vw, 856px\"><\/td>\n<td style=\"width: 50px; height: 0px; text-align: justify;\"><\/td>\n<td style=\"width: 400px; text-align: justify;\"><img loading=\"lazy\" decoding=\"async\" width=\"1264\" height=\"1280\" class=\"alignnone wp-image-25\" style=\"width: 300px; height: 300px;\" title=\"miller_harvey_crop.jpg\" src=\"https:\/\/sisu.ut.ee\/wp-content\/uploads\/sites\/550\/miller_harvey_crop.jpg\" alt=\"Harvey Miller\" srcset=\"https:\/\/sisu.ut.ee\/wp-content\/uploads\/sites\/550\/miller_harvey_crop.jpg 1264w, https:\/\/sisu.ut.ee\/wp-content\/uploads\/sites\/550\/miller_harvey_crop-296x300.jpg 296w, https:\/\/sisu.ut.ee\/wp-content\/uploads\/sites\/550\/miller_harvey_crop-1011x1024.jpg 1011w, https:\/\/sisu.ut.ee\/wp-content\/uploads\/sites\/550\/miller_harvey_crop-768x778.jpg 768w\" sizes=\"auto, (max-width: 1264px) 100vw, 1264px\"><\/td>\n<td style=\"width: 50px; height: 0px; text-align: justify;\"><\/td>\n<td style=\"width: 400px; text-align: justify;\"><img loading=\"lazy\" decoding=\"async\" width=\"1051\" height=\"1205\" class=\"alignnone wp-image-29\" title=\"mari_jussi_aurb.jpg\" src=\"https:\/\/sisu.ut.ee\/wp-content\/uploads\/sites\/550\/mari_jussi_aurb.jpg\" alt=\"Mari J\u00fcssi portrait\" srcset=\"https:\/\/sisu.ut.ee\/wp-content\/uploads\/sites\/550\/mari_jussi_aurb.jpg 1051w, https:\/\/sisu.ut.ee\/wp-content\/uploads\/sites\/550\/mari_jussi_aurb-262x300.jpg 262w, https:\/\/sisu.ut.ee\/wp-content\/uploads\/sites\/550\/mari_jussi_aurb-893x1024.jpg 893w, https:\/\/sisu.ut.ee\/wp-content\/uploads\/sites\/550\/mari_jussi_aurb-768x881.jpg 768w\" sizes=\"auto, (max-width: 1051px) 100vw, 1051px\"><\/td>\n<\/tr>\n<tr>\n<td style=\"vertical-align: top; text-align: left;\">\n<h2 style=\"text-align: justify;\">Elias Willberg<\/h2>\n<p style=\"text-align: justify;\"><em>Helsingi \u00dclikool<\/em><\/p>\n<p lang=\"EN-GB\" style=\"text-align: justify;\" xml:lang=\"EN-GB\"><strong>13. aprillil<\/strong>\u00a0kell 12:15\u201313:30.\u00a0Loeng on inglise keeles.<\/p>\n<h3 lang=\"EN-GB\" xml:lang=\"EN-GB\">K\u00e4ttesaadavus- ja liikuvusanal\u00fc\u00fcs linnade kestlikkuse m\u00f5istmiseks<\/h3>\n<p style=\"text-align: justify;\">Elias Willberg on Helsingi \u00dclikooli digitaalgeograafia labori doktorant, kus tema uuringud keskenduvad inimeste ligip\u00e4\u00e4setavusele ja mobiilsusele. Tema t\u00f6\u00f6d arendavad ruumigeograafilisi meetodeid, et \u00fchendada ligip\u00e4\u00e4setavuse uuringutes\u00a0keskkondlik j\u00e4tkusuutlikus ja sotsiaalne v\u00f5rdsus ning uurib v\u00f5imalusi liikumiskeskkonna headuse m\u00f5\u00f5tmiseks\u00a0inimeste vaatenurgast. Lisaks uurib ta uudsete ruumiandmete ja -meetodite kasutus- ja integratsiooniv\u00f5imalusi koos traditsionaalsemate andmeallikatega.<\/p>\n<p lang=\"EN-GB\" style=\"text-align: justify;\" xml:lang=\"EN-GB\"><strong>Oma loengus\u00a0<\/strong>k\u00e4sitleb Elias Willberg k\u00e4ttesaadavuse ja liikuvuse temaatikat kestlike linnade kontekstis. Ruumiline k\u00e4ttesaadavus, st potentsiaal suhelda mujal paiknevate inimestega, j\u00f5uda tegevuskohtadeni ja v\u00f5tta osa erinevatest tegevustest, on oluline kestlikkuse indikaator eriti linnapiirkondade kontekstis. Viimaste k\u00fcmnendite jooksul on k\u00e4ttesaadavusindikaatoritest saanud oluline linna- ja transpordiplaneerijate t\u00f6\u00f6vahend. Loengus k\u00e4sitleb Willberg k\u00e4ttesaadavuse m\u00f5istet, selle aspekte ja erinevaid modelleerimismeetodeid. Samuti tutvustab ta loengus ruumilise k\u00e4ttesaadavuse teemalisi uuemaid uuringuid, nt modaaljaotust, ajaliselt d\u00fcnaamilisi liikumisv\u00f5imalusi, keskkonnatingimuste vaheldumist ja teisi liikumiskulusid arvesse v\u00f5tvaid meetodeid.<\/p>\n<p style=\"text-align: justify;\">\n<\/p><\/td>\n<td style=\"text-align: justify;\"><\/td>\n<td style=\"vertical-align: top; text-align: left;\">\n<h2 style=\"text-align: justify;\">Prof. Harvey Miller<\/h2>\n<p style=\"text-align: justify;\"><i>Ohio Osariigi \u00dclikool<\/i><\/p>\n<p lang=\"EN-GB\" style=\"text-align: justify;\" xml:lang=\"EN-GB\"><strong>14. aprillil<\/strong> kell 13:00\u201314:00.\u00a0Loeng on inglise keeles.<\/p>\n<h3 lang=\"EN-GB\" xml:lang=\"EN-GB\">Miks on kestlikule liikuvusele \u00fcleminek nii raske?\u00a0M\u00f5ned t\u00e4helepanekud tuleviku kohta<\/h3>\n<p lang=\"EN-GB\" style=\"text-align: justify;\" xml:lang=\"EN-GB\">Prof. Harvey Miller on Ohio Osariigi \u00dclikooli geograafiaprofessor ning linna- ja regionaalanal\u00fc\u00fcsi keskuse juhataja. Tema uurimist\u00f6\u00f6 keskendub geoinformaatika ja transpordivaldkonna seostele. Sh k\u00e4sitleb prof.\u00a0Miller\u00a0transpordi sotsiaalsete ja terviseaspektide, s\u00e4\u00e4stliku liikuvuse, k\u00e4ttesaadavuse ja inimm\u00f5\u00f5tmeliste kogukondadega seotud k\u00fcsimusi. Oma uurimist\u00f6\u00f6s tugineb prof.\u00a0Miller geoinformaatika ja ruumianal\u00fc\u00fcsi meetoditele ning ajalis-ruumiliselt detailsetele liikuvusandmestikele. Prof.\u00a0Miller on p\u00e4lvinud mitmeid tunnustusi, sh Edward L. Ullmani auhinna Ameerika Geograafiaassotsiatsioonilt. Ta on \u00fcle 200 teaduspublikatsiooni autor.<\/p>\n<p lang=\"EN-GB\" style=\"text-align: justify;\" xml:lang=\"EN-GB\"><strong>Oma loengus<\/strong> k\u00e4sitleb prof. Miller kestlikule liikumisele \u00fclemineku temaatikat. Inimeste liikuvus on linnade arengu keskmes olev k\u00fcsimus ning linnade toimimine ja j\u00e4tkuv kasv m\u00f5jutavad omakorda\u00a0meie \u00fchist tulevikku. Kasvava rahvaarvu ja globaliseerumise kontekstis m\u00f5jutavad 20. sajandi j\u00e4tkusuutmatud transpordiotsused oluliselt 21. sajandi toimetulekut ja kestlikkust. Peame v\u00e4ljuma j\u00e4igast\u00a0ja saastavast autokesksest kultuurist, et luua painduvat, kestlikku ja muutustega kohanevat liikumiskultuuri, mis toetub paljudele omavahel l\u00f5imitud liikumisviisidele. \u00dclemineku teostumine on aga kompleksne ja sotsiaalselt keerukas \u00fclesanne. Oma loengus arutleb prof. Miller linnade seires\u00fcsteemide uue p\u00f5lvkonna lahendustega\u00a0seotud teadust\u00f6\u00f6 \u00fcle, mis v\u00f5tab arvesse temaatika komplekssust, m\u00e4\u00e4ramatust ja huvide vastuolulisust, v\u00f5imaldab juhitud eksperimenteerimist ning loob koost\u00f6\u00f6d ja teadmiste koosloomet toetavat keskkonda. Ta toob esile seire-p\u00f5hise l\u00e4henemisnurga peamised teaduslikud probleemid, saavutused ja laiemad m\u00f5jud transpordi- ja linnateaduse valdkonnale.<\/p>\n<\/td>\n<td style=\"text-align: justify;\"><\/td>\n<td style=\"vertical-align: top; text-align: left;\">\n<h2 style=\"text-align: justify;\">Mari J\u00fcssi<\/h2>\n<p style=\"text-align: justify;\"><i>Transpordiamet<\/i><\/p>\n<p lang=\"EN-GB\" style=\"text-align: justify;\" xml:lang=\"EN-GB\"><strong>20. aprillil<\/strong>\u00a0kell 12:15\u201313:30<\/p>\n<h3 style=\"text-align: justify;\">\u00dchistranspordi korraldamine<\/h3>\n<p style=\"text-align: justify;\">Mari J\u00fcssi t\u00f6\u00f6tab liikuvuseksperdina Transpordiametis. J\u00fcssi on \u00f5ppinud keskkonnakaitseteadusi Helsingi \u00dclikoolis ja t\u00e4iendanud end strateegilise keskkonnam\u00f5ju ja s\u00e4\u00e4stva liikuvuse planeerimisega seotud teemadel. \u00dcle 20 aasta tegutses J\u00fcssi Stockholmi Keskkonnainstituudi Tallinna keskuses erinevate s\u00e4\u00e4stva liikuvuse ja strateegilise planeerimise ja teadlikkuse t\u00f5stmise projektides. J\u00fcssi on Eesti Rattarikkaks! algatuse k\u00e4ivitaja, Tallinna rattastrateegia, Tallinna regiooni s\u00e4\u00e4stva liikuvuse strateegia ning Eesti \u00fchistranspordi arenguprogrammi kaasautor.<\/p>\n<p style=\"text-align: justify;\"><strong>Oma loengus <\/strong>annab Mari J\u00fcssi \u00fclevaate \u00fchistranspordi rollist liikuvuss\u00fcsteemis, arengutrendidest Eestis ja rahvusvaheliselt. Ta r\u00e4\u00e4gib \u00fchistranspordi liikidest\u00a0ja nende seostest\u00a0maakasutuse ning teiste liikumisviiside ja teenustega. Ta tutvustab \u00fchistranspordi teenuse, kasutamise ja teenusetaseme peamisi indikaatoreid, andmeallikaid ja planeerimise t\u00f6\u00f6riistu. Samuti k\u00e4sitleb J\u00fcssi \u00fchistranspordi korraldust ja majandamisp\u00f5him\u00f5tteid Eestis nii \u00fcleriigilisel, regiooni- kui ka\u00a0kohalikul tasandil ning v\u00e4ljakutseid ruumilisel planeerimisel.<\/p>\n<\/td>\n<\/tr>\n<tr>\n<td style=\"vertical-align: top; text-align: justify;\"><div class=\"ratio ratio-16x9 mb-3\"><div class=\"video-placeholder-wrapper video-placeholder-wrapper--16x9\">\n\t\t\t    <div class=\"video-placeholder d-flex justify-content-center align-items-center\">\n\t\t\t        <div class=\"overlay text-white p-2 w-100 text-center d-block justify-content-center align-items-center\">\n\t\t\t            <div>To view third-party content, please accept cookies.<\/div>\n\t\t\t            <button class=\"btn btn-secondary btn-sm mt-1 consent-change\">Change consent<\/button>\n\t\t\t        <\/div>\n\t\t\t    <\/div>\n\t\t\t<\/div>\n<\/div><\/td>\n<td style=\"text-align: justify;\"><\/td>\n<td style=\"vertical-align: top; text-align: justify;\"><div class=\"ratio ratio-16x9 mb-3\"><div class=\"video-placeholder-wrapper video-placeholder-wrapper--16x9\">\n\t\t\t    <div class=\"video-placeholder d-flex justify-content-center align-items-center\">\n\t\t\t        <div class=\"overlay text-white p-2 w-100 text-center d-block justify-content-center align-items-center\">\n\t\t\t            <div>To view third-party content, please accept cookies.<\/div>\n\t\t\t            <button class=\"btn btn-secondary btn-sm mt-1 consent-change\">Change consent<\/button>\n\t\t\t        <\/div>\n\t\t\t    <\/div>\n\t\t\t<\/div>\n<\/div><\/td>\n<td style=\"text-align: justify;\"><\/td>\n<td style=\"vertical-align: top; text-align: justify;\"><div class=\"ratio ratio-16x9 mb-3\"><div class=\"video-placeholder-wrapper video-placeholder-wrapper--16x9\">\n\t\t\t    <div class=\"video-placeholder d-flex justify-content-center align-items-center\">\n\t\t\t        <div class=\"overlay text-white p-2 w-100 text-center d-block justify-content-center align-items-center\">\n\t\t\t            <div>To view third-party content, please accept cookies.<\/div>\n\t\t\t            <button class=\"btn btn-secondary btn-sm mt-1 consent-change\">Change consent<\/button>\n\t\t\t        <\/div>\n\t\t\t    <\/div>\n\t\t\t<\/div>\n<\/div><\/td>\n<\/tr>\n<tr>\n<td style=\"vertical-align: top; text-align: left;\">\n<p style=\"text-align: justify;\">\n<\/p><\/td>\n<td style=\"text-align: justify;\"><\/td>\n<td style=\"vertical-align: top; text-align: justify;\"><\/td>\n<td style=\"text-align: justify;\"><\/td>\n<td style=\"vertical-align: top; text-align: justify;\"><\/td>\n<\/tr>\n<tr>\n<td style=\"text-align: justify;\"><img loading=\"lazy\" decoding=\"async\" width=\"583\" height=\"480\" class=\"alignnone wp-image-26\" style=\"width: 364px; height: 300px;\" title=\"image001.jpg\" src=\"https:\/\/sisu.ut.ee\/wp-content\/uploads\/sites\/550\/image001.jpg\" alt=\"Margit Keller\" srcset=\"https:\/\/sisu.ut.ee\/wp-content\/uploads\/sites\/550\/image001.jpg 583w, https:\/\/sisu.ut.ee\/wp-content\/uploads\/sites\/550\/image001-300x247.jpg 300w\" sizes=\"auto, (max-width: 583px) 100vw, 583px\"><\/td>\n<td style=\"text-align: justify;\"><\/td>\n<td style=\"text-align: justify;\"><img loading=\"lazy\" decoding=\"async\" width=\"800\" height=\"800\" class=\"alignnone wp-image-23\" style=\"width: 300px; height: 300px;\" title=\"hans_orru.png\" src=\"https:\/\/sisu.ut.ee\/wp-content\/uploads\/sites\/550\/hans_orru.png\" alt=\"han\" srcset=\"https:\/\/sisu.ut.ee\/wp-content\/uploads\/sites\/550\/hans_orru.png 800w, https:\/\/sisu.ut.ee\/wp-content\/uploads\/sites\/550\/hans_orru-300x300.png 300w, https:\/\/sisu.ut.ee\/wp-content\/uploads\/sites\/550\/hans_orru-150x150.png 150w, https:\/\/sisu.ut.ee\/wp-content\/uploads\/sites\/550\/hans_orru-768x768.png 768w\" sizes=\"auto, (max-width: 800px) 100vw, 800px\"><\/td>\n<td style=\"text-align: justify;\"><\/td>\n<td style=\"text-align: justify;\"><img loading=\"lazy\" decoding=\"async\" width=\"1280\" height=\"1280\" class=\"alignnone wp-image-28\" style=\"width: 300px; height: 300px;\" title=\"onne_kask.png\" src=\"https:\/\/sisu.ut.ee\/wp-content\/uploads\/sites\/550\/onne_kask.png\" alt=\"\u00d5nne Kask\" srcset=\"https:\/\/sisu.ut.ee\/wp-content\/uploads\/sites\/550\/onne_kask.png 1280w, https:\/\/sisu.ut.ee\/wp-content\/uploads\/sites\/550\/onne_kask-300x300.png 300w, https:\/\/sisu.ut.ee\/wp-content\/uploads\/sites\/550\/onne_kask-1024x1024.png 1024w, https:\/\/sisu.ut.ee\/wp-content\/uploads\/sites\/550\/onne_kask-150x150.png 150w, https:\/\/sisu.ut.ee\/wp-content\/uploads\/sites\/550\/onne_kask-768x768.png 768w\" sizes=\"auto, (max-width: 1280px) 100vw, 1280px\"><\/td>\n<\/tr>\n<tr>\n<td style=\"vertical-align: top; text-align: left;\">\n<h2 style=\"text-align: justify;\">Kaasprof. Margit Keller<\/h2>\n<p style=\"text-align: justify;\"><em>Tartu \u00dclikool<\/em><\/p>\n<p style=\"text-align: justify;\"><strong>27. aprillil<\/strong> kell 12:15\u201313:30<\/p>\n<h3 lang=\"EN-GB\" xml:lang=\"EN-GB\">Suur siire Eesti liikuvuss\u00fcsteemis: milliseid muutusi peetakse vajalikuks ja v\u00f5imalikuks?<\/h3>\n<p style=\"text-align: justify;\">Margit\u00a0Keller on Tartu \u00dclikooli \u00fchiskonnateaduste instituudis sotsiaalse kommunikatsiooni kaasprofessor, r\u00fchmagrandi \u201cEesti energia-, transpordi- ja telekommunikatsioonis\u00fcsteemi \u00fcmberkujundamine Teise Suure Siirde l\u00e4vel\u201d vastutav t\u00e4itja ning hiljuti loodud T\u00dc kestliku arengu keskuse juhataja.\u00a0Kelleri uurimist\u00f6\u00f6 keskendub \u00fchiskondlikele muutustele, eesk\u00e4tt argielu harjumustele kestliku siirde laiemas raamistikus.\u00a0Keller \u00f5petab magistriastmes sotsiaalse muutusega seotud \u00f5ppeaineid.<\/p>\n<p lang=\"EN-GB\" style=\"text-align: justify;\" xml:lang=\"EN-GB\"><strong>Oma loengus <\/strong>vaatleb kaasprof. Keller liikuvust Eestis kui sotsiotehnilist s\u00fcsteemi, mis on \u201clukustunud\u201d autostumisse. Suure Siirde uurimisprojekti raames viidi kaasprof. Kelleri juhtimisel eelmisel kevadel l\u00e4bi nn Delphi uuring ehk eksperdik\u00fcsitlus. K\u00fcsitluses lasti asjatundjatel hinnata, milliseid sekkumisi \u2013\u00a0 lumekoristusest ja rattateedest kuni protestiaktsioonideni \u2013 peeti vajalikuks ja v\u00f5imalikuks nii l\u00fchemas kui kaugemas ajavaates. Uuringu tulemuste p\u00f5hjal otsiti \u00fcheskoos vastuseid sellele, kes ja kuidas peaks muutuste juhtimiseks ohjad haarama, kas asi on tehnoloogia arengus, linnaplaneerimises v\u00f5i hoopis inimeste m\u00f5tteviisis.<\/p>\n<h3 style=\"text-align: justify;\"><\/h3>\n<\/td>\n<td style=\"text-align: justify;\"><\/td>\n<td style=\"vertical-align: top; text-align: left;\">\n<h2 style=\"text-align: justify;\">Prof. Hans Orru<\/h2>\n<p style=\"text-align: justify;\"><i>Tartu \u00dclikool<\/i><\/p>\n<p style=\"text-align: justify;\"><strong>4. mail<\/strong>\u00a0kell 12:15\u201313:30<\/p>\n<h3 lang=\"EN-GB\" xml:lang=\"EN-GB\">Kuidas m\u00f5jutavad liikumisvalikud linnakeskkonnas meie tervist?<\/h3>\n<p lang=\"EN-GB\" style=\"text-align: justify;\" xml:lang=\"EN-GB\">Hans Orru on Tartu \u00dclikooli keskkonnatervishoiu professor ja \u00fcks juhtivatest keskkonnatervise teadlastest Eestis. Tema peamiseks uurimisvaldkonnaks on v\u00e4lis- ja sisekeskkonna m\u00f5ju inimeste tervisele ning ta on keskendunud oma t\u00f6\u00f6s tervisem\u00f5juritele nagu \u00f5husaaste, \u00e4\u00e4rmuslikud \u00f5hutemperatuurid ja m\u00fcra. Orru on juhtinud mitmeid rahvastikup\u00f5hiseid keskkonnaterviseuuringuid, l\u00e4bi viinud \u00fcle-euroopalisi \u00f5husaaste tervisem\u00f5ju hinnanguid ning panustanud ka keskkonnatervise riskide tunnetamise valdkonda.<\/p>\n<p lang=\"EN-GB\" style=\"text-align: justify;\" xml:lang=\"EN-GB\"><strong>Oma loengus<\/strong> r\u00e4\u00e4gib prof. Orru erinevate liikumisvalikute tervislikkusest ning \u00fcmbritseva keskkonna m\u00f5just nendele valikutele. Nii m\u00f5jutavad transpordi tekitatavad \u00f5husaaste ja m\u00fcra meie tervist ning v\u00e4hendavad inimeste soovi liikuda jalgsi v\u00f5i jalgrattaga. Aktiivsete transpordivalikutega v\u00e4heneks aga keskkonnasaaste ning suureneks inimeste f\u00fc\u00fcsiline aktiivsus, mille on positiivne m\u00f5ju rahvatervisele. Loengus n\u00e4idatakse kui suured on need negatiivsed ja potentsiaalsed positiivsed m\u00f5jud ning arutatakse kuidas me saame muuta liikumisvalikuid linnades ja millist tervisekasu see v\u00f5iks kaasa tuua.<\/p>\n<\/td>\n<td style=\"text-align: justify;\"><\/td>\n<td style=\"vertical-align: top; text-align: left;\">\n<h2 style=\"text-align: justify;\">\u00d5nne Kask<\/h2>\n<p style=\"text-align: justify;\"><i>Hendrikson &amp; Ko, Tallinna \u00dclikool, Groningeni \u00dclikool<\/i><\/p>\n<p style=\"text-align: justify;\"><strong>11. mail<\/strong>\u00a0kell 12:15\u201313:30<\/p>\n<h3 style=\"text-align: justify;\">Liikuvusuuringute koostamise ja rakendamise praktika Eestis<\/h3>\n<p style=\"text-align: justify;\">\u00d5nne Kask on Hendrikson &amp; Ko liikuvusspetsialist. Paralleelselt omandab \u00d5nne doktorikraadi nii Tallinna \u00dclikoolis kui Groningeni \u00fclikoolis Hollandis. Kask l\u00e4ks p\u00e4rast g\u00fcmnaasiumi l\u00f5ppu Hollandisse \u00f5ppima, kus omandas esmalt rakendusk\u00f5rghariduse ja hiljem magistrikraadi ruumilises planeerimises Wageningeni \u00fclikoolis. Viimased kaks aastat enne Eestisse naasmist oli Kask nooremteadur Groningeni \u00fclikoolis, kus viis projektijuhina l\u00e4bi kaks rakenduslikku teadusprojekti \u00fchistranspordi ja multimodaalse liikuvuse teemal koost\u00f6\u00f6s kohalike omavalitsuste ja transpordi planeerijatega. T\u00e4na on Kask ka aktiivne MT\u00dc Rattaga kooli liige.<\/p>\n<p lang=\"EN-GB\" style=\"text-align: justify;\" xml:lang=\"EN-GB\"><strong>Oma loengus <\/strong>k\u00e4sitleb \u00d5nne Kask liikuvusuuringute koostamise ja rakendamise praktikaid Eesti ruumilises planeerimises. Hendrikson &amp; Ko-l on pikaaegne kogemus nii \u00fcldplaneeringute kui detailplaneeringute koostamisel. Paralleelselt on alates 2016. aastast l\u00e4bi viidud erinevaid liikuvusuuringuid, sh n\u00e4iteks Tallinnas superministeeriumi hoonele ja Tallinna \u00dclikoolile, samuti suuremas skaalas n\u00e4iteks Valga, Viimsi ja Rae valdadele. Kuigi t\u00e4na puudub otsene seadusandlus liikuvusuuringute rakendamiseks planeeringutes, siis \u00fcha rohkem tekib arusaam, et planeeringutes ei saa keskenduda vaid autode liikumisele, vaid tuleb l\u00e4htuda nii s\u00e4\u00e4stvama liikuvuse printsiipidest kui ka parema ligip\u00e4\u00e4su rakendamisest k\u00f5igile \u00fchiskonna gruppidele. Loengus tutvustab Kask liikuvusuuringute metoodikat, nende rakendamise praktikat ja kuidas Hendrikson &amp; Ko t\u00e4na s\u00e4\u00e4stva liikuvuse p\u00f5him\u00f5tteid oma erinevate projektidega seob.<\/p>\n<\/td>\n<\/tr>\n<tr>\n<td style=\"vertical-align: top; text-align: justify;\"><div class=\"ratio ratio-16x9 mb-3\"><div class=\"video-placeholder-wrapper video-placeholder-wrapper--16x9\">\n\t\t\t    <div class=\"video-placeholder d-flex justify-content-center align-items-center\">\n\t\t\t        <div class=\"overlay text-white p-2 w-100 text-center d-block justify-content-center align-items-center\">\n\t\t\t            <div>To view third-party content, please accept cookies.<\/div>\n\t\t\t            <button class=\"btn btn-secondary btn-sm mt-1 consent-change\">Change consent<\/button>\n\t\t\t        <\/div>\n\t\t\t    <\/div>\n\t\t\t<\/div>\n<\/div><\/td>\n<td style=\"text-align: justify;\"><\/td>\n<td style=\"vertical-align: top; text-align: justify;\"><div class=\"ratio ratio-16x9 mb-3\"><div class=\"video-placeholder-wrapper video-placeholder-wrapper--16x9\">\n\t\t\t    <div class=\"video-placeholder d-flex justify-content-center align-items-center\">\n\t\t\t        <div class=\"overlay text-white p-2 w-100 text-center d-block justify-content-center align-items-center\">\n\t\t\t            <div>To view third-party content, please accept cookies.<\/div>\n\t\t\t            <button class=\"btn btn-secondary btn-sm mt-1 consent-change\">Change consent<\/button>\n\t\t\t        <\/div>\n\t\t\t    <\/div>\n\t\t\t<\/div>\n<\/div><\/td>\n<td style=\"text-align: justify;\"><\/td>\n<td style=\"vertical-align: top; text-align: justify;\"><div class=\"ratio ratio-16x9 mb-3\"><div class=\"video-placeholder-wrapper video-placeholder-wrapper--16x9\">\n\t\t\t    <div class=\"video-placeholder d-flex justify-content-center align-items-center\">\n\t\t\t        <div class=\"overlay text-white p-2 w-100 text-center d-block justify-content-center align-items-center\">\n\t\t\t            <div>To view third-party content, please accept cookies.<\/div>\n\t\t\t            <button class=\"btn btn-secondary btn-sm mt-1 consent-change\">Change consent<\/button>\n\t\t\t        <\/div>\n\t\t\t    <\/div>\n\t\t\t<\/div>\n<\/div><\/td>\n<\/tr>\n<tr>\n<td style=\"vertical-align: top; text-align: justify;\"><\/td>\n<td style=\"text-align: justify;\"><\/td>\n<td style=\"vertical-align: top; text-align: left;\">\n<p style=\"text-align: justify;\">\n<\/p><\/td>\n<td style=\"text-align: justify;\"><\/td>\n<td style=\"vertical-align: top; text-align: justify;\"><\/td>\n<\/tr>\n<tr>\n<td style=\"vertical-align: top; text-align: justify;\"><img loading=\"lazy\" decoding=\"async\" width=\"280\" height=\"375\" class=\"alignnone wp-image-27\" style=\"width: 224px; height: 300px;\" title=\"huyen-le.jpg\" src=\"https:\/\/sisu.ut.ee\/wp-content\/uploads\/sites\/550\/huyen-le.jpg\" alt=\"Huyen Le\" srcset=\"https:\/\/sisu.ut.ee\/wp-content\/uploads\/sites\/550\/huyen-le.jpg 280w, https:\/\/sisu.ut.ee\/wp-content\/uploads\/sites\/550\/huyen-le-224x300.jpg 224w\" sizes=\"auto, (max-width: 280px) 100vw, 280px\"><\/td>\n<td style=\"text-align: justify;\"><\/td>\n<td style=\"vertical-align: top; text-align: justify;\"><img loading=\"lazy\" decoding=\"async\" width=\"2560\" height=\"2560\" class=\"alignnone wp-image-15\" style=\"width: 300px; height: 300px; float: left;\" title=\"karl_saidla_ruut.jpg\" src=\"https:\/\/sisu.ut.ee\/wp-content\/uploads\/sites\/550\/karl_saidla_ruut-scaled.jpg\" alt=\"kar\" srcset=\"https:\/\/sisu.ut.ee\/wp-content\/uploads\/sites\/550\/karl_saidla_ruut-scaled.jpg 2560w, https:\/\/sisu.ut.ee\/wp-content\/uploads\/sites\/550\/karl_saidla_ruut-300x300.jpg 300w, https:\/\/sisu.ut.ee\/wp-content\/uploads\/sites\/550\/karl_saidla_ruut-1024x1024.jpg 1024w, https:\/\/sisu.ut.ee\/wp-content\/uploads\/sites\/550\/karl_saidla_ruut-150x150.jpg 150w, https:\/\/sisu.ut.ee\/wp-content\/uploads\/sites\/550\/karl_saidla_ruut-768x768.jpg 768w, https:\/\/sisu.ut.ee\/wp-content\/uploads\/sites\/550\/karl_saidla_ruut-1536x1536.jpg 1536w, https:\/\/sisu.ut.ee\/wp-content\/uploads\/sites\/550\/karl_saidla_ruut-2048x2048.jpg 2048w, https:\/\/sisu.ut.ee\/wp-content\/uploads\/sites\/550\/karl_saidla_ruut-1920x1920.jpg 1920w\" sizes=\"auto, (max-width: 2560px) 100vw, 2560px\"><\/td>\n<\/tr>\n<tr>\n<td style=\"vertical-align: top; text-align: left;\">\n<h2 lang=\"EN-GB\" style=\"text-align: justify;\" xml:lang=\"EN-GB\">Kaasprof. Huyen Le<\/h2>\n<p lang=\"EN-GB\" style=\"text-align: justify;\" xml:lang=\"EN-GB\"><i>Ohio Osariigi \u00dclikool<\/i><\/p>\n<p lang=\"EN-GB\" style=\"text-align: justify;\" xml:lang=\"EN-GB\"><strong>18. mail<\/strong>\u00a0kell 12:15\u201313:30.\u00a0Loeng on inglise keeles.<\/p>\n<h3 style=\"text-align: justify;\">Kuidas m\u00f5jutavad tegevusruum ja kokkupuude keskkonnariskidega meie heaolu?<\/h3>\n<p style=\"text-align: justify;\">Huyen T. K. Le on Ohio Osariigi \u00dclikooli geograafia osakonna kaasprofessor ning \u00fclikooli j\u00e4tkusuutlikkuse instituudi p\u00f5hiliige. Tema uurimist\u00f6\u00f6 keskendub peamiselt kolmele teemale: 1) j\u00e4tkusuutlik linnatransport, 2) igap\u00e4evase liikumise ja tegevusruumi k\u00e4igus toimuva keskkonnatingimustega kokkupuute m\u00f5ju inimeste f\u00fc\u00fcsilisele ja vaimsele tervisele, 3) info- ja kommunikatsioonitehnoloogia m\u00f5ju transpordile, energiat\u00f5hususele ja keskkonnale laiemalt. Prof Le on liige TRELISe\u00a0ja\u00a0Golden Compassi\u00a0programmides, mis keskenduvad naisteadlaste arengule ja v\u00f5imestamisele ruumianal\u00fc\u00fcsiga seotud teadustes.<\/p>\n<p style=\"text-align: justify;\"><strong>Oma loengus <\/strong>r\u00e4\u00e4gib Prof Le keskkonnariskidele avatusest ja nende m\u00f5just meie igap\u00e4evases tegevusruumis. Senised uuringud on n\u00e4idanud keskkonnaekspositsiooni v\u00f5imalikku m\u00f5ju meie subjektiivsele heaolule, kuid heaolu, tegevusruumi ja keskkonnatingimustega kokkupuute vahelised seosed on veel ebaselged ja p\u00f5hjalikumat k\u00e4sitlemist vajav valdkond. Prof Le k\u00e4sitleb neid k\u00fcsimusi nutitelefonip\u00f5hises tegevusruumiuuringus, mis vaatleb looduse ja \u00f5husaastega kokkupuute m\u00f5ju enesetundele ja heaolule. Uuringutulemused n\u00e4itavad, et tegevusruumi ulatus ja loodusaladega kokkupuude on positiivselt seotud l\u00fchiajalise, kuid mitte pikaajalise subjektiivse heaoluga. Aktiivsete liikumisviiside kasutajate (nt jalgratturid ja jalak\u00e4ijad) jaoks on loodusega kokkupuude suurema m\u00f5juga kui teiste liikumisviiside kasutajate puhul. Kokkupuude \u00f5husaastega v\u00e4hendab inimeste heaolu.<\/p>\n<\/td>\n<td style=\"text-align: justify;\"><\/td>\n<td style=\"vertical-align: top; text-align: left;\">\n<h2 lang=\"EN-GB\" style=\"text-align: justify;\" xml:lang=\"EN-GB\">Dr. Karl Saidla<\/h2>\n<p lang=\"EN-GB\" style=\"text-align: justify;\" xml:lang=\"EN-GB\"><em>Tartu \u00dclikool<\/em><\/p>\n<p lang=\"EN-GB\" style=\"text-align: justify;\" xml:lang=\"EN-GB\"><strong>19. mail<\/strong>\u00a0kell 12:15\u201313:30.\u00a0Loeng on inglise keeles.<\/p>\n<h3 lang=\"EN-GB\" style=\"text-align: justify;\" xml:lang=\"EN-GB\">Aktiivne liikumine \u2013\u00a0mis, miks ja kuidas?<\/h3>\n<p style=\"text-align: justify;\">Karl Saidla \u00f5pib Tartu \u00dclikooli mobiilsusuuringute laboris j\u00e4reldoktorantuuris, kus tema uurimist\u00f6\u00f6 v\u00f5rdleb Tartu ja Helsingi rattaringluss\u00fcsteemide rajamist ja edutegureid otsusetegemise vaatenurgast. \u00dcldisemalt keskendub tema uurimist\u00f6\u00f6 sellele, millised l\u00e4henemised toetavad ja suurendavad aktiivsete liikumisviiside kasutust. Teda paelub\u00a0P\u00f5hjamaade kontekst, sest seda saab v\u00f5rrelda tema kodumaa, Kanada,\u00a0olustiku ja tingimustega. Oma\u00a0doktorit\u00f6\u00f6s\u00a0v\u00f5rdles ta jalgsi liikumise, rattas\u00f5idu ja \u00fchistranspordi kasutamise edendamist\u00a0Ottawas ja Helsingis.<\/p>\n<p style=\"text-align: justify;\"><strong>Oma loengus<\/strong>\u00a0k\u00e4sitleb Dr. Saidla aktiivsete liikumisviiside temaatikat erinevatest perspektiividest, sh tervise, keskkonna, \u00fchiskonna ja majanduse vaatenurgast. Ta annab \u00fclevaate seotud poliitikakujundusest ja otsusetegemise protsessidest. Loeng avab poliitilise konteksti rolli ja v\u00f5imalikke strateegiaid aktiivsete liikumisviiside osakaalu suurendamiseks ja k\u00e4itumismuutuse esilekutsumiseks.<\/p>\n<p style=\"text-align: justify;\">\n<\/p><\/td>\n<\/tr>\n<tr>\n<td style=\"vertical-align: top; text-align: left;\"><div class=\"ratio ratio-16x9 mb-3\"><div class=\"video-placeholder-wrapper video-placeholder-wrapper--16x9\">\n\t\t\t    <div class=\"video-placeholder d-flex justify-content-center align-items-center\">\n\t\t\t        <div class=\"overlay text-white p-2 w-100 text-center d-block justify-content-center align-items-center\">\n\t\t\t            <div>To view third-party content, please accept cookies.<\/div>\n\t\t\t            <button class=\"btn btn-secondary btn-sm mt-1 consent-change\">Change consent<\/button>\n\t\t\t        <\/div>\n\t\t\t    <\/div>\n\t\t\t<\/div>\n<\/div><\/td>\n<td style=\"text-align: justify;\"><\/td>\n<td style=\"vertical-align: top; text-align: left;\"><div class=\"ratio ratio-16x9 mb-3\"><div class=\"video-placeholder-wrapper video-placeholder-wrapper--16x9\">\n\t\t\t    <div class=\"video-placeholder d-flex justify-content-center align-items-center\">\n\t\t\t        <div class=\"overlay text-white p-2 w-100 text-center d-block justify-content-center align-items-center\">\n\t\t\t            <div>To view third-party content, please accept cookies.<\/div>\n\t\t\t            <button class=\"btn btn-secondary btn-sm mt-1 consent-change\">Change consent<\/button>\n\t\t\t        <\/div>\n\t\t\t    <\/div>\n\t\t\t<\/div>\n<\/div><\/td>\n<\/tr>\n<\/tbody>\n<\/table>\n<p style=\"text-align: justify;\"><img loading=\"lazy\" decoding=\"async\" width=\"1755\" height=\"1240\" class=\"alignnone wp-image-34\" style=\"width: 1200px; height: 848px;\" title=\"loengusarja_postrid_landscape_est_uus.png\" src=\"https:\/\/sisu.ut.ee\/wp-content\/uploads\/sites\/550\/loengusarja_postrid_landscape_est_uus.png\" alt=\"poster_uue logoga\" srcset=\"https:\/\/sisu.ut.ee\/wp-content\/uploads\/sites\/550\/loengusarja_postrid_landscape_est_uus.png 1755w, https:\/\/sisu.ut.ee\/wp-content\/uploads\/sites\/550\/loengusarja_postrid_landscape_est_uus-300x212.png 300w, https:\/\/sisu.ut.ee\/wp-content\/uploads\/sites\/550\/loengusarja_postrid_landscape_est_uus-1024x724.png 1024w, https:\/\/sisu.ut.ee\/wp-content\/uploads\/sites\/550\/loengusarja_postrid_landscape_est_uus-768x543.png 768w, https:\/\/sisu.ut.ee\/wp-content\/uploads\/sites\/550\/loengusarja_postrid_landscape_est_uus-1536x1085.png 1536w\" sizes=\"auto, (max-width: 1755px) 100vw, 1755px\"><\/p>\n<p style=\"text-align: justify;\">\n<\/p>","protected":false},"excerpt":{"rendered":"<p>Avalik\u00a0veebiloengute sari \u201cLiikuvusanal\u00fc\u00fcs ja planeerimine inimm\u00f5\u00f5tmeliste linnade jaoks\u201d Tartu \u00dclikooli mobiilsusuuringute labori korraldatud loengusari toob k\u00f5nelema liikuvuse ja transpordiplaneerimise\u00a0eksperte ja juhtivaid teadlasi nii Eestist kui v\u00e4ljastpoolt. Loengusarjas otsime vastust k\u00fcsimusele, kuidas toetada sotsiaalselt ja keskkondlikult j\u00e4tkusuutliku liikuvuse ja kestliku linnaruumi\u00a0kujundamist &#8230;<\/p>\n","protected":false},"author":278,"featured_media":0,"parent":0,"menu_order":0,"comment_status":"closed","ping_status":"closed","template":"","meta":{"_acf_changed":false,"inline_featured_image":false,"footnotes":""},"class_list":["post-3","page","type-page","status-publish","hentry"],"acf":[],"_links":{"self":[{"href":"https:\/\/sisu.ut.ee\/transportplanning\/wp-json\/wp\/v2\/pages\/3","targetHints":{"allow":["GET"]}}],"collection":[{"href":"https:\/\/sisu.ut.ee\/transportplanning\/wp-json\/wp\/v2\/pages"}],"about":[{"href":"https:\/\/sisu.ut.ee\/transportplanning\/wp-json\/wp\/v2\/types\/page"}],"author":[{"embeddable":true,"href":"https:\/\/sisu.ut.ee\/transportplanning\/wp-json\/wp\/v2\/users\/278"}],"replies":[{"embeddable":true,"href":"https:\/\/sisu.ut.ee\/transportplanning\/wp-json\/wp\/v2\/comments?post=3"}],"version-history":[{"count":5,"href":"https:\/\/sisu.ut.ee\/transportplanning\/wp-json\/wp\/v2\/pages\/3\/revisions"}],"predecessor-version":[{"id":293,"href":"https:\/\/sisu.ut.ee\/transportplanning\/wp-json\/wp\/v2\/pages\/3\/revisions\/293"}],"wp:attachment":[{"href":"https:\/\/sisu.ut.ee\/transportplanning\/wp-json\/wp\/v2\/media?parent=3"}],"curies":[{"name":"wp","href":"https:\/\/api.w.org\/{rel}","templated":true}]}}