{"id":6,"date":"2024-04-04T05:33:44","date_gmt":"2024-04-04T02:33:44","guid":{"rendered":"https:\/\/sisu.ut.ee\/serv\/spain\/"},"modified":"2024-04-04T05:34:02","modified_gmt":"2024-04-04T02:34:02","slug":"spain","status":"publish","type":"page","link":"https:\/\/sisu.ut.ee\/serv\/spain\/","title":{"rendered":"SPAIN"},"content":{"rendered":"<p>\n\t<span style=\"color:#0000cd\">Victims\u2019 Voices<\/span>\n<\/p>\n<p>\n\t<span style=\"color:#0000cd\">VIOLENCE AGAINST WOMEN<\/span>\n<\/p>\n<p>\n\t<span style=\"color:#0000cd\"><em>VIOLENCIA CONTRA LAS MUJERES<\/em><\/span>\n<\/p>\n<p>\n\tMacro-survey on violence against women 2019. Government Delegation against gender-based violence\n<\/p>\n<p>\n\t<span style=\"color:#006400\"><em>Macroencuesta de violencia contra la mujer 2019. Delegaci\u00f3n del Gobierno contra la violencia de g\u00e9nero<\/em><\/span>\n<\/p>\n<p>\n\tMain objective: to know the percentage of women residing in Spain aged 16 or over who have suffered or are suffering some type of violence due to the fact that they are women.\n<\/p>\n<p>\n\t<span style=\"color:#006400\"><em>Objetivo principal: conocer el porcentaje de mujeres residentes en Espa\u00f1a de 16 o m\u00e1s a\u00f1os que han sufrido o que sufren actualmente alg\u00fan tipo de violencia por el hecho de ser mujeres.<\/em><\/span>\n<\/p>\n<p>\n\tMain results:\n<\/p>\n<p>\n\t<span style=\"color:#006400\"><em>Principales resultados:<\/em><\/span>\u00a0\n<\/p>\n<p>\n\t<a href=\"https:\/\/violenciagenero.igualdad.gob.es\/violenciaEnCifras\/macroencuesta2015\/pdf\/Principales_Resultados_Macroencuesta2019.pdf%C2%A0\">https:\/\/violenciagenero.igualdad.gob.es\/violenciaEnCifras\/macroencuesta2\u2026<\/a>\n<\/p>\n<p>\n\t\u00a0\n<\/p>\n<p>\n\tVoices of surviving women (Government Delegation against gender-based violence)\n<\/p>\n<p>\n\t<span style=\"color:#006400\"><em>Voces de mujeres supervivientes (Delegaci\u00f3n del Gobierno contra la violencia de g\u00e9nero)<\/em>\u00a0<\/span>\n<\/p>\n<p>\n\t<a href=\"https:\/\/violenciagenero.igualdad.gob.es\/informacionUtil\/testimonios\/supervivientes\/home.htm%C2%A0\">https:\/\/violenciagenero.igualdad.gob.es\/informacionUtil\/testimonios\/supe\u2026<\/a>\n<\/p>\n<p>\n\tNiusdiario:<em>\u00a0<\/em>\n<\/p>\n<p>\n\t<a href=\"https:\/\/www.niusdiario.es\/sociedad\/maltrato-violencia-genero-papa-monstruo-victima-testimonio_18_2855745122.html%C2%A0\">https:\/\/www.niusdiario.es\/sociedad\/maltrato-violencia-genero-papa-monstr\u2026<\/a>\n<\/p>\n<p>\n\t\u00a0\n<\/p>\n<p>\n\tActresses and actors join COSMO\u2019s campaign against gender-based violence by lending their voice to victims: (3 videos)\n<\/p>\n<p>\n\t<span style=\"color:#006400\"><em>Actrices y actores se unen a la campa\u00f1a de COSMO contra la violencia de g\u00e9nero prestando su voz a las v\u00edctimas: (3 v\u00eddeos)<\/em>\u00a0<\/span>\n<\/p>\n<p>\n\t<a href=\"https:\/\/www.youtube.com\/watch?v=0d5JzXVAGwY\">https:\/\/www.youtube.com\/watch?v=0d5JzXVAGwY<\/a>\n<\/p>\n<p>\n\t<a href=\"https:\/\/www.cosmopolitantv.es\/compromiso-social\/a-quien-dices-amar\/videos\/actores-y-actrices-ponen-voz-a-victimas-de-violencia-de-3789\">https:\/\/www.cosmopolitantv.es\/compromiso-social\/a-quien-dices-amar\/video\u2026<\/a>\n<\/p>\n<p>\n\t<a href=\"https:\/\/www.youtube.com\/watch?v=flGghFegEgg\">https:\/\/www.youtube.com\/watch?v=flGghFegEgg[\/embed]<\/a>\n<\/p>\n<p>\n\t\u00a0\n<\/p>\n<p>\n\tGender-based violence against minors:\n<\/p>\n<p>\n\t<span style=\"color:#006400\"><em>Violencia de g\u00e9nero contra menores:<\/em><\/span>\n<\/p>\n<p>\n\t<a href=\"https:\/\/www.ondacero.es\/programas\/te-doy-mi-palabra\/audios-podcast\/ellas-hablan\/adolescente-maltratada-yo-hacia-todo-lo-que-el-me-decia-y-me-aislo-de-mis-amigos_201705275929446d0cf205e8f7032a13.html\">https:\/\/www.ondacero.es\/programas\/te-doy-mi-palabra\/audios-podcast\/ellas\u2026<\/a>\n<\/p>\n<p>\n\t<a href=\"https:\/\/www.elconfidencial.com\/espana\/2021-07-07\/violencia-genero-menor-maltrato-agresion_3160048\/\">https:\/\/www.elconfidencial.com\/espana\/2021-07-07\/violencia-genero-menor-\u2026<\/a>\u00a0<a href=\"https:\/\/elpais.com\/politica\/2018\/02\/16\/actualidad\/1518800404_629473.html\">https:\/\/elpais.com\/politica\/2018\/02\/16\/actualidad\/1518800404_629473.html<\/a>\n<\/p>\n<p>\n\t\u00a0\n<\/p>\n<p>\n\tTrafficking in human beings\n<\/p>\n<p>\n\t<span style=\"color:#006400\"><em>Tr\u00e1fico de seres humanos<\/em><\/span>\n<\/p>\n<p>\n\tMabel Lozano collects the voices of victims of sexual exploitation:\n<\/p>\n<p>\n\t<em>Mabel Lozano recoge las voces de las v\u00edctimas de la explotaci\u00f3n sexual:<\/em>\u00a0\n<\/p>\n<p>\n\t<a href=\"https:\/\/www.elmundo.es\/elmundo\/2008\/07\/06\/television\/1215360432.html\">https:\/\/www.elmundo.es\/elmundo\/2008\/07\/06\/television\/1215360432.html<\/a>\n<\/p>\n<p>\n\tV\u00eddeo: (web Proyecto Esperanza Adoratrices):\u00a0\n<\/p>\n<p>\n\t<a href=\"https:\/\/www.proyectoesperanza.org\/archivo\/documental-voces-contra-la-trata-mabel-lozano\/\">https:\/\/www.proyectoesperanza.org\/archivo\/documental-voces-contra-la-tra\u2026<\/a>\n<\/p>\n<p>\n\t\u00a0\n<\/p>\n<p>\n\tAmnesty International Spain. Invisible chains:\n<\/p>\n<p>\n\t<span style=\"color:#006400\"><em>Amnist\u00eda Internacional Espa\u00f1a. Cadenas invisibles:<\/em><\/span>\n<\/p>\n<p>\n\t<a href=\"https:\/\/www.youtube.com\/watch?v=eOZIPurlffU\">https:\/\/www.youtube.com\/watch?v=eOZIPurlffU[\/embed]<\/a>\n<\/p>\n<p>\n\t<a href=\"https:\/\/www.youtube.com\/watch?v=ofrpwFUAZsY\">https:\/\/www.youtube.com\/watch?v=ofrpwFUAZsY[\/embed]<\/a>\n<\/p>\n<p>\n\t<a href=\"https:\/\/www.youtube.com\/watch?v=T_8vh4ByeIM\">https:\/\/www.youtube.com\/watch?v=T_8vh4ByeIM[\/embed]<\/a>\n<\/p>\n<p>\n\t\u00a0\n<\/p>\n<p>\n\tPress articles about victims of trafficking in human beings:\n<\/p>\n<p>\n\t<span style=\"color:#006400\"><em>Art\u00edculos de prensa sobre v\u00edctimas de trata:<\/em><\/span>\n<\/p>\n<p>\n\t<a href=\"https:\/\/www.lavozdegalicia.es\/noticia\/espana\/2019\/09\/22\/horror-trata-espana-vudu-palizas-hambre-violaciones-grupo\/00031569156233453771213.htm\">https:\/\/www.lavozdegalicia.es\/noticia\/espana\/2019\/09\/22\/horror-trata-esp\u2026<\/a>\n<\/p>\n<p>\n\t<a href=\"https:\/\/www.lavozdegalicia.es\/noticia\/lugo\/2020\/04\/02\/estado-alarma-mujer-prostituida-casa-comida\/00031585849775120121124.htm\">https:\/\/www.lavozdegalicia.es\/noticia\/lugo\/2020\/04\/02\/estado-alarma-muje\u2026<\/a>\n<\/p>\n<p>\n\t\u00a0\n<\/p>\n<p>\n\tRape crime victims\n<\/p>\n<p>\n\t<span style=\"color:#006400\"><em>V\u00edctimas de delitos de violaci\u00f3n<\/em><\/span>\n<\/p>\n<p>\n\t<a href=\"https:\/\/valenciaplaza.com\/violacion-hablan-las-victimas\">https:\/\/valenciaplaza.com\/violacion-hablan-las-victimas[\/embed]<\/a>\n<\/p>\n<p>\n\t\u00a0\n<\/p>\n<p>\n\t<span style=\"color:#0000cd\">HATE CRIMES<\/span>\n<\/p>\n<p>\n\t<span style=\"color:#0000cd\"><em>DELITOS DE ODIO<\/em><\/span>\n<\/p>\n<p>\n\tHate Crimes Survey. Ministry of Home Affairs\n<\/p>\n<p>\n\t<span style=\"color:#006400\"><em>Encuesta sobre delitos de odio. Ministerio del Interior<\/em><\/span>\n<\/p>\n<p>\n\t<span style=\"color:#006400\"><em>Seg\u00fan el Informe de la Encuesta sobre delitos de odio del Ministerio del Interior2, un 49,43% de los participantes teme ser una posible v\u00edctima. Adem\u00e1s, evitan con \u201chabitualidad\u201d (27%) o \u201csiempre\u201d (15,56%) ciertos lugares para no llegar a ser una posible v\u00edctima. Los resultados muestran que un 41,65% de los participantes (n = 437) ha sido v\u00edctima de delitos de odio en los \u00faltimos 5 a\u00f1os en m\u00e1s de una ocasi\u00f3n. Por un lado, han recibido comentarios o gestos ofensivos en m\u00e1s de 10 ocasiones (40,05%), aunque en un porcentaje elevado no llegan a tener mayor gravedad, al no ser amenazas de car\u00e1cter violento (41,19%), ni agresiones (64,07%) ni mensajer\u00eda instant\u00e1nea o emails ofensivos (76,9 %). Por otro lado, m\u00e1s de un 50% de ellos han recibido ofensas o amenazas por redes sociales o internet, lo que pone de manifiesto lo importante del fen\u00f3meno del discurso de odio en esa v\u00eda de comunicaci\u00f3n. Por \u00faltimo, m\u00e1s de un 70 % de los encuestados ha recibido en los \u00faltimos 5 a\u00f1os, ya sea una o m\u00e1s veces, alg\u00fan trato discriminatorio. Los principales motivos discriminatorios son: orientaci\u00f3n sexual o identidad de g\u00e9nero (35,47%), sexo\/g\u00e9nero (27%) ideolog\u00eda (22,88%) o racismo\/xenofobia (20,14%). Sin embargo, la encuesta pone de manifiesto que ser v\u00edctima de un delito de odio es un aspecto multifac\u00e9tico ya que muchas personas creen haber sido v\u00edctimas por m\u00faltiples factores discriminatorios.<\/em><\/span>\n<\/p>\n<p>\n\t\u00a0\n<\/p>\n<p>\n\tTV documents \u2013 Hate victims on social networks express themselves. 2018.\n<\/p>\n<p>\n\t<span style=\"color:#006400\"><em>Documentos TV. Hablan las v\u00edctimas de odio en redes sociales. 2018<\/em><\/span>\n<\/p>\n<p>\n\t<a href=\"https:\/\/www.rtve.es\/alacarta\/videos\/documentos-tv\/documentos-tv-hablan-victimas-odio-redes-sociales\/4596257\/\">https:\/\/www.rtve.es\/alacarta\/videos\/documentos-tv\/documentos-tv-hablan-v\u2026<\/a>\n<\/p>\n<p>\n\t\u00a0\n<\/p>\n<p>\n\tCadena SER: Victims of homophobia tell their stories:\n<\/p>\n<p>\n\t<span style=\"color:#006400\"><em>Cadena SER: V\u00edctimas de homofobia cuentan su historia:<\/em><\/span>\n<\/p>\n<p>\n\t<a href=\"https:\/\/cadenaser.com\/ser\/2021\/07\/11\/sociedad\/1626028915_662799.html\">https:\/\/cadenaser.com\/ser\/2021\/07\/11\/sociedad\/1626028915_662799.html[\/em\u2026<\/a>\n<\/p>\n<p>\n\t\u00a0\n<\/p>\n<p>\n\t<span style=\"color:#0000cd\">VICTIMS OF SEXUAL ABUSE DURING CHILDHOOD<\/span>\n<\/p>\n<p>\n\t<span style=\"color:#0000cd\">V\u00cdCTIMAS DE ABUSO SEXUAL DURANTE LA INFANCIA<\/span>\n<\/p>\n<p>\n\tMore than 40 people have reported to Save the Children that they suffered sexual violence during their childhood:\n<\/p>\n<p>\n\t<span style=\"color:#006400\"><em>M\u00e1s de 40 personas han denunciado a Save the Children que sufrieron violencia sexual durante su infancia:<\/em>\u00a0<\/span>\n<\/p>\n<p>\n\t<a href=\"https:\/\/www.abc.es\/sociedad\/abci-mas-40-victimas-suman-voces-contra-abusos-sexuales-infancia-201810291357_video.html\">https:\/\/www.abc.es\/sociedad\/abci-mas-40-victimas-suman-voces-contra-abus\u2026<\/a>\n<\/p>\n<p>\n\t\u00a0\n<\/p>\n<p>\n\tChronicles. Broken silence. 2019\n<\/p>\n<p>\n\t<span style=\"color:#006400\"><em>Cr\u00f3nicas- Silencio roto. 2019<\/em><\/span>\n<\/p>\n<p>\n\t<a href=\"https:\/\/www.rtve.es\/alacarta\/videos\/cronicas\/cronicas-silencio-roto\/5004001\/\">https:\/\/www.rtve.es\/alacarta\/videos\/cronicas\/cronicas-silencio-roto\/5004\u2026<\/a><\/p>\n","protected":false},"excerpt":{"rendered":"<p>Victims\u2019 Voices VIOLENCE AGAINST WOMEN VIOLENCIA CONTRA LAS MUJERES Macro-survey on violence against women 2019. Government Delegation against gender-based violence Macroencuesta de violencia contra la mujer 2019. Delegaci\u00f3n del Gobierno contra la violencia de g\u00e9nero Main objective: to know the &#8230;<\/p>\n","protected":false},"author":158,"featured_media":0,"parent":0,"menu_order":0,"comment_status":"closed","ping_status":"closed","template":"","meta":{"_acf_changed":false,"inline_featured_image":false,"footnotes":""},"class_list":["post-6","page","type-page","status-publish","hentry"],"acf":[],"_links":{"self":[{"href":"https:\/\/sisu.ut.ee\/serv\/wp-json\/wp\/v2\/pages\/6","targetHints":{"allow":["GET"]}}],"collection":[{"href":"https:\/\/sisu.ut.ee\/serv\/wp-json\/wp\/v2\/pages"}],"about":[{"href":"https:\/\/sisu.ut.ee\/serv\/wp-json\/wp\/v2\/types\/page"}],"author":[{"embeddable":true,"href":"https:\/\/sisu.ut.ee\/serv\/wp-json\/wp\/v2\/users\/158"}],"replies":[{"embeddable":true,"href":"https:\/\/sisu.ut.ee\/serv\/wp-json\/wp\/v2\/comments?post=6"}],"version-history":[{"count":1,"href":"https:\/\/sisu.ut.ee\/serv\/wp-json\/wp\/v2\/pages\/6\/revisions"}],"predecessor-version":[{"id":105,"href":"https:\/\/sisu.ut.ee\/serv\/wp-json\/wp\/v2\/pages\/6\/revisions\/105"}],"wp:attachment":[{"href":"https:\/\/sisu.ut.ee\/serv\/wp-json\/wp\/v2\/media?parent=6"}],"curies":[{"name":"wp","href":"https:\/\/api.w.org\/{rel}","templated":true}]}}