{"id":2182,"date":"2025-05-08T16:08:52","date_gmt":"2025-05-08T13:08:52","guid":{"rendered":"https:\/\/sisu.ut.ee\/planeerimiskonverents\/?page_id=2182"},"modified":"2025-05-08T16:08:53","modified_gmt":"2025-05-08T13:08:53","slug":"ekskursioonid-2025","status":"publish","type":"page","link":"https:\/\/sisu.ut.ee\/planeerimiskonverents\/ekskursioonid-2025\/","title":{"rendered":"Ekskursioonid"},"content":{"rendered":"<p><\/p>\n\n\n\n<p>15.05 kell 18.15-19.15\/19.30\u00a0<\/p>\n\n\n\n<p>K\u00f5ik v\u00e4liekskursioonid algavad ERM\u00b4i eest ja siseeksursioonid ERMi infolaua juurest.\u00a0<\/p>\n\n\n\n<p>Registreerimine siin: <a href=\"https:\/\/forms.office.com\/e\/4yP51avWG5\" target=\"_blank\" rel=\"noreferrer noopener\">https:\/\/forms.office.com\/e\/4yP51avWG5<\/a> \u00a0<\/p>\n\n\n\n<ol start=\"1\" class=\"wp-block-list\">\n<li><strong>Linnakeskkond ja kahepaiksed: kas mahume \u00e4ra?<\/strong>\u00a0<\/li>\n<\/ol>\n\n\n\n<p>Koht: ERM-i \u00fcmbruses Majoraadi pargis\u00a0<\/p>\n\n\n\n<p>Liikumisviis: jalgsi\u00a0<\/p>\n\n\n\n<p>Ekskursioonijuht: m\u00e4rgalade \u00f6koloog ja kahepaiksete ekspert Elin Soomets-Alver\u00a0<\/p>\n\n\n\n<p>Osalejate arv: 25\u00a0<\/p>\n\n\n\n<p>\u00a0Linnakeskkonnas elavate kahepaiksete elluj\u00e4\u00e4mine s\u00f5ltub targast planeerimisest! Sellel matkal uurime, kus ja kuidas kahepaiksed linnas sigivad, talvituvad ning milliseid teekondi nad kevad- ja s\u00fcgisr\u00e4nde ajal l\u00e4bivad. Peatume olulistes elu- ja sigimispaikades, arutame konnatunnelite rolli ning vaatleme, kuidas linnaruumi kujundamine saab kahepaiksete p\u00fcsimaj\u00e4\u00e4mist toetada. See on v\u00f5imalus n\u00e4ha planeerimisotsuste m\u00f5ju loodusele ja saada uusi teadmisi elurikkuse hoidmisest linnas!\u00a0<\/p>\n\n\n\n<ol start=\"2\" class=\"wp-block-list\">\n<li><strong>Rattaekskursioon Jaamam\u00f5isa garaa\u017eidesse<\/strong>\u00a0<\/li>\n<\/ol>\n\n\n\n<p>Koht: Jaamam\u00f5isa garaa\u017eid\u00a0<\/p>\n\n\n\n<p>Liikumisviis: elektrijalgratas (rattad Tartu Linnatranspordilt)\u00a0<\/p>\n\n\n\n<p>Ekskursioonijuhid: Tauri Tuvikene, Kertu Vuks\u00a0<\/p>\n\n\n\n<p>Osalejate arv: 22 + v\u00f5imalik liituda oma rattaga\u00a0\u00a0<\/p>\n\n\n\n<p>Selleaastase planeerimiskonverentsi k\u00f5rval on Tartu suurim ja Eesti \u00fcks suurimaid garaa\u017elaid, ca 1500 boksiga Jaamam\u00f5isa garaa\u017eikooperatiiv, mille ajalugu on tihedalt seotud ka ERMi enda asukohaga ehk Raadi s\u00f5jav\u00e4e lennuv\u00e4ljaga. Teeme jalgratastega ekskursiooni sinna ja r\u00e4\u00e4gime garaa\u017eide minevikust ja tulevikust. Vaatamata sellele, et garaa\u017eipiirkondadele ehk garaa\u017elatele on ennustatud ka kiiret kadumist peale n\u00f5ukogude aja l\u00f5ppu, on sellest ajast, kui \u00fcks eksursiooni juhtidest nende uurimisega tegelemist alustas 2000ndate alguses, vaid m\u00f5ni \u00fcksik kadunud. Samas pakuvad need huvitavaid k\u00fcsimusi linnaplaneerimisest: kas tegemist on v\u00e4hev\u00e4\u00e4rtusliku ruumiga? Kas neil on p\u00e4randi potentsiaali? Kas tulevad uued kasutajad? Kas m\u00f5ned garaa\u017eid ka gentrifitseeruvad? Mis saab Jaamam\u00f5isa garaa\u017elatest tulevikus?\u00a0<\/p>\n\n\n\n<p>Ekskursioon toimub Tartu Linnatranspordi elektriratastega, mis antakse ekskursioonile registreerinutele korraldajate poolt.\u00a0<\/p>\n\n\n\n<ol start=\"3\" class=\"wp-block-list\">\n<li><strong>Roosi t\u00e4nav \u2013 uulitsast promenaadiks\u00a0<\/strong>\u00a0<\/li>\n<\/ol>\n\n\n\n<p>Koht: Roosi t\u00e4nav\u00a0<\/p>\n\n\n\n<p>Liikumisviis: jalgsi\u00a0<\/p>\n\n\n\n<p>Ekskursioonijuhid: Toomas Paaver ja Karin Bachmann\u00a0<\/p>\n\n\n\n<p>Osalejate arv: 25\u00a0\u00a0<\/p>\n\n\n\n<p>Roosi t\u00e4nav on 2016. aastal \u00fcmberehitatud t\u00e4nav, mille ruumiliste alusm\u00f5tete hulgas on Tartu kesklinna ja ERMi tunnetatav sidumine. Eesti kontekstis v\u00f5ib Roosi t\u00e4nava lugu pidada \u00fcheks sammukeseks t\u00e4navaruumide loomise, arhitektuuri, maastikuarhitektuuri ja inimlikkuse esilet\u00f5usu loos. Ekskursioonil r\u00e4\u00e4givad lahendusest ja tekkeloost t\u00e4navaruumi autorid.\u00a0<\/p>\n\n\n\n<ol start=\"4\" class=\"wp-block-list\">\n<li><strong>Raadi lennuv\u00e4li ja arendused<\/strong>\u00a0<\/li>\n<\/ol>\n\n\n\n<p>Koht: Raadi uuselamurajoon\u00a0<\/p>\n\n\n\n<p>Liikumisviis: jalgsi\u00a0<\/p>\n\n\n\n<p>Ekskursioonijuht: Jiri Tintera\u00a0\u00a0<\/p>\n\n\n\n<p>Osalejate arv: 25\u00a0<\/p>\n\n\n\n<p>Jalutame endise Raadi s\u00f5jav\u00e4elennujaama territooriumil. Tutvume selle mineviku p\u00e4randiga ja vaatame \u00fcle seal paiknevad arendused. Keskendume ruumiliste v\u00e4ljakutsele, mis piirkonna arendamisega kaasnevad. \u202f\u00a0<\/p>\n\n\n\n<ol start=\"5\" class=\"wp-block-list\">\n<li><strong>Kuidas Hiinalinnast sai Jaamam\u00f5isa<\/strong>\u00a0<\/li>\n<\/ol>\n\n\n\n<p>Koht: Jaamam\u00f5isa\u00a0<\/p>\n\n\n\n<p>Liikumisviis: buss + jalgsi\u00a0<\/p>\n\n\n\n<p>Ekskursioonijuht: Indrek Ranniku\u00a0<\/p>\n\n\n\n<p>Osalejate arv: 25\u00a0<\/p>\n\n\n\n<p>Ekskursioon algab ERMi eest, kust buss viib osalejad otse Jaamam\u00f5isa s\u00fcdamesse. Tagasi tullakse jalgsi ja l\u00e4bitakse eriilmelisi teid ja t\u00e4navaid, mis annavad v\u00f5imaluse n\u00e4ha piirkonda mitmest k\u00fcljest. Jalutusk\u00e4igu jooksul kuuleb lugu sellest, kuidas endisest N\u00f5ukogude s\u00f5jav\u00e4elinnakust on kujunenud t\u00e4nane elurajoon \u2013 millised planeerimisotsused on selle kujunemist m\u00f5jutanud ja millised muutused on toimunud ajas.\u00a0<\/p>\n\n\n\n<ol start=\"6\" class=\"wp-block-list\">\n<li><strong>Rattaekskursioon Uus-Raadi arendustel<\/strong>\u00a0<\/li>\n<\/ol>\n\n\n\n<p>Koht: Uus-Raadi\u00a0<\/p>\n\n\n\n<p>Liikumisviis: elektrijalgratas (rattad Tartu Linnatranspordilt)\u00a0<\/p>\n\n\n\n<p>Ekskursioonijuht: Egle N\u00f5mmoja\u00a0<\/p>\n\n\n\n<p>Osalejate arv: 22 + v\u00f5imalik liituda oma rattaga\u00a0<\/p>\n\n\n\n<p>Rattaekskursioonil teeme ERMile tiiru peale ning uudistame, millised on \u00fcmbruskonna k\u00e4imasolevad ja tulevased arendused. N-\u00f6 ERMi-tagused alad j\u00e4\u00e4vad Tartu valla territooriumile, kuid on linna piirist (ja kesklinnast) vaid kiviviske kaugusel ja seet\u00f5ttu hinnatud asukoht elamuarenduseks. Vallaarhitekt Egle N\u00f5mmoja tutvustab ekskursiooni k\u00e4igus Uus-Raadi kontseptsiooni, n\u00e4itab, mis seni tehtud ja mis ootab ees, ning r\u00e4\u00e4gib ka tekkinud probleemidest ja v\u00e4ljakutsetest.\u202f\u00a0<\/p>\n\n\n\n<p>Ekskursioon toimub Tartu Linnatranspordi elektriratastega, mis antakse ekskursioonile registreerinutele korraldajate poolt.\u202f\u00a0<\/p>\n\n\n\n<ol start=\"7\" class=\"wp-block-list\">\n<li><strong>ERMi hoidlad<\/strong>\u00a0<\/li>\n<\/ol>\n\n\n\n<p>Koht: ERM\u00a0<\/p>\n\n\n\n<p>Osalejate arv: 15\u00a0<\/p>\n\n\n\n<p>Avasta, mis toimub suletud uste taga! Ekskursioon viib osalejad muuseumi hoidlatesse, kuhu tavak\u00fclastaja tavaliselt ei p\u00e4\u00e4se. Giidi saatel tutvustatakse, kuidas s\u00e4ilitatakse Eesti kultuurip\u00e4randit: esemeid, rahvariideid, tekstiile, fotosid, arhiivimaterjale ja palju muud. Ekskursioonil selgub, millised on muuseumi t\u00f6\u00f6 tagatoad, milliseid tingimusi n\u00f5uab esemete hoidmine ja kuidas valmistatakse kogu materjal ette n\u00e4itustele ja teadust\u00f6\u00f6ks.\u00a0<\/p>\n\n\n\n<p>Ekskursioon sobib muuseumi- ja kultuurihuvilistele ning pakub harukordse v\u00f5imaluse piiluda Eesti \u00fche suurima kultuurikogu kulisside taha.\u00a0<\/p>\n\n\n\n<ol start=\"8\" class=\"wp-block-list\">\n<li><strong>Ekskursioon ERMi v\u00e4lialadel<\/strong>\u00a0<\/li>\n<\/ol>\n\n\n\n<p>Toimumispaik:\u202fmuuseumi v\u00e4liala\u00a0<\/p>\n\n\n\n<p>Osalejate arv 25\u00a0<\/p>\n\n\n\n<p>Ekskursioonil avastatakse muuseumi v\u00e4liala ning s\u00fc\u00fcvitakse kolme olulise loo \u2014 Raadi m\u00f5isa, Eesti Rahva Muuseumi ja s\u00f5jav\u00e4elennuv\u00e4lja \u2014 ajalukku. Giidi saatel kuuleb p\u00f5nevaid jutte uhketest avastustest, ootamatutest juhtumitest ja arheoloogilistest leidudest, mis just siit paigast on p\u00e4evavalgele tulnud. Tutvustatakse Raadi m\u00f5isa endist hiilgust, muuseumi kujunemisteed ning lennuv\u00e4lja kirevat ja mitmetahulist minevikku.\u00a0<br>\u00a0<\/p>\n\n\n\n<ol start=\"9\" class=\"wp-block-list\">\n<li><strong>ERMi n\u00e4itusetuur \u201cEesti Raamatu Aasta 2025\u201d<\/strong><strong>\u00a0<\/strong><\/li>\n<\/ol>\n\n\n\n<p>Toimumispaik: ERM\u00a0<\/p>\n\n\n\n<p>Osalejate arv: kuni 25\u00a0<\/p>\n\n\n\n<p>Eestlased peavad end raamatu- ja kirjas\u00f5bralikuks rahvaks \u2014 meie kodudes leidub riiulite viisi raamatuid ning uhkustame maailma tipus olevate PISA tulemustega. Kuid kas oled m\u00f5elnud, kuidas see lugemiskultuur tegelikult kujunes? Millal ja kus hakkas eestlane raamatut v\u00e4\u00e4rtustama? Milliste ajalooliste p\u00f6\u00f6rete ja \u00fchiskondlike muutuste kaudu sai meist rahvas, kes peab s\u00f5na p\u00fchamaks kui m\u00f5\u00f5ka? Sellele k\u00f5igile otsib vastuseid giidituur Eesti Rahva Muuseumi ajarajal. Tuuri k\u00e4igus avaneb raamatute, kirjaoskuse ja hariduse lugu l\u00e4bi p\u00f5nevate esemete, m\u00e4lestuste ja m\u00e4rkide. Tule ja avasta, kuidas me kujunesime raamaturahvaks!\u00a0<\/p>\n","protected":false},"excerpt":{"rendered":"<p>15.05 kell 18.15-19.15\/19.30\u00a0 K\u00f5ik v\u00e4liekskursioonid algavad ERM\u00b4i eest ja siseeksursioonid ERMi infolaua juurest.\u00a0 Registreerimine siin: https:\/\/forms.office.com\/e\/4yP51avWG5 \u00a0 Koht: ERM-i \u00fcmbruses Majoraadi pargis\u00a0 Liikumisviis: jalgsi\u00a0 Ekskursioonijuht: m\u00e4rgalade \u00f6koloog ja kahepaiksete ekspert Elin Soomets-Alver\u00a0 Osalejate arv: 25\u00a0 \u00a0Linnakeskkonnas elavate kahepaiksete elluj\u00e4\u00e4mine s\u00f5ltub &#8230;<\/p>\n","protected":false},"author":138,"featured_media":0,"parent":0,"menu_order":0,"comment_status":"closed","ping_status":"closed","template":"","meta":{"_acf_changed":false,"inline_featured_image":false,"footnotes":""},"class_list":["post-2182","page","type-page","status-publish","hentry"],"acf":[],"_links":{"self":[{"href":"https:\/\/sisu.ut.ee\/planeerimiskonverents\/wp-json\/wp\/v2\/pages\/2182","targetHints":{"allow":["GET"]}}],"collection":[{"href":"https:\/\/sisu.ut.ee\/planeerimiskonverents\/wp-json\/wp\/v2\/pages"}],"about":[{"href":"https:\/\/sisu.ut.ee\/planeerimiskonverents\/wp-json\/wp\/v2\/types\/page"}],"author":[{"embeddable":true,"href":"https:\/\/sisu.ut.ee\/planeerimiskonverents\/wp-json\/wp\/v2\/users\/138"}],"replies":[{"embeddable":true,"href":"https:\/\/sisu.ut.ee\/planeerimiskonverents\/wp-json\/wp\/v2\/comments?post=2182"}],"version-history":[{"count":1,"href":"https:\/\/sisu.ut.ee\/planeerimiskonverents\/wp-json\/wp\/v2\/pages\/2182\/revisions"}],"predecessor-version":[{"id":2183,"href":"https:\/\/sisu.ut.ee\/planeerimiskonverents\/wp-json\/wp\/v2\/pages\/2182\/revisions\/2183"}],"wp:attachment":[{"href":"https:\/\/sisu.ut.ee\/planeerimiskonverents\/wp-json\/wp\/v2\/media?parent=2182"}],"curies":[{"name":"wp","href":"https:\/\/api.w.org\/{rel}","templated":true}]}}