{"id":8,"date":"2024-04-04T03:19:36","date_gmt":"2024-04-04T00:19:36","guid":{"rendered":"https:\/\/sisu.ut.ee\/opistsenaariumid\/11000-aastat-eestit\/"},"modified":"2024-04-04T03:22:00","modified_gmt":"2024-04-04T00:22:00","slug":"11000-aastat-eestit","status":"publish","type":"page","link":"https:\/\/sisu.ut.ee\/opistsenaariumid\/11000-aastat-eestit\/","title":{"rendered":"11000 aastat Eestit"},"content":{"rendered":"<p style=\"text-align: right\">\n\tSelle \u00f5pistsenaariumi autor on Tallinna Mattiase p\u00f5hikooli ajaloo\u00f5petaja Reeli K\u00f5iv.\n<\/p>\n<p>\n\t\u201c11000 aastat Eestit\u201d on EV100 raames korraldatud teemap\u00e4evade sari, mille k\u00e4igus tutvutakse igal semestril \u00fche p\u00e4eva jooksul m\u00f5ne perioodiga Eesti ajaloost. Programmis on igale kooliastmele\/klassile nende tasemele vastav tegevus, p\u00e4eva alustatakse koolimajas, teises pooles k\u00e4iakse \u00f5ppek\u00e4ikudel.\n<\/p>\n<p>\n\tTegu on l\u00f5imitud \u00f5ppega, kus ajalooga p\u00f5imuvad keeled, kirjandus, matemaatika, inimese\u00f5petus, kehaline kasvatus, kunst, k\u00e4sit\u00f6\u00f6 ja meedia\u00f5pe, aga ka teised ained.\n<\/p>\n<p>\n\tK\u00f5iki p\u00e4evi \u00fchendab koridori p\u00f5randatele \u00f5pilaste-\u00f5petajate \u00fchist\u00f6\u00f6na kleebitud\u00a0kolm ajatelge ning iga p\u00e4ev kannab koolipere vastavale ajastule omaseid kost\u00fc\u00fcme. Projektip\u00e4evad jagunevad teemade j\u00e4rgi:\u00a0\n<\/p>\n<p>\n\t<\/p><div class=\"accordion mb-3\">\n        <div class=\"accordion-item accordion-item--white\">\n        <h2 class=\"accordion-header\" id=\"accordion-69ee6e150e18d-heading\">\n            <button class=\"accordion-button collapsed\" type=\"button\" data-bs-toggle=\"collapse\" data-bs-target=\"#accordion-69ee6e150e18d-collapse\" aria-expanded=\"true\" aria-controls=\"accordion-69ee6e150e18d-collapse\">1. Kivikirvestest viikingiteni (kuni 1200)<\/button>\n        <\/h2>\n        <div id=\"accordion-69ee6e150e18d-collapse\" class=\"accordion-collapse collapse\" aria-labelledby=\"accordion-69ee6e150e18d-heading\">\n            <div class=\"accordion-body\">\u00a0\n\n<p>\n\tPlaneeritud tegevused:\u00a0\n<\/p>\n<ul>\n<li>\n\t\tajaj\u00e4rku tutvustav lastep\u00e4rane ja huumorimomente kaasav pildi- ja videoprogramm\n\t<\/li>\n<li>\n\t\tt\u00e4nap\u00e4evased ajar\u00e4nnakute v\u00f5imalused rollim\u00e4ngude n\u00e4ol\n\t<\/li>\n<li>\n\t\tAndrus Kivir\u00e4hki raamatu \u201cMees, kes teadis ussis\u00f5nu\u201d ainetel lavastatud n\u00e4item\u00e4ng\n\t<\/li>\n<li>\n\t\tesimese, 11000 aastat kujutava ajatelje avamine\n\t<\/li>\n<li>\n\t\tloovt\u00f6\u00f6d:\n<ul>\n<li>\n\t\t\t\t\u201cKes ma oleksin, kui ma oleksin elanud 11000 aastat tagasi?\u201d<a href=\"#\" data-bs-toggle=\"modal\" data-bs-target=\"#popup-modal\" data-title=\"(vt infot)\" data-content=\"Suuremad \u00f5pilased saavad kujundada seintele kinnitatud kartongidele elusuuruses joonistatud iseenda kontuurile selga aastatuhandetetaguseid kost\u00fc\u00fcme.\">(vt infot)<\/a>\u00a0\n\t\t\t<\/li>\n<li>\n\t\t\t\t\u00d5pituba algklassidele <a href=\"#\" data-bs-toggle=\"modal\" data-bs-target=\"#popup-modal\" data-title=\"(vt infot)\" data-content=\"Algklasside lapsed saavad meisterdada papist viikingikiivreid ja kilpe.\">(vt infot)<\/a>\n\t\t\t<\/li>\n<\/ul>\n<\/li>\n<li>\n\t\tv\u00e4lisk\u00fclalised:\n<ul>\n<li>\n\t\t\t\tTallinna Linnamuuseumi programm\u00a0<a href=\"#\" data-bs-toggle=\"modal\" data-bs-target=\"#popup-modal\" data-title=\"(vt infot)\" data-content=\"Nooremad klassid osalevad Tallinna Linnamuuseumi haridusprogrammis &amp;#8220;Olen ise arheoloog&amp;#8221;.\">(vt infot)<\/a>\u00a0\n\t\t\t<\/li>\n<li>\n\t\t\t\tKohtumine arheoloogiga\u00a0<a href=\"#\" data-bs-toggle=\"modal\" data-bs-target=\"#popup-modal\" data-title=\"(vt infot)\" data-content=\"Vanemate klasside \u00f5pilased kohtuvad arheoloogiga, kes tutvustab slaidide ja filmi abil Salme viikingilaevade v\u00e4ljakaevamisi, toob (isegi katsumiseks) kaasa ajalooliste originaalesemete koopiaid ning n\u00e4itab \u00f5pilaste kaasav\u00f5etud esemete p\u00f5hjal materjali m\u00f5\u00f5tmise katseid.\">(vt infot)<\/a>\u00a0\n\t\t\t<\/li>\n<\/ul>\n<\/li>\n<\/ul>\n<p>\n\t<\/p><\/div>\n        <\/div>\n        <\/div>\n    <\/div>\n\n<p>\n\t<\/p><div class=\"accordion mb-3\">\n        <div class=\"accordion-item accordion-item--white\">\n        <h2 class=\"accordion-header\" id=\"accordion-69ee6e150e196-heading\">\n            <button class=\"accordion-button collapsed\" type=\"button\" data-bs-toggle=\"collapse\" data-bs-target=\"#accordion-69ee6e150e196-collapse\" aria-expanded=\"true\" aria-controls=\"accordion-69ee6e150e196-collapse\">2. Muistsest vabadusv\u00f5itlusest p\u00e4risorjuse kaotamiseni (1200\u20131819)<\/button>\n        <\/h2>\n        <div id=\"accordion-69ee6e150e196-collapse\" class=\"accordion-collapse collapse\" aria-labelledby=\"accordion-69ee6e150e196-heading\">\n            <div class=\"accordion-body\">\u00a0\n\n<p>\n\tPlaneeritud tegevused:\u00a0\n<\/p>\n<ul>\n<li>\n\t\tteise, ajavahemikku 1200-2018 kujutava ajatelje avamine\u00a0\n\t<\/li>\n<li>\n\t\tajaj\u00e4rku iseloomustavad pildiesitlused \u00f5petajatelt, ajajoone tutvustus\n\t<\/li>\n<li>\n\t\tt\u00f6\u00f6toad:\u00a0\n<ul>\n<li>\n\t\t\t\tApteekri \u00f5pituba\u00a0<a href=\"#\" data-bs-toggle=\"modal\" data-bs-target=\"#popup-modal\" data-title=\"(vt infot)\" data-content=\"1.\u20134. klass apteekri \u00f5pitoas, kus tutvustatakse keskaegse Tallinna apteekrite saladusi, r\u00e4\u00e4gitakse Jaan Krossi raamatust \u201eMardileib\u201d, vaadatakse multifilmi ning proovitakse ka ise martsipani valmistamist.\">(vt infot)<\/a>\u00a0\n\t\t\t<\/li>\n<li>\n\t\t\t\tVitraa\u017eide valmistamise t\u00f6\u00f6tuba\u00a0<a href=\"#\" data-bs-toggle=\"modal\" data-bs-target=\"#popup-modal\" data-title=\"(vt infot)\" data-content=\"5.\u20139. klass vitraa\u017eide valmistamise t\u00f6\u00f6toas, mille tulemusena valmivad \u00fchist\u00f6\u00f6na koridori akende ette v\u00e4rvikad kalkast ja mustast kartongist aknad, mis on kokku pandud paljude osalejate poolt joonistatud fragmentidest.\">(vt infot)<\/a>\u00a0\n\t\t\t<\/li>\n<\/ul>\n<\/li>\n<li>\n\t\tvanaaegse k\u00fclakooli tund\u00a0<a href=\"#\" data-bs-toggle=\"modal\" data-bs-target=\"#popup-modal\" data-title=\"(vt infot)\" data-content=\"Toimub vanaaegse k\u00fclakooli tund, kus lauldakse kirikulaule, r\u00e4\u00e4gitakse emakeelsest tr\u00fckis\u00f5nast ja k\u00fclalapse koolip\u00e4evast 200 aastat tagasi, loetakse gooti kirjas katekismust ning proovitakse hanesule ja tindiga kirjutamist. \">(vt infot)<\/a>\u00a0\n\t<\/li>\n<li>\n\t\tv\u00fcrtsituba\u00a0<a href=\"#\" data-bs-toggle=\"modal\" data-bs-target=\"#popup-modal\" data-title=\"(vt infot)\" data-content=\"Avatud on l\u00f5hna- ja maitseelamusi pakkuv v\u00fcrtsituba, kus tutvustatakse idamaiste maitse-ainete tulekut Eestisse keskajal.\">(vt infot)<\/a>\u00a0\n\t<\/li>\n<li>\n\t\t\u00f5ppek\u00e4igud Tallinna vanalinnas:\n<ul>\n<li>\n\t\t\t\tRaeapteegis\u00a0<a href=\"#\" data-bs-toggle=\"modal\" data-bs-target=\"#popup-modal\" data-title=\"(vt infot)\" data-content=\"1.\u20134. klass tutvub Raeapteegis oleva n\u00e4itusega ja valmistab ravimtaimedest segusid.\">(vt infot)<\/a>\u00a0\n\t\t\t<\/li>\n<li>\n\t\t\t\tNiguliste kirikus\u00a0<a href=\"#\" data-bs-toggle=\"modal\" data-bs-target=\"#popup-modal\" data-title=\"(vt infot)\" data-content=\"5.\u20139. klass osaleb Niguliste kirikus toimuvates haridusprogrammides.\">(vt infot)<\/a>\n\t\t\t<\/li>\n<\/ul>\n<\/li>\n<\/ul>\n<p>\n\t<\/p><\/div>\n        <\/div>\n        <\/div>\n    <\/div>\n\n<p>\n\t<\/p><div class=\"accordion mb-3\">\n        <div class=\"accordion-item accordion-item--white\">\n        <h2 class=\"accordion-header\" id=\"accordion-69ee6e150e19b-heading\">\n            <button class=\"accordion-button collapsed\" type=\"button\" data-bs-toggle=\"collapse\" data-bs-target=\"#accordion-69ee6e150e19b-collapse\" aria-expanded=\"true\" aria-controls=\"accordion-69ee6e150e19b-collapse\">3. \u00c4rkamisajast oma riiki (1820\u20131940) <\/button>\n        <\/h2>\n        <div id=\"accordion-69ee6e150e19b-collapse\" class=\"accordion-collapse collapse\" aria-labelledby=\"accordion-69ee6e150e19b-heading\">\n            <div class=\"accordion-body\">\u00a0\n\n<p>\n\tEesti riigi s\u00fcnnilugu tutvustavad tegevused:\u00a0\n<\/p>\n<ul>\n<li>\n\t\tkirjandus\u00f5petajate ettekanded\n\t<\/li>\n<li>\n\t\t\u00fchislaulmine\u00a0<a href=\"#\" data-bs-toggle=\"modal\" data-bs-target=\"#popup-modal\" data-title=\"(vt infot)\" data-content=\"Korraldatakse \u00fchislaulmine pealkirja all &amp;#8220;&amp;#8230;.. kooli esimene \u00fcldlaulupidu&amp;#8221;, kus repertuaar on Eesti 1. laulupeolt.\">(vt infot)<\/a>\u00a0\n\t<\/li>\n<li>\n\t\tkolmanda, ajavahemikku 1820-1940 kujutava ajatelje avamine\n\t<\/li>\n<li>\n\t\t\u00fchistants labajalavalss \u201cMuinasajast Eesti Vabariiki\u201d\u00a0\n\t<\/li>\n<li>\n\t\tt\u00f6\u00f6toad\u00a0<a href=\"#\" data-bs-toggle=\"modal\" data-bs-target=\"#popup-modal\" data-title=\"(vt infot)\" data-content=\"V\u00e4iksemates gruppides valmistatakse elusuuruses kollaa\u017ei ja joonistust \u00fchendav t\u00e4isfiguur-portree suurkujudest. Hiljem tehakse neist kooli seintele galerii.\">(vt infot)<\/a>\u00a0\n\t<\/li>\n<li>\n\t\t\u00f5ppek\u00e4igud:\u00a0\n<ul>\n<li>\n\t\t\t\t<span data-mce-mark=\"1\" style=\"text-decoration: underline\"><span data-mce-mark=\"1\" style=\"text-decoration: underline\"><a href=\"http:\/\/www.tmm.ee\/\" target=\"_blank\" rel=\"noopener\">Eesti Teatri- ja Muusikamuuseum<\/a><\/span><\/span>\u00a0<a href=\"#\" data-bs-toggle=\"modal\" data-bs-target=\"#popup-modal\" data-title=\"(vt infot)\" data-content=\"Eesti Teatri- ja Muusikamuuseumi k\u00fclastus on m\u00f5eldud 1.-4. klassile.\">(vt infot)<\/a>\u00a0\n\t\t\t<\/li>\n<li>\n\t\t\t\t<span data-mce-mark=\"1\" style=\"text-decoration: underline\"><span data-mce-mark=\"1\" style=\"color: #000000\"><a href=\"http:\/\/www.esm.ee\/et\" target=\"_blank\" rel=\"noopener\">Eesti S\u00f5jamuuseum<\/a><\/span><\/span>\u00a0<a href=\"#\" data-bs-toggle=\"modal\" data-bs-target=\"#popup-modal\" data-title=\"(vt infot)\" data-content=\"5.-9. klass s\u00f5idab Viimsisse Eesti S\u00f5jamuuseumisse.\">(vt infot)<\/a>\n\t\t\t<\/li>\n<\/ul>\n<\/li>\n<\/ul>\n<p>\n\t<\/p><\/div>\n        <\/div>\n        <\/div>\n    <\/div>\n\n<p>\n\t<\/p><div class=\"accordion mb-3\">\n        <div class=\"accordion-item accordion-item--white\">\n        <h2 class=\"accordion-header\" id=\"accordion-69ee6e150e1a1-heading\">\n            <button class=\"accordion-button collapsed\" type=\"button\" data-bs-toggle=\"collapse\" data-bs-target=\"#accordion-69ee6e150e1a1-collapse\" aria-expanded=\"true\" aria-controls=\"accordion-69ee6e150e1a1-collapse\">4. N\u00f5uka ajast uude vabadusse (1940\u20132018)<\/button>\n        <\/h2>\n        <div id=\"accordion-69ee6e150e1a1-collapse\" class=\"accordion-collapse collapse\" aria-labelledby=\"accordion-69ee6e150e1a1-heading\">\n            <div class=\"accordion-body\">\u00a0\n\n<p>\n\tEelt\u00f6\u00f6na vaadatakse \u00fcheskoos M.Siimetsa filmi \u201cSeltsimees laps\u201d.<br>Tegevused projektip\u00e4eval:\n<\/p>\n<ul>\n<li>\n\t\tm\u00f5ttevahetus eelvaadatud filmi \u00fcle\u00a0\n\t<\/li>\n<li>\n\t\t\u00f5petajate esituses naljasket\u0161id N\u00f5uka aja elust\n\t<\/li>\n<li>\n\t\tfilme ERR arhiivist\u00a0<a href=\"#\" data-bs-toggle=\"modal\" data-bs-target=\"#popup-modal\" data-title=\"(vt infot)\" data-content=\"N\u00e4iteks: \u201eVana aja asjad: lapsep\u00f5lv ja kool n\u00f5ukogude ajal\u201d valik Eesti huumori kullafondist: Sulev N\u00f5mmik, Ervin Abel ja Eino Baskin jt.\">(vt infot)<\/a>\u00a0\n\t<\/li>\n<li>\n\t\tn\u00e4itused:\u00a0\n<ul>\n<li>\n\t\t\t\tIntervjuude n\u00e4itus \u201cKuidas oli N\u00f5ukogude ajal koolis k\u00e4ia?\u201d\u00a0<a href=\"#\" data-bs-toggle=\"modal\" data-bs-target=\"#popup-modal\" data-title=\"(vt infot)\" data-content=\"\u00d5pilased on kodut\u00f6\u00f6na intervjueerinud etteantud k\u00fcsimustike abil oma pereliikmeid. Hiljem jagatakse tulemusi ette suuliselt v\u00f5i kirjalikult kogu koolile.\">(vt infot)<\/a>\u00a0\n\t\t\t<\/li>\n<li>\n\t\t\t\t\u201cVana aja asjad\u201d\u00a0<a href=\"#\" data-bs-toggle=\"modal\" data-bs-target=\"#popup-modal\" data-title=\"(vt infot)\" data-content=\"N\u00e4ituse eksponaadid toovad \u00f5petajad, n\u00e4iteks koolivorm, salmikud, raha, gaasimask jne.\">(vt infot)<\/a>\u00a0\n\t\t\t<\/li>\n<li>\n\t\t\t\tFoton\u00e4itus \u201cTunne oma \u00f5petajaid, kui nad olid Sinuvanused!\u201d\u00a0<a href=\"#\" data-bs-toggle=\"modal\" data-bs-target=\"#popup-modal\" data-title=\"(vt infot)\" data-content=\"N\u00e4itusest v\u00f5ib v\u00e4lja kujuneda ka premeeritav viktoriin parimatele arvajatele.\">(vt infot)<\/a>\u00a0\n\t\t\t<\/li>\n<\/ul>\n<\/li>\n<li>\n\t\tinstallatsioon \u201cBalti kett\u201d\u00a0<a href=\"#\" data-bs-toggle=\"modal\" data-bs-target=\"#popup-modal\" data-title=\"(vt infot)\" data-content=\"Kunstitunnis valmistatakse pabernukud, mis hiljem \u00fchendatakse ketiks koridori seinale.\">(vt infot)<\/a>\u00a0\n\t<\/li>\n<li>\n\t\t\u00f5ppek\u00e4ik <span data-mce-mark=\"1\" style=\"text-decoration: underline\"><span data-mce-mark=\"1\" style=\"color: #000000;text-decoration: underline\"><a href=\"https:\/\/www.ajaloomuuseum.ee\/kulastamine\/majad\/maarjamae-loss\" target=\"_blank\" rel=\"noopener\">Ajaloomuuseumi Maarjam\u00e4e loss<\/a>i<\/span><\/span>\u00a0<a href=\"#\" data-bs-toggle=\"modal\" data-bs-target=\"#popup-modal\" data-title=\"(vt infot)\" data-content=\"\u00d5pilased saab vanuser\u00fchmade j\u00e4rgi gruppidesse jagada, haridusprogrammid toimuvad Maarjam\u00e4e lossi uues ekspositsioonis ja \u00f5ues olevas n\u00f5ukogude monumentide skulptuuripargis. Noorematele on programm &amp;#8220;Lapse elu l\u00e4bi 100 aasta&amp;#8221;, vanematele &amp;#8220;ENSV &amp;#8211; mis see veel oli?&amp;#8221;.\">(vt infot)<\/a>\u00a0\n\t<\/li>\n<\/ul>\n<p>\n\t<\/p><\/div>\n        <\/div>\n        <\/div>\n    <\/div>\n\n<p>\n\t<\/p><div class=\"accordion mb-3\">\n        <div class=\"accordion-item accordion-item--white\">\n        <h2 class=\"accordion-header\" id=\"accordion-69ee6e150e1a6-heading\">\n            <button class=\"accordion-button collapsed\" type=\"button\" data-bs-toggle=\"collapse\" data-bs-target=\"#accordion-69ee6e150e1a6-collapse\" aria-expanded=\"true\" aria-controls=\"accordion-69ee6e150e1a6-collapse\">5. V\u00e4ljas\u00f5it Tartusse<\/button>\n        <\/h2>\n        <div id=\"accordion-69ee6e150e1a6-collapse\" class=\"accordion-collapse collapse\" aria-labelledby=\"accordion-69ee6e150e1a6-heading\">\n            <div class=\"accordion-body\">\u00a0\n\n<p>\n\tPlaneeritud tegevused:\u00a0\n<\/p>\n<ul>\n<li>\n\t\t<span style=\"text-decoration: underline\"><span style=\"text-decoration: underline\"><a href=\"http:\/\/erm.ee\/\" target=\"_blank\" rel=\"noopener\">Eesti Rahva Muuseum<\/a><\/span><\/span>i k\u00fclastus\u00a0<a href=\"#\" data-bs-toggle=\"modal\" data-bs-target=\"#popup-modal\" data-title=\"(vt infot)\" data-content=\"Eesti Rahva Muuseumis on vastavalt vanusegruppidele tellitud (nt 3) haridusprogrammi.\">(vt infot)<\/a>\u00a0\n\t<\/li>\n<li>\n\t\tinimese taju proovilepanek <span data-mce-mark=\"1\" style=\"text-decoration: underline\"><span data-mce-mark=\"1\" style=\"color: #000000\"><a href=\"http:\/\/tagurpidimaja.ee\/\" target=\"_blank\" rel=\"noopener\">Tagurpidi maja<\/a><\/span><\/span>s\n\t<\/li>\n<li>\n\t\tringk\u00e4ik Tartu s\u00fcdalinnas\u00a0<a href=\"#\" data-bs-toggle=\"modal\" data-bs-target=\"#popup-modal\" data-title=\"(vt infot)\" data-content=\"N\u00e4iteks v\u00f5iks jalutada Toomem\u00e4el, \u00fcle vaadata Tartu \u00dclikool ja Jaani kirik. Raekoja platsil r\u00e4\u00e4kida linna ajaloost ning Emaj\u00f5e \u00e4\u00e4res sildade l\u00e4histel jalutades tutvuda ka t\u00e4navakunstiga. \">(vt infot)<\/a>\u00a0\n\t<\/li>\n<li>\n\t\t<span data-mce-mark=\"1\" style=\"text-decoration: underline\"><span data-mce-mark=\"1\" style=\"color: #000000\"><a href=\"https:\/\/www.botaanikaaed.ut.ee\/\" target=\"_blank\" rel=\"noopener\">Tartu \u00dclikooli botaanikaaia<\/a><\/span><\/span> k\u00fclastus ja l\u00f5pupiknik\n\t<\/li>\n<\/ul>\n<p>\n\t<\/p><\/div>\n        <\/div>\n        <\/div>\n    <\/div>\n\n<p>\n\t<\/p><div class=\"accordion mb-3\">\n        <div class=\"accordion-item accordion-item--white\">\n        <h2 class=\"accordion-header\" id=\"accordion-69ee6e150e1ab-heading\">\n            <button class=\"accordion-button collapsed\" type=\"button\" data-bs-toggle=\"collapse\" data-bs-target=\"#accordion-69ee6e150e1ab-collapse\" aria-expanded=\"true\" aria-controls=\"accordion-69ee6e150e1ab-collapse\">6. Projektiaasta t\u00f6\u00f6toad koolis<\/button>\n        <\/h2>\n        <div id=\"accordion-69ee6e150e1ab-collapse\" class=\"accordion-collapse collapse\" aria-labelledby=\"accordion-69ee6e150e1ab-heading\">\n            <div class=\"accordion-body\">\u00a0\n\n<p>\n\tKoolimajas toimub eri formaadis 6 t\u00f6\u00f6tuba, mida k\u00fclastatakse gruppides 3 astronoomilise tunni jooksul, korjates igast endale t\u00f6\u00f6tubade passi ka templi. T\u00f6\u00f6tubade teemade n\u00e4iteid:\u00a0\n<\/p>\n<ul>\n<li>\n\t\tArheoloogia kabinet\u00a0<a href=\"#\" data-bs-toggle=\"modal\" data-bs-target=\"#popup-modal\" data-title=\"(vt infot)\" data-content=\"Arheoloogia kabinetis on v\u00f5imalik kaevata k\u00fchvli ja pintsli abil kastides oleva liiva seest vanu esemeid (sepanaelad, luut\u00fckid, t\u00f6\u00f6riistade fragmendid jms), mis on v\u00f5imalusel t\u00f5epoolest leitud maa seest (maaparandus\/remont\/vms k\u00e4igus). Lapsed proovivad neid m\u00e4\u00e4ratleda, m\u00f5\u00f5davad, t\u00e4idavad vastava t\u00f6\u00f6lehe. V\u00f5imalusel saavad leidjad esemed endale.\">(vt infot)<\/a>\u00a0\n\t<\/li>\n<li>\n\t\tM\u00e4lum\u00e4ngu EV 100 ruum\u00a0<a href=\"#\" data-bs-toggle=\"modal\" data-bs-target=\"#popup-modal\" data-title=\"(vt infot)\" data-content=\"M\u00e4lum\u00e4ngu EV 100 ruumis r\u00e4\u00e4gib \u00f5petaja isiklike huvitavate esemete ja tekstide kaudu Eesti ajaloost ja k\u00fcsib k\u00fcsimusi.\">(vt infot)<\/a>\u00a0\n\t<\/li>\n<li>\n\t\tRiidekoti kujundamise t\u00f6\u00f6tuba\u00a0<a href=\"#\" data-bs-toggle=\"modal\" data-bs-target=\"#popup-modal\" data-title=\"(vt infot)\" data-content=\"Riidekoti kujundamise t\u00f6\u00f6toas joonistatakse puuvillasest riidest kotile tekstiilimarkeritega Eesti ajaloo s\u00fcmboolikaga ja\/v\u00f5i isikliku s\u00fcmboliga pilt. Kott kuulub tegijale.\">(vt infot)<\/a>\u00a0\n\t<\/li>\n<li>\n\t\tEesti laulu \u2013 karaoke tuba\u00a0<a href=\"#\" data-bs-toggle=\"modal\" data-bs-target=\"#popup-modal\" data-title=\"(vt infot)\" data-content=\"Eesti laulu \u2013 karaoke tuba on paik Eesti rahvuslike ja rahvalike laulude karaoke laulmiseks. K\u00f5ik saavad solistiks olemist proovida.\">(vt infot)<\/a>\u00a0\n\t<\/li>\n<li>\n\t\tAjajoontel arvutamine\u00a0<a href=\"#\" data-bs-toggle=\"modal\" data-bs-target=\"#popup-modal\" data-title=\"(vt infot)\" data-content=\"Toimub ajajoontel arvutamine. Kuidas ajateljel tehteid teha ja milliseid teadmisi saab ajaloost arvutades? Mida t\u00e4hendab erinev m\u00f5\u00f5tkava? Lahendatakse p\u00f5nevaid t\u00f6\u00f6lehti.\">(vt infot)<\/a>\u00a0\n\t<\/li>\n<li>\n\t\tV\u00f5istlustoas\u00a0<a href=\"#\" data-bs-toggle=\"modal\" data-bs-target=\"#popup-modal\" data-title=\"(vt infot)\" data-content=\"V\u00f5itlustoas tuleb n\u00e4idata eestlaslikku sitkust. Millised omadused peaks olema vastupidaval eestlasel, kes satub silmitsi vaenlasega ja peab raskusi \u00fcletama? Osalejad ootavad p\u00f5nevad takistusribad jm sportlikud v\u00e4ljakutsed.\">(vt infot)<\/a>\u00a0\n\t<\/li>\n<li>\n\t\tKama valmistamise t\u00f6\u00f6tuba\u00a0<a href=\"#\" data-bs-toggle=\"modal\" data-bs-target=\"#popup-modal\" data-title=\"(vt infot)\" data-content=\"Rahvustoidu \u2013 kama valmistamise t\u00f6\u00f6tuba, mille k\u00e4igus saadakse teada, millest kama koosneb ja millal seda vanasti tarvitati.\">(vt infot)<\/a>\u00a0 <\/li><\/ul><\/div>\n        <\/div>\n        <\/div>\n    <\/div>\n\t\n\n<p>\n\t\u00a0\n<\/p>\n<p>\n\t<span data-mce-mark=\"1\" style=\"color: #000000\">Eespool kirjeldatud teemap\u00e4evad on l\u00e4bi viidud Tallinna Mattiase p\u00f5hikoolis.<br>J\u00e4rgnevast failist leiate fotodega ilmestatud \u00f5piloo t\u00e4psemate tegevuste kirjeldustega. Selle on koostanud projektip\u00e4evade juht, ajaloo\u00f5petaja Reeli K\u00f5iv:<span data-mce-mark=\"1\" style=\"color: #000000\">\u00a0<\/span><\/span><br><span data-mce-mark=\"1\" style=\"text-decoration: underline\"><span data-mce-mark=\"1\" style=\"color: #000000;text-decoration: underline\"><span data-mce-mark=\"1\" style=\"color: #000000;text-decoration: underline\"><a href=\"https:\/\/sisu.ut.ee\/wp-content\/uploads\/sites\/210\/teemap6hise_projektiaasta_kokkuv6te_mattiase_p6hikoolis.pdf\">teemap6hise_projektiaasta_kokkuv6te_mattiase_p6hikoolis.pdf<\/a><\/span><span data-mce-mark=\"1\" style=\"color: #000000;text-decoration: underline\">\u00a0<\/span><\/span><\/span><\/p>\n","protected":false},"excerpt":{"rendered":"<p>Selle \u00f5pistsenaariumi autor on Tallinna Mattiase p\u00f5hikooli ajaloo\u00f5petaja Reeli K\u00f5iv. \u201c11000 aastat Eestit\u201d on EV100 raames korraldatud teemap\u00e4evade sari, mille k\u00e4igus tutvutakse igal semestril \u00fche p\u00e4eva jooksul m\u00f5ne perioodiga Eesti ajaloost. Programmis on igale kooliastmele\/klassile nende tasemele vastav tegevus, p\u00e4eva &#8230;<\/p>\n","protected":false},"author":31,"featured_media":0,"parent":0,"menu_order":0,"comment_status":"closed","ping_status":"closed","template":"","meta":{"_acf_changed":false,"inline_featured_image":false,"footnotes":""},"class_list":["post-8","page","type-page","status-publish","hentry"],"acf":[],"_links":{"self":[{"href":"https:\/\/sisu.ut.ee\/opistsenaariumid\/wp-json\/wp\/v2\/pages\/8","targetHints":{"allow":["GET"]}}],"collection":[{"href":"https:\/\/sisu.ut.ee\/opistsenaariumid\/wp-json\/wp\/v2\/pages"}],"about":[{"href":"https:\/\/sisu.ut.ee\/opistsenaariumid\/wp-json\/wp\/v2\/types\/page"}],"author":[{"embeddable":true,"href":"https:\/\/sisu.ut.ee\/opistsenaariumid\/wp-json\/wp\/v2\/users\/31"}],"replies":[{"embeddable":true,"href":"https:\/\/sisu.ut.ee\/opistsenaariumid\/wp-json\/wp\/v2\/comments?post=8"}],"version-history":[{"count":1,"href":"https:\/\/sisu.ut.ee\/opistsenaariumid\/wp-json\/wp\/v2\/pages\/8\/revisions"}],"predecessor-version":[{"id":313,"href":"https:\/\/sisu.ut.ee\/opistsenaariumid\/wp-json\/wp\/v2\/pages\/8\/revisions\/313"}],"wp:attachment":[{"href":"https:\/\/sisu.ut.ee\/opistsenaariumid\/wp-json\/wp\/v2\/media?parent=8"}],"curies":[{"name":"wp","href":"https:\/\/api.w.org\/{rel}","templated":true}]}}