{"id":7,"date":"2024-04-04T03:19:36","date_gmt":"2024-04-04T00:19:36","guid":{"rendered":"https:\/\/sisu.ut.ee\/opistsenaariumid\/ii-mis-ja-identiteet\/"},"modified":"2024-04-04T03:22:00","modified_gmt":"2024-04-04T00:22:00","slug":"ii-mis-ja-identiteet","status":"publish","type":"page","link":"https:\/\/sisu.ut.ee\/opistsenaariumid\/ii-mis-ja-identiteet\/","title":{"rendered":"II maailmas\u00f5ja t\u00e4hendus eestlaste identiteedile"},"content":{"rendered":"<p style=\"text-align: right\">Selle\u00a0\u00f5pistsenaariumi autor on Tarvastu kooli \u00f5petaja Aive Kaldra, kaasautorid on Enna Ojaots ja Pille Varusk.<\/p>\n<p style=\"text-align: left\">Tegu on l\u00f5imitud reisi\u00f5ppe stsenaariumiga, mille jooksul \u00f5pilased m\u00f5testavad II maailmas\u00f5ja t\u00e4hendust ja inimeste ees seisnud keerulisi valikuid. Sobib kasutamiseks 9. klassidele, l\u00f5imitud on ajaloo, riigikaitse, geograafia, keelte ained, \u00f5ppeprotsess sisaldab uurimuslikku komponenti.<\/p>\n<p><\/p><div class=\"accordion mb-3\">\n        <div class=\"accordion-item accordion-item--white\">\n        <h2 class=\"accordion-header\" id=\"accordion-69ee3dafa19ab-heading\">\n            <button class=\"accordion-button collapsed\" type=\"button\" data-bs-toggle=\"collapse\" data-bs-target=\"#accordion-69ee3dafa19ab-collapse\" aria-expanded=\"true\" aria-controls=\"accordion-69ee3dafa19ab-collapse\">\u00d5pitulemused<\/button>\n        <\/h2>\n        <div id=\"accordion-69ee3dafa19ab-collapse\" class=\"accordion-collapse collapse\" aria-labelledby=\"accordion-69ee3dafa19ab-heading\">\n            <div class=\"accordion-body\">\n<ul>\n<li>\u00d5pilane m\u00f5istab 1944.a s\u00fcndmusi Eestis<\/li>\n<li>\u00d5pilane saab aru eestlaste ees seisnud sundvalikutest II maailmas\u00f5ja l\u00f5pul<\/li>\n<li>\u00d5piilane seostab maailma ajaloo s\u00fcndmuse oma perekonnalooga<\/li>\n<li>\u00d5pilane aktsepteerib ja m\u00f5istab teiste inimeste erinevaid lugusid ja vaatenurki samale s\u00fcndmusele<\/li>\n<\/ul>\n<p><\/p><\/div>\n        <\/div>\n        <\/div>\n    <\/div>\n<p><\/p><div class=\"accordion mb-3\">\n        <div class=\"accordion-item accordion-item--white\">\n        <h2 class=\"accordion-header\" id=\"accordion-69ee3dafa19b4-heading\">\n            <button class=\"accordion-button collapsed\" type=\"button\" data-bs-toggle=\"collapse\" data-bs-target=\"#accordion-69ee3dafa19b4-collapse\" aria-expanded=\"true\" aria-controls=\"accordion-69ee3dafa19b4-collapse\">Planeeritud tegevused<\/button>\n        <\/h2>\n        <div id=\"accordion-69ee3dafa19b4-collapse\" class=\"accordion-collapse collapse\" aria-labelledby=\"accordion-69ee3dafa19b4-heading\">\n            <div class=\"accordion-body\">\n<ol>\n<li>Filmi \u201c<span style=\"text-decoration: underline\"><a href=\"https:\/\/youtu.be\/4ImJm1J1K98\" target=\"_blank\" rel=\"noopener\">1944<\/a><\/span>\u201d vaatamine (<span style=\"text-decoration: underline\"><a href=\"https:\/\/docs.google.com\/document\/d\/19BNI1c4T8oJUuIGx1oehYDBekPnw8YfDtKMWa7574Sg\/edit\" target=\"_blank\" rel=\"noopener\">vt t\u00f6\u00f6lehte<\/a><\/span>)<\/li>\n<li>L\u00fchiuurimus teemal \u201cMinu pere II maailmas\u00f5ja ajal\u201d\u00a0<a href=\"#\" data-bs-toggle=\"modal\" data-bs-target=\"#popup-modal\" data-title=\"(vt infot)\" data-content=\"Koduse t\u00f6\u00f6na kirjutatud uurimus kajastab pereliikmete tegevust antud perioodil. Kui kellelgi pole materjali oma pere kohta kusagilt v\u00f5tta, pakub \u00f5petaja v\u00e4lja l\u00fchiuurimust autobiograafilise kirjandusteose v\u00f5i artikli p\u00f5hjal. Samuti v\u00f5ib \u00f5pilane intervjueerida m\u00f5nda peretuttavat, kellel on veel m\u00e4lestusi II maailmas\u00f5jast. Selleks tuttavaks v\u00f5ib olla m\u00f5ni naaber, vanavanemate t\u00f6\u00f6kaaslane v\u00f5i keegi muu.\">(vt infot)<\/a><\/li>\n<li>Uurimuste esitlemine <a href=\"#\" data-bs-toggle=\"modal\" data-bs-target=\"#popup-modal\" data-title=\"(vt infot)\" data-content=\"Tunnis esitletakse oma t\u00f6\u00f6d PowerPoint formaadis.\">(vt infot)<\/a>\u00a0<\/li>\n<li>Paarisesitluse ettevalmistamine (vt <span style=\"text-decoration: underline\"><a href=\"https:\/\/www.postimees.ee\/162585\/ilmjarv-eestil-oli-voimalus-karjuda\" target=\"_blank\" rel=\"noopener\">lisalugemist \u00f5petajale<\/a><\/span>); (<span style=\"text-decoration: underline\"><a href=\"https:\/\/docs.google.com\/document\/d\/1EUi9tNeVHLHa58jI5NQvMaxAPisPkDvaalWGYO8eCks\/edit\" target=\"_blank\" rel=\"noopener\">vt esitluste teemasid<\/a><\/span>)<\/li>\n<li>Jalutusk\u00e4ik Toila pargis, oma esitluste esitamine\u00a0<a href=\"#\" data-bs-toggle=\"modal\" data-bs-target=\"#popup-modal\" data-title=\"(vt infot)\" data-content=\"Esitlused toimuvad pargis vabas \u00f5hus ja \u00f5pilased v\u00f5ivad selleks kasutada erinevaid ette valmistatud vahendeid: fotod, plakatid jms. Tehnilisi vahendeid seekord kasutada ei saa. \">(vt infot)<\/a><\/li>\n<li><span style=\"text-decoration: underline\"><a href=\"https:\/\/muuseum.vaivaravald.ee\/index.php?id=37\" target=\"_blank\" rel=\"noopener\">Sinim\u00e4gede muuseum<\/a><\/span>i k\u00fclastamine\u00a0<\/li>\n<li>Sinim\u00e4gede matkaraja l\u00e4bimine koos giidiga<\/li>\n<li>Kohtumine vene noortega, \u00fchiselt erinevate \u00fclesannete\u00a0 t\u00e4itmine (<span style=\"text-decoration: underline\"><a href=\"https:\/\/docs.google.com\/document\/d\/1XfPahwMiEnWIcRo5H-h1g0hYDhDE4Ex_yRVnVVppoxA\/edit\" target=\"_blank\" rel=\"noopener\">vt \u00fclesandeid<\/a><\/span>)\u00a0<\/li>\n<li><span style=\"text-decoration: underline\"><a href=\"http:\/\/www.lahing.ee\/lahinguvali\" target=\"_blank\" rel=\"noopener\">Paintballilahing<\/a><\/span> Sinim\u00e4gede lahingupaikades<\/li>\n<li>Essee \u201cII maailmas\u00f5ja t\u00e4hendus maailma ja minu jaoks\u201d\u00a0kirjutamine<\/li>\n<\/ol>\n<p><\/p><\/div>\n        <\/div>\n        <\/div>\n    <\/div>\n\n<p><\/p><div class=\"accordion mb-3\">\n        <div class=\"accordion-item accordion-item--white\">\n        <h2 class=\"accordion-header\" id=\"accordion-69ee3dafa19d3-heading\">\n            <button class=\"accordion-button collapsed\" type=\"button\" data-bs-toggle=\"collapse\" data-bs-target=\"#accordion-69ee3dafa19d3-collapse\" aria-expanded=\"true\" aria-controls=\"accordion-69ee3dafa19d3-collapse\">\u00d5pistsenaariumi kirjeldus LePlanneris<\/button>\n        <\/h2>\n        <div id=\"accordion-69ee3dafa19d3-collapse\" class=\"accordion-collapse collapse\" aria-labelledby=\"accordion-69ee3dafa19d3-heading\">\n            <div class=\"accordion-body\">\n<p>L\u00e4hemalt uurimiseks kl\u00f5psa pildil!<a href=\"https:\/\/beta.leplanner.net\/#\/scenario-text\/59da198e80bcb1ef0a17da1a\" target=\"_blank\" rel=\"noopener\"><img loading=\"lazy\" decoding=\"async\" src=\"\/wp-content\/uploads\/sites\/210\/capture.jpg\" width=\"537\" height=\"382\"><\/a><\/p><\/div>\n        <\/div>\n        <\/div>\n    <\/div>\n<p>\u00d5pilugu: Reisi\u00f5ppe stsenaariumist integratsiooniprojektini<\/p>\n<p><\/p><div class=\"accordion mb-3\">\n        <div class=\"accordion-item accordion-item--white\">\n        <h2 class=\"accordion-header\" id=\"accordion-69ee3dafa19da-heading\">\n            <button class=\"accordion-button collapsed\" type=\"button\" data-bs-toggle=\"collapse\" data-bs-target=\"#accordion-69ee3dafa19da-collapse\" aria-expanded=\"true\" aria-controls=\"accordion-69ee3dafa19da-collapse\">Idee arengust<\/button>\n        <\/h2>\n        <div id=\"accordion-69ee3dafa19da-collapse\" class=\"accordion-collapse collapse\" aria-labelledby=\"accordion-69ee3dafa19da-heading\">\n            <div class=\"accordion-body\">\n<p>Olen oma rollim\u00e4nguringiga, mis Tarvastu G\u00fcmnaasiumis juba 10 aastat tegutseb, osalenud SA Archimedese Noortekohtumiste projektides ja ka ise sinna \u00f5pilastega koos projekte kirjutanud. Koos tegutsemise k\u00e4igus on tekkinud v\u00e4ga head suhted Ahtme G\u00fcmnaasiumi ajaloo\u00f5petajaga, kellega koos me oleme osalenud erinevatel noortekohtumistel. Alati on aga kasulik kuulata noorte inimeste enda arvamusi ja ideid selle kohta, mida tulevikus v\u00f5iks ette v\u00f5tta ja p\u00e4rast viimase koost\u00f6\u00f6projekti anal\u00fc\u00fcsi tegime \u00f5pilaste seas k\u00fcsitluse selle kohta, milliste teemadega nad \u00fchistes projektides tegeleda tahaksid.<\/p>\n<p>Meie \u00fcllatuseks oli \u00fcks populaarsemaid teemasid II maailmas\u00f5da. Hakkasin seda teemat ise l\u00e4hemalt uurima, l\u00e4htudes peamiselt \u00f5ppe\u00fclesannetest ning noortele huvi pakkuvatest tegevustest, mida teemaga siduda saaks. Sellises j\u00e4rgus j\u00f5udsin koos kolleegide Pille ja Ennaga reisi\u00f5ppe koolitusele, kus minu poolt \u00f5hku visatud ideest s\u00fcndis reisi\u00f5ppe kava Sinim\u00e4gede lahingupaikadesse.<\/p>\n<p>Arutasime koolis, et kevadel v\u00f5iks oma stsenaariumi 9. klassi \u00f5pilastega tegelikkuses l\u00e4bi teha, kui Enna sattus oma klassiga p\u00e4evasele \u00f5ppereisile Valga Militaarteemaparki ja tema muljed ning Valgas pakutav panid m\u00f5tlema, kas neid kahte poolt ei annaks \u00fchise teema alla kokku liita. M\u00f5lemad paigad tundusid \u00fcksteist p\u00f5nevalt t\u00e4iendavat ja pakuvad palju erinevaid v\u00f5imalusi \u00f5pilastega t\u00f6\u00f6tamiseks.<\/p>\n<p>N\u00fc\u00fcd oli vaja veel sobiv projektikonkurss leida. Nagu tellitult kuulutas HTM 2018. aasta kevadel v\u00e4lja l\u00f5imumise v\u00e4ikeprojektide konkursi, kuhu j\u00f5udsin meie poolt esitada pretensioonika pealkirjaga projekti \u201eII maailmas\u00f5ja t\u00e4hendus erinevast rahvusest eestimaalaste identiteedile\u201c. Projekt kiideti p\u00e4rast teatud osade t\u00e4psustamist heaks ja sai rahastuse ning 25. septembril tulevad Tarvastu G\u00fcmnaasiumi k\u00fclla 12 Ahtme G\u00fcmnaasiumi ajaloohuvilist \u00f5pilast koos oma \u00f5petaja Olga Mesilasega, et koos 12 Tarvastu \u00f5pilasega minna laagrisse Valga Militaarteemaparki. Oktoobris s\u00f5idavad Tarvastu \u00f5pilased j\u00e4lle Ahtme G\u00fcmnaasiumi, kust k\u00e4iakse v\u00e4ljas\u00f5itudel Ida-Virumaa II maailmas\u00f5jaga seotud paikades, peatudes pikemalt Sinim\u00e4gede Muuseumis.<\/p><\/div>\n        <\/div>\n        <\/div>\n    <\/div>\n<p><\/p><div class=\"accordion mb-3\">\n        <div class=\"accordion-item accordion-item--white\">\n        <h2 class=\"accordion-header\" id=\"accordion-69ee3dafa19e0-heading\">\n            <button class=\"accordion-button collapsed\" type=\"button\" data-bs-toggle=\"collapse\" data-bs-target=\"#accordion-69ee3dafa19e0-collapse\" aria-expanded=\"true\" aria-controls=\"accordion-69ee3dafa19e0-collapse\">Projekt sisaldab endas j\u00e4rgmisi etappe<\/button>\n        <\/h2>\n        <div id=\"accordion-69ee3dafa19e0-collapse\" class=\"accordion-collapse collapse\" aria-labelledby=\"accordion-69ee3dafa19e0-heading\">\n            <div class=\"accordion-body\">\n<p>a) Tarvastu ja Ahtme G\u00fcmnaasiumide ajaloohuviliste p\u00f5hikooli- ja g\u00fcmnaasiumi\u00f5pilaste \u00fchine laager Valga Militaarteemapargis, kestusega 5 p\u00e4eva, mille jooksul toimub:<\/p>\n<ul>\n<li>Laagrielu \u201ePuhkus naril\u201c koos toitlustamisega,<\/li>\n<li>Muuseumik\u00fclastus koos giiditeenusega,<\/li>\n<li>Muuseumitund Eesti ajaloost II maailmas\u00f5ja ajal,<\/li>\n<li>S\u00f5it s\u00f5jamasinal Kraz II maailmas\u00f5ja aegsetesse kaevikutesse,<\/li>\n<li>Lahingupaiga tutvustus ja laserlahingud kaevikutes,<\/li>\n<li>Takistusriba koos \u00f5hulennuga,<\/li>\n<li>Laskesimulaatori kasutamine,<\/li>\n<li>Arutelud s\u00f5jaga kaasnevate probleemide teemal (\u00fcksikisiku vastutus, v\u00f5itjad ja kaotajad jm),<\/li>\n<li>Projekti meene \u2013 temaatilise rinnam\u00e4rgi \u2013 kujundamine ja valmistamine.<\/li>\n<\/ul>\n<p>\u00a0b) Vahetegevusena toimub k\u00f5igi projektis osalevate \u00f5pilaste poolt l\u00fchiuurimuse koostamine \u201eMinu pere II maailmas\u00f5ja ajal\u201c ning selle p\u00f5hjal esitluse ettevalmistamine.<\/p>\n<p>\u00a0c) Tarvastu ja Ahtme G\u00fcmnaasiumide ajaloohuviliste p\u00f5hikooli- ja g\u00fcmnaasiumi\u00f5pilaste \u00fchine laager Ida-Virumaal, kestusega 5 p\u00e4eva, mille jooksul toimub:<\/p>\n<ul>\n<li>Laagrielu koos toitlustamisega,<\/li>\n<li>Filmi \u201e1944\u201c vaatamine, t\u00f6\u00f6lehe t\u00e4itmine filmi p\u00f5hjal ja arutelu,<\/li>\n<li>Sinim\u00e4gede muuseumi k\u00fclastamine,<\/li>\n<li>Sinim\u00e4gede matkaraja l\u00e4bimine koos giiditeenusega,<\/li>\n<li>Paintballilahing Sinim\u00e4gede lahingupaikades,<\/li>\n<li>Bussiekskursioon II maailmas\u00f5ja paikades Ida-Virumaal,<\/li>\n<li>\u00dchiselt erinevate \u00fclesannete t\u00e4itmine, mis aitavad suhestuda II maailmas\u00f5ja perioodiga,<\/li>\n<li>Minikonverents \u201eMinu pere II maailmas\u00f5ja ajal\u201c, kus \u00f5pilased tutvustavad oma l\u00fchiuurimusi teistele osalistele.<\/li>\n<\/ul>\n<p>d) Projekti l\u00f5putegevusena kirjutavad osalevad \u00f5pilased essee, milles anal\u00fc\u00fcsivad saadud teavet ja kogemust. Kirjutisi jagatakse \u00fchise internetiplatvormi kaudu.<\/p><\/div>\n        <\/div>\n        <\/div>\n    <\/div>\n<p><\/p><div class=\"accordion mb-3\">\n        <div class=\"accordion-item accordion-item--white\">\n        <h2 class=\"accordion-header\" id=\"accordion-69ee3dafa19e8-heading\">\n            <button class=\"accordion-button collapsed\" type=\"button\" data-bs-toggle=\"collapse\" data-bs-target=\"#accordion-69ee3dafa19e8-collapse\" aria-expanded=\"true\" aria-controls=\"accordion-69ee3dafa19e8-collapse\">Veel olulist<\/button>\n        <\/h2>\n        <div id=\"accordion-69ee3dafa19e8-collapse\" class=\"accordion-collapse collapse\" aria-labelledby=\"accordion-69ee3dafa19e8-heading\">\n            <div class=\"accordion-body\">\n<p>Projekti tegevustes on p\u00fc\u00fctud tasakaalustada \u00f5ppetegevust ja f\u00fc\u00fcsilist koormust. Igati p\u00fc\u00fcame v\u00e4ltida hinnangute andmist, keskendudes perekondade lugudele. Tegevuste kavandamisel oli palju abi reisi\u00f5ppe koolitusel saadud tagasisidest, kursusekaaslased jagasid huvitavaid ideid ja n\u00e4pun\u00e4iteid kuni konkreetselt kasutatavate linkideni v\u00e4lja, mida kindlasti projekti l\u00e4bi viies arvestame ja l\u00e4bi proovime.<\/p>\n<p>Projekti on l\u00f5imitud v\u00e4ga palju erinevaid \u00f5ppeaineid, tegevus on mitmek\u00fclgne ja ma loodan v\u00e4ga, et see ettev\u00f5tmine \u00f5nnestub.<\/p>\n<p><\/p><\/div>\n        <\/div>\n        <\/div>\n    <\/div>\n","protected":false},"excerpt":{"rendered":"<p>Selle\u00a0\u00f5pistsenaariumi autor on Tarvastu kooli \u00f5petaja Aive Kaldra, kaasautorid on Enna Ojaots ja Pille Varusk. Tegu on l\u00f5imitud reisi\u00f5ppe stsenaariumiga, mille jooksul \u00f5pilased m\u00f5testavad II maailmas\u00f5ja t\u00e4hendust ja inimeste ees seisnud keerulisi valikuid. Sobib kasutamiseks 9. klassidele, l\u00f5imitud on ajaloo, &#8230;<\/p>\n","protected":false},"author":31,"featured_media":0,"parent":0,"menu_order":0,"comment_status":"closed","ping_status":"closed","template":"","meta":{"_acf_changed":false,"inline_featured_image":false,"footnotes":""},"class_list":["post-7","page","type-page","status-publish","hentry"],"acf":[],"_links":{"self":[{"href":"https:\/\/sisu.ut.ee\/opistsenaariumid\/wp-json\/wp\/v2\/pages\/7","targetHints":{"allow":["GET"]}}],"collection":[{"href":"https:\/\/sisu.ut.ee\/opistsenaariumid\/wp-json\/wp\/v2\/pages"}],"about":[{"href":"https:\/\/sisu.ut.ee\/opistsenaariumid\/wp-json\/wp\/v2\/types\/page"}],"author":[{"embeddable":true,"href":"https:\/\/sisu.ut.ee\/opistsenaariumid\/wp-json\/wp\/v2\/users\/31"}],"replies":[{"embeddable":true,"href":"https:\/\/sisu.ut.ee\/opistsenaariumid\/wp-json\/wp\/v2\/comments?post=7"}],"version-history":[{"count":1,"href":"https:\/\/sisu.ut.ee\/opistsenaariumid\/wp-json\/wp\/v2\/pages\/7\/revisions"}],"predecessor-version":[{"id":314,"href":"https:\/\/sisu.ut.ee\/opistsenaariumid\/wp-json\/wp\/v2\/pages\/7\/revisions\/314"}],"wp:attachment":[{"href":"https:\/\/sisu.ut.ee\/opistsenaariumid\/wp-json\/wp\/v2\/media?parent=7"}],"curies":[{"name":"wp","href":"https:\/\/api.w.org\/{rel}","templated":true}]}}