{"id":29,"date":"2024-04-04T03:19:38","date_gmt":"2024-04-04T00:19:38","guid":{"rendered":"https:\/\/sisu.ut.ee\/opistsenaariumid\/koolitused\/"},"modified":"2024-09-17T13:08:44","modified_gmt":"2024-09-17T10:08:44","slug":"koolitused","status":"publish","type":"page","link":"https:\/\/sisu.ut.ee\/opistsenaariumid\/koolitused\/","title":{"rendered":"Humanitaar- ja sotsiaalainete arendusr\u00fchma koolitused \u00fcldhariduskoolide \u00f5petajatele"},"content":{"rendered":"<div id=\"block-system-main\" class=\"block block-system block-main block-system-main odd block-without-title\">\n<div class=\"block-inner clearfix\">\n<div class=\"content clearfix\">\n<div class=\"ds-1col node node-page view-mode-full clearfix \">\n<div class=\"field field-name-body field-type-text-with-summary field-label-hidden\">\n<div class=\"field-items\">\n<div class=\"field-item even\">\n<p><strong>Koolitus \u201cKirjutamis\u00fclesanded humanitaar- ja sotsiaalainetes\u201d<\/strong><\/p>\n<div>\n<p><span style=\"color: black;\">M\u00f5eldud II-III kooliastmes ja g\u00fcmnaasiumis t\u00f6\u00f6tavatele aine\u00f5petajatele, kes tahavad l\u00f5imingulisi kirjutamis\u00fclesandeid koos kolleegidega kavandada, kirjutamistegevuste eesm\u00e4rke ja kasulikkust anal\u00fc\u00fcsida ning \u00f5ppida juurde tagasisidestamisv\u00f5imaluste kohta. V\u00f5ib tulla \u00fcksi ja koos kolleegiga.\u00a0<\/span><\/p>\n<p><\/p><div class=\"accordion mb-3\">\n        <div class=\"accordion-item accordion-item--white\">\n        <h2 class=\"accordion-header\" id=\"accordion-69ee6e12ea092-heading\">\n            <button class=\"accordion-button collapsed\" type=\"button\" data-bs-toggle=\"collapse\" data-bs-target=\"#accordion-69ee6e12ea092-collapse\" aria-expanded=\"true\" aria-controls=\"accordion-69ee6e12ea092-collapse\">Tagasiside \u00f5petajatelt, \u00a0kes osalesid eelmisel koolitusel\u00a0<\/button>\n        <\/h2>\n        <div id=\"accordion-69ee6e12ea092-collapse\" class=\"accordion-collapse collapse\" aria-labelledby=\"accordion-69ee6e12ea092-heading\">\n            <div class=\"accordion-body\">Kas sa oled m\u00f5elnud, et \u201ekirjutamine on aine\u00fclene oskus ja kirjutades hingab keha, m\u00f5te ja s\u00fcda?\u201c Just nii on varasemad kursuslased-\u00f5petajad tagasisides p\u00f5hjendanud, miks tasus tulla sellele kursusele.\n<ul>\n<li>Et kirjutamine poleks \u00fcksluine tegevus ega paneks \u00f5pilasi oigama.<\/li>\n<li>Kirjutades hingab keha, m\u00f5te ja s\u00fcda.<\/li>\n<li>See oli sissevaade kirjutamise k\u00f5ikv\u00f5imalikkusesse.<\/li>\n<li>Kirjutamine on lahe ja koos kirjutades saab palju naerda!<\/li>\n<li>\u00c4ra kanna oma koormat \u00fcksi \u2013 muuda t\u00f6\u00f6 vaheldusrikkamaks ja koost\u00f6isemaks!<\/li>\n<li>Koost\u00f6\u00f6 kolleegidega: arendame ennast ja \u00f5pilasi! Kirjutama \u00f5pitakse erinevate ainete kaudu!<\/li><\/ul><\/div>\n        <\/div>\n        <\/div>\n    <\/div>\n\n<p><strong>Koolitajad:\u00a0<\/strong>Ilona Tragel ja Maigi Vija.<\/p>\n<p><span style=\"color: black;\"><div class=\"accordion mb-3\">\n        <div class=\"accordion-item accordion-item--white\">\n        <h2 class=\"accordion-header\" id=\"accordion-69ee6e12ea0a4-heading\">\n            <button class=\"accordion-button collapsed\" type=\"button\" data-bs-toggle=\"collapse\" data-bs-target=\"#accordion-69ee6e12ea0a4-collapse\" aria-expanded=\"true\" aria-controls=\"accordion-69ee6e12ea0a4-collapse\">Ajakava<\/button>\n        <\/h2>\n        <div id=\"accordion-69ee6e12ea0a4-collapse\" class=\"accordion-collapse collapse\" aria-labelledby=\"accordion-69ee6e12ea0a4-heading\">\n            <div class=\"accordion-body\">Auditoorne \u00f5pe on planeeritud kolmele \u00f5ppep\u00e4evale. Lisaks ootame osalevatelt \u00f5petajatelt kaht kirjalikku iseseisvat t\u00f6\u00f6d.\n<p><u>Esimene \u00f5ppep\u00e4ev<\/u><br>\n11.00-12.30\u00a0 Kirjutamise \u00f5petamine. Protsessikeskne ja tulemuskeskne kirjutamine. T\u00f6\u00f6juhend, juhis, kirjutamis\u00fclesanne \u2013 mis on mis? Selge ja piisav \u00f5pijuhis.<br>\n12.30-13.15\u00a0 l\u00f5una<br>\n13.15-14.45\u00a0 L\u00f5imingulised kirjutamis\u00fclesanded: eesm\u00e4rgid, protsess, osalejate rollid<br>\n14.45-15.00\u00a0 sirutuspaus ja kohv-tee<br>\n15.00-16.30\u00a0 Ajur\u00fcnnak r\u00fchmades: eesm\u00e4rgistatud kirjutamis\u00fclesannete ideid (eesm\u00e4rgid, sihtr\u00fchm, protsess)<\/p>\n<p><u>Teine \u00f5ppep\u00e4ev<\/u><br>\n11.00-12.30\u00a0 Tagasiside juhise ja seletuskirja kohta. Tagasisidestamise eesm\u00e4rgid ja v\u00f5imalused<br>\n12.30-13.15\u00a0 l\u00f5una<br>\n13.15-14.45\u00a0 Kuidas \u00f5pilastelt tagasisidet koguda: eri v\u00f5imalused. Kogemuste jagamine<br>\n14.45-15.00\u00a0 sirutuspaus ja kohv-tee<br>\n15.00-16.30\u00a0 Tagasisidevahendi kavandamine\/koostamine.<\/p>\n<p><u>Kolmas \u00f5ppep\u00e4ev<\/u><br>\n11.00-12.30\u00a0 L\u00e4bitehtud kirjutamis\u00fclesannete tutvustamine: protsess ja tagasiside<br>\n12.30-13.15 l\u00f5una<br>\n13.15-14.45\u00a0 Kursuse kokkuv\u00f5te: refleksioon<span style=\"color: black;\"><\/span><\/p><\/div>\n        <\/div>\n        <\/div>\n    <\/div><\/span><\/p>\n<\/div>\n<p><\/p><div class=\"accordion mb-3\">\n        <div class=\"accordion-item accordion-item--white\">\n        <h2 class=\"accordion-header\" id=\"accordion-69ee6e12ea0af-heading\">\n            <button class=\"accordion-button collapsed\" type=\"button\" data-bs-toggle=\"collapse\" data-bs-target=\"#accordion-69ee6e12ea0af-collapse\" aria-expanded=\"true\" aria-controls=\"accordion-69ee6e12ea0af-collapse\"><strong><span id=\"docs-internal-guid-57bc5d37-7fff-44f3-ea23-aa6814495086\">M\u00e4ngud III kooliastme ja g\u00fcmnaasiumi humanitaar- ja sotsiaalainetes<\/span><\/strong>\u00a0<\/button>\n        <\/h2>\n        <div id=\"accordion-69ee6e12ea0af-collapse\" class=\"accordion-collapse collapse\" aria-labelledby=\"accordion-69ee6e12ea0af-heading\">\n            <div class=\"accordion-body\">\n<p style=\"arial,helvetica,sans-serif;14px;font-style: normal; font-variant: normal; font-weight: 400; letter-spacing: normal; text-align: left; text-decoration: none; text-indent: 0px; text-transform: none;\">Tahad koguda v\u00e4rskeid m\u00f5tteid, kuidas t\u00f5husalt\u00a0kasutada erinevat laadi m\u00e4nge vanemate kooliastmete tundides? Julged ka ise olla \u00f5petajana loominguline? Lase ennast innustada kogenud \u00f5petajatel ja kolleegidel!<\/p>\n<p style=\"arial,helvetica,sans-serif;14px;font-style: normal; font-variant: normal; font-weight: 400; letter-spacing: normal; text-align: left; text-decoration: none; text-indent: 0px; text-transform: none;\">Koolituse viivad l\u00e4bi ajaloo\u00a0ja \u00fchiskonna\u00f5petuse \u00f5petaja Aive Kaldra Tarvastu G\u00fcmnaasiumist\u00a0 (<a title=\"\" href=\"https:\/\/arhiiv.err.ee\/vaata\/meie-inimesed-aive\" target=\"_blank\" rel=\"noopener\" data-url=\"https:\/\/arhiiv.err.ee\/vaata\/meie-inimesed-aive\">vt<\/a>); T\u00dc\u00a0 eesti keele v\u00f5\u00f5rkeelena didaktika vanemteadur, \u00f5ppematerjalide autor Mare Kitsnik (<a title=\"\" href=\"http:\/\/keeljainimesed.blogspot.com\/\" target=\"_blank\" rel=\"noopener\" data-url=\"http:\/\/keeljainimesed.blogspot.com\/\">vt<\/a>);T\u00dc\u00a0 religioonipedagoogika dotsent, humanitaar- ja sotsiaalainete didaktika t\u00f6\u00f6r\u00fchma juht ja reloigioonipedagoogika kaasprofessor Olga Schihalejev (<a title=\"\" href=\"https:\/\/sisu.ut.ee\/kohtumised\" target=\"_blank\" rel=\"noopener\" data-url=\"https:\/\/sisu.ut.ee\/kohtumised\">vt<\/a>).<\/p>\n<p style=\"arial,helvetica,sans-serif;14px;font-style: normal; font-variant: normal; font-weight: 400; letter-spacing: normal; text-align: left; text-decoration: none; text-indent: 0px; text-transform: none;\">Koolitustele registreerimine toimub t\u00e4ienduskoolituse infos\u00fcsteemis Juhan:\u00a0\u00a0<a href=\"https:\/\/koolitus.edu.ee\/training\/3526\/register\" target=\"_blank\" rel=\"noopener\">https:\/\/koolitus.edu.ee\/training\/3526\/register<\/a>.<\/p>\n<p style=\"arial,helvetica,sans-serif;14px;font-style: normal; font-variant: normal; font-weight: 400; letter-spacing: normal; text-align: left; text-decoration: none; text-indent: 0px; text-transform: none;\"><strong>Kursuse\u00a0eesm\u00e4rgiks on<\/strong>\u00a0 \u00f5piotstarbeliste m\u00e4ngude loomine ja <span id=\"docs-internal-guid-fb0ea4ac-7fff-2a08-533a-ce851289ccbb\">kriitiline kasutamine \u00f5ppeprotsessis<\/span><\/p>\n<p style=\"arial,helvetica,sans-serif;14px;font-style: normal; font-variant: normal; font-weight: 400; letter-spacing: normal; text-align: left; text-decoration: none; text-indent: 0px; text-transform: none;\">Koolituse l\u00e4binu\u2026<\/p>\n<ul style=\"arial,helvetica,sans-serif;14px;font-style: normal; font-variant: normal; font-weight: 400; letter-spacing: normal; list-style-type: none; margin-left: 0px; padding-left: 0px; text-align: left; text-decoration: none; text-indent: 0px; text-transform: none;\">\n<li>anal\u00fc\u00fcsib m\u00e4ngude kasutamise v\u00f5imalusi aine\u00f5ppes;<\/li>\n<li>oskab luua \u00f5piotstarbelist m\u00e4ngu;<\/li>\n<li>oskab juhendada \u00f5pilasi \u00f5piotstarbelise m\u00e4ngu loomisel;<\/li>\n<li>anal\u00fc\u00fcsib suuliselt ja kirjalikult oma professionaalset arengut;<\/li>\n<li>inspireerib, juhendab ja n\u00f5ustab oma \u00a0kolleege \u00f5ppijate arengu \u00a0toetamisel;<\/li>\n<li>toetab kolleegide professionaalset arengut, tagasisidestab kolleegide koostatud \u00f5piotstarbelisi m\u00e4nge.<\/li>\n<\/ul>\n<p style=\"arial,helvetica,sans-serif;14px;font-style: normal; font-variant: normal; font-weight: 400; letter-spacing: normal; text-align: left; text-decoration: none; text-indent: 0px; text-transform: none;\"><strong>V\u00e4ljund<\/strong>:\u00a0Koolituse l\u00e4binud ja \u00f5ppekava t\u00e4itnud \u00f5ppijad saavad Tartu \u00dclikooli tunnistuse.<\/p>\n<p style=\"arial,helvetica,sans-serif;14px;font-style: normal; font-variant: normal; font-weight: 400; letter-spacing: normal; text-align: left; text-decoration: none; text-indent: 0px; text-transform: none;\">Maht:\u00a0 56 tundi, millest 24 on auditoorsed<\/p>\n<p style=\"arial,helvetica,sans-serif;14px;font-style: normal; font-variant: normal; font-weight: 400; letter-spacing: normal; text-align: left; text-decoration: none; text-indent: 0px; text-transform: none;\"><strong>Koolituse teemad<\/strong><\/p>\n<ul dir=\"ltr\" style=\"arial,helvetica,sans-serif;14px;font-style: normal; font-variant: normal; font-weight: 400; letter-spacing: normal; list-style-type: none; margin-left: 0px; padding-left: 0px; text-align: left; text-decoration: none; text-indent: 0px; text-transform: none;\">\n<li id=\"docs-internal-guid-61985a95-7fff-3fef-c265-141bb24d6b21\" style=\"line-height: 1.2; margin-bottom: 0pt; margin-top: 6pt;\">M\u00e4ng ja selle kasutamine \u00f5ppet\u00f6\u00f6s \u2013 probleemid ja lahendused<\/li>\n<li style=\"line-height: 1.2; margin-bottom: 0pt; margin-top: 6pt;\">Lauam\u00e4ngud ja nende loomine<\/li>\n<li style=\"line-height: 1.2; margin-bottom: 0pt; margin-top: 6pt;\">Rollim\u00e4ngud ja nende loomine<\/li>\n<li style=\"line-height: 1.2; margin-bottom: 0pt; margin-top: 6pt;\">Liikumisega seotud m\u00e4ngud<\/li>\n<li style=\"line-height: 1.2; margin-bottom: 0pt; margin-top: 6pt;\">M\u00e4lum\u00e4ngud<\/li>\n<li style=\"line-height: 1.2; margin-bottom: 0pt; margin-top: 6pt;\">M\u00e4ngud keele\u00f5ppes<\/li>\n<li style=\"line-height: 1.2; margin-bottom: 0pt; margin-top: 6pt;\">M\u00e4ngud sotsiaalainetes<\/li>\n<li style=\"line-height: 1.2; margin-bottom: 0pt; margin-top: 6pt;\">M\u00e4ngul p\u00f5hineva \u00f5pistsenaariumi kirjutamine<\/li>\n<\/ul>\n<p style=\"arial,helvetica,sans-serif;14px;font-style: normal; font-variant: normal; font-weight: 400; letter-spacing: normal; text-align: left; text-decoration: none; text-indent: 0px; text-transform: none;\">Huvi korral kirjutage olga.schihalejev@ut.ee<\/p><\/div>\n        <\/div>\n        <\/div>\n    <\/div>\n<p style=\"arial,helvetica,sans-serif;14px;font-style: normal; font-variant: normal; font-weight: 400; letter-spacing: normal; text-align: left; text-decoration: none; text-indent: 0px; text-transform: none;\"><\/p><div class=\"accordion mb-3\">\n        <div class=\"accordion-item accordion-item--white\">\n        <h2 class=\"accordion-header\" id=\"accordion-69ee6e12ea0b7-heading\">\n            <button class=\"accordion-button collapsed\" type=\"button\" data-bs-toggle=\"collapse\" data-bs-target=\"#accordion-69ee6e12ea0b7-collapse\" aria-expanded=\"true\" aria-controls=\"accordion-69ee6e12ea0b7-collapse\"><strong>Filmi\u00f5pe humanitaar- ja sotsiaalainetes<\/strong><\/button>\n        <\/h2>\n        <div id=\"accordion-69ee6e12ea0b7-collapse\" class=\"accordion-collapse collapse\" aria-labelledby=\"accordion-69ee6e12ea0b7-heading\">\n            <div class=\"accordion-body\">\n<p id=\"docs-internal-guid-8fbc56c8-7fff-820a-2a12-1f3e49aee7fe\" dir=\"ltr\" style=\"timesnewroman;16px;font-style: normal; font-variant: normal; font-weight: 400; letter-spacing: normal; line-height: 1.2; margin-bottom: 12pt; margin-top: 0pt; text-align: justify; text-decoration: none; text-indent: 0px; text-transform: none;\"><span style=\"background-color: transparent; quot;quot;11pt;font-style: normal; font-variant: normal; font-weight: 400; text-decoration: none; vertical-align: baseline;\">Kokkupuude audiovisuaalse tekstimaailmaga on koolinoorte p\u00f5lvkonna \u00fcks meelelisi p\u00f5hikogemusi. Kuidas \u00f5petada filmikeelt t\u00e4nap\u00e4eva noortele? Kuidas kasutada filmi\u00f5pet \u00f5ppet\u00f6\u00f6 toetamiseks ja mitmekesistamiseks? Koolituskursus aitab koguda loomingulisi ideid, t\u00f5hustamaks filmi\u00f5pet nii p\u00f5hikoolis kui ka g\u00fcmnaasiumis. <\/span><\/p>\n<p dir=\"ltr\"><strong>\u00d5ppej\u00f5ud-koolitajad<\/strong>: Martin Oja, Andrus Org , Merit Rickberg, Olga Schihalejev<br>\n<strong>Kursuse\u00a0eesm\u00e4rgiks on<\/strong>\u00a0 <span id=\"docs-internal-guid-fb0ea4ac-7fff-2a08-533a-ce851289ccbb\">audiovisuaaltekstide, st filmi ja video kasutamine \u00f5ppeprotsessis<\/span><\/p>\n<p><strong>Koolituse l\u00e4binu\u2026<\/strong><\/p>\n<ul>\n<li>teab n\u00fc\u00fcdisaegse \u00f5pik\u00e4situse p\u00f5him\u00f5tteid, kasutab neist l\u00e4htuvalt \u00f5pilasi aktiveerivaid \u00f5ppevorme ja -meetodeid;<\/li>\n<li>tunneb filmi\u00f5ppe metoodikat, vahendeid ja v\u00f5tteid ning v\u00f5imalusi selle l\u00f5iminguliseks rakendamiseks \u00f5ppet\u00f6\u00f6s;<\/li>\n<li>kavandab koos kolleegidega filmi\u00f5ppe \u00f5pistsenaariumi, arvestades oma kooli \u00f5ppekava;<\/li>\n<li>kasutab oma t\u00f6\u00f6 kavandamiseks ja jagamiseks interaktiivset keskkonda, jagab oma t\u00f6\u00f6d kolleegidega;<\/li>\n<li>anal\u00fc\u00fcsib oma professionaalset arengut filmi\u00f5ppe \u00f5pistsenaariumi loomisel ning selle t\u00e4iendamisel tagasiside p\u00f5hjal;<\/li>\n<li>toetab kolleegide professionaalset arengut, tagasisidestab kolleegide koostatud filmi\u00f5ppe \u00f5pistsenaariumeid.<\/li>\n<\/ul>\n<p><strong>Maht<\/strong>: \u00a032 tundi, millest 16 on auditoorsed. Koolituse l\u00e4binud ja \u00f5ppekava t\u00e4itnud \u00f5ppijad saavad Tartu \u00dclikooli tunnistuse.<\/p>\n<p><strong>Koolituse teemad<\/strong><\/p>\n<ul id=\"docs-internal-guid-10c31501-7fff-8a91-ff8a-6e75a96a89e2\" style=\"margin-top: 0pt; margin-bottom: 0pt;\">\n<li>Filmi\u00f5ppe eesm\u00e4rgid, metoodika, vahendid, m\u00f5ju ja v\u00f5imalused<\/li>\n<li>Filmi\u00f5pe n\u00fc\u00fcdisaegse \u00f5pik\u00e4situse kontekstis<\/li>\n<li>Audiovisuaaltekstide kasutamise v\u00f5imalusi aine\u00f5ppes<\/li>\n<li>Filmi\u00f5ppe rakendamine teema- ja probleem\u00f5ppe osana<\/li>\n<li>Praktilised oskused filmi pildikeele anal\u00fc\u00fcsiks<\/li>\n<li>Filmi\u00f5ppe n\u00e4iteid tervikfilmide ja katkendite p\u00f5hjal<\/li>\n<li>Transdistsiplinaarne filmiprojekt koolis<\/li>\n<li>Praktilise filmi\u00f5ppe v\u00f5imalused koolis<\/li>\n<\/ul>\n<p style=\"line-height: inherit;\">Huvi korral kirjutage andrus.org@ut.ee<\/p><\/div>\n        <\/div>\n        <\/div>\n    <\/div>\n<p style=\"text-align: left;\"><span style=\"color: #282828;\"><span style=\"font-style: normal;\"><span style=\"font-variant: normal;\"><span style=\"font-weight: 400;\"><span style=\"letter-spacing: normal;\"><span style=\"line-height: inherit;\"><span style=\"text-decoration: none;\"><span style=\"text-transform: none;\"><div class=\"accordion mb-3\">\n        <div class=\"accordion-item accordion-item--white\">\n        <h2 class=\"accordion-header\" id=\"accordion-69ee6e12ea0c4-heading\">\n            <button class=\"accordion-button collapsed\" type=\"button\" data-bs-toggle=\"collapse\" data-bs-target=\"#accordion-69ee6e12ea0c4-collapse\" aria-expanded=\"true\" aria-controls=\"accordion-69ee6e12ea0c4-collapse\"><strong style=\"color: #282828; font-style: normal; font-variant: normal; font-weight: bold; letter-spacing: normal; text-align: left; text-decoration: none; text-transform: none;\">Meister\u00f5petajale:<\/strong> <strong>Erinevad \u00f5ppemeetodid humanitaar- ja sotsiaalainetes<\/strong><\/button>\n        <\/h2>\n        <div id=\"accordion-69ee6e12ea0c4-collapse\" class=\"accordion-collapse collapse\" aria-labelledby=\"accordion-69ee6e12ea0c4-heading\">\n            <div class=\"accordion-body\">\n<p dir=\"ltr\" style=\"margin-bottom: 0pt; margin-top: 0pt; text-align: left;\"><span style=\"color: #282828;\"><span style=\"font-style: normal;\"><span style=\"font-variant: normal;\"><span style=\"font-weight: 400;\"><span style=\"letter-spacing: normal;\"><span style=\"line-height: 1.38;\"><span style=\"text-decoration: none;\"><span style=\"text-transform: none;\"><span style=\"background-color: #ffffff; text-align: left;\"><span style=\"color: #000000;\"><span style=\"float: none;\"><span style=\"font-style: normal;\"><span style=\"font-variant: normal;\"><span style=\"font-weight: 400;\"><span style=\"letter-spacing: normal;\"><span style=\"text-decoration: none;\"><span style=\"text-transform: none;\">See koolitus on m\u00f5eldud meister\u00f5petajale ja neile, kes p\u00fcrgivad meister\u00f5petajaks.<\/span><\/span><\/span><\/span><\/span><\/span><\/span><\/span><\/span><br>\nTahad uuendada oma \u00f5ppemetoodilist arsenali, koguda inspiratsiooni enne uue \u00f5ppeaasta algust inspireerivas looduskaunis kohas? Julged katsetada ja arendada kolleegide h\u00e4id ideid? Siis oled oodatud kahel p\u00e4eval augustis ja \u00fchel p\u00e4eval septembris koolitusele \u201cMeister\u00f5petajale. Erinevad \u00f5ppemeetodid humanitaar- ja sotsiaalainetes\u201d.<\/span><\/span><\/span><\/span><\/span><\/span><\/span><\/span><\/p>\n<p dir=\"ltr\" style=\"margin-bottom: 0pt; margin-top: 0pt; text-align: left;\"><span style=\"color: #282828;\"><span style=\"font-style: normal;\"><span style=\"font-variant: normal;\"><span style=\"font-weight: 400;\"><span style=\"letter-spacing: normal;\"><span style=\"line-height: 1.38;\"><span style=\"text-decoration: none;\"><span style=\"text-transform: none;\">V\u00f5id tulla ise ja ka \u00fches oma kolleegiga.<\/span><\/span><\/span><\/span><\/span><\/span><\/span><\/span><\/p>\n<p style=\"text-align: left;\"><span style=\"color: #282828;\"><span style=\"font-style: normal;\"><span style=\"font-variant: normal;\"><span style=\"font-weight: 400;\"><span style=\"letter-spacing: normal;\"><span style=\"line-height: inherit;\"><span style=\"text-decoration: none;\"><span style=\"text-transform: none;\">Kursuse kirjeldus <a style=\"color: #306696;\" title=\"\" href=\"https:\/\/www.is.ut.ee\/pls\/ois\/!tere.tulemast?leht=OK.AY.VP&amp;id_ay_programm=48689&amp;id_ay_toimumine=63184&amp;systeemi_seaded=10,1,12,1\" target=\"_blank\" rel=\"noopener\" data-url=\"https:\/\/www.is.ut.ee\/pls\/ois\/!tere.tulemast?leht=OK.AY.VP&amp;id_ay_programm=48689&amp;id_ay_toimumine=63184&amp;systeemi_seaded=10,1,12,1\">\u00d5IS-s<\/a><\/span><\/span><\/span><\/span><\/span><\/span><\/span><\/span><\/p>\n<p style=\"text-align: left;\"><span style=\"color: #282828;\"><span style=\"font-style: normal;\"><span style=\"font-variant: normal;\"><span style=\"font-weight: 400;\"><span style=\"letter-spacing: normal;\"><span style=\"line-height: inherit;\"><span style=\"text-decoration: none;\"><span style=\"text-transform: none;\"><strong>Maht<\/strong>: 24 akadeemilist tundi auditoorset ja 28 tundi iseseisvat t\u00f6\u00f6d. <span style=\"line-height: 115%;\">Toimub 3 \u00f5ppep\u00e4eva.<\/span><\/span><\/span><\/span><\/span><\/span><\/span><\/span><\/span><\/p>\n<p style=\"margin-bottom: 6pt; text-align: left;\"><span style=\"color: #282828;\"><span style=\"font-style: normal;\"><span style=\"font-variant: normal;\"><span style=\"font-weight: 400;\"><span style=\"letter-spacing: normal;\"><span style=\"line-height: inherit;\"><span style=\"text-decoration: none;\"><span style=\"text-transform: none;\"><strong>Koolituse eesm\u00e4rgiks<\/strong> on loovas ja kollegiaalselt toetavas \u00f5hkkonnas anal\u00fc\u00fcsida ja luua n\u00fc\u00fcdisaegsel \u00f5pik\u00e4situsel p\u00f5hinevaid uuenduslikke \u00f5ppeviise; anal\u00fc\u00fcsida oma ja toetada kolleegide professionaalset arengut.<br>\n<strong>Koolituse l\u00e4binud \u00f5petaja<\/strong><\/span><\/span><\/span><\/span><\/span><\/span><\/span><\/span><\/p>\n<ul style=\"color: #282828; ,sans-serif;font-style: normal; font-variant: normal; font-weight: 400; letter-spacing: normal; list-style-type: none; margin-left: 0px; padding-left: 0px; text-align: left; text-decoration: none; text-transform: none;\">\n<li style=\"line-height: inherit;\"><i><span style=\"background-color: #ffffff;\">anal\u00fc\u00fcsib ja planeerib \u00f5ppetegevusi n\u00fc\u00fcdisaegsest \u00f5pik\u00e4sitlusest l\u00e4htuvalt;<\/span><\/i><\/li>\n<li style=\"line-height: inherit;\"><i><span style=\"background-color: #ffffff;\">anal\u00fc\u00fcsib suuliselt ja kirjalikult oma professionaalset arengut;<\/span><\/i><\/li>\n<li style=\"line-height: inherit;\"><i><span style=\"background-color: #ffffff;\">inspireerib, juhendab ja n\u00f5ustab oma kolleege \u00f5ppeprotsessi juhtimisel ja anal\u00fc\u00fcsimisel, \u00f5ppijate arengu toetamisel, klassi\/r\u00fchma juhatamisel ja ainedidaktikas;<\/span><\/i><\/li>\n<li style=\"line-height: inherit;\"><i><span style=\"background-color: #ffffff;\">toetab kolleegide professionaalset arengut, tagasisidestab kolleegide koostatud stsenaariumeid;<\/span><\/i><\/li>\n<li style=\"line-height: inherit;\"><i><span style=\"background-color: #ffffff;\">juhib meeskonnat\u00f6\u00f6d ja teeb kooli juhtkonnale ettepanekuid \u00f5pikeskkonna ja \u00f5ppetegevuse arendamiseks.<\/span><\/i><\/li>\n<\/ul>\n<p style=\"text-align: left;\"><span style=\"color: #282828;\"><span style=\"font-style: normal;\"><span style=\"font-variant: normal;\"><span style=\"font-weight: 400;\"><span style=\"letter-spacing: normal;\"><span style=\"line-height: inherit;\"><span style=\"text-decoration: none;\"><span style=\"text-transform: none;\"><strong>Kursuse teemad<\/strong>:<\/span><\/span><\/span><\/span><\/span><\/span><\/span><\/span><\/p>\n<ul dir=\"ltr\" style=\"color: #282828; ,sans-serif;font-style: normal; font-variant: normal; font-weight: 400; letter-spacing: normal; list-style-type: none; margin-left: 0px; padding-left: 0px; text-align: left; text-decoration: none; text-transform: none;\">\n<li style=\"line-height: inherit;\">N\u00fc\u00fcdisaegse \u00f5pik\u00e4situse elemendid<\/li>\n<li style=\"line-height: 1.2; margin-bottom: 0pt; margin-top: 0pt;\">N\u00fc\u00fcdisaegsest \u00f5pik\u00e4situsest l\u00e4htuva metoodika n\u00e4ited<\/li>\n<li style=\"line-height: 1.2; margin-bottom: 0pt; margin-top: 0pt;\">N\u00fc\u00fcdisaegse \u00f5pik\u00e4situse hindamisvahendid<\/li>\n<li style=\"line-height: 1.2; margin-bottom: 0pt; margin-top: 0pt;\">Ideekavandite korje ja loomine<\/li>\n<li style=\"line-height: 1.2; margin-bottom: 0pt; margin-top: 0pt;\">Idee arendamine kavandiks<\/li>\n<li style=\"line-height: 1.2; margin-bottom: 0pt; margin-top: 0pt;\">\u00d5ppijate vastutuse ja motivatsiooni tekitamine ja hoidmine<\/li>\n<li style=\"line-height: 1.2; margin-bottom: 0pt; margin-top: 0pt;\">Trialoogiline \u00f5ppimine ja kollegiaalne toetamine<\/li>\n<li style=\"line-height: 1.2; margin-bottom: 0pt; margin-top: 0pt;\">Meetodite esitlus (videotreening)<\/li>\n<li style=\"line-height: 1.2; margin-bottom: 0pt; margin-top: 0pt;\">Digitaalse \u00f5piloo koostamine<\/li>\n<\/ul>\n<p style=\"text-align: left;\"><span style=\"color: #282828;\"><span style=\"font-style: normal;\"><span style=\"font-variant: normal;\"><span style=\"font-weight: 400;\"><span style=\"letter-spacing: normal;\"><span style=\"line-height: inherit;\"><span style=\"text-decoration: none;\"><span style=\"text-transform: none;\"><strong>L\u00f5petamisel v\u00e4ljastatav dokument<\/strong>: Kursuse l\u00e4binud ja \u00f5ppekava t\u00e4itnud \u00f5ppijad saavad Tartu \u00dclikooli tunnistuse.<br>\n<strong>\u00d5ppej\u00f5ud-koolitajad<\/strong>: Andrus Org, Olga Schihalejev, Maigi Vija jt<br>\n<strong>Maksumus<\/strong>: <\/span><\/span><\/span><\/span><\/span><\/span><\/span><\/span>Huvi korral kirjutage olga.schihalejev@ut.ee<span style=\"color: #282828;\"><span style=\"font-style: normal;\"><span style=\"font-variant: normal;\"><span style=\"font-weight: 400;\"><span style=\"letter-spacing: normal;\"><span style=\"line-height: inherit;\"><span style=\"text-decoration: none;\"><span style=\"text-transform: none;\">\u00a0<\/span><\/span><\/span><\/span><\/span><\/span><\/span><\/span><\/p><\/div>\n        <\/div>\n        <\/div>\n    <\/div><\/span><\/span><\/span><\/span><\/span><\/span><\/span><\/span><\/p>\n<p style=\"quot;quot;,sans-serif;13px;font-style: normal; font-variant: normal; font-weight: 400; letter-spacing: normal; line-height: inherit; text-align: left; text-decoration: none; text-indent: 0px; text-transform: none;\"><\/p><div class=\"accordion mb-3\">\n        <div class=\"accordion-item accordion-item--white\">\n        <h2 class=\"accordion-header\" id=\"accordion-69ee6e12ea0cf-heading\">\n            <button class=\"accordion-button collapsed\" type=\"button\" data-bs-toggle=\"collapse\" data-bs-target=\"#accordion-69ee6e12ea0cf-collapse\" aria-expanded=\"true\" aria-controls=\"accordion-69ee6e12ea0cf-collapse\"><strong>2-4-liikmelistele kooli meeskondadele: L\u00f5iminguliste \u00f5pistsenaariumite \u00a0loomine ja kohandamine reisi\u00f5ppe n\u00e4itel<\/strong><\/button>\n        <\/h2>\n        <div id=\"accordion-69ee6e12ea0cf-collapse\" class=\"accordion-collapse collapse\" aria-labelledby=\"accordion-69ee6e12ea0cf-heading\">\n            <div class=\"accordion-body\">\n<p id=\"docs-internal-guid-3d0f93ba-7fff-fa21-2859-cb1581b7ae71\" dir=\"ltr\" style=\"quot;quot;,sans-serif;13px;font-style: normal; font-variant: normal; font-weight: 400; letter-spacing: normal; line-height: 1.2; margin-bottom: 12pt; margin-top: 0pt; text-align: justify; text-decoration: none; text-indent: 0px; text-transform: none;\"><span style=\"font-style: normal; font-variant: normal; font-weight: 400; text-decoration: none; vertical-align: baseline;\">Kuidas saab reisimist ja \u00f5ppimist \u00fchildada? Mida t\u00e4hendab n\u00fc\u00fcdisaegne \u00f5pik\u00e4situs humanitaar- ja sotsiaalainete \u00f5petamise kontekstis? Arutame ja arendame ideid loovas ning kollegiaalses \u00f5hkkonnas, kogeme ja anal\u00fc\u00fcsime reisi\u00f5pet Peipsi-veere n\u00e4itel.<\/span><br>\nTartu \u00dclikool ootab 2\u20134-liikmelisi koolimeeskondi \u00f5petajate baaskoolitustele \u201eL\u00f5iminguliste \u00f5pistsenaariumite \u00a0loomine \u00a0ja kohandamine reisi\u00f5ppe n\u00e4itel\u201c.<\/p>\n<p style=\"quot;quot;,sans-serif;13px;font-style: normal; font-variant: normal; font-weight: 400; letter-spacing: normal; line-height: inherit; text-align: left; text-decoration: none; text-indent: 0px; text-transform: none;\"><strong>Maht<\/strong>: 24 akadeemilist tundi auditoorset ja 28 tundi iseseisvat t\u00f6\u00f6d<br>\n<strong>Sihtr\u00fchm<\/strong>: t\u00f6\u00f6tavad humanitaar- ja \/ v\u00f5i sotsiaalainete \u00f5petajad<br>\n<strong>Toimumisaeg ja koht<\/strong>. 1. \u00f5ppep\u00e4ev Tartu \u00dclikoolis, 2. \u00f5ppep\u00e4ev reisi\u00f5pe Peipsi veerel, algus ja l\u00f5pp Tartus ja kolmas\u00a0\u00f5ppep\u00e4ev Tartu \u00dclikoolis<br>\n<strong>Kursuse eesm\u00e4rk<\/strong> on anal\u00fc\u00fcsida ja rakendada reisi\u00f5ppe v\u00f5imalusi. Koolitusel valmistavad kooli meeskonnad kooli \u00f5ppekava toetava l\u00f5imingulise reisi\u00f5ppe stsenaariumi<br>\n<strong>Kursuse \u00f5piv\u00e4ljundid<\/strong>. Kursuse l\u00e4binu:<\/p>\n<ul style=\"quot;quot;,sans-serif;13px;font-style: normal; font-variant: normal; font-weight: 400; letter-spacing: normal; list-style-type: none; margin-left: 0px; padding-left: 0px; text-align: left; text-decoration: none; text-indent: 0px; text-transform: none;\">\n<li style=\"line-height: inherit;\">tunneb n\u00fc\u00fcdisaegse \u00f5pik\u00e4situse p\u00f5hijooni ning anal\u00fc\u00fcsib nendest l\u00e4htuvalt \u00f5ppetegevust p\u00f5hikooli- ja g\u00fcmnaasiumiastmes;<\/li>\n<li style=\"line-height: inherit;\">kavandab koos kolleegidega eesm\u00e4rgistatud reisi\u00f5ppe, arvestades oma kooli \u00f5ppekava;<\/li>\n<li style=\"line-height: inherit;\">kasutab oma t\u00f6\u00f6 planeerimiseks ja kollegiaalseks jagamiseks e-keskkonda;<\/li>\n<li style=\"line-height: inherit;\">anal\u00fc\u00fcsib oma professionaalset arengut; toetab kolleegide professionaalset arengut.<\/li>\n<\/ul>\n<p style=\"quot;quot;,sans-serif;13px;font-style: normal; font-variant: normal; font-weight: 400; letter-spacing: normal; line-height: inherit; text-align: left; text-decoration: none; text-indent: 0px; text-transform: none;\"><strong>Kursuse teemad<\/strong>:<\/p>\n<ul style=\"quot;quot;,sans-serif;13px;font-style: normal; font-variant: normal; font-weight: 400; letter-spacing: normal; list-style-type: none; margin-left: 0px; padding-left: 0px; text-align: left; text-decoration: none; text-indent: 0px; text-transform: none;\">\n<li style=\"line-height: inherit;\">N\u00fc\u00fcdisaegse \u00f5pik\u00e4situse elemendid ja n\u00e4ited<\/li>\n<li style=\"line-height: inherit;\">L\u00f5imimise v\u00f5imalused<\/li>\n<li style=\"line-height: inherit;\">Reisi\u00f5pe \u2013 mis, miks ja kuidas? N\u00e4ide reisi\u00f5ppest Peipsiveere n\u00e4itel<\/li>\n<li style=\"line-height: inherit;\">\u00d5pistsenaarium ja selle kollegiaalne jagamine.<\/li>\n<li style=\"line-height: inherit;\">\u00d5pilugu kui digitaalse eneserefleksiooni ja kollegiaalse tagasiside vahend<\/li>\n<\/ul>\n<p style=\"quot;quot;,sans-serif;13px;font-style: normal; font-variant: normal; font-weight: 400; letter-spacing: normal; line-height: inherit; text-align: left; text-decoration: none; text-indent: 0px; text-transform: none;\"><strong>L\u00f5petamisel v\u00e4ljastatav dokument<\/strong>: Kursuse l\u00e4binud ja \u00f5ppekava t\u00e4itnud \u00f5ppijad saavad Tartu \u00dclikooli tunnistuse.<br>\n<strong>\u00d5ppej\u00f5ud-koolitajad<\/strong>: Andrus Org, Olga Schihalejev<br>\nHuvi korral kirjutage andrus.org@ut.ee <\/p><\/div>\n        <\/div>\n        <\/div>\n    <\/div>\n<hr>\n<p style=\"line-height: inherit;\"><span id=\"docs-internal-guid-bbcf7fe1-7fff-c3ec-e1f1-385fd3c9ee3c\">Autori\u00f5igused koolituse \u00fclesehitusele ja koolitusprogrammile kuuluvad Tartu \u00dclikoolile. Nende kasutamine Tartu \u00dclikooli kirjaliku loata on keelatud.<\/span><\/p>\n<\/div>\n<\/div>\n<\/div>\n<\/div>\n<\/div>\n<\/div>\n<\/div>\n","protected":false},"excerpt":{"rendered":"<p>Koolitus \u201cKirjutamis\u00fclesanded humanitaar- ja sotsiaalainetes\u201d M\u00f5eldud II-III kooliastmes ja g\u00fcmnaasiumis t\u00f6\u00f6tavatele aine\u00f5petajatele, kes tahavad l\u00f5imingulisi kirjutamis\u00fclesandeid koos kolleegidega kavandada, kirjutamistegevuste eesm\u00e4rke ja kasulikkust anal\u00fc\u00fcsida ning \u00f5ppida juurde tagasisidestamisv\u00f5imaluste kohta. V\u00f5ib tulla \u00fcksi ja koos kolleegiga.\u00a0 Tagasiside \u00f5petajatelt, \u00a0kes osalesid eelmisel &#8230;<\/p>\n","protected":false},"author":31,"featured_media":0,"parent":0,"menu_order":0,"comment_status":"closed","ping_status":"closed","template":"","meta":{"_acf_changed":false,"inline_featured_image":false,"footnotes":""},"class_list":["post-29","page","type-page","status-publish","hentry"],"acf":[],"_links":{"self":[{"href":"https:\/\/sisu.ut.ee\/opistsenaariumid\/wp-json\/wp\/v2\/pages\/29","targetHints":{"allow":["GET"]}}],"collection":[{"href":"https:\/\/sisu.ut.ee\/opistsenaariumid\/wp-json\/wp\/v2\/pages"}],"about":[{"href":"https:\/\/sisu.ut.ee\/opistsenaariumid\/wp-json\/wp\/v2\/types\/page"}],"author":[{"embeddable":true,"href":"https:\/\/sisu.ut.ee\/opistsenaariumid\/wp-json\/wp\/v2\/users\/31"}],"replies":[{"embeddable":true,"href":"https:\/\/sisu.ut.ee\/opistsenaariumid\/wp-json\/wp\/v2\/comments?post=29"}],"version-history":[{"count":3,"href":"https:\/\/sisu.ut.ee\/opistsenaariumid\/wp-json\/wp\/v2\/pages\/29\/revisions"}],"predecessor-version":[{"id":335,"href":"https:\/\/sisu.ut.ee\/opistsenaariumid\/wp-json\/wp\/v2\/pages\/29\/revisions\/335"}],"wp:attachment":[{"href":"https:\/\/sisu.ut.ee\/opistsenaariumid\/wp-json\/wp\/v2\/media?parent=29"}],"curies":[{"name":"wp","href":"https:\/\/api.w.org\/{rel}","templated":true}]}}