{"id":78,"date":"2024-04-04T07:15:56","date_gmt":"2024-04-04T04:15:56","guid":{"rendered":"https:\/\/sisu.ut.ee\/ope\/individuaalplaan\/"},"modified":"2024-04-16T15:03:44","modified_gmt":"2024-04-16T12:03:44","slug":"individuaalplaan","status":"publish","type":"page","link":"https:\/\/sisu.ut.ee\/ope\/individuaalplaan\/","title":{"rendered":"II.4.4. Individuaalplaan"},"content":{"rendered":"<p style=\"text-align: justify;\"><strong>50. <\/strong>Doktori\u00f5pe toimub doktori\u00f5ppe programmi tingimuste kohaselt\u00a0<a title=\"\" href=\"https:\/\/adr.ut.ee\/?page=pub_get_ttxt_dokv_file&amp;pid=125886&amp;lang=est&amp;u=20220824074529&amp;desktop=57835&amp;r_url=%2F%3Fpage%3Dpub_list_dynobj%26pid%3D%26tid%3D70993%26u%3D20220824074529\" target=\"_blank\" rel=\"noopener\" data-url=\"https:\/\/adr.ut.ee\/?page=pub_get_ttxt_dokv_file&amp;pid=125886&amp;lang=est&amp;u=20220824074529&amp;desktop=57835&amp;r_url=%2F%3Fpage%3Dpub_list_dynobj%26pid%3D%26tid%3D70993%26u%3D20220824074529\">individuaalplaani<\/a>\u00a0alusel, milles lepitakse kokku \u00f5ppe- ja teadust\u00f6\u00f6 kava kogu \u00f5ppeajaks. <a title=\"\" href=\"https:\/\/adr.ut.ee\/?page=pub_get_ttxt_dokv_file&amp;pid=140548726&amp;lang=est&amp;u=20220824074529&amp;desktop=57835&amp;r_url=%2F%3Fpage%3Dpub_list_dynobj%26pid%3D%26tid%3D70993%26u%3D20220824074529\" target=\"_blank\" rel=\"noopener\" data-url=\"https:\/\/adr.ut.ee\/?page=pub_get_ttxt_dokv_file&amp;pid=140548726&amp;lang=est&amp;u=20220824074529&amp;desktop=57835&amp;r_url=%2F%3Fpage%3Dpub_list_dynobj%26pid%3D%26tid%3D70993%26u%3D20220824074529\">Perioodiplaan<\/a> on individuaalplaani osa, kus lepitakse kokku j\u00e4rgmise atesteerimisperioodi \u00f5ppe- ja teadust\u00f6\u00f6 kava.<\/p>\n<p style=\"text-align: justify;\"><strong>51. <\/strong>Individuaalplaani koostab doktori\u00f5ppes \u00f5ppija koost\u00f6\u00f6s juhendajaga, mitme juhendaja korral k\u00f5igi juhendajatega.<\/p>\n<p style=\"text-align: justify;\"><strong>52. <\/strong>Individuaalplaani esitab doktorant esimese aasta esimese atesteerimisaruandega.<\/p>\n<p style=\"text-align: justify;\"><strong style=\"font-size: revert;\"><a id=\"53\" name=\"53\"><\/a><\/strong><strong>53. <\/strong>Esimese semestri perioodiplaani sisestab doktorant \u00f5ppeinfos\u00fcsteemi \u00fche kuu jooksul p\u00e4rast immatrikuleerimist. J\u00e4rgmised perioodiplaanid esitab doktorant koos atesteerimisaruandega.<\/p>\n<p style=\"text-align: justify;\"><strong><a id=\"54\" name=\"54\"><\/a>54. <\/strong>Individuaalplaani v\u00f5i perioodiplaani tuleb kirja panna ka doktori\u00f5ppe peatamine v\u00f5i akadeemiline puhkus ja \u00f5ppeaega m\u00f5jutavad asjaolud j\u00e4rgmiselt:<\/p>\n<p style=\"text-align: justify; margin-left: 40px;\"><strong>54.1. <\/strong>perioodiplaani tuleb kirja panna doktori\u00f5ppe peatamine v\u00f5i akadeemiline puhkus eelnenud perioodil ning selle alusel kohandada j\u00e4rgmise atesteerimisperioodi \u00f5ppe- ja teadust\u00f6\u00f6 kava. Eelneva perioodiplaani muutmine on p\u00f5hjendatud <a title=\"\" href=\"https:\/\/sisu.ut.ee\/ope\/atesteerimise-ajakava?lang=et#63\" target=\"_blank\" rel=\"noopener\" data-url=\"https:\/\/sisu.ut.ee\/ope\/atesteerimise-ajakava?lang=et#63\">punktis 63<\/a> kirjeldatud juhul;<\/p>\n<p style=\"text-align: justify; margin-left: 40px;\"><strong>54.2. <\/strong>individuaalplaani, sealhulgas alates 2022\/2023. \u00f5ppeaastast avatud doktori\u00f5ppe programmide puhul \u00f5ppeaja muutmine on p\u00f5hjendatud juhul, kui kogu \u00f5ppeaja \u00f5ppeja teadust\u00f6\u00f6 kava on vaja \u00fcmber teha. Individuaalplaani muutmiseks tuleb juhendajaga koosk\u00f5lastatud muudatused esitada atesteerimiskomisjonile koos teiste atesteerimisdokumentidega.<\/p>\n<p style=\"text-align: justify;\"><strong>55. <\/strong>Ekstern koostab perioodiplaani eksternina \u00f5ppimiseks m\u00e4\u00e4ratud aja kohta ja sisestab selle \u00f5ppeinfos\u00fcsteemi kahe n\u00e4dala jooksul p\u00e4rast eksterniks arvamist.<\/p>\n<p style=\"text-align: justify;\">\n<\/p>","protected":false},"excerpt":{"rendered":"<p>50. Doktori\u00f5pe toimub doktori\u00f5ppe programmi tingimuste kohaselt\u00a0individuaalplaani\u00a0alusel, milles lepitakse kokku \u00f5ppe- ja teadust\u00f6\u00f6 kava kogu \u00f5ppeajaks. Perioodiplaan on individuaalplaani osa, kus lepitakse kokku j\u00e4rgmise atesteerimisperioodi \u00f5ppe- ja teadust\u00f6\u00f6 kava. 51. Individuaalplaani koostab doktori\u00f5ppes \u00f5ppija koost\u00f6\u00f6s juhendajaga, mitme juhendaja korral k\u00f5igi &#8230;<\/p>\n","protected":false},"author":228,"featured_media":0,"parent":0,"menu_order":0,"comment_status":"closed","ping_status":"closed","template":"","meta":{"_acf_changed":false,"inline_featured_image":false,"footnotes":""},"class_list":["post-78","page","type-page","status-publish","hentry"],"acf":[],"_links":{"self":[{"href":"https:\/\/sisu.ut.ee\/ope\/wp-json\/wp\/v2\/pages\/78","targetHints":{"allow":["GET"]}}],"collection":[{"href":"https:\/\/sisu.ut.ee\/ope\/wp-json\/wp\/v2\/pages"}],"about":[{"href":"https:\/\/sisu.ut.ee\/ope\/wp-json\/wp\/v2\/types\/page"}],"author":[{"embeddable":true,"href":"https:\/\/sisu.ut.ee\/ope\/wp-json\/wp\/v2\/users\/228"}],"replies":[{"embeddable":true,"href":"https:\/\/sisu.ut.ee\/ope\/wp-json\/wp\/v2\/comments?post=78"}],"version-history":[{"count":4,"href":"https:\/\/sisu.ut.ee\/ope\/wp-json\/wp\/v2\/pages\/78\/revisions"}],"predecessor-version":[{"id":1415,"href":"https:\/\/sisu.ut.ee\/ope\/wp-json\/wp\/v2\/pages\/78\/revisions\/1415"}],"wp:attachment":[{"href":"https:\/\/sisu.ut.ee\/ope\/wp-json\/wp\/v2\/media?parent=78"}],"curies":[{"name":"wp","href":"https:\/\/api.w.org\/{rel}","templated":true}]}}