{"id":76,"date":"2024-04-04T00:29:05","date_gmt":"2024-04-03T21:29:05","guid":{"rendered":"https:\/\/sisu.ut.ee\/loodusfestival\/linnujamm-0\/"},"modified":"2024-04-04T00:36:15","modified_gmt":"2024-04-03T21:36:15","slug":"linnujamm-0","status":"publish","type":"page","link":"https:\/\/sisu.ut.ee\/loodusfestival\/linnujamm-0\/","title":{"rendered":"Linnuj\u00e4mm 2020"},"content":{"rendered":"<p>\n\t<img loading=\"lazy\" decoding=\"async\" alt=\"Linnuj\u00e4mm 2020\" data-file_info=\"%7B%22fid%22:%2254558%22,%22view_mode%22:%22default%22,%22type%22:%22media%22%7D\" height=\"391\" src=\"https:\/\/sisu.ut.ee\/wp-content\/uploads\/sites\/123\/birdjam.jpg\" title=\"\" width=\"803\">\n<\/p>\n<p>\n\t\u00a0\n<\/p>\n<p>\n\t<strong>Kuuendal Loodusfestivalil leidis aset Linnuj\u00e4mmi deb\u00fc\u00fct!<\/strong>\n<\/p>\n<p>\n\tLoodusfestival kutsub Linnuj\u00e4mmile! See on s\u00fcndmus, mis innustab t\u00e4helepanu p\u00f6\u00f6rama lindudele ja linnaloodusele. Ajalooliselt on looduse v\u00e4\u00e4rtustamine k\u00e4inud k\u00e4sik\u00e4es p\u00e4rimuskultuuriga, t\u00e4nap\u00e4eval on oluline sillata loodushoidu ja looduse mitmekesisuse v\u00e4\u00e4rtustamist ka kaasaegsete kunstivormide, stiilide ja loomepraktikatega. Kirjanikud ja muusikud on lindudest, nende olekust ja eluviisist rohkelt inspiratsiooni ammutanud. Sel aastal toimub Linnuj\u00e4mm esimest korda. Kutsume Sind\u00a0<strong>8. augustil kell 17 Tartu \u00dclikooli botaanikaaeda\u00a0<\/strong>linnuj\u00e4mmi kuulama. Linnuj\u00e4mm\u00a0\u00fchtlasi l\u00f5petab ka selle aasta Loodusfestivali.<\/p>\n<p>Linnuj\u00e4mmile tulevad kokku muusikud ja luuletajad, kes loovad Eestis elava linnuliigi laulust inspireerituna oma muusikalise n\u00e4gemuse v\u00f5i poeetilise s\u00f5nateose, mis t\u00f5lgendab v\u00f5i t\u00f5ukub m\u00f5nel muul viisil ette antud linnulaulu salvestusest. Lindudest j\u00e4mmivad punarind, laulur\u00e4stas, k\u00e4blik, aed-p\u00f5\u00f5salind, \u00f6\u00f6bik, salu-lehelind, kellega koos musitseerivad muusikud-heliloojad\u00a0<strong>Andres Roots<\/strong>,\u00a0<strong>Ekke V\u00e4strik<\/strong>,\u00a0<strong>Maimu J\u00f5geda<\/strong>,\u00a0<strong>Malle Maltis<\/strong>,\u00a0<strong>Marta-Liisa Talvet<\/strong>, ja luuleridu seavad poeedid\u00a0<b id=\"docs-internal-guid-e6833ed6-7fff-989a-3312-3753c62aef6c\">Berit Petolai, Hanneleele Kaldmaa, H\u00e4nil\u00e4ne, Maarja P\u00e4rtna, Mathura ja\u00a0Timo Maran<\/b>. Linnuj\u00e4mmi juhib bioloog,\u00a0loodush\u00e4\u00e4lte\u00a0salvestaja ja Loodusfestivali peakorraldaja\u00a0<strong>Veljo Runnel<\/strong>.\u00a0<\/p>\n<p>Linnuj\u00e4mmi korraldavad koost\u00f6\u00f6s Tartu \u00dclikooli loodusmuuseum ja botaanikaaed ning Kirjanike Liidu Tartu osakond.<\/p>\n<p>Haara kaasa piknikukorv ja tule naudi linnuj\u00e4mmi Tartu \u00dclikooli botaanikaaias. Kohtume Loodusfestivalil!\u00a0S\u00fcndmus on tasuta. Linnuj\u00e4mmi toetab Tartu linn ja Kirjanike Liit.\n<\/p>\n<p>\n\t<strong>UURI L\u00c4HEMALT:<\/strong>\n<\/p>\n<ul>\n<li>\n\t\tLoe meenutusi Linnuj\u00e4mmist Tartu \u00dclikooli ajakirjas\u00a0Universitas Tartuensis. Artikli autor on Silvia Luik. Loe siit:\u00a0https:\/\/www.ajakiri.ut.ee\/artikkel\/3816\n\t<\/li>\n<li>\n\t\tJ\u00e4relvaata Tartu \u00dclikooli botaanikaaias toimunud s\u00fcndmust UTTV kanalil:\u00a0https:\/\/www.uttv.ee\/naita?id=30410\n\t<\/li>\n<\/ul>\n<p>\n\t<img loading=\"lazy\" decoding=\"async\" width=\"946\" height=\"948\" class=\"alignnone wp-image-204\" src=\"https:\/\/sisu.ut.ee\/wp-content\/uploads\/sites\/123\/lf_linnujamm_fb.png\" title=\"lf_linnujamm_fb.png\" alt=\"Linnuj\u00e4mm\" srcset=\"https:\/\/sisu.ut.ee\/wp-content\/uploads\/sites\/123\/lf_linnujamm_fb.png 946w, https:\/\/sisu.ut.ee\/wp-content\/uploads\/sites\/123\/lf_linnujamm_fb-300x300.png 300w, https:\/\/sisu.ut.ee\/wp-content\/uploads\/sites\/123\/lf_linnujamm_fb-150x150.png 150w, https:\/\/sisu.ut.ee\/wp-content\/uploads\/sites\/123\/lf_linnujamm_fb-768x770.png 768w\" sizes=\"auto, (max-width: 946px) 100vw, 946px\">\n<\/p>\n<p>\n\t\u00a0\n<\/p>\n<p>\n\t\u00a0<\/p>\n","protected":false},"excerpt":{"rendered":"<p>\u00a0 Kuuendal Loodusfestivalil leidis aset Linnuj\u00e4mmi deb\u00fc\u00fct! Loodusfestival kutsub Linnuj\u00e4mmile! See on s\u00fcndmus, mis innustab t\u00e4helepanu p\u00f6\u00f6rama lindudele ja linnaloodusele. Ajalooliselt on looduse v\u00e4\u00e4rtustamine k\u00e4inud k\u00e4sik\u00e4es p\u00e4rimuskultuuriga, t\u00e4nap\u00e4eval on oluline sillata loodushoidu ja looduse mitmekesisuse v\u00e4\u00e4rtustamist ka kaasaegsete kunstivormide, stiilide &#8230;<\/p>\n","protected":false},"author":54,"featured_media":0,"parent":0,"menu_order":0,"comment_status":"closed","ping_status":"closed","template":"","meta":{"_acf_changed":false,"inline_featured_image":false,"footnotes":""},"class_list":["post-76","page","type-page","status-publish","hentry"],"acf":[],"_links":{"self":[{"href":"https:\/\/sisu.ut.ee\/loodusfestival\/wp-json\/wp\/v2\/pages\/76","targetHints":{"allow":["GET"]}}],"collection":[{"href":"https:\/\/sisu.ut.ee\/loodusfestival\/wp-json\/wp\/v2\/pages"}],"about":[{"href":"https:\/\/sisu.ut.ee\/loodusfestival\/wp-json\/wp\/v2\/types\/page"}],"author":[{"embeddable":true,"href":"https:\/\/sisu.ut.ee\/loodusfestival\/wp-json\/wp\/v2\/users\/54"}],"replies":[{"embeddable":true,"href":"https:\/\/sisu.ut.ee\/loodusfestival\/wp-json\/wp\/v2\/comments?post=76"}],"version-history":[{"count":1,"href":"https:\/\/sisu.ut.ee\/loodusfestival\/wp-json\/wp\/v2\/pages\/76\/revisions"}],"predecessor-version":[{"id":630,"href":"https:\/\/sisu.ut.ee\/loodusfestival\/wp-json\/wp\/v2\/pages\/76\/revisions\/630"}],"wp:attachment":[{"href":"https:\/\/sisu.ut.ee\/loodusfestival\/wp-json\/wp\/v2\/media?parent=76"}],"curies":[{"name":"wp","href":"https:\/\/api.w.org\/{rel}","templated":true}]}}