{"id":23,"date":"2024-04-04T00:29:02","date_gmt":"2024-04-03T21:29:02","guid":{"rendered":"https:\/\/sisu.ut.ee\/loodusfestival\/fotokonkurss-metsik-linn-0\/"},"modified":"2024-04-04T00:36:17","modified_gmt":"2024-04-03T21:36:17","slug":"fotokonkurss-metsik-linn-0","status":"publish","type":"page","link":"https:\/\/sisu.ut.ee\/loodusfestival\/fotokonkurss-metsik-linn-0\/","title":{"rendered":"Fotokonkurss &#8220;Metsik Linn&#8221;"},"content":{"rendered":"<p>\n\t<img loading=\"lazy\" decoding=\"async\" width=\"620\" height=\"300\" class=\"alignnone wp-image-113\" style=\"width: 703px;height: 300px\" src=\"https:\/\/sisu.ut.ee\/wp-content\/uploads\/sites\/123\/ml_reklaam2020_lf_620x300.png\" title=\" \" alt=\" \" srcset=\"https:\/\/sisu.ut.ee\/wp-content\/uploads\/sites\/123\/ml_reklaam2020_lf_620x300.png 620w, https:\/\/sisu.ut.ee\/wp-content\/uploads\/sites\/123\/ml_reklaam2020_lf_620x300-300x145.png 300w\" sizes=\"auto, (max-width: 620px) 100vw, 620px\">\n<\/p>\n<p>\n\t<strong>Juba traditsiooniks saanud Loodusfestivaliga k\u00e4sik\u00e4es fotokonkurss \u201eMetsik linn\u201c tuleb taas. T\u00e4navu kuuendat korda toimuva festivali fookuses on digitaalsed v\u00f5imalused, mis aitavad avastada loodust senisest paremini.<\/strong>\n<\/p>\n<p>\n\tFotokonkurss \u201eMetsik linn\u201c kutsub m\u00e4rkama loodust ja esitama fotosid konkursile. See on ainus omasugune fotokonkurss Eestis, mis keskendub just linnalooduse ja linnakeskkonna omavahelistele suhetele.\n<\/p>\n<p>\n\tKultuuriministeeriumi poolt on 2020. aasta nimetatud digikultuuri teema-aastaks, millest ajendatuna on t\u00e4navu Loodusfestivali teemaks \u201eDigitaalselt loodusesse\u201c, mis pakub palju v\u00f5imalusi elus- ja eluta looduse uurimiseks, tundma \u00f5ppimiseks ja s\u00e4ilitamiseks v\u00f5i ka taaselustamiseks. Fotokonkursil innustame inimesi linnaloodusele rohkem t\u00e4helepanu p\u00f6\u00f6rama \u2013 mis oleks kohasem digikultuuriaastale, kui teha seda l\u00e4bi kaamerasilma!\n<\/p>\n<p>\n\tFotokonkursile saab t\u00f6id esitada\u00a0<strong>1. aprillist kuni 20. maini<\/strong>. Fotosid hinnatakse kahes vanuser\u00fchmas: lapsed ja noored (kuni 15-aastased, k.a) ning \u00fcldarvestus, kus osav\u00f5tjate vanus ei ole piiratud. Fotokonkurss \u201eMetsik linn\u201d on osa Loodusfestival 2020 programmist. Loodusfestival toimub 4.\u20137. juuni 2020.\n<\/p>\n<p>\n\tLisainfot vaata <a data-url=\"http:\/\/veeb.ut.ee\/photo-contest\/metsik-linn?fbclid=IwAR0eCO8WsQ241KU1o3Qhp7cqJWbV-018-JYoKyW8jPTEalrPKeJc4joAZe0\" href=\"http:\/\/veeb.ut.ee\/photo-contest\/metsik-linn?fbclid=IwAR0eCO8WsQ241KU1o3Qhp7cqJWbV-018-JYoKyW8jPTEalrPKeJc4joAZe0\" target=\"_blank\" title=\"SIIT\" rel=\"noopener\">SIIT<\/a><\/p>\n","protected":false},"excerpt":{"rendered":"<p>Juba traditsiooniks saanud Loodusfestivaliga k\u00e4sik\u00e4es fotokonkurss \u201eMetsik linn\u201c tuleb taas. T\u00e4navu kuuendat korda toimuva festivali fookuses on digitaalsed v\u00f5imalused, mis aitavad avastada loodust senisest paremini. Fotokonkurss \u201eMetsik linn\u201c kutsub m\u00e4rkama loodust ja esitama fotosid konkursile. See on ainus omasugune fotokonkurss &#8230;<\/p>\n","protected":false},"author":54,"featured_media":0,"parent":0,"menu_order":0,"comment_status":"closed","ping_status":"closed","template":"","meta":{"_acf_changed":false,"inline_featured_image":false,"footnotes":""},"class_list":["post-23","page","type-page","status-publish","hentry"],"acf":[],"_links":{"self":[{"href":"https:\/\/sisu.ut.ee\/loodusfestival\/wp-json\/wp\/v2\/pages\/23","targetHints":{"allow":["GET"]}}],"collection":[{"href":"https:\/\/sisu.ut.ee\/loodusfestival\/wp-json\/wp\/v2\/pages"}],"about":[{"href":"https:\/\/sisu.ut.ee\/loodusfestival\/wp-json\/wp\/v2\/types\/page"}],"author":[{"embeddable":true,"href":"https:\/\/sisu.ut.ee\/loodusfestival\/wp-json\/wp\/v2\/users\/54"}],"replies":[{"embeddable":true,"href":"https:\/\/sisu.ut.ee\/loodusfestival\/wp-json\/wp\/v2\/comments?post=23"}],"version-history":[{"count":1,"href":"https:\/\/sisu.ut.ee\/loodusfestival\/wp-json\/wp\/v2\/pages\/23\/revisions"}],"predecessor-version":[{"id":683,"href":"https:\/\/sisu.ut.ee\/loodusfestival\/wp-json\/wp\/v2\/pages\/23\/revisions\/683"}],"wp:attachment":[{"href":"https:\/\/sisu.ut.ee\/loodusfestival\/wp-json\/wp\/v2\/media?parent=23"}],"curies":[{"name":"wp","href":"https:\/\/api.w.org\/{rel}","templated":true}]}}