{"id":11,"date":"2024-04-04T08:51:28","date_gmt":"2024-04-04T05:51:28","guid":{"rendered":"https:\/\/sisu.ut.ee\/kybertiigrid\/nimest\/"},"modified":"2024-04-22T09:57:53","modified_gmt":"2024-04-22T06:57:53","slug":"nimest","status":"publish","type":"page","link":"https:\/\/sisu.ut.ee\/kybertiigrid\/nimest\/","title":{"rendered":"Miks K\u00fcberTiigrid?"},"content":{"rendered":"<p style=\"text-align: justify;\">Uurimisprojektile nime valides oli meie \u00fcheks sooviks, et see peegeldaks 2022. aastal K\u00fcberakadeemias osalenud t\u00fctarlaste olemust. Kui nime esimese osa \u2013 k\u00fcber \u2013 aluseks on enesestm\u00f5istetavalt s\u00f5na \u201ck\u00fcberturve\u201d, millele K\u00fcberakadeemia keskendus, siis selgusetuks v\u00f5ib j\u00e4\u00e4da, miks sai nime teiseks osaks just Tiiger?<\/p>\n<p style=\"text-align: justify;\">Osaliselt m\u00f5jutas nimevalikut kunagine \u00fcleriigiline Tiigrih\u00fcppe projekt, mille kuulutas 1996. aastal v\u00e4lja president Lennart Meri. Tiigrih\u00fcppel oli mitmeid eesm\u00e4rke, kuid \u00fcheks peamiseks oli v\u00f5imaldada k\u00f5igile Eesti koolidele interneti\u00fchendusega arvutid, mis tagaks \u00f5pilastele elementaarse arvutikogemuse ja ettekujutuse interneti v\u00f5imalustest. Sarnase eesm\u00e4rgiga korraldati ka K\u00fcberakadeemia, et pakkuda t\u00fctarlastele v\u00f5imalus tutvuda k\u00fcberturvalisuse valdkonnaga.<\/p>\n<p style=\"text-align: justify;\">J\u00e4rgmine Eesti president Toomas Hendrik Ilves (kes oli muuhulgas Tiigrih\u00fcppe idee autoriks) kohtus 2007. aastal Ameerika \u00dchendriikide presidendi George W. Bushiga, kellega arutati mitmete teiste teemade seas ka k\u00fcberjulgeoleku \u00fcle. President Ilves juhtis vestluses t\u00e4helepanu luua \u201cTiigrikaitse programm, mis turvaks meid k\u00f5iki k\u00fcberr\u00fcnnakute eest.\u201d Sellest tulenevalt saime kinnitust, et K\u00fcber ja Tiiger sobiksid omavahel t\u00f5esti h\u00e4sti kokku.<\/p>\n<p style=\"text-align: justify;\">Samuti tundsime, et tiiger kaslaste sugukonna esindajana kirjeldab h\u00e4sti K\u00fcberakadeemias osalenud t\u00fcdrukuid. Tiiger on tugev, kiire ja intelligentne, kuid samas n\u00f5tke ja kaval. Need omadused on vajalikud ja n\u00f5utavad ka k\u00fcberturbe vallas tegutsedes.<\/p>\n<p style=\"text-align: justify;\">K\u00fcberTiigrid \u2013 julged ja enesekindlad t\u00fcdrukud, kes m\u00f5istavad k\u00fcbertarkuseid ning oskavad kaitsta end ja digis\u00fcsteeme k\u00fcberohtude eest.<\/p>\n<p style=\"text-align: justify;\">\nAllikad:<br>\n<a href=\"https:\/\/kompass.harno.ee\/tiigrihupe\/algus\/\" target=\"_blank\" rel=\"noopener\">https:\/\/kompass.harno.ee\/tiigrihupe\/algus\/<\/a><br>\nhttps:\/\/vp2006-2016.president.ee\/et\/meediakajastus\/pressiteated\/256-pres\u2026<\/p>\n","protected":false},"excerpt":{"rendered":"<p>Uurimisprojektile nime valides oli meie \u00fcheks sooviks, et see peegeldaks 2022. aastal K\u00fcberakadeemias osalenud t\u00fctarlaste olemust. Kui nime esimese osa \u2013 k\u00fcber \u2013 aluseks on enesestm\u00f5istetavalt s\u00f5na \u201ck\u00fcberturve\u201d, millele K\u00fcberakadeemia keskendus, siis selgusetuks v\u00f5ib j\u00e4\u00e4da, miks sai nime teiseks osaks &#8230;<\/p>\n","protected":false},"author":318,"featured_media":0,"parent":0,"menu_order":0,"comment_status":"closed","ping_status":"closed","template":"","meta":{"_acf_changed":false,"inline_featured_image":false,"footnotes":""},"class_list":["post-11","page","type-page","status-publish","hentry"],"acf":[],"_links":{"self":[{"href":"https:\/\/sisu.ut.ee\/kybertiigrid\/wp-json\/wp\/v2\/pages\/11","targetHints":{"allow":["GET"]}}],"collection":[{"href":"https:\/\/sisu.ut.ee\/kybertiigrid\/wp-json\/wp\/v2\/pages"}],"about":[{"href":"https:\/\/sisu.ut.ee\/kybertiigrid\/wp-json\/wp\/v2\/types\/page"}],"author":[{"embeddable":true,"href":"https:\/\/sisu.ut.ee\/kybertiigrid\/wp-json\/wp\/v2\/users\/318"}],"replies":[{"embeddable":true,"href":"https:\/\/sisu.ut.ee\/kybertiigrid\/wp-json\/wp\/v2\/comments?post=11"}],"version-history":[{"count":2,"href":"https:\/\/sisu.ut.ee\/kybertiigrid\/wp-json\/wp\/v2\/pages\/11\/revisions"}],"predecessor-version":[{"id":57,"href":"https:\/\/sisu.ut.ee\/kybertiigrid\/wp-json\/wp\/v2\/pages\/11\/revisions\/57"}],"wp:attachment":[{"href":"https:\/\/sisu.ut.ee\/kybertiigrid\/wp-json\/wp\/v2\/media?parent=11"}],"curies":[{"name":"wp","href":"https:\/\/api.w.org\/{rel}","templated":true}]}}