{"id":23,"date":"2024-04-04T08:10:45","date_gmt":"2024-04-04T05:10:45","guid":{"rendered":"https:\/\/sisu.ut.ee\/kliimateadlik\/projekt\/"},"modified":"2024-04-04T08:14:12","modified_gmt":"2024-04-04T05:14:12","slug":"projekt","status":"publish","type":"page","link":"https:\/\/sisu.ut.ee\/kliimateadlik\/projekt\/","title":{"rendered":"Projekt"},"content":{"rendered":"<p>\n\t<strong>S\u00fcsteemne ja teadusp\u00f5hine haridus<\/strong> aitab m\u00f5ista ja pehmendada kliimakriisi m\u00f5ju. See v\u00f5imestab inimesi teadmiste, oskuste, v\u00e4\u00e4rtuste ja hoiakutega, mis on vajalikud, et nad saaks olla muutustes aktiivsed osalised ja v\u00e4hendada kliimamuutuste negatiivseid tagaj\u00e4rgi. Projekti k\u00e4igus t\u00f6\u00f6tatakse v\u00e4lja strateegiad, et eesti hariduss\u00fcsteemis oleks \u00f5pilastel v\u00f5imalik kujuneda kliimateadlikeks inimesteks. Selleks anal\u00fc\u00fcsitakse ja m\u00f5\u00f5detakse \u00f5pilaste praegusi teadmisi, oskusi ja hoiakuid kliimamuutusest arusaamise, kliimamuutuste leevendamise ning nendega kohanemise osas. Samuti anal\u00fc\u00fcsitakse olemasolevaid \u00f5ppevahendeid ja strateegiaid. Fookuses on k\u00f5igi \u00f5ppetasemete ja \u00f5ppeainete \u00f5petajate koolitused nii erialaste kui \u00fcldoskuste osas kliimateadlikkust silmas pidades. \u00d5petajad kaasatakse ka uute \u00f5ppevahendite loomisse ja koolitatakse v\u00e4lja, et projektis koondatud teadmine j\u00f5uaks koolides \u00f5petamiseni.\n<\/p>\n<h4>\n\tProjekti tegevused:<br>\n<\/h4>\n<ul>\n<li>\n\t\tkliimamuutuste m\u00f5ju leevendamise ja kohanemise \u00f5petamise strateegiate v\u00e4lja t\u00f6\u00f6tamine\n\t<\/li>\n<li>\n\t\tkliimamuutuste m\u00f5ju leevendamise ja kohanemise alaste \u00f5ppevahendite koostamine\n\t<\/li>\n<li>\n\t\tkoostatud \u00f5ppevahendite kasutuselev\u00f5tu toetamine v\u00e4hemalt kolmek\u00fcmnes haridusasutuses\n\t<\/li>\n<li>\n\t\tkoolitusmaterjalide koostamine ja t\u00e4ienduskoolituste l\u00e4biviimine\n\t<\/li>\n<li>\n\t\thindamisvahendite loomine kliimateadlikkuse hindamiseks\n\t<\/li>\n<\/ul>\n<p>\n\tProjekti juhib <strong>Tartu \u00dclikooli f\u00fc\u00fcsika instituut<\/strong>, tegevusse on kaasatud <strong>Tallinna \u00dclikool<\/strong> ja uurimisr\u00fchm <strong>Seemik<\/strong>, <strong>Eesti Maa\u00fclikool<\/strong>, <strong>Tartu \u00dclikoolist Narva kolled\u017e<\/strong>, <strong>Skytte instituut<\/strong>, <strong>Tartu observatoorium<\/strong>, <strong>\u00f5petajate seminar<\/strong> ja <strong>loodushariduskeskus<\/strong>, <strong>Norra Bergeni \u00dclikooli muuseum<\/strong> ning palju v\u00e4liseid eksperte.<\/p>\n","protected":false},"excerpt":{"rendered":"<p>S\u00fcsteemne ja teadusp\u00f5hine haridus aitab m\u00f5ista ja pehmendada kliimakriisi m\u00f5ju. See v\u00f5imestab inimesi teadmiste, oskuste, v\u00e4\u00e4rtuste ja hoiakutega, mis on vajalikud, et nad saaks olla muutustes aktiivsed osalised ja v\u00e4hendada kliimamuutuste negatiivseid tagaj\u00e4rgi. Projekti k\u00e4igus t\u00f6\u00f6tatakse v\u00e4lja strateegiad, et eesti &#8230;<\/p>\n","protected":false},"author":287,"featured_media":0,"parent":0,"menu_order":0,"comment_status":"closed","ping_status":"closed","template":"","meta":{"_acf_changed":false,"inline_featured_image":false,"footnotes":""},"class_list":["post-23","page","type-page","status-publish","hentry"],"acf":[],"_links":{"self":[{"href":"https:\/\/sisu.ut.ee\/kliimateadlik\/wp-json\/wp\/v2\/pages\/23","targetHints":{"allow":["GET"]}}],"collection":[{"href":"https:\/\/sisu.ut.ee\/kliimateadlik\/wp-json\/wp\/v2\/pages"}],"about":[{"href":"https:\/\/sisu.ut.ee\/kliimateadlik\/wp-json\/wp\/v2\/types\/page"}],"author":[{"embeddable":true,"href":"https:\/\/sisu.ut.ee\/kliimateadlik\/wp-json\/wp\/v2\/users\/287"}],"replies":[{"embeddable":true,"href":"https:\/\/sisu.ut.ee\/kliimateadlik\/wp-json\/wp\/v2\/comments?post=23"}],"version-history":[{"count":1,"href":"https:\/\/sisu.ut.ee\/kliimateadlik\/wp-json\/wp\/v2\/pages\/23\/revisions"}],"predecessor-version":[{"id":136,"href":"https:\/\/sisu.ut.ee\/kliimateadlik\/wp-json\/wp\/v2\/pages\/23\/revisions\/136"}],"wp:attachment":[{"href":"https:\/\/sisu.ut.ee\/kliimateadlik\/wp-json\/wp\/v2\/media?parent=23"}],"curies":[{"name":"wp","href":"https:\/\/api.w.org\/{rel}","templated":true}]}}