{"id":19,"date":"2024-04-04T08:10:44","date_gmt":"2024-04-04T05:10:44","guid":{"rendered":"https:\/\/sisu.ut.ee\/kliimateadlik\/avaleht\/"},"modified":"2024-04-18T20:18:53","modified_gmt":"2024-04-18T17:18:53","slug":"avaleht","status":"publish","type":"page","link":"https:\/\/sisu.ut.ee\/kliimateadlik\/","title":{"rendered":"Avaleht"},"content":{"rendered":"<ul class=\"wp-block-social-links aligncenter is-content-justification-right is-layout-flex wp-container-core-social-links-is-layout-765c4724 wp-block-social-links-is-layout-flex\"><li class=\"wp-social-link wp-social-link-instagram  wp-block-social-link\"><a href=\"https:\/\/www.instagram.com\/kliimateadlik\/\" class=\"wp-block-social-link-anchor\"><svg width=\"24\" height=\"24\" viewbox=\"0 0 24 24\" version=\"1.1\" xmlns=\"http:\/\/www.w3.org\/2000\/svg\" aria-hidden=\"true\" focusable=\"false\"><path d=\"M12,4.622c2.403,0,2.688,0.009,3.637,0.052c0.877,0.04,1.354,0.187,1.671,0.31c0.42,0.163,0.72,0.358,1.035,0.673 c0.315,0.315,0.51,0.615,0.673,1.035c0.123,0.317,0.27,0.794,0.31,1.671c0.043,0.949,0.052,1.234,0.052,3.637 s-0.009,2.688-0.052,3.637c-0.04,0.877-0.187,1.354-0.31,1.671c-0.163,0.42-0.358,0.72-0.673,1.035 c-0.315,0.315-0.615,0.51-1.035,0.673c-0.317,0.123-0.794,0.27-1.671,0.31c-0.949,0.043-1.233,0.052-3.637,0.052 s-2.688-0.009-3.637-0.052c-0.877-0.04-1.354-0.187-1.671-0.31c-0.42-0.163-0.72-0.358-1.035-0.673 c-0.315-0.315-0.51-0.615-0.673-1.035c-0.123-0.317-0.27-0.794-0.31-1.671C4.631,14.688,4.622,14.403,4.622,12 s0.009-2.688,0.052-3.637c0.04-0.877,0.187-1.354,0.31-1.671c0.163-0.42,0.358-0.72,0.673-1.035 c0.315-0.315,0.615-0.51,1.035-0.673c0.317-0.123,0.794-0.27,1.671-0.31C9.312,4.631,9.597,4.622,12,4.622 M12,3 C9.556,3,9.249,3.01,8.289,3.054C7.331,3.098,6.677,3.25,6.105,3.472C5.513,3.702,5.011,4.01,4.511,4.511 c-0.5,0.5-0.808,1.002-1.038,1.594C3.25,6.677,3.098,7.331,3.054,8.289C3.01,9.249,3,9.556,3,12c0,2.444,0.01,2.751,0.054,3.711 c0.044,0.958,0.196,1.612,0.418,2.185c0.23,0.592,0.538,1.094,1.038,1.594c0.5,0.5,1.002,0.808,1.594,1.038 c0.572,0.222,1.227,0.375,2.185,0.418C9.249,20.99,9.556,21,12,21s2.751-0.01,3.711-0.054c0.958-0.044,1.612-0.196,2.185-0.418 c0.592-0.23,1.094-0.538,1.594-1.038c0.5-0.5,0.808-1.002,1.038-1.594c0.222-0.572,0.375-1.227,0.418-2.185 C20.99,14.751,21,14.444,21,12s-0.01-2.751-0.054-3.711c-0.044-0.958-0.196-1.612-0.418-2.185c-0.23-0.592-0.538-1.094-1.038-1.594 c-0.5-0.5-1.002-0.808-1.594-1.038c-0.572-0.222-1.227-0.375-2.185-0.418C14.751,3.01,14.444,3,12,3L12,3z M12,7.378 c-2.552,0-4.622,2.069-4.622,4.622S9.448,16.622,12,16.622s4.622-2.069,4.622-4.622S14.552,7.378,12,7.378z M12,15 c-1.657,0-3-1.343-3-3s1.343-3,3-3s3,1.343,3,3S13.657,15,12,15z M16.804,6.116c-0.596,0-1.08,0.484-1.08,1.08 s0.484,1.08,1.08,1.08c0.596,0,1.08-0.484,1.08-1.08S17.401,6.116,16.804,6.116z\"><\/path><\/svg><span class=\"wp-block-social-link-label screen-reader-text\">Instagram<\/span><\/a><\/li>\n\n<li class=\"wp-social-link wp-social-link-facebook  wp-block-social-link\"><a href=\"https:\/\/www.facebook.com\/people\/Kliimateadlik\/100088885623519\/\" class=\"wp-block-social-link-anchor\"><svg width=\"24\" height=\"24\" viewbox=\"0 0 24 24\" version=\"1.1\" xmlns=\"http:\/\/www.w3.org\/2000\/svg\" aria-hidden=\"true\" focusable=\"false\"><path d=\"M12 2C6.5 2 2 6.5 2 12c0 5 3.7 9.1 8.4 9.9v-7H7.9V12h2.5V9.8c0-2.5 1.5-3.9 3.8-3.9 1.1 0 2.2.2 2.2.2v2.5h-1.3c-1.2 0-1.6.8-1.6 1.6V12h2.8l-.4 2.9h-2.3v7C18.3 21.1 22 17 22 12c0-5.5-4.5-10-10-10z\"><\/path><\/svg><span class=\"wp-block-social-link-label screen-reader-text\">Kliimateadlik Facebook<\/span><\/a><\/li><\/ul>\n\n\n\n<p class=\"has-text-align-center\"><em><strong>Kliimateadlik muudab \u00fchiskonda, mitte kliimat<\/strong><\/em><\/p>\n\n\n\n<p class=\"has-light-background-color has-background has-regular-font-size\"><em>Kliimamuutus!? On see m\u00fc\u00fct v\u00f5i tegelikkus? Kas minust ka midagi s\u00f5ltub? Kuidas see meid m\u00f5jutab? Kas v\u00f5idelda kliimamuutuse vastu v\u00f5i muutustega kohaneda? Mis on kliima\u00e4revus?<\/em><\/p>\n\n\n\n<blockquote class=\"wp-block-quote is-layout-flow wp-block-quote-is-layout-flow\">\n<p><strong>Projekt\u00a0\u201cKliimateadlikkus koolist \u00fchiskonda: laste, noorte ja \u00f5petajate v\u00f5imestamine kliimamuutuste m\u00f5jude v\u00e4hendamiseks\u201d on j\u00f5udnud l\u00f5pusirgele\u00a0ning huvilistel on v\u00f5imalus osa v\u00f5tta\u00a0l\u00f5pukonverentsist, mis toimub\u00a03. aprillil 2024 Tartus, aadressil Kreutzwaldi 1a (9.00 \u2013 17.30). L\u00f5pukonverentsile saad ennast registreerida <a title=\"\" href=\"https:\/\/sisu.ut.ee\/kliimateadlik\/koolitused#tartu\" target=\"_blank\" rel=\"noopener\" data-url=\"https:\/\/sisu.ut.ee\/kliimateadlik\/koolitused#tartu\" data-cke-saved-href=\"https:\/\/sisu.ut.ee\/kliimateadlik\/koolitused#tartu\">siin<\/a>.<\/strong><\/p>\n\n\n\n<p>L\u00f5pukonverentsil tutvustatakse loodud \u00f5ppevara, lisaks saavad s\u00f5na\u00a0T\u00dc kliimateaduste professor Piia Post, EM\u00dc kinnisvara- ja maakorralduse professor Evelin J\u00fcrgenson, T\u00dc kliimaf\u00fc\u00fcsika kaasprofessor Velle Toll, TL\u00dc haridusps\u00fchholoogia teadur\u00a0Grete Arro, keskkonnaliikumise Fridays for Future Eesti eestvedaja Kertu Birgit Anton ja\u00a0KLIIMATEADLIKe t\u00f6\u00f6gruppide juhid. Haridus- ja teadus- ning kliimaministeerumi eest r\u00e4\u00e4gib \u00dclle Napa.<\/p>\n<\/blockquote>\n\n\n\n<figure class=\"wp-block-image alignleft size-large is-resized\"><img loading=\"lazy\" decoding=\"async\" width=\"1024\" height=\"768\" src=\"https:\/\/sisu.ut.ee\/wp-content\/uploads\/sites\/582\/inbound628385229163586630-1024x768.jpg\" alt=\"\" class=\"wp-image-92\" style=\"width:319px;height:auto\" srcset=\"https:\/\/sisu.ut.ee\/wp-content\/uploads\/sites\/582\/inbound628385229163586630-1024x768.jpg 1024w, https:\/\/sisu.ut.ee\/wp-content\/uploads\/sites\/582\/inbound628385229163586630-300x225.jpg 300w, https:\/\/sisu.ut.ee\/wp-content\/uploads\/sites\/582\/inbound628385229163586630-768x576.jpg 768w, https:\/\/sisu.ut.ee\/wp-content\/uploads\/sites\/582\/inbound628385229163586630-1536x1152.jpg 1536w, https:\/\/sisu.ut.ee\/wp-content\/uploads\/sites\/582\/inbound628385229163586630-2048x1536.jpg 2048w, https:\/\/sisu.ut.ee\/wp-content\/uploads\/sites\/582\/inbound628385229163586630-1920x1440.jpg 1920w\" sizes=\"auto, (max-width: 1024px) 100vw, 1024px\"><\/figure>\n\n\n\n<p class=\"has-text-align-left\">Kliimamuutused ohustavad\u00a0meid \u00fcmbritsevat loodust\u00a0ja inim\u00fchiskonda.\u00a0Tulemuslik v\u00f5itlus kliimamuutustega algab kliimateadlikkusest: arusaamast globaalse soojenemise p\u00f5hjustest ning\u00a0oskustest inimtekkeliste kasvuhoonegaaside heitkoguseid\u00a0v\u00e4hendada\u00a0ja\u00a0kliimamuutusteks valmistuda.\u00a0Haridus on kliimamuutuste m\u00f5jude v\u00e4hendamisel m\u00e4\u00e4rava t\u00e4htsusega.\u00a0Projekti p\u00f5hieesm\u00e4rk on suurendada Eesti \u00fchiskonna kliimateadlikkust s\u00fcsteemse kliimahariduse kaudu k\u00f5igil haridusastmetel.<\/p>\n\n\n\n<p>Selleks loome kliimaharidusliku programmi, mis k\u00e4sitleb globaalse soojenemise p\u00f5hjuseid, kliimamuutuste m\u00f5jusid loodusele ja inim\u00fchiskonnale ning arendab oskusi kliimamuutuse leevendamiseks ja selle m\u00f5judega kohanemiseks. Kliimaharidus kujundab kliimahoidlikke v\u00e4\u00e4rtushinnanguid, toetades s\u00e4\u00e4stlikku arengut v\u00e4\u00e4rtustava kliimakindla ja kliimas\u00f5braliku \u00fchiskonna loomist. Loome kliimahariduse strateegiad, kaasaegsed teadusp\u00f5hised \u00f5ppematerjalid ja toetame kliimahariduse juurutamist haridusasutustes.\u00a0<\/p>\n\n\n\n<p>Projekti \u201eKliimateadlikkus koolist \u00fchiskonda: laste, noorte ja \u00f5petajate v\u00f5imestamine kliimamuutuste m\u00f5jude v\u00e4hendamiseks\u201c partnerid on Tartu \u00dclikool, Eesti Maa\u00fclikool, Tallinna \u00dclikool ja Bergeni \u00dclikool Loodusmuuseum Norras.<\/p>\n\n\n\n<p><em>Projekti rahastatakse Euroopa Majanduspiirkonna Finantsmehhanismi 2014\u22122021 programmi \u201eKliimamuutuste leevendamine ja nendega kohanemine\u201c avatud taotlusvoorust \u201eKliimateadlikkuse suurendamine\u201c.<\/em><\/p>\n\n\n\n<figure class=\"wp-block-image aligncenter size-large is-resized\"><img loading=\"lazy\" decoding=\"async\" width=\"1024\" height=\"718\" src=\"https:\/\/sisu.ut.ee\/wp-content\/uploads\/sites\/582\/eea_grants4x-1024x718.png\" alt=\"\" class=\"wp-image-46\" style=\"width:234px;height:auto\" srcset=\"https:\/\/sisu.ut.ee\/wp-content\/uploads\/sites\/582\/eea_grants4x-1024x718.png 1024w, https:\/\/sisu.ut.ee\/wp-content\/uploads\/sites\/582\/eea_grants4x-300x210.png 300w, https:\/\/sisu.ut.ee\/wp-content\/uploads\/sites\/582\/eea_grants4x-768x538.png 768w, https:\/\/sisu.ut.ee\/wp-content\/uploads\/sites\/582\/eea_grants4x-1536x1076.png 1536w, https:\/\/sisu.ut.ee\/wp-content\/uploads\/sites\/582\/eea_grants4x.png 1674w\" sizes=\"auto, (max-width: 1024px) 100vw, 1024px\"><\/figure>\n","protected":false},"excerpt":{"rendered":"<p>Kliimateadlik muudab \u00fchiskonda, mitte kliimat Kliimamuutus!? On see m\u00fc\u00fct v\u00f5i tegelikkus? Kas minust ka midagi s\u00f5ltub? Kuidas see meid m\u00f5jutab? Kas v\u00f5idelda kliimamuutuse vastu v\u00f5i muutustega kohaneda? Mis on kliima\u00e4revus? Projekt\u00a0\u201cKliimateadlikkus koolist \u00fchiskonda: laste, noorte ja \u00f5petajate v\u00f5imestamine kliimamuutuste m\u00f5jude &#8230;<\/p>\n","protected":false},"author":287,"featured_media":0,"parent":0,"menu_order":0,"comment_status":"closed","ping_status":"closed","template":"","meta":{"_acf_changed":false,"inline_featured_image":false,"footnotes":""},"class_list":["post-19","page","type-page","status-publish","hentry"],"acf":[],"_links":{"self":[{"href":"https:\/\/sisu.ut.ee\/kliimateadlik\/wp-json\/wp\/v2\/pages\/19","targetHints":{"allow":["GET"]}}],"collection":[{"href":"https:\/\/sisu.ut.ee\/kliimateadlik\/wp-json\/wp\/v2\/pages"}],"about":[{"href":"https:\/\/sisu.ut.ee\/kliimateadlik\/wp-json\/wp\/v2\/types\/page"}],"author":[{"embeddable":true,"href":"https:\/\/sisu.ut.ee\/kliimateadlik\/wp-json\/wp\/v2\/users\/287"}],"replies":[{"embeddable":true,"href":"https:\/\/sisu.ut.ee\/kliimateadlik\/wp-json\/wp\/v2\/comments?post=19"}],"version-history":[{"count":12,"href":"https:\/\/sisu.ut.ee\/kliimateadlik\/wp-json\/wp\/v2\/pages\/19\/revisions"}],"predecessor-version":[{"id":294,"href":"https:\/\/sisu.ut.ee\/kliimateadlik\/wp-json\/wp\/v2\/pages\/19\/revisions\/294"}],"wp:attachment":[{"href":"https:\/\/sisu.ut.ee\/kliimateadlik\/wp-json\/wp\/v2\/media?parent=19"}],"curies":[{"name":"wp","href":"https:\/\/api.w.org\/{rel}","templated":true}]}}