{"id":18,"date":"2024-04-04T08:10:44","date_gmt":"2024-04-04T05:10:44","guid":{"rendered":"https:\/\/sisu.ut.ee\/kliimateadlik\/koolitused\/"},"modified":"2024-04-18T13:45:56","modified_gmt":"2024-04-18T10:45:56","slug":"koolitused","status":"publish","type":"page","link":"https:\/\/sisu.ut.ee\/kliimateadlik\/koolitused\/","title":{"rendered":"\u201eLaste ja noorte kliimateadlikkuse kujundamine\u201c koolitused 2024.aastal Rakveres, P\u00e4rnus, Tallinnas ja Tartus (1 EAP)"},"content":{"rendered":"<p>\n\t<span><span>Koolitus on m\u00f5eldud k\u00f5ikidele \u00f5petajatele \u00fcldhariduse erinevatel astmetel, samuti koolieelsete lasteasutuste \u00f5petajatele ning huvihariduses ja keskkonnahariduskeskustes tegutsevatele \u00f5petajatele. Koolitusel tutvustatakse valminud kliimahariduslikke \u00f5ppematerjale koos metoodiliste juhistega materjalide parimaks kasutamiseks.<\/span><\/span><\/p>\n<p>Koolituse eesm\u00e4rk on toetada s\u00e4\u00e4stlikku arengut v\u00e4\u00e4rtustava kliimakindla ja kliimas\u00f5braliku \u00fchiskonna loomist kujundades eri haridusastmete \u00f5petajate kliimahoidlikke teadmisi, oskusi ja v\u00e4\u00e4rtushoiakuid, \u00f5petamaks lapsi.<br>\u00a0\n<\/p>\n<p>\n\t<strong><span style=\"font-size:20px\">Koolitusele registreerumine<\/span><\/strong>\n<\/p>\n<p style=\"margin-top:0px;margin-bottom:1rem;text-align:left\">\n\t<span><span><span style=\"color:#212529\"><span style=\"sans-serif\"><span style=\"font-style:normal\"><span><span><span style=\"font-weight:300\"><span style=\"letter-spacing:normal\"><span><span style=\"text-transform:none\"><span><span><span><span style=\"background-color:#ffffff\"><span><span><span><strong style=\"font-weight:700\"><span>Palume \u00d5ISis koolitusele registreerimisel j\u00e4lgida sihtgruppi ja auditoorse \u00f5ppet\u00f6\u00f6 toimumise asukohta!<\/span><\/strong><br><span>Grupi t\u00e4itumisel ootenimekirja registreerumiseks palun kirjutage aadressile\u00a0<\/span><a href=\"mailto:merilin.piirmann@ut.ee\" style=\"color:#1976d2;text-decoration:none\"><span>merilin.piirmann@ut.ee<\/span><\/a><\/span><\/span><\/span><\/span><\/span><\/span><\/span><\/span><\/span><\/span><\/span><\/span><\/span><\/span><\/span><\/span><\/span><\/span>\n<\/p>\n<table class=\"table table-hover\" border=\"1\" cellpadding=\"10\" cellspacing=\"0\" style=\"width: 800px\">\n<tbody>\n<tr>\n<td>\n<p>\n\t\t\t\t\t<span style=\"color:#006600\"><strong>Koolitus koosneb kolmest osast:<\/strong><\/span>\n\t\t\t\t<\/p>\n<p>\n\t\t\t\t\t<span style=\"color:#006600\">1. osa iseseisev e-\u00f5pe moodle\u00b4s (6 h), moodle avaneb \u00f5ppijale 15.02.24<\/span>\n\t\t\t\t<\/p>\n<p>\n\t\t\t\t\t<span style=\"color:#006600\">2. osa auditoorne \u00f5pe (8 h) (Rakvere, P\u00e4rnu, Tallinn, Tartu)<\/span>\n\t\t\t\t<\/p>\n<p>\n\t\t\t\t\t<span style=\"color:#006600\">3. osa reflektsioon moodle\u00b4s (12 h), moodle\u2019i reflektsiooni osa avaneb \u00f5ppijale peale auditoorset koolitusp\u00e4eva ning on avatud\u00a0kuni 19.04.24<\/span>\n\t\t\t\t<\/p>\n<\/td>\n<\/tr>\n<\/tbody>\n<\/table>\n<p>\n\t\u00a0\n<\/p>\n<table class=\"table table-hover\" border=\"1\" cellpadding=\"5\" cellspacing=\"0\" style=\"border-collapse: collapse;font-style: normal;font-weight: 300;letter-spacing: normal;text-align: left;text-transform: none;width: 800px\">\n<tbody>\n<tr>\n<td>\n<p>\n\t\t\t\t\t<strong style=\"font-weight:700;background-color:#ffffff\">KUUP\u00c4EV<\/strong><br>\u00a0\n\t\t\t\t<\/p>\n<\/td>\n<td>\n<p>\n\t\t\t\t\t<strong style=\"font-weight:700;background-color:#ffffff\">KOOLITUS<\/strong><br><strong>(NB! Ajakava vaatamiseks ja registreerumiseks kliki lingil)<\/strong>\n\t\t\t\t<\/p>\n<\/td>\n<td>\n<p>\n\t\t\t\t\t<strong style=\"font-weight:700;background-color:#ffffff\">SIHTR\u00dcHM<\/strong><br>\u00a0\n\t\t\t\t<\/p>\n<\/td>\n<\/tr>\n<tr>\n<td>\n\t\t\t\t<strong style=\"font-weight:700;background-color:#ffffff\">RAKVERE<\/strong>\n\t\t\t<\/td>\n<td style=\"background-color:#ffffff\">\n\t\t\t\t<em style=\"background-color:#ffffff\"><strong style=\"font-weight:700\">Rakvere\u00a0<span>Riigig\u00fcmnaasiumis, aadressil Lai 36<\/span><\/strong><\/em>\n\t\t\t<\/td>\n<td style=\"background-color:#ffffff\">\n\t\t\t\t\u00a0\n\t\t\t<\/td>\n<\/tr>\n<tr>\n<td style=\"background-color:#ffffff\">\n\t\t\t\t29.02.2024\n\t\t\t<\/td>\n<td>\n\t\t\t\t<a href=\"https:\/\/www.is.ut.ee\/pls\/ois\/!tere.tulemast?leht=OK.AY.VP&amp;id_ay_programm=55724&amp;id_ay_toimumine=70995&amp;systeemi_seaded=10,1,12,1,\" rel=\"noopener noreferrer\" style=\"color:#1976d2;text-decoration:none;background-color:#ffffff\" target=\"_blank\">Laste ja noorte kliimateadlikkuse kujundamine (alushariduses)<\/a>\n\t\t\t<\/td>\n<td style=\"background-color:#ffffff\">\n\t\t\t\tKoolieelse lasteasutuse\u00a0\u00f5petajad\n\t\t\t<\/td>\n<\/tr>\n<tr>\n<td style=\"background-color:#ffffff\">\n\t\t\t\t29.02.2024\n\t\t\t<\/td>\n<td>\n\t\t\t\t<a href=\"https:\/\/www.is.ut.ee\/pls\/ois\/!tere.tulemast?leht=OK.AY.VP&amp;id_ay_programm=55726&amp;id_ay_toimumine=71001&amp;systeemi_seaded=10,1,12,1,\" rel=\"noopener noreferrer\" style=\"color:#1976d2;text-decoration:none;background-color:#ffffff\" target=\"_blank\">Laste ja noorte kliimateadlikkuse kujundamine (p\u00f5hikooli II ja III kooliaste)<\/a>\n\t\t\t<\/td>\n<td style=\"background-color:#ffffff\">\n\t\t\t\tP\u00f5hikooli II ja III kooliastme \u00f5petajad\n\t\t\t<\/td>\n<\/tr>\n<tr>\n<td style=\"background-color:#ffffff\">\n\t\t\t\t29.02.2024\n\t\t\t<\/td>\n<td>\n\t\t\t\t<a href=\"https:\/\/www.is.ut.ee\/pls\/ois\/!tere.tulemast?leht=OK.AY.VP&amp;id_ay_programm=55727&amp;id_ay_toimumine=71005&amp;systeemi_seaded=10,1,12,1,\" rel=\"noopener noreferrer\" style=\"color:#1976d2;text-decoration:none;background-color:#ffffff\" target=\"_blank\">Laste ja noorte kliimateadlikkuse kujundamine (g\u00fcmnaasiumiastmes)<\/a>\n\t\t\t<\/td>\n<td style=\"background-color:#ffffff\">\n\t\t\t\tG\u00fcmnaasiumi\u00f5petajad\n\t\t\t<\/td>\n<\/tr>\n<tr>\n<td style=\"background-color:#ffffff\">\n\t\t\t\t\u00a0\n\t\t\t<\/td>\n<td style=\"background-color:#ffffff\">\n\t\t\t\t\u00a0\n\t\t\t<\/td>\n<td style=\"background-color:#ffffff\">\n\t\t\t\t\u00a0\n\t\t\t<\/td>\n<\/tr>\n<tr>\n<td>\n\t\t\t\t<strong style=\"font-weight:700;background-color:#ffffff\">P\u00c4RNU<\/strong>\n\t\t\t<\/td>\n<td style=\"background-color:#ffffff\">\n\t\t\t\t<em style=\"background-color:#ffffff\"><strong style=\"font-weight:700\"><span><span><span>Tartu \u00dclikooli P\u00e4rnu kolled\u017eis, aadressil Ringi 35<\/span><\/span><\/span><\/strong><\/em>\n\t\t\t<\/td>\n<td style=\"background-color:#ffffff\">\n\t\t\t\t\u00a0\n\t\t\t<\/td>\n<\/tr>\n<tr>\n<td style=\"background-color:#ffffff\">\n\t\t\t\t05.03.2024\n\t\t\t<\/td>\n<td>\n\t\t\t\t<a href=\"https:\/\/www.is.ut.ee\/pls\/ois\/!tere.tulemast?leht=OK.AY.VP&amp;id_ay_programm=55725&amp;id_ay_toimumine=70998&amp;systeemi_seaded=10,1,12,1,\" rel=\"noopener noreferrer\" style=\"color:#1976d2;text-decoration:none;background-color:#ffffff\" target=\"_blank\">Laste ja noorte kliimateadlikkuse kujundamine (p\u00f5hikooli I kooliastmes)<\/a>\n\t\t\t<\/td>\n<td style=\"background-color:#ffffff\">\n\t\t\t\tP\u00f5hikooli I kooliastme \u00f5petajad\n\t\t\t<\/td>\n<\/tr>\n<tr>\n<td style=\"background-color:#ffffff\">\n\t\t\t\t05.03.2024\n\t\t\t<\/td>\n<td>\n\t\t\t\t<a href=\"https:\/\/www.is.ut.ee\/pls\/ois\/!tere.tulemast?leht=OK.AY.VP&amp;id_ay_programm=55727&amp;id_ay_toimumine=71006&amp;systeemi_seaded=10,1,12,1,\" rel=\"noopener noreferrer\" style=\"color:#1976d2;text-decoration:none;background-color:#ffffff\" target=\"_blank\">Laste ja noorte kliimateadlikkuse kujundamine (g\u00fcmnaasiumiastmes)<\/a>\n\t\t\t<\/td>\n<td style=\"background-color:#ffffff\">\n\t\t\t\tG\u00fcmnaasiumi\u00f5petajad\n\t\t\t<\/td>\n<\/tr>\n<tr>\n<td style=\"background-color:#ffffff\">\n\t\t\t\t05.03.2024\n\t\t\t<\/td>\n<td>\n\t\t\t\t<a href=\"https:\/\/www.is.ut.ee\/pls\/ois\/!tere.tulemast?leht=OK.AY.VP&amp;id_ay_programm=55728&amp;id_ay_toimumine=71009&amp;systeemi_seaded=10,1,12,1,\" rel=\"noopener noreferrer\" style=\"color:#1976d2;text-decoration:none;background-color:#ffffff\" target=\"_blank\">Laste ja noorte kliimateadlikkuse kujundamine (huvihariduses)<\/a>\n\t\t\t<\/td>\n<td style=\"background-color:#ffffff\">\n\t\t\t\tHuvihariduse \u00f5petajad\n\t\t\t<\/td>\n<\/tr>\n<tr>\n<td style=\"background-color:#ffffff\">\n\t\t\t\t\u00a0\n\t\t\t<\/td>\n<td style=\"background-color:#ffffff\">\n\t\t\t\t\u00a0\n\t\t\t<\/td>\n<td style=\"background-color:#ffffff\">\n\t\t\t\t\u00a0\n\t\t\t<\/td>\n<\/tr>\n<tr>\n<td>\n\t\t\t\t<strong style=\"font-weight:700;background-color:#ffffff\">TALLINN<\/strong>\n\t\t\t<\/td>\n<td style=\"background-color:#ffffff\">\n\t\t\t\t<strong style=\"font-weight:700;background-color:#ffffff\"><em><span><span><span>Tallinna \u00dclikooli Mare majas, aadressil Uus-Sadama 5, Tallinn<\/span><\/span><\/span><\/em><\/strong>\n\t\t\t<\/td>\n<td style=\"background-color:#ffffff\">\n\t\t\t\t\u00a0\n\t\t\t<\/td>\n<\/tr>\n<tr>\n<td style=\"background-color:#ffffff\">\n\t\t\t\t20.03.2024\n\t\t\t<\/td>\n<td>\n\t\t\t\t<a href=\"https:\/\/www.is.ut.ee\/pls\/ois\/!tere.tulemast?leht=OK.AY.VP&amp;id_ay_programm=55724&amp;id_ay_toimumine=70996&amp;systeemi_seaded=10,1,12,1,\" rel=\"noopener noreferrer\" style=\"color:#1976d2;text-decoration:none;background-color:#ffffff\" target=\"_blank\">Laste ja noorte kliimateadlikkuse kujundamine (alushariduses)<\/a>\n\t\t\t<\/td>\n<td style=\"background-color:#ffffff\">\n\t\t\t\tKoolieelse lasteasutuse \u00f5petajad\n\t\t\t<\/td>\n<\/tr>\n<tr>\n<td style=\"background-color:#ffffff\">\n\t\t\t\t20.03.2024\n\t\t\t<\/td>\n<td>\n\t\t\t\t<a href=\"https:\/\/www.is.ut.ee\/pls\/ois\/!tere.tulemast?leht=OK.AY.VP&amp;id_ay_programm=55726&amp;id_ay_toimumine=71003&amp;systeemi_seaded=10,1,12,1,\" rel=\"noopener noreferrer\" style=\"color:#1976d2;text-decoration:none;background-color:#ffffff\" target=\"_blank\">Laste ja noorte kliimateadlikkuse kujundamine (p\u00f5hikooli II ja III kooliaste)<\/a>\n\t\t\t<\/td>\n<td style=\"background-color:#ffffff\">\n\t\t\t\tP\u00f5hikooli II ja III kooliastme \u00f5petajad\n\t\t\t<\/td>\n<\/tr>\n<tr>\n<td style=\"background-color:#ffffff\">\n\t\t\t\t20.03.2024\n\t\t\t<\/td>\n<td>\n\t\t\t\t<a href=\"https:\/\/www.is.ut.ee\/pls\/ois\/!tere.tulemast?leht=OK.AY.VP&amp;id_ay_programm=55727&amp;id_ay_toimumine=71007&amp;systeemi_seaded=10,1,12,1,\" rel=\"noopener noreferrer\" style=\"color:#1976d2;text-decoration:none;background-color:#ffffff\" target=\"_blank\">Laste ja noorte kliimateadlikkuse kujundamine (g\u00fcmnaasiumiastmes)<\/a>\n\t\t\t<\/td>\n<td style=\"background-color:#ffffff\">\n\t\t\t\tG\u00fcmnaasiumi\u00f5petajad\n\t\t\t<\/td>\n<\/tr>\n<tr>\n<td style=\"background-color:#ffffff\">\n\t\t\t\t20.03.2024\n\t\t\t<\/td>\n<td>\n\t\t\t\t<a href=\"https:\/\/www.is.ut.ee\/pls\/ois\/!tere.tulemast?leht=OK.AY.VP&amp;id_ay_programm=55728&amp;id_ay_toimumine=71010&amp;systeemi_seaded=10,1,12,1,\" rel=\"noopener noreferrer\" style=\"color:#1976d2;text-decoration:none;background-color:#ffffff\" target=\"_blank\">Laste ja noorte kliimateadlikkuse kujundamine (huvihariduses)<\/a>\n\t\t\t<\/td>\n<td style=\"background-color:#ffffff\">\n\t\t\t\tHuvihariduse \u00f5petajad\n\t\t\t<\/td>\n<\/tr>\n<tr>\n<td style=\"background-color:#ffffff\">\n\t\t\t\t\u00a0\n\t\t\t<\/td>\n<td style=\"background-color:#ffffff\">\n\t\t\t\t\u00a0\n\t\t\t<\/td>\n<td style=\"background-color:#ffffff\">\n\t\t\t\t\u00a0\n\t\t\t<\/td>\n<\/tr>\n<tr>\n<td>\n<p>\n\t\t\t\t\t<strong style=\"font-weight:700;background-color:#ffffff\"><a id=\"tartu\" name=\"tartu\"><\/a>TARTU<\/strong><br>\u00a0\n\t\t\t\t<\/p>\n<\/td>\n<td style=\"background-color:#ffffff\">\n<p>\n\t\t\t\t\t<strong>Projekti \u201eKliimateadlikkus koolist \u00fchiskonda: laste, noorte ja \u00f5petajate v\u00f5imestamine kliimamuutuste m\u00f5jude v\u00e4hendamiseks\u201d l\u00f5pukonverents<\/strong>\n\t\t\t\t<\/p>\n<\/td>\n<td style=\"background-color:#ffffff\">\n\t\t\t\t\u00a0\n\t\t\t<\/td>\n<\/tr>\n<tr>\n<td>\n\t\t\t\t\u00a0\n\t\t\t<\/td>\n<td style=\"background-color:#ffffff\">\n\t\t\t\t<strong style=\"font-weight:700;background-color:#ffffff\"><em><span><span><span>Eesti Maa\u00fclikoolis, aadressil\u00a0<\/span><\/span><\/span><span><span><span><span>Friedrich Reinhold Kreutzwaldi 1a,\u00a0Tartu<\/span><\/span><\/span><\/span><\/em><\/strong>\n\t\t\t<\/td>\n<td style=\"background-color:#ffffff\">\n\t\t\t\t\u00a0\n\t\t\t<\/td>\n<\/tr>\n<tr>\n<td style=\"background-color:#ffffff\">\n\t\t\t\t03.04.2024\n\t\t\t<\/td>\n<td>\n\t\t\t\t<a href=\"https:\/\/www.is.ut.ee\/pls\/ois\/!tere.tulemast?leht=OK.AY.VP&amp;id_ay_programm=55724&amp;id_ay_toimumine=70999&amp;systeemi_seaded=10,1,12,1,\" rel=\"noopener noreferrer\" style=\"color:#1976d2;text-decoration:none;background-color:#ffffff\" target=\"_blank\">Laste ja noorte kliimateadlikkuse kujundamine (alushariduses)<\/a>\n\t\t\t<\/td>\n<td style=\"background-color:#ffffff\">\n\t\t\t\tKoolieelse lasteasutuse \u00f5petajad\n\t\t\t<\/td>\n<\/tr>\n<tr>\n<td style=\"background-color:#ffffff\">\n\t\t\t\t03.04.2024\n\t\t\t<\/td>\n<td>\n\t\t\t\t<a href=\"https:\/\/www.is.ut.ee\/pls\/ois\/!tere.tulemast?leht=OK.AY.VP&amp;id_ay_programm=55725&amp;id_ay_toimumine=71000&amp;systeemi_seaded=10,1,12,1,\" rel=\"noopener noreferrer\" style=\"color:#1976d2;text-decoration:none;background-color:#ffffff\" target=\"_blank\">Laste ja noorte kliimateadlikkuse kujundamine (p\u00f5hikooli I kooliastmes)<\/a>\n\t\t\t<\/td>\n<td style=\"background-color:#ffffff\">\n\t\t\t\tP\u00f5hikooli I kooliastme \u00f5petajad\n\t\t\t<\/td>\n<\/tr>\n<tr>\n<td style=\"background-color:#ffffff\">\n\t\t\t\t03.04.2024\n\t\t\t<\/td>\n<td>\n\t\t\t\t<a href=\"https:\/\/www.is.ut.ee\/pls\/ois\/!tere.tulemast?leht=OK.AY.VP&amp;id_ay_programm=55726&amp;id_ay_toimumine=71004&amp;systeemi_seaded=10,1,12,1,\" rel=\"noopener noreferrer\" target=\"_blank\">Laste ja noorte kliimateadlikkuse kujundamine (p\u00f5hikooli II ja III kooliaste)<\/a>\n\t\t\t<\/td>\n<td style=\"background-color:#ffffff\">\n\t\t\t\tP\u00f5hikooli II ja III kooliastme \u00f5petajad\n\t\t\t<\/td>\n<\/tr>\n<tr>\n<td style=\"background-color:#ffffff\">\n\t\t\t\t03.04.2024\n\t\t\t<\/td>\n<td>\n\t\t\t\t<a href=\"https:\/\/www.is.ut.ee\/pls\/ois\/!tere.tulemast?leht=OK.AY.VP&amp;id_ay_programm=55727&amp;id_ay_toimumine=71008&amp;systeemi_seaded=10,1,12,1,\" rel=\"noopener noreferrer\" style=\"color:#1976d2;text-decoration:none;background-color:#ffffff\" target=\"_blank\">Laste ja noorte kliimateadlikkuse kujundamine (g\u00fcmnaasiumiastmes)<\/a>\n\t\t\t<\/td>\n<td style=\"background-color:#ffffff\">\n\t\t\t\tG\u00fcmnaasiumi\u00f5petajad\n\t\t\t<\/td>\n<\/tr>\n<tr>\n<td style=\"background-color:#ffffff\">\n\t\t\t\t03.04.2024\n\t\t\t<\/td>\n<td>\n\t\t\t\t<a href=\"https:\/\/www.is.ut.ee\/pls\/ois\/!tere.tulemast?leht=OK.AY.VP&amp;id_ay_programm=55728&amp;id_ay_toimumine=71011&amp;systeemi_seaded=10,1,12,1,\" rel=\"noopener noreferrer\" style=\"color:#1976d2;text-decoration:none;background-color:#ffffff\" target=\"_blank\">Laste ja noorte kliimateadlikkuse kujundamine (huvihariduses)<\/a>\n\t\t\t<\/td>\n<td style=\"background-color:#ffffff\">\n\t\t\t\tHuvihariduse \u00f5petajad\n\t\t\t<\/td>\n<\/tr>\n<\/tbody>\n<\/table>\n<p>\n\t\u00a0\n<\/p>\n<p>\n\t<span><span>Koolituste maht on 26 akadeemilist tundi, sellest 8 tundi on auditoorset \u00f5pet, 6 tundi e-\u00f5pet, iseseisev t\u00f6\u00f6 mahus 12 tundi.<\/span><\/span><\/p>\n<p>Auditoorsele koolitusp\u00e4evale eelneb e-\u00f5pe, kus k\u00f5ik osalejad peavad iseseisvalt Moodle keskkonnas tutvuma koolituse \u00f5ppematerjalidega. Moodle keskkonnas avanevad \u00f5ppematerjalid 2 n\u00e4dalat enne auditoorse \u00f5ppet\u00f6\u00f6 p\u00e4eva. Auditoorsele \u00f5ppep\u00e4evale j\u00e4rgneb iseseisev t\u00f6\u00f6, mis seisneb \u00f5piobjektides kirjeldatud tegevuste rakendamises ja oma tegevuse p\u00f5hjal tagasisidek\u00fcsimustiku t\u00e4itmises.<\/p>\n<p>Koolituse k\u00f5igi osade t\u00e4htaegsel l\u00e4bimisel v\u00e4ljastatakse osalejale Tartu \u00dclikooli t\u00e4ienduskoolituse t\u00f5end.<\/p>\n<p>Koolitus toimub Euroopa Majanduspiirkonna Finantsmehhanismi 2014 \u2013 2021 programmi \u201cKliimamuutuste leevendamine ja nendega kohanemine\u201d avatud taotlusvooru \u201cKliimateadlikkuse suurendamine\u201d raames. Koolitus on sihtr\u00fchmas m\u00e4rgitud osalejatele \u00f5ppeteenustasuta.\n<\/p>\n<p><\/p>\n\n\n<div class=\"wp-block-group attached-files-group is-layout-constrained wp-block-group-is-layout-constrained\">\n<div class=\"wp-block-file\"><a id=\"wp-block-file--media-19617022-40ee-4efb-8624-9fda5a05a92c\" href=\"https:\/\/sisu.ut.ee\/wp-content\/uploads\/sites\/582\/nurme_narva.pdf\" target=\"_blank\" rel=\"noreferrer noopener\">P\u00f5llumajandus muutuvas kliimas<\/a><\/div>\n<\/div>\n","protected":false},"excerpt":{"rendered":"<p>Koolitus on m\u00f5eldud k\u00f5ikidele \u00f5petajatele \u00fcldhariduse erinevatel astmetel, samuti koolieelsete lasteasutuste \u00f5petajatele ning huvihariduses ja keskkonnahariduskeskustes tegutsevatele \u00f5petajatele. Koolitusel tutvustatakse valminud kliimahariduslikke \u00f5ppematerjale koos metoodiliste juhistega materjalide parimaks kasutamiseks. Koolituse eesm\u00e4rk on toetada s\u00e4\u00e4stlikku arengut v\u00e4\u00e4rtustava kliimakindla ja kliimas\u00f5braliku \u00fchiskonna &#8230;<\/p>\n","protected":false},"author":287,"featured_media":0,"parent":0,"menu_order":0,"comment_status":"closed","ping_status":"closed","template":"","meta":{"_acf_changed":false,"inline_featured_image":false,"footnotes":""},"class_list":["post-18","page","type-page","status-publish","hentry"],"acf":[],"_links":{"self":[{"href":"https:\/\/sisu.ut.ee\/kliimateadlik\/wp-json\/wp\/v2\/pages\/18","targetHints":{"allow":["GET"]}}],"collection":[{"href":"https:\/\/sisu.ut.ee\/kliimateadlik\/wp-json\/wp\/v2\/pages"}],"about":[{"href":"https:\/\/sisu.ut.ee\/kliimateadlik\/wp-json\/wp\/v2\/types\/page"}],"author":[{"embeddable":true,"href":"https:\/\/sisu.ut.ee\/kliimateadlik\/wp-json\/wp\/v2\/users\/287"}],"replies":[{"embeddable":true,"href":"https:\/\/sisu.ut.ee\/kliimateadlik\/wp-json\/wp\/v2\/comments?post=18"}],"version-history":[{"count":3,"href":"https:\/\/sisu.ut.ee\/kliimateadlik\/wp-json\/wp\/v2\/pages\/18\/revisions"}],"predecessor-version":[{"id":270,"href":"https:\/\/sisu.ut.ee\/kliimateadlik\/wp-json\/wp\/v2\/pages\/18\/revisions\/270"}],"wp:attachment":[{"href":"https:\/\/sisu.ut.ee\/kliimateadlik\/wp-json\/wp\/v2\/media?parent=18"}],"curies":[{"name":"wp","href":"https:\/\/api.w.org\/{rel}","templated":true}]}}