{"id":9,"date":"2024-04-04T06:13:33","date_gmt":"2024-04-04T03:13:33","guid":{"rendered":"https:\/\/sisu.ut.ee\/kaasavharidus\/materjalid\/"},"modified":"2024-04-04T06:13:44","modified_gmt":"2024-04-04T03:13:44","slug":"materjalid","status":"publish","type":"page","link":"https:\/\/sisu.ut.ee\/kaasavharidus\/materjalid\/","title":{"rendered":"Materjalid"},"content":{"rendered":"<h2>\n\t<strong>Esitlused 19. jaanuaril 2022 toimunud kaasava hariduse seminarilt:<\/strong><br>\n<\/h2>\n<h3>\n\t<a data-fid=\"67152\" href=\"https:\/\/sisu.ut.ee\/wp-content\/uploads\/sites\/434\/pille_ali_tiina.pdf\">Mis on kaasav haridus?<\/a>\u00a0Pille Nelis, \u00c4li Leijen, Tiina Kivirand<br>\n<\/h3>\n<p>\n\t<strong>Vaata Pille Nelise ettekannet siit:\u00a0<\/strong>\n<\/p>\n<p>\n\t<\/p><div class=\"ratio ratio-16x9 mb-3\"><div class=\"video-placeholder-wrapper video-placeholder-wrapper--16x9\">\n\t\t\t    <div class=\"video-placeholder d-flex justify-content-center align-items-center\">\n\t\t\t        <div class=\"overlay text-white p-2 w-100 text-center d-block justify-content-center align-items-center\">\n\t\t\t            <div>Kolmandate osapoolte sisu n\u00e4gemiseks palun n\u00f5ustu k\u00fcpsistega.<\/div>\n\t\t\t            <button class=\"btn btn-secondary btn-sm mt-1 consent-change\">Muuda n\u00f5usolekut<\/button>\n\t\t\t        <\/div>\n\t\t\t    <\/div>\n\t\t\t<\/div>\n<\/div>\n\n<p>\n\t<strong>Vaata \u00c4li Leijeni ettekannet siit:\u00a0<\/strong>\n<\/p>\n<p>\n\t<\/p><div class=\"ratio ratio-16x9 mb-3\"><div class=\"video-placeholder-wrapper video-placeholder-wrapper--16x9\">\n\t\t\t    <div class=\"video-placeholder d-flex justify-content-center align-items-center\">\n\t\t\t        <div class=\"overlay text-white p-2 w-100 text-center d-block justify-content-center align-items-center\">\n\t\t\t            <div>Kolmandate osapoolte sisu n\u00e4gemiseks palun n\u00f5ustu k\u00fcpsistega.<\/div>\n\t\t\t            <button class=\"btn btn-secondary btn-sm mt-1 consent-change\">Muuda n\u00f5usolekut<\/button>\n\t\t\t        <\/div>\n\t\t\t    <\/div>\n\t\t\t<\/div>\n<\/div>\n\n<p>\n\t<strong>Vaata Tiina Kiviranna ettekannet siit:\u00a0<\/strong>\n<\/p>\n<p>\n\t<\/p><div class=\"ratio ratio-16x9 mb-3\"><div class=\"video-placeholder-wrapper video-placeholder-wrapper--16x9\">\n\t\t\t    <div class=\"video-placeholder d-flex justify-content-center align-items-center\">\n\t\t\t        <div class=\"overlay text-white p-2 w-100 text-center d-block justify-content-center align-items-center\">\n\t\t\t            <div>Kolmandate osapoolte sisu n\u00e4gemiseks palun n\u00f5ustu k\u00fcpsistega.<\/div>\n\t\t\t            <button class=\"btn btn-secondary btn-sm mt-1 consent-change\">Muuda n\u00f5usolekut<\/button>\n\t\t\t        <\/div>\n\t\t\t    <\/div>\n\t\t\t<\/div>\n<\/div>\n\n<h3>\n\t<a data-fid=\"67155\" href=\"https:\/\/sisu.ut.ee\/wp-content\/uploads\/sites\/434\/gerli_ja_lii.pdf\">Mis on kaasava hariduse m\u00f5ju ja miks on seda nii keeruline rakendada?<\/a>\u00a0Gerli Silm, Lii Kaudne<br>\n<\/h3>\n<ol>\n<li>\n<p>\n\t\t\t<a data-fid=\"67153\" href=\"https:\/\/sisu.ut.ee\/wp-content\/uploads\/sites\/434\/millised_hirmud_kerkivad_seoses_kaasava_haridusega.pdf\">Millised hirmud kerkivad seoses kaasava haridusega<\/a>\n\t\t<\/p>\n<\/li>\n<li>\n<p>\n\t\t\t<a data-fid=\"67154\" href=\"https:\/\/sisu.ut.ee\/wp-content\/uploads\/sites\/434\/soovide_puu.pdf\">Mida soovin endale ja mida teistele?<\/a>\n\t\t<\/p>\n<\/li>\n<\/ol>\n<p>\n\t<strong>Vaata Gerli Silma ja Lii Kaudse ettekannet siit:\u00a0<\/strong>\n<\/p>\n<p>\n\t<\/p><div class=\"ratio ratio-16x9 mb-3\"><div class=\"video-placeholder-wrapper video-placeholder-wrapper--16x9\">\n\t\t\t    <div class=\"video-placeholder d-flex justify-content-center align-items-center\">\n\t\t\t        <div class=\"overlay text-white p-2 w-100 text-center d-block justify-content-center align-items-center\">\n\t\t\t            <div>Kolmandate osapoolte sisu n\u00e4gemiseks palun n\u00f5ustu k\u00fcpsistega.<\/div>\n\t\t\t            <button class=\"btn btn-secondary btn-sm mt-1 consent-change\">Muuda n\u00f5usolekut<\/button>\n\t\t\t        <\/div>\n\t\t\t    <\/div>\n\t\t\t<\/div>\n<\/div>\n\n<h3>\n\t<a data-fid=\"67172\" href=\"https:\/\/sisu.ut.ee\/wp-content\/uploads\/sites\/434\/margus_ja_tiina_-_vastustega.pdf\">Kaasav kultuur ja juhi roll.<\/a>\u00a0Margus Pedaste, Tiina Kivirand<br>\n<\/h3>\n<ol>\n<li>\n<p>\n\t\t\t<a data-fid=\"67171\" href=\"https:\/\/sisu.ut.ee\/wp-content\/uploads\/sites\/434\/mis_on_takistanud.pdf\">Mis on takistanud?<\/a>\n\t\t<\/p>\n<\/li>\n<li>\n<p>\n\t\t\t<a data-fid=\"67170\" href=\"https:\/\/sisu.ut.ee\/wp-content\/uploads\/sites\/434\/mis_on_voimaldanud.pdf\">Mis on v\u00f5imaldanud?<\/a>\n\t\t<\/p>\n<\/li>\n<\/ol>\n<p>\n\t<strong>Vaata Margus Pedaste ettekannet siit:\u00a0<\/strong>\n<\/p>\n<p>\n\t<\/p><div class=\"ratio ratio-16x9 mb-3\"><div class=\"video-placeholder-wrapper video-placeholder-wrapper--16x9\">\n\t\t\t    <div class=\"video-placeholder d-flex justify-content-center align-items-center\">\n\t\t\t        <div class=\"overlay text-white p-2 w-100 text-center d-block justify-content-center align-items-center\">\n\t\t\t            <div>Kolmandate osapoolte sisu n\u00e4gemiseks palun n\u00f5ustu k\u00fcpsistega.<\/div>\n\t\t\t            <button class=\"btn btn-secondary btn-sm mt-1 consent-change\">Muuda n\u00f5usolekut<\/button>\n\t\t\t        <\/div>\n\t\t\t    <\/div>\n\t\t\t<\/div>\n<\/div>\n\n<p>\n\t<strong>Vaata Tiina Kiviranna ettekannet siit:\u00a0<\/strong>\n<\/p>\n<p>\n\t<\/p><div class=\"ratio ratio-16x9 mb-3\"><div class=\"video-placeholder-wrapper video-placeholder-wrapper--16x9\">\n\t\t\t    <div class=\"video-placeholder d-flex justify-content-center align-items-center\">\n\t\t\t        <div class=\"overlay text-white p-2 w-100 text-center d-block justify-content-center align-items-center\">\n\t\t\t            <div>Kolmandate osapoolte sisu n\u00e4gemiseks palun n\u00f5ustu k\u00fcpsistega.<\/div>\n\t\t\t            <button class=\"btn btn-secondary btn-sm mt-1 consent-change\">Muuda n\u00f5usolekut<\/button>\n\t\t\t        <\/div>\n\t\t\t    <\/div>\n\t\t\t<\/div>\n<\/div>\n\n<p>\n\tSeminari videosalvestus on tervikuna vaadatav <a data-url=\"https:\/\/worksup.com\/app#id=KAASAV\" href=\"https:\/\/worksup.com\/app#id=KAASAV\" target=\"_blank\" title=\"\" rel=\"noopener\">WorksUp keskkonnast<\/a> (ID: KAASAV).\n<\/p>\n<p>\n\t<strong>\u00c4li Leijeni kokkuv\u00f5tet ja j\u00e4reldusi seminarist saad vaadata siit:\u00a0<\/strong>\n<\/p>\n<p>\n\t<\/p><div class=\"ratio ratio-16x9 mb-3\"><div class=\"video-placeholder-wrapper video-placeholder-wrapper--16x9\">\n\t\t\t    <div class=\"video-placeholder d-flex justify-content-center align-items-center\">\n\t\t\t        <div class=\"overlay text-white p-2 w-100 text-center d-block justify-content-center align-items-center\">\n\t\t\t            <div>Kolmandate osapoolte sisu n\u00e4gemiseks palun n\u00f5ustu k\u00fcpsistega.<\/div>\n\t\t\t            <button class=\"btn btn-secondary btn-sm mt-1 consent-change\">Muuda n\u00f5usolekut<\/button>\n\t\t\t        <\/div>\n\t\t\t    <\/div>\n\t\t\t<\/div>\n<\/div>\n\n<p>\n\t<a data-url=\"https:\/\/docs.google.com\/document\/d\/1kAkw8g88eEPlS3xI0X2idMbBO0vx5wwM\/edit?usp=sharing&amp;ouid=105969909544924516150&amp;rtpof=true&amp;sd=true\" href=\"https:\/\/docs.google.com\/document\/d\/1kAkw8g88eEPlS3xI0X2idMbBO0vx5wwM\/edit?usp=sharing&amp;ouid=105969909544924516150&amp;rtpof=true&amp;sd=true\" target=\"_blank\" title=\"\" rel=\"noopener\">Seminaril esitatud k\u00fcsimused ja nende vastused<\/a>.<\/p>\n","protected":false},"excerpt":{"rendered":"<p>Esitlused 19. jaanuaril 2022 toimunud kaasava hariduse seminarilt: Mis on kaasav haridus?\u00a0Pille Nelis, \u00c4li Leijen, Tiina Kivirand Vaata Pille Nelise ettekannet siit:\u00a0 Kolmandate osapoolte sisu n\u00e4gemiseks palun n\u00f5ustu k\u00fcpsistega. Muuda n\u00f5usolekut Vaata \u00c4li Leijeni ettekannet siit:\u00a0 Kolmandate osapoolte sisu n\u00e4gemiseks &#8230;<\/p>\n","protected":false},"author":30,"featured_media":0,"parent":0,"menu_order":0,"comment_status":"closed","ping_status":"closed","template":"","meta":{"_acf_changed":false,"inline_featured_image":false,"footnotes":""},"class_list":["post-9","page","type-page","status-publish","hentry"],"acf":[],"_links":{"self":[{"href":"https:\/\/sisu.ut.ee\/kaasavharidus\/wp-json\/wp\/v2\/pages\/9","targetHints":{"allow":["GET"]}}],"collection":[{"href":"https:\/\/sisu.ut.ee\/kaasavharidus\/wp-json\/wp\/v2\/pages"}],"about":[{"href":"https:\/\/sisu.ut.ee\/kaasavharidus\/wp-json\/wp\/v2\/types\/page"}],"author":[{"embeddable":true,"href":"https:\/\/sisu.ut.ee\/kaasavharidus\/wp-json\/wp\/v2\/users\/30"}],"replies":[{"embeddable":true,"href":"https:\/\/sisu.ut.ee\/kaasavharidus\/wp-json\/wp\/v2\/comments?post=9"}],"version-history":[{"count":1,"href":"https:\/\/sisu.ut.ee\/kaasavharidus\/wp-json\/wp\/v2\/pages\/9\/revisions"}],"predecessor-version":[{"id":65,"href":"https:\/\/sisu.ut.ee\/kaasavharidus\/wp-json\/wp\/v2\/pages\/9\/revisions\/65"}],"wp:attachment":[{"href":"https:\/\/sisu.ut.ee\/kaasavharidus\/wp-json\/wp\/v2\/media?parent=9"}],"curies":[{"name":"wp","href":"https:\/\/api.w.org\/{rel}","templated":true}]}}