{"id":89,"date":"2024-04-04T07:04:55","date_gmt":"2024-04-04T04:04:55","guid":{"rendered":"https:\/\/sisu.ut.ee\/islam\/excises-2\/"},"modified":"2024-04-04T07:05:18","modified_gmt":"2024-04-04T04:05:18","slug":"excises-2","status":"publish","type":"page","link":"https:\/\/sisu.ut.ee\/islam\/excises-2\/?lang=et","title":{"rendered":"Kuidas lahendada sensitiivset olukorda?"},"content":{"rendered":"<p>\n\tProhvet Muhamedi naeruv\u00e4\u00e4ristavad pildid pannakse koolis teadetetahvlile.\n<\/p>\n<p>\n\t<strong>Kirjelda, kuidas Sa lahendaksid olukorra erinevates rollides.<\/strong>\n<\/p>\n<ol>\n<li>\n\t\tOled <strong>koolijuht<\/strong>, kelle koolis pannakse prohvet Muhamedi naeruv\u00e4\u00e4ristavad pildid teadetetahvlile (A\u00a0kui koolis on moslemid; B koolis ei ole moslemeid)\n\t<\/li>\n<li>\n\t\tOled <strong>klassijuhataja<\/strong>, kelle klassi \u00f5pilane pani prohvet Muhamedi pildid teadetetahvlile (A\u00a0kui sinu klassis on moslemid; B\u00a0kui ei ole moslemeid ei klassis ega koolis)\n\t<\/li>\n<\/ol>\n<p>\n\t<strong>N\u00e4idis:<\/strong>\n<\/p>\n<p>\n\t<\/p><div class=\"accordion mb-3\">\n        <div class=\"accordion-item accordion-item--white\">\n        <h2 class=\"accordion-header\" id=\"accordion-69f2a77b7935e-heading\">\n            <button class=\"accordion-button collapsed\" type=\"button\" data-bs-toggle=\"collapse\" data-bs-target=\"#accordion-69f2a77b7935e-collapse\" aria-expanded=\"true\" aria-controls=\"accordion-69f2a77b7935e-collapse\">1. Olen koolijuht<\/button>\n        <\/h2>\n        <div id=\"accordion-69f2a77b7935e-collapse\" class=\"accordion-collapse collapse\" aria-labelledby=\"accordion-69f2a77b7935e-heading\">\n            <div class=\"accordion-body\">\n\n<p>\n\t<strong>A. <\/strong>(kui koolis on moslemid)\n<\/p>\n<ol>\n<li>\n\t\tPalun klassijuhatajatel k\u00e4stileda\u00a0klassijuhatajatunnis teemat\u00a0\u201cMiks on islamis prohvet Muhamedi kujutamine sensitiivne teema?\u201d \u00a0\n\t<\/li>\n<li>\n\t\tKorraldan avaliku loengu\/arutelu\/seminari\u00a0\u201cMiks on islamis prohvet Muhamedi kujutamine sensitiivne teema?\u201d\n\t<\/li>\n<li>\n\t\tK\u00f5netan koolis moslemitest \u00f5pilasi ja r\u00e4\u00e4gin nendega sellel\u00a0teemal.\n\t<\/li>\n<li>\n\t\tArvestan olukorraga, et antud k\u00e4itumisel v\u00f5ivad olla edasised konflikti \u00f5hutavad tagaj\u00e4rjed.\n\t<\/li>\n<li>\n\t\tKaasan arutellu lapsevanemad.\n\t<\/li>\n<li>\n\t\tKaasan arutellu spetsialiste, kes aitavad teemat avada.\n\t<\/li>\n<\/ol>\n<p>\n\t<strong>B.\u00a0<\/strong>(kui koolis ei ole moslemeid)\n<\/p>\n<ol>\n<li>\n\t\tPalun kooli klassijuhatajatel klassijuhataja tunnis k\u00e4sitleda teemat \u201cMiks on islamis prohvet Muhamedi kujutamine sensitiivne teema?\u201d\n\t<\/li>\n<li>\n\t\tKorraldan avaliku loengu\/arutelu\/seminari\u00a0\u201cMiks on islamis prohvet Muhamedi kujutamine sensitiivne teema?\u201d\n\t<\/li>\n<li>\n\t\tKaasan arutellu spetsialiste, kes aitavad teemat avada.\n\t<\/li>\n<li>\n\t\tArvestan olukorraga, et antud k\u00e4itumisel v\u00f5ivad olla edasist konflikti \u00f5hutavad tagaj\u00e4rjed\n\t<\/li>\n<\/ol>\n<p>\n\t<\/p><\/div>\n        <\/div>\n        <\/div>\n    <\/div>\n\n<p>\n\t<\/p><div class=\"accordion mb-3\">\n        <div class=\"accordion-item accordion-item--white\">\n        <h2 class=\"accordion-header\" id=\"accordion-69f2a77b79375-heading\">\n            <button class=\"accordion-button collapsed\" type=\"button\" data-bs-toggle=\"collapse\" data-bs-target=\"#accordion-69f2a77b79375-collapse\" aria-expanded=\"true\" aria-controls=\"accordion-69f2a77b79375-collapse\">2. Olen klassijuhataja<\/button>\n        <\/h2>\n        <div id=\"accordion-69f2a77b79375-collapse\" class=\"accordion-collapse collapse\" aria-labelledby=\"accordion-69f2a77b79375-heading\">\n            <div class=\"accordion-body\">\n\n<p>\n\t<strong>A.\u00a0<\/strong>(kui sinu klassis on moslemid)\n<\/p>\n<ol>\n<li>\n\t\tKorraldan klassis arutelu (erinevad t\u00f6\u00f6toad)\u00a0\u201cMiks on islamis prohvet Muhamedi kujutamine sensitiivne teema?\u201d ja uurin laiemalt, mis on \u00f5pilaste jaoks sensitiivsed teemad ja miks on neist raske r\u00e4\u00e4kida?\n\t<\/li>\n<li>\n\t\tK\u00f5netan klassi moslemitest \u00f5pilasi ja r\u00e4\u00e4gin nendega sellel\u00a0teemal.\n\t<\/li>\n<li>\n\t\tArvestan olukorraga, et antud k\u00e4itumisel v\u00f5ivad olla edasist konflikti \u00f5hutavad tagaj\u00e4rjed.\n\t<\/li>\n<li>\n\t\tKaasan arutellu lapsevanemad.\n\t<\/li>\n<\/ol>\n<p>\n\t<strong>B.\u00a0<\/strong>(kui ei ole moslemeid ei klassis ega koolis)\n<\/p>\n<ol>\n<li>\n\t\tKorraldan klassis arutelu (erinevad t\u00f6\u00f6toad) \u201cMiks on islamis prohvet Muhamedi kujutamine sensitiivne teema?\u201d ja uurin laiemalt, mis on \u00f5pilaste jaoks sensitiivsed teemad ja miks on neist raske r\u00e4\u00e4kida?\n\t<\/li>\n<li>\n\t\tArvestan olukorraga, et antud k\u00e4itumisel v\u00f5ivad olla edaspidi\u00a0konflikti \u00f5hutavad tagaj\u00e4rjed\n\t<\/li>\n<\/ol>\n<p>\n\t<\/p><\/div>\n        <\/div>\n        <\/div>\n    <\/div>\n","protected":false},"excerpt":{"rendered":"<p>Prohvet Muhamedi naeruv\u00e4\u00e4ristavad pildid pannakse koolis teadetetahvlile. Kirjelda, kuidas Sa lahendaksid olukorra erinevates rollides. Oled koolijuht, kelle koolis pannakse prohvet Muhamedi naeruv\u00e4\u00e4ristavad pildid teadetetahvlile (A\u00a0kui koolis on moslemid; B koolis ei ole moslemeid) Oled klassijuhataja, kelle klassi \u00f5pilane pani prohvet &#8230;<\/p>\n","protected":false},"author":240,"featured_media":0,"parent":0,"menu_order":0,"comment_status":"closed","ping_status":"closed","template":"","meta":{"_acf_changed":false,"inline_featured_image":false,"footnotes":""},"class_list":["post-89","page","type-page","status-publish","hentry"],"acf":[],"_links":{"self":[{"href":"https:\/\/sisu.ut.ee\/islam\/wp-json\/wp\/v2\/pages\/89","targetHints":{"allow":["GET"]}}],"collection":[{"href":"https:\/\/sisu.ut.ee\/islam\/wp-json\/wp\/v2\/pages"}],"about":[{"href":"https:\/\/sisu.ut.ee\/islam\/wp-json\/wp\/v2\/types\/page"}],"author":[{"embeddable":true,"href":"https:\/\/sisu.ut.ee\/islam\/wp-json\/wp\/v2\/users\/240"}],"replies":[{"embeddable":true,"href":"https:\/\/sisu.ut.ee\/islam\/wp-json\/wp\/v2\/comments?post=89"}],"version-history":[{"count":1,"href":"https:\/\/sisu.ut.ee\/islam\/wp-json\/wp\/v2\/pages\/89\/revisions"}],"predecessor-version":[{"id":191,"href":"https:\/\/sisu.ut.ee\/islam\/wp-json\/wp\/v2\/pages\/89\/revisions\/191"}],"wp:attachment":[{"href":"https:\/\/sisu.ut.ee\/islam\/wp-json\/wp\/v2\/media?parent=89"}],"curies":[{"name":"wp","href":"https:\/\/api.w.org\/{rel}","templated":true}]}}