{"id":14,"date":"2024-04-04T07:04:49","date_gmt":"2024-04-04T04:04:49","guid":{"rendered":"https:\/\/sisu.ut.ee\/islam\/meist\/"},"modified":"2024-04-25T16:15:09","modified_gmt":"2024-04-25T13:15:09","slug":"meist","status":"publish","type":"page","link":"https:\/\/sisu.ut.ee\/islam\/meist\/?lang=et","title":{"rendered":"Meist"},"content":{"rendered":"<div class=\"row\">\n<div class=\"col-md-3\"><img loading=\"lazy\" decoding=\"async\" class=\"size-full wp-image-390 alignright\" src=\"https:\/\/sisu.ut.ee\/wp-content\/uploads\/sites\/478\/elo.jpg\" alt=\"\" width=\"231\" height=\"229\" srcset=\"https:\/\/sisu.ut.ee\/wp-content\/uploads\/sites\/478\/elo.jpg 231w, https:\/\/sisu.ut.ee\/wp-content\/uploads\/sites\/478\/elo-150x150.jpg 150w\" sizes=\"auto, (max-width: 231px) 100vw, 231px\"><\/div>\n<div class=\"col-md-9\">\n<h3>Elo S\u00fcld (PhD)<\/h3>\n<p>Elo S\u00fcld on Tartu \u00dclikooli usuteaduskonna islamistika lektor ja Tartu \u00dclikooli Aasia keskuse juhataja. Ta \u00f5petab \u00fclikoolis aineid nii islami p\u00f5hit\u00f5detest kui\u00a0islamimaade \u00fchiskonna omap\u00e4radest. Oma teadust\u00f6\u00f6s keskendub ta islami mitmekesisusele (ibadiitidele ja ahmadiitidele).<\/p>\n<\/div>\n<\/div>\n<p>MOOC \u201cIslam: religioon, kultuur ja muutuv \u00fchiskond\u201d on osa laiemast projektist pealkirjaga \u201c<a title=\"\" href=\"https:\/\/sisu.ut.ee\/sensiclass\/\" target=\"_blank\" rel=\"noopener\">Tundlike teemade k\u00e4sitlemine klassiruumis<\/a>\u201d. Selle projekti eesm\u00e4rk on koguda nelja sarnaste v\u00e4ljakutsetega silmitsi seisva riigi \u2013 Ungari, Poola, T\u0161ehhi ja Eesti\u00a0\u2013\u00a0teadmised ning t\u00f6\u00f6tada v\u00e4lja juhendmaterjale \u00fclikoolide \u00f5ppej\u00f5ududele ja \u00fcldhariduskoolide\u00a0\u00f5petajatele. Projektiga luuakse meetodeid ja juhiseid koondav t\u00f6\u00f6riistakast, mitmeid e-mooduleid, kaks e-kursust\u00a0ja kolm MOOC-i \u00f5petajatele, pedagoogika\u00fcli\u00f5pilastele, \u00fclikoolide t\u00f6\u00f6tajatele ja sotsiaalt\u00f6\u00f6tajatele. Projekti partnerid on\u00a0Tartu \u00dclikool (juhtivpartner), Kesk-Euroopa \u00dclikool, Hradec Kr\u00e1lov\u00e9 \u00dclikooli ja\u00a0Varssavi Majanduskool (SGH).<\/p>\n","protected":false},"excerpt":{"rendered":"<p>Elo S\u00fcld (PhD) Elo S\u00fcld on Tartu \u00dclikooli usuteaduskonna islamistika lektor ja Tartu \u00dclikooli Aasia keskuse juhataja. Ta \u00f5petab \u00fclikoolis aineid nii islami p\u00f5hit\u00f5detest kui\u00a0islamimaade \u00fchiskonna omap\u00e4radest. Oma teadust\u00f6\u00f6s keskendub ta islami mitmekesisusele (ibadiitidele ja ahmadiitidele). MOOC \u201cIslam: religioon, kultuur &#8230;<\/p>\n","protected":false},"author":240,"featured_media":0,"parent":0,"menu_order":0,"comment_status":"closed","ping_status":"closed","template":"","meta":{"_acf_changed":false,"inline_featured_image":false,"footnotes":""},"class_list":["post-14","page","type-page","status-publish","hentry"],"acf":[],"_links":{"self":[{"href":"https:\/\/sisu.ut.ee\/islam\/wp-json\/wp\/v2\/pages\/14","targetHints":{"allow":["GET"]}}],"collection":[{"href":"https:\/\/sisu.ut.ee\/islam\/wp-json\/wp\/v2\/pages"}],"about":[{"href":"https:\/\/sisu.ut.ee\/islam\/wp-json\/wp\/v2\/types\/page"}],"author":[{"embeddable":true,"href":"https:\/\/sisu.ut.ee\/islam\/wp-json\/wp\/v2\/users\/240"}],"replies":[{"embeddable":true,"href":"https:\/\/sisu.ut.ee\/islam\/wp-json\/wp\/v2\/comments?post=14"}],"version-history":[{"count":3,"href":"https:\/\/sisu.ut.ee\/islam\/wp-json\/wp\/v2\/pages\/14\/revisions"}],"predecessor-version":[{"id":395,"href":"https:\/\/sisu.ut.ee\/islam\/wp-json\/wp\/v2\/pages\/14\/revisions\/395"}],"wp:attachment":[{"href":"https:\/\/sisu.ut.ee\/islam\/wp-json\/wp\/v2\/media?parent=14"}],"curies":[{"name":"wp","href":"https:\/\/api.w.org\/{rel}","templated":true}]}}