{"id":10,"date":"2024-04-04T07:04:47","date_gmt":"2024-04-04T04:04:47","guid":{"rendered":"https:\/\/sisu.ut.ee\/islam\/ulesanne-2\/"},"modified":"2024-04-05T13:33:53","modified_gmt":"2024-04-05T10:33:53","slug":"ulesanne-2","status":"publish","type":"page","link":"https:\/\/sisu.ut.ee\/islam\/ulesanne-2\/?lang=et","title":{"rendered":"T\u00e4ida l\u00fcngad"},"content":{"rendered":"<div class=\"h5p-iframe-wrapper\"><div class=\"video-placeholder-wrapper video-placeholder-wrapper--fixed\" style=\"height: 366px;\">\n\t\t\t    <div class=\"video-placeholder d-flex justify-content-center align-items-center\">\n\t\t\t        <div class=\"overlay text-white p-2 w-100 text-center d-block justify-content-center align-items-center\">\n\t\t\t            <div>To view third-party content, please accept cookies.<\/div>\n\t\t\t            <button class=\"btn btn-secondary btn-sm mt-1 consent-change\">Change consent<\/button>\n\t\t\t        <\/div>\n\t\t\t    <\/div>\n\t\t\t<\/div>\n<\/div>\r\n\r\n<p>\r\n\t<\/p><div class=\"accordion mb-3\">\n        <div class=\"accordion-item accordion-item--white\">\n        <h2 class=\"accordion-header\" id=\"accordion-69f3482324fa1-heading\">\n            <button class=\"accordion-button collapsed\" type=\"button\" data-bs-toggle=\"collapse\" data-bs-target=\"#accordion-69f3482324fa1-collapse\" aria-expanded=\"true\" aria-controls=\"accordion-69f3482324fa1-collapse\">Abitekst<\/button>\n        <\/h2>\n        <div id=\"accordion-69f3482324fa1-collapse\" class=\"accordion-collapse collapse\" aria-labelledby=\"accordion-69f3482324fa1-heading\">\n            <div class=\"accordion-body\">\r\n\r\n\r\n<p>\r\n\t<span lang=\"ET\"><span style=\"line-height:107%\"><span style=\",serif\"><strong>Ibadiidid<\/strong><\/span><\/span><\/span>\r\n<\/p>\r\n\r\n<p>\r\n\t<span lang=\"ET\"><span style=\"line-height:107%\"><span style=\",serif\">Ibadiitide filosoofia tugineb suuresti religioossele tolerantsile\u00a0 ja konfliktide v\u00e4ltimisele.\u00a0<\/span><\/span><\/span>\r\n<\/p>\r\n\r\n<p>\r\n\t<span lang=\"ET\"><span style=\"line-height:107%\"><span style=\",serif\">Allahi nimesid ja omadusi tuleb m\u00f5ista allegooriliselt\u00a0mitte s\u00f5nas\u00f5naliselt\u00a0<\/span><\/span><\/span>\u2013<span lang=\"ET\"><span style=\"line-height:107%\"><span style=\",serif\"> nt Jumal istub troonil.<\/span><\/span><\/span>\r\n<\/p>\r\n\r\n<p>\r\n\t<span lang=\"ET\"><span style=\"line-height:107%\"><span style=\",serif\">Ibadiidid on arusaamal, et koraan on loodud,\u00a0seega ta ei ole taevane muutumatu raamat.<\/span><\/span><\/span>\r\n<\/p>\r\n\r\n<p>\r\n\t<span lang=\"ET\"><span style=\"line-height:107%\"><span style=\",serif\">Ibadiitide juured ulatuvad 7. sajandisse\u00a0harid\u017eiitideni, kes l\u00e4htusid islami kogukonna juhi valimisel p\u00f5him\u00f5ttest, et valituks peab osutuma k\u00f5ige moraalsem\u00a0kandidaat.\u00a0<\/span><\/span><\/span>\r\n<\/p>\r\n\r\n<p>\r\n\t<span lang=\"ET\"><span style=\"line-height:107%\"><span style=\",serif\">Omaani\u00a0rahvuslik identiteet on seotud ibadiitide identiteediga.<\/span><\/span><\/span>\r\n<\/p>\r\n\r\n<p>\r\n\t<b><span lang=\"ET\"><span style=\"line-height:107%\"><span style=\",serif\">Aleviidid<\/span><\/span><\/span><\/b>\r\n<\/p>\r\n\r\n<p>\r\n\t<span lang=\"ET\"><span style=\"line-height:107%\"><span style=\",serif\">Aleviidid, kes on T\u00fcrgis moslemite hulgas suurima religioosse v\u00e4hemuse esindajad, on p\u00e4lvinud eestikeelses teaduskirjanduses v\u00e4he t\u00e4helepanu.<\/span><\/span><\/span>\r\n<\/p>\r\n\r\n<p>\r\n\t<span lang=\"ET\"><span style=\"line-height:107%\"><span style=\",serif\">Aleviitide t\u00e4htsaim p\u00fchak\u00a0Haci Bekta\u015f Veli\u00a0s\u00fcndis t\u00e4nap\u00e4eva Iraanis, Horasanis ja saabus Anatooliasse ilmselt mongolite vallutustegevuse tagaj\u00e4rjel.<\/span><\/span><\/span>\r\n<\/p>\r\n\r\n<p>\r\n\t<span lang=\"ET\"><span style=\"line-height:107%\"><span style=\",serif\">M\u00f5iste<i> dede<\/i><\/span><\/span><\/span><span lang=\"ET\"><span style=\"line-height:107%\"><span style=\",serif\"> \u00a0t\u00e4histab t\u00fcrgi keeles vanaisa, taati. Ta p\u00f5lvneb vereliini pidi prohvet Muhamedist v\u00f5i Anatoolia p\u00fchakutest ja ta on aleviitide vaimulik juht.<\/span><\/span><\/span>\r\n<\/p>\r\n\r\n<p>\r\n\t<span lang=\"ET\"><span style=\"line-height:107%\"><span style=\",serif\">Aleviidid ei kogune palvetamiseks\u00a0mo\u0161eedes vaid\u00a0<i>cemevi<\/i>des, kogunemismajades.<\/span><\/span><\/span>\r\n<\/p>\r\n\r\n<p>\r\n\t<b><span lang=\"ET\"><span style=\"line-height:107%\"><span style=\",serif\">Ahmadiidid<\/span><\/span><\/span><\/b>\r\n<\/p>\r\n\r\n<p>\r\n\t<span lang=\"ET\"><span style=\"line-height:107%\"><span style=\",serif\">Ahmadi Islamikogukond on rahvusvaheline \u00e4rkamisliikumine islamis.<\/span><\/span><\/span>\r\n<\/p>\r\n\r\n<p>\r\n\t<span lang=\"ET\"><span style=\"line-height:107%\"><span style=\",serif\">Ahmadiidid v\u00e4idavad, et <em><span style=\"background:white\"><span style=\"font-style:normal\">Mirz\u0101 Ghul\u0101m Ahmad<\/span><\/span><\/em> on m\u00e4\u00e4ratud Allahi poolt 19.-20. sajanditel\u00a0islami\u00a0uuendajaks.<\/span><\/span><\/span>\r\n<\/p>\r\n\r\n<p>\r\n\t<span lang=\"ET\"><span style=\"line-height:107%\"><span style=\",serif\">1974. aastal eemaldati ahmadiidid Pakistanis\u00a0avalikust teenistusest, rahvusvahelised moslemiorganisatsioonid hakkasid vastu v\u00f5tma ahmadiitide vastaseid resolutsioone ja neil keelati palver\u00e4nnak Mekasse, kui nad keeldusid allkirjastamast \u201eprohvetluse l\u00f5plikkuse\u201d doktriini.\u00a0<\/span><\/span><\/span>\r\n<\/p>\r\n\r\n<p>\r\n\t<span lang=\"ET\"><span style=\"line-height:107%\"><span style=\",serif\">Ahmadiitide \u00f5petuse kohaselt osutab islami traditsioon Jeesuse \u201eteisele tulemisele\u201d selliselt, et see\u00a0ei viita\u00a0Jeesusele endale, vaid temaga sarnasele inimesele, kelleks on\u00a0<em><span style=\"background:white\"><span style=\"color:#5f6368\"><span style=\"font-style:normal\">Mirz\u0101 Ghul\u0101m Ahmad.<\/span><\/span><\/span><\/em><\/span><\/span><\/span>\r\n<\/p>\r\n\r\n<p>\r\n\t<span lang=\"ET\"><span style=\"line-height:107%\"><span style=\",serif\">Vaidlus ahmadiitide ja sunniitide vahel tuleneb p\u00f5him\u00f5tteliselt erinevatest l\u00e4henemistest religioosse autoriteedi\u00a0k\u00fcsimusele.<\/span><\/span><\/span>\r\n<\/p>\r\n\r\n<p>\r\n\t<span lang=\"ET\"><span style=\"line-height:107%\"><span style=\",serif\"><\/span><\/span><\/span><\/p><\/div>\n        <\/div>\n        <\/div>\n    <\/div>\r\n\r\n","protected":false},"excerpt":{"rendered":"<p>Abitekst Ibadiidid Ibadiitide filosoofia tugineb suuresti religioossele tolerantsile\u00a0 ja konfliktide v\u00e4ltimisele.\u00a0 Allahi nimesid ja omadusi tuleb m\u00f5ista allegooriliselt\u00a0mitte s\u00f5nas\u00f5naliselt\u00a0\u2013 nt Jumal istub troonil. Ibadiidid on arusaamal, et koraan on loodud,\u00a0seega ta ei ole taevane muutumatu raamat. Ibadiitide juured ulatuvad 7. &#8230;<\/p>\n","protected":false},"author":240,"featured_media":0,"parent":0,"menu_order":0,"comment_status":"closed","ping_status":"closed","template":"","meta":{"_acf_changed":false,"inline_featured_image":false,"footnotes":""},"class_list":["post-10","page","type-page","status-publish","hentry"],"acf":[],"_links":{"self":[{"href":"https:\/\/sisu.ut.ee\/islam\/wp-json\/wp\/v2\/pages\/10","targetHints":{"allow":["GET"]}}],"collection":[{"href":"https:\/\/sisu.ut.ee\/islam\/wp-json\/wp\/v2\/pages"}],"about":[{"href":"https:\/\/sisu.ut.ee\/islam\/wp-json\/wp\/v2\/types\/page"}],"author":[{"embeddable":true,"href":"https:\/\/sisu.ut.ee\/islam\/wp-json\/wp\/v2\/users\/240"}],"replies":[{"embeddable":true,"href":"https:\/\/sisu.ut.ee\/islam\/wp-json\/wp\/v2\/comments?post=10"}],"version-history":[{"count":3,"href":"https:\/\/sisu.ut.ee\/islam\/wp-json\/wp\/v2\/pages\/10\/revisions"}],"predecessor-version":[{"id":313,"href":"https:\/\/sisu.ut.ee\/islam\/wp-json\/wp\/v2\/pages\/10\/revisions\/313"}],"wp:attachment":[{"href":"https:\/\/sisu.ut.ee\/islam\/wp-json\/wp\/v2\/media?parent=10"}],"curies":[{"name":"wp","href":"https:\/\/api.w.org\/{rel}","templated":true}]}}