{"id":10,"date":"2024-04-04T03:25:39","date_gmt":"2024-04-04T00:25:39","guid":{"rendered":"https:\/\/sisu.ut.ee\/infokiri\/oppimine\/"},"modified":"2026-09-03T10:44:43","modified_gmt":"2026-09-03T07:44:43","slug":"oppimine","status":"publish","type":"page","link":"https:\/\/sisu.ut.ee\/infokiri\/oppimine\/","title":{"rendered":"\u00d5ppekorraldus"},"content":{"rendered":"<p class=\"wp-block-paragraph\">\u00d5ppet\u00f6\u00f6 \u00fclikoolis toimub kindlate reeglite j\u00e4rgi. Et \u00f5ppimine kulgeks edukalt, peavad \u00fcli\u00f5pilased neid reegleid teadma ja pidama kinni t\u00e4htaegadest, mis on seotud \u00f5ppimisega.<\/p>\n\n\n<div class=\"accordion-block mb-3\">\n\t\t<div class=\"accordion \" id=\"accordion-accordion-6a99a9167d5ee\">\n\t\t\t\t\t\t\t<div class=\"accordion-item accordion-item--white\">\n\t\t\t\t\t<h2 class=\"accordion-header\" id=\"accordion-6a99a9167d5ee-heading-1\">\n\t\t\t\t\t\t<button class=\"accordion-button collapsed\" type=\"button\" data-bs-toggle=\"collapse\" data-bs-target=\"#accordion-6a99a9167d5ee-collapse-1\" aria-expanded=\"true\" aria-controls=\"accordion-6a99a9167d5ee-collapse-1\">\n\t\t\t\t\t\t\t7. september \u2013 13. september\n\t\t\t\t\t\t<\/button>\n\t\t\t\t\t<\/h2>\n\t\t\t\t\t<div id=\"accordion-6a99a9167d5ee-collapse-1\" class=\"accordion-collapse collapse \" aria-labelledby=\"accordion-6a99a9167d5ee-heading-1\">\n\t\t\t\t\t\t<div class=\"accordion-body pt-0\">\n\t\t\t\t\t\t\t<h2 class=\"wp-block-heading\">Esimese semestri \u00fcli\u00f5pilaste \u00f5ppeainetesse registreerumise t\u00e4htp\u00e4ev on 14. september<\/h2>\n<p>S\u00fcgissemestri tunniplaani koostamisel on kaval v\u00f5tta appi planeerija \u2013 seda kasutades saab k\u00f5ikidesse semestri \u00f5ppeainetesse \u00fche korraga registreeruda. \u00d5ppeainete planeerimisel ja ainetesse registreerumisel on abiks uutele bakalaureuse-, rakendusk\u00f5rgharidus\u00f5ppe ja integreeritud \u00f5ppe \u00fcli\u00f5pilastele ka tuutorid.<\/p>\n<p>\u2794 \u00d5ppeainete <a href=\"https:\/\/wiki.ut.ee\/pages\/viewpage.action?pageId=77401349\" target=\"_blank\" rel=\"noreferrer noopener\">planeerimise juhend<\/a><br>\n\u2794 \u00d5ppeainetesse <a href=\"https:\/\/wiki.ut.ee\/pages\/viewpage.action?pageId=77401360\" target=\"_blank\" rel=\"noreferrer noopener\">registreerumise juhend<\/a><br>\n\u2794 <a href=\"https:\/\/ut.ee\/et\/sisu\/tugi-tuutorilt\" target=\"_blank\" rel=\"noreferrer noopener\">Loe l\u00e4hemalt, kes on tuutor<\/a>.<\/p>\n<p>\u00a0<\/p>\n<hr class=\"wp-block-separator has-alpha-channel-opacity\">\n<h2 class=\"wp-block-heading\">Ajateenistus ja ajapikendus<\/h2>\n<p>Vahetult p\u00e4rast keskhariduse omandamist k\u00f5rgkooli astunud noormehed saavad taotleda ajapikendust ajateenistusest. Ajapikenduse saamiseks tuleb esitada taotlus Kaitseressursside Ametile 30 p\u00e4eva jooksul \u00f5ppima asumisest arvates.<br>\nAjateenistusse ei kutsuta arsti v\u00f5i \u00f5e erialal \u00f5ppivat \u00fcli\u00f5pilast, kui esitada Kaitseressursside Ametile kirjalik taotlus.<\/p>\n<p>\u2794 Ajateenistuse info <a href=\"https:\/\/ut.ee\/et\/sisu\/ajateenistus-ja-osalemine-kaitsevae-oppekogunemisel\" target=\"_blank\" rel=\"noreferrer noopener\">\u00fclikooli kodulehel<\/a>.<br>\n\u2794 <a href=\"https:\/\/kra.ee\/ajateenistus\/\" target=\"_blank\" rel=\"noreferrer noopener\">Kaitseressursside Ameti koduleht<\/a>.<\/p>\n<p>\u00a0<\/p>\n<hr class=\"wp-block-separator has-alpha-channel-opacity\">\n<h2 class=\"wp-block-heading\">\u00d5ppekava t\u00e4itmine<\/h2>\n<p>\u00dcli\u00f5pilane peab t\u00e4itma \u00f5ppekava, millele ta on immatrikuleeritud ja selle t\u00e4itmist kontrollitakse s\u00fcgissemestri alguses.<\/p>\n<p>\u2794 Loe l\u00e4hemalt <a href=\"https:\/\/ut.ee\/et\/sisu\/oppekava-taitmine\" target=\"_blank\" rel=\"noreferrer noopener\">\u00f5ppekava t\u00e4itmise kohta<\/a>.<\/p>\n<p>\u00a0<\/p>\n<hr class=\"wp-block-separator has-alpha-channel-opacity\">\n<h2 class=\"wp-block-heading\">\u00d5ppetasu maksmisest vabastamine<\/h2>\n<p>\u00d5ppetasu maksmisest vabastust on \u00f5igus taotleda \u00fcli\u00f5pilasel, kes on \u00f5ppima asunud eestikeelsele \u00f5ppekavale t\u00e4iskoormusega. Taotluse esitamise t\u00e4htaeg on 15. september.<\/p>\n<p>\u2794 Loe <a href=\"https:\/\/ut.ee\/et\/sisu\/oppetasud\" target=\"_blank\" rel=\"noreferrer noopener\">\u00f5ppetasude lehelt<\/a>, kellel on \u00f5igus \u00f5ppetasu maksmisest vabastust taotleda.<\/p>\n<p>\u00a0<\/p>\n<hr>\n<h2>Kohandused erivajadusega \u00fcli\u00f5pilastele<\/h2>\n<p>Hariduslike erivajadustega \u00fcli\u00f5pilasel on \u00f5igus taotleda \u00f5ppet\u00f6\u00f6s <a href=\"https:\/\/ut.ee\/et\/sisu\/erivajadustega-uliopilaste-noustamine#accordion-d1ae21b1-b21b-4ed8-b900-73b6f1edf55b\" target=\"_blank\" rel=\"noreferrer noopener\">kohandusi<\/a> m\u00f5istliku aja jooksul semestri algusest. Soovitatav on p\u00f6\u00f6rduda n\u00f5ustaja poole enne 70 kalendrip\u00e4eva m\u00f6\u00f6dumist semestri algusest.<\/p>\n<p>\u00a0<\/p>\n\n\t\t\t\t\t\t<\/div>\n\t\t\t\t\t<\/div>\n\t\t\t\t<\/div>\n\t\t\t\t\t<\/div>\n\t<\/div>\n\n\n<div class=\"accordion-block mb-3\">\n\t\t<div class=\"accordion \" id=\"accordion-accordion-6a99a9167da75\">\n\t\t\t\t\t\t\t<div class=\"accordion-item accordion-item--white\">\n\t\t\t\t\t<h2 class=\"accordion-header\" id=\"accordion-6a99a9167da75-heading-1\">\n\t\t\t\t\t\t<button class=\"accordion-button \" type=\"button\" data-bs-toggle=\"collapse\" data-bs-target=\"#accordion-6a99a9167da75-collapse-1\" aria-expanded=\"true\" aria-controls=\"accordion-6a99a9167da75-collapse-1\">\n\t\t\t\t\t\t\t31. august \u2013 6. september\n\t\t\t\t\t\t<\/button>\n\t\t\t\t\t<\/h2>\n\t\t\t\t\t<div id=\"accordion-6a99a9167da75-collapse-1\" class=\"accordion-collapse collapse show\" aria-labelledby=\"accordion-6a99a9167da75-heading-1\">\n\t\t\t\t\t\t<div class=\"accordion-body pt-0\">\n\t\t\t\t\t\t\t<h2 class=\"wp-block-heading\">Tartu \u00dclikool rektori p\u00f6\u00f6rdumine<\/h2>\n<p>31. augustil alustas Tartu \u00dclikooli bakalaureuse\u00f5ppes oma \u00fclikooliteed 2690 esmakursuslast. K\u00f5igil \u00f5ppeastmetel kokku \u00f5pib praegu Tartu \u00dclikoolis \u00fcle 15 500 \u00fcli\u00f5pilase. Oma k\u00f5nes soovis Rektor Toomas Asser k\u00f5igile sujuvat kooliteed ja r\u00e4\u00e4kis ka \u00fclikooliharidusega kaasnevast vastutusest \u00fchiskonna ees.<br>\n\u2794 <a href=\"https:\/\/ut.ee\/et\/uudis\/rektor-toomas-asser-ulikooliharidusega-kaasneb-vastutus-uhiskonna-ees\" target=\"_blank\" rel=\"noreferrer noopener\">Tartu \u00dclikooli rektor professor Toomas Asseri k\u00f5ne 2026\/2027. akadeemilise aasta avaaktusel 31. augustil 2026<\/a><\/p>\n<p>\u00a0<\/p>\n<hr>\n<h2 class=\"wp-block-heading\">Oluline info uuele \u00fcli\u00f5pilasele<\/h2>\n<p>\u2794 \u00d5pingute alustamiseks olulist infot leiad <a href=\"https:\/\/ut.ee\/et\/sisu\/uuele-uliopilasele\" target=\"_blank\" rel=\"noreferrer noopener\">\u00fclikooli kodulehelt.<\/a><\/p>\n<p>\u00a0<\/p>\n<hr class=\"wp-block-separator has-alpha-channel-opacity\">\n<h2 class=\"wp-block-heading\">Esimese semestri \u00fcli\u00f5pilaste \u00f5ppeainetesse registreerumise t\u00e4htp\u00e4ev on 14. september<\/h2>\n<p>S\u00fcgissemestri tunniplaani koostamisel on kaval v\u00f5tta appi planeerija \u2013 seda kasutades saab k\u00f5ikidesse semestri \u00f5ppeainetesse \u00fche korraga registreeruda. \u00d5ppeainete planeerimisel ja ainetesse registreerumisel on abiks uutele bakalaureuse-, rakendusk\u00f5rgharidus\u00f5ppe ja integreeritud \u00f5ppe \u00fcli\u00f5pilastele ka tuutorid.<\/p>\n<p>\u2794 \u00d5ppeainete <a href=\"https:\/\/wiki.ut.ee\/pages\/viewpage.action?pageId=77401349\" target=\"_blank\" rel=\"noreferrer noopener\">planeerimise juhend<\/a><br>\n\u2794 \u00d5ppeainetesse <a href=\"https:\/\/wiki.ut.ee\/pages\/viewpage.action?pageId=77401360\" target=\"_blank\" rel=\"noreferrer noopener\">registreerumise juhend<\/a><br>\n\u2794 <a href=\"https:\/\/ut.ee\/et\/sisu\/tugi-tuutorilt\" target=\"_blank\" rel=\"noreferrer noopener\">Loe l\u00e4hemalt, kes on tuutor<\/a>.<\/p>\n<p>\u00a0<\/p>\n<hr class=\"wp-block-separator has-alpha-channel-opacity\">\n<h2>Ajateenistus ja ajapikendus<\/h2>\n<p>Vahetult p\u00e4rast keskhariduse omandamist k\u00f5rgkooli astunud noormehed saavad taotleda ajapikendust ajateenistusest.\u00a0Ajapikenduse saamiseks tuleb esitada taotlus Kaitseressursside Ametile 30 p\u00e4eva jooksul \u00f5ppima asumisest arvates.<br>\nAjateenistusse ei kutsuta arsti v\u00f5i \u00f5e erialal \u00f5ppivat \u00fcli\u00f5pilast, kui esitada Kaitseressursside Ametile kirjalik taotlus.<\/p>\n<p>\u2794 Ajateenistuse info <a href=\"https:\/\/ut.ee\/et\/sisu\/ajateenistus-ja-osalemine-kaitsevae-oppekogunemisel\" target=\"_blank\" rel=\"noreferrer noopener\">\u00fclikooli kodulehel<\/a>.<br>\n\u2794 <a href=\"https:\/\/kra.ee\/ajateenistus\/\" target=\"_blank\" rel=\"noreferrer noopener\">Kaitseressursside Ameti koduleht<\/a>.<\/p>\n<p>\u00a0<\/p>\n<hr class=\"wp-block-separator has-alpha-channel-opacity\">\n<h2 class=\"wp-block-heading\">\u00d5ppekava t\u00e4itmine<\/h2>\n<p>\u00dcli\u00f5pilane peab t\u00e4itma \u00f5ppekava, millele ta on immatrikuleeritud ja selle t\u00e4itmist kontrollitakse s\u00fcgissemestri alguses.<\/p>\n<p>\u2794 Loe l\u00e4hemalt <a href=\"https:\/\/ut.ee\/et\/sisu\/oppekava-taitmine\" target=\"_blank\" rel=\"noopener\">\u00f5ppekava t\u00e4itmise kohta<\/a>.<\/p>\n<p>\u00a0<\/p>\n<hr>\n<h2 class=\"wp-block-heading\">\u00d5ppetasu maksmisest vabastamine<\/h2>\n<p>\u00d5ppetasu maksmisest vabastust on \u00f5igus taotleda \u00fcli\u00f5pilasel, kes on \u00f5ppima asunud eestikeelsele \u00f5ppekavale t\u00e4iskoormusega. Taotluse esitamise t\u00e4htaeg on 15. september.<\/p>\n<p>\u2794 Loe <a href=\"https:\/\/ut.ee\/et\/sisu\/oppetasud\" target=\"_blank\" rel=\"noopener\">\u00f5ppetasude lehelt<\/a>, kellel on \u00f5igus \u00f5ppetasu maksmisest vabastust taotleda.<\/p>\n<p>\u00a0<\/p>\n<hr>\n<h2 class=\"wp-block-heading\">Olulisemad muudatused \u00f5ppekorralduses 2026\/27. \u00f5ppeaastast<\/h2>\n<p>Loe \u00f5ppekorralduse olulisemate muudatuste kohta <a href=\"https:\/\/ut.ee\/et\/sisu\/uut-oppekorralduses\" target=\"_blank\" rel=\"noreferrer noopener\">Tartu \u00dclikooli kodulehelt<\/a>.<\/p>\n<p>\u00a0<\/p>\n\n\t\t\t\t\t\t<\/div>\n\t\t\t\t\t<\/div>\n\t\t\t\t<\/div>\n\t\t\t\t\t<\/div>\n\t<\/div>\n\n\n<div class=\"accordion-block mb-3\">\n\t\t<div class=\"accordion \" id=\"accordion-accordion-6a99a9167dd2c\">\n\t\t\t\t\t\t\t<div class=\"accordion-item accordion-item--white\">\n\t\t\t\t\t<h2 class=\"accordion-header\" id=\"accordion-6a99a9167dd2c-heading-1\">\n\t\t\t\t\t\t<button class=\"accordion-button collapsed\" type=\"button\" data-bs-toggle=\"collapse\" data-bs-target=\"#accordion-6a99a9167dd2c-collapse-1\" aria-expanded=\"true\" aria-controls=\"accordion-6a99a9167dd2c-collapse-1\">\n\t\t\t\t\t\t\t24. august \u2013 30. august\n\t\t\t\t\t\t<\/button>\n\t\t\t\t\t<\/h2>\n\t\t\t\t\t<div id=\"accordion-6a99a9167dd2c-collapse-1\" class=\"accordion-collapse collapse \" aria-labelledby=\"accordion-6a99a9167dd2c-heading-1\">\n\t\t\t\t\t\t<div class=\"accordion-body pt-0\">\n\t\t\t\t\t\t\t<h2>2026\/27. \u00f5ppeaasta avaaktus<\/h2>\n<p>Tartu \u00dclikooli 2026\/27. \u00f5ppeaasta <a href=\"https:\/\/ut.ee\/et\/uritus\/20262027-oppeaasta-avaaktus\" target=\"_blank\" rel=\"noopener\">avaaktus\u00a0<\/a>toimub esmasp\u00e4eval, <strong>31. augustil kell 10<\/strong> \u00fclikooli peahoone ees.<br>\n\u2794 Vaata infot <a href=\"https:\/\/ut.ee\/et\/sisu\/oppeaasta-avauritused-valdkondades-2024\" target=\"_blank\" rel=\"noopener\">k\u00f5igi valdkondade \u00f5ppeaasta ava\u00fcrituste kohta<\/a>.<\/p>\n<p><img loading=\"lazy\" decoding=\"async\" class=\"alignnone size-full wp-image-7774\" src=\"https:\/\/sisu.ut.ee\/wp-content\/uploads\/sites\/224\/Avaaktus-2026-kutse-EST.jpg\" alt=\"\" width=\"870\" height=\"480\" srcset=\"https:\/\/sisu.ut.ee\/wp-content\/uploads\/sites\/224\/Avaaktus-2026-kutse-EST.jpg 870w, https:\/\/sisu.ut.ee\/wp-content\/uploads\/sites\/224\/Avaaktus-2026-kutse-EST-300x166.jpg 300w, https:\/\/sisu.ut.ee\/wp-content\/uploads\/sites\/224\/Avaaktus-2026-kutse-EST-768x424.jpg 768w\" sizes=\"auto, (max-width: 870px) 100vw, 870px\"><\/p>\n<p>\u00a0<\/p>\n<hr>\n<h2>Oluline info uuele \u00fcli\u00f5pilasele<\/h2>\n<p>\u2794 \u00d5pingute alustamiseks olulist infot leiad\u00a0<a href=\"https:\/\/ut.ee\/et\/sisu\/uuele-uliopilasele\" target=\"_blank\" rel=\"noopener\">\u00fclikooli kodulehelt.<\/a><\/p>\n<p>\u00a0<\/p>\n<hr>\n<h2>Algas esmakursuslaste \u00f5ppeainetesse registreerumine<\/h2>\n<p>2026\/27. \u00f5a sisse astunud \u00fcli\u00f5pilased saavad \u00f5ppeaineid planeerida ja ainetesse registreeruda \u00f5ppeinfos\u00fcsteemis (\u00d5IS) juba n\u00e4dal aega enne \u00f5ppeaasta algust ehk alates <strong>24. augustist<\/strong>. Selleks kuup\u00e4evaks on uutele \u00fcli\u00f5pilastele saadetud \u00fclikooli IT-osakonna poolt kasutajatunnus ja parool ning neil on \u00d5IS-ile ligip\u00e4\u00e4s. \u00d5ppeainetesse registreerumise t\u00e4htaeg esmakursuslastel on\u00a0<strong>14. september<\/strong>.<\/p>\n<p>S\u00fcgissemestri tunniplaani koostamisel on kaval v\u00f5tta appi planeerija \u2013 seda kasutades saab k\u00f5ikidesse semestri \u00f5ppeainetesse \u00fche korraga registreeruda. \u00d5ppeainete planeerimisel ja ainetesse registreerumisel on abiks uutele bakalaureuse-, rakendusk\u00f5rgharidus\u00f5ppe ja integreeritud \u00f5ppe \u00fcli\u00f5pilastele ka tuutorid.<\/p>\n<p>\u2794 \u00d5ppeainete <a href=\"https:\/\/wiki.ut.ee\/pages\/viewpage.action?pageId=77401349\" target=\"_blank\" rel=\"noopener\">planeerimise juhend<\/a><br>\n\u2794 \u00d5ppeainetesse <a href=\"https:\/\/wiki.ut.ee\/pages\/viewpage.action?pageId=77401360\" target=\"_blank\" rel=\"noopener\">registreerumise juhend<\/a><br>\n\u2794 <a href=\"https:\/\/ut.ee\/et\/sisu\/tugi-tuutorilt\" target=\"_blank\" rel=\"noopener\">Loe l\u00e4hemalt, kes on tuutor<\/a>.<\/p>\n<p>\u00a0<\/p>\n<hr>\n<h2>L\u00f5ppeb \u00f5ppeainetesse registreerumine<\/h2>\n<p><strong>30. augustiga<\/strong> l\u00f5ppeb teise ja j\u00e4rgmiste aastate \u00fcli\u00f5pilaste s\u00fcgissemestri \u00f5ppeainetesse registreerumine \u00d5IS-is. Esimese semestri \u00fcli\u00f5pilaste \u00f5ppeainetesse registreerumise t\u00e4htaeg on 14. september.<\/p>\n<p>\u00a0<\/p>\n<hr>\n<h2>\u00d5pingute pikendamine<\/h2>\n<p>\u00d5ppe l\u00f5pukuup\u00e4eva l\u00e4henedes (seda kuup\u00e4eva n\u00e4eb \u00d5IS-ist) esitage\u00a0<a href=\"https:\/\/ut.ee\/et\/sisu\/opingute-pikendamine\" target=\"_blank\" rel=\"noopener\">\u00f5pingute pikendamiseks<\/a>\u00a0avaldus enne \u00f5ppe l\u00f5pukuup\u00e4eva oma valdkonna dekanaati v\u00f5i instituudi v\u00f5i kolled\u017ei \u00f5ppekorralduse spetsialistile.<\/p>\n<p>\u00a0<\/p>\n<hr>\n<h2>Olulisemad muudatused \u00f5ppekorralduses 2026\/27. \u00f5ppeaastast<\/h2>\n<p>Loe \u00f5ppekorralduse olulisemate muudatuste kohta\u00a0<a href=\"https:\/\/ut.ee\/et\/sisu\/uut-oppekorralduses\" target=\"_blank\" rel=\"noopener\">Tartu \u00dclikooli kodulehelt<\/a>.<\/p>\n<p>\u00a0<\/p>\n\n\t\t\t\t\t\t<\/div>\n\t\t\t\t\t<\/div>\n\t\t\t\t<\/div>\n\t\t\t\t\t<\/div>\n\t<\/div>\n","protected":false},"excerpt":{"rendered":"<p>\u00d5ppet\u00f6\u00f6 \u00fclikoolis toimub kindlate reeglite j\u00e4rgi. Et \u00f5ppimine kulgeks edukalt, peavad \u00fcli\u00f5pilased neid reegleid teadma ja pidama kinni t\u00e4htaegadest, mis on seotud \u00f5ppimisega.<\/p>\n","protected":false},"author":113,"featured_media":0,"parent":0,"menu_order":0,"comment_status":"closed","ping_status":"closed","template":"","meta":{"_acf_changed":false,"inline_featured_image":false,"footnotes":""},"class_list":["post-10","page","type-page","status-publish","hentry"],"acf":[],"_links":{"self":[{"href":"https:\/\/sisu.ut.ee\/infokiri\/wp-json\/wp\/v2\/pages\/10","targetHints":{"allow":["GET"]}}],"collection":[{"href":"https:\/\/sisu.ut.ee\/infokiri\/wp-json\/wp\/v2\/pages"}],"about":[{"href":"https:\/\/sisu.ut.ee\/infokiri\/wp-json\/wp\/v2\/types\/page"}],"author":[{"embeddable":true,"href":"https:\/\/sisu.ut.ee\/infokiri\/wp-json\/wp\/v2\/users\/113"}],"replies":[{"embeddable":true,"href":"https:\/\/sisu.ut.ee\/infokiri\/wp-json\/wp\/v2\/comments?post=10"}],"version-history":[{"count":30,"href":"https:\/\/sisu.ut.ee\/infokiri\/wp-json\/wp\/v2\/pages\/10\/revisions"}],"predecessor-version":[{"id":7915,"href":"https:\/\/sisu.ut.ee\/infokiri\/wp-json\/wp\/v2\/pages\/10\/revisions\/7915"}],"wp:attachment":[{"href":"https:\/\/sisu.ut.ee\/infokiri\/wp-json\/wp\/v2\/media?parent=10"}],"curies":[{"name":"wp","href":"https:\/\/api.w.org\/{rel}","templated":true}]}}