{"id":140,"date":"2025-05-19T16:12:30","date_gmt":"2025-05-19T13:12:30","guid":{"rendered":"https:\/\/sisu.ut.ee\/hik\/?page_id=140"},"modified":"2026-04-22T15:14:09","modified_gmt":"2026-04-22T12:14:09","slug":"kontakt","status":"publish","type":"page","link":"https:\/\/sisu.ut.ee\/hik\/kontakt\/","title":{"rendered":"N\u00f5ukogu ja kontakt"},"content":{"rendered":"<p>Kompetentsikeskuse t\u00f6\u00f6d juhivad n\u00f5ukogu ja juhataja.<\/p>\n\n\n\n<p>N\u00f5ukogu koosseisu kuuluvad<\/p>\n\n\n\n<ul class=\"wp-block-list\">\n<li>T\u00dc ps\u00fchholoogia instituudi esindaja instituudi juhataja ettepanekul;<\/li>\n\n\n\n<li>T\u00dc kliinilise meditsiini instituudi esindaja instituudi juhataja ettepanekul;<\/li>\n\n\n\n<li>T\u00dc peremeditsiini ja rahvatervishoiu instituudi esindaja instituudi juhataja ettepanekul;<\/li>\n\n\n\n<li>kuni neli liiget kompetentsikeskuse t\u00f6\u00f6s osalevate struktuuri\u00fcksuste juhtide \u00fchisel ettepanekul.<\/li>\n<\/ul>\n\n\n\n<div class=\"wp-block-columns is-layout-flex wp-container-core-columns-is-layout-9d6595d7 wp-block-columns-is-layout-flex\">\n<div class=\"wp-block-column is-layout-flow wp-block-column-is-layout-flow\">\n<div class=\"wp-block-columns is-layout-flex wp-container-core-columns-is-layout-9d6595d7 wp-block-columns-is-layout-flex\">\n<div class=\"wp-block-column is-layout-flow wp-block-column-is-layout-flow\">\n<figure class=\"wp-block-image aligncenter size-large wp-duotone-grayscale\"><img loading=\"lazy\" decoding=\"async\" width=\"1024\" height=\"709\" src=\"https:\/\/sisu.ut.ee\/wp-content\/uploads\/sites\/902\/UT260324AT051-1024x709.jpg\" alt=\"\" class=\"wp-image-669\" style=\"aspect-ratio:1.4440749452510342\" srcset=\"https:\/\/sisu.ut.ee\/wp-content\/uploads\/sites\/902\/UT260324AT051-1024x709.jpg 1024w, https:\/\/sisu.ut.ee\/wp-content\/uploads\/sites\/902\/UT260324AT051-300x208.jpg 300w, https:\/\/sisu.ut.ee\/wp-content\/uploads\/sites\/902\/UT260324AT051-768x531.jpg 768w, https:\/\/sisu.ut.ee\/wp-content\/uploads\/sites\/902\/UT260324AT051-1920x1328.jpg 1920w\" sizes=\"auto, (max-width: 1024px) 100vw, 1024px\"><\/figure>\n\n\n\n<p><strong>Kirsti Akkermann<\/strong><\/p>\n\n\n\n<p>n\u00f5ukogu esimees, kliinilise ps\u00fchholoogia professor<\/p>\n\n\n\n<p>Tartu \u00dclikool<\/p>\n<\/div>\n\n\n\n<div class=\"wp-block-column is-layout-flow wp-block-column-is-layout-flow\">\n<figure class=\"wp-block-image aligncenter wp-duotone-grayscale\"><img loading=\"lazy\" decoding=\"async\" width=\"800\" height=\"554\" src=\"https:\/\/sisu.ut.ee\/wp-content\/uploads\/sites\/902\/Liina.jpg\" alt=\"\" class=\"wp-image-635\" srcset=\"https:\/\/sisu.ut.ee\/wp-content\/uploads\/sites\/902\/Liina.jpg 800w, https:\/\/sisu.ut.ee\/wp-content\/uploads\/sites\/902\/Liina-300x208.jpg 300w, https:\/\/sisu.ut.ee\/wp-content\/uploads\/sites\/902\/Liina-768x532.jpg 768w\" sizes=\"auto, (max-width: 800px) 100vw, 800px\"><\/figure>\n\n\n\n<p><strong>Liina Haring<\/strong><\/p>\n\n\n\n<p>n\u00f5ukogu liige, ps\u00fchhiaatria kaasprofessor<\/p>\n\n\n\n<p>Tartu \u00dclikool<\/p>\n<\/div>\n<\/div>\n<\/div>\n\n\n\n<div class=\"wp-block-column is-layout-flow wp-block-column-is-layout-flow\">\n<div class=\"wp-block-columns is-layout-flex wp-container-core-columns-is-layout-9d6595d7 wp-block-columns-is-layout-flex\">\n<div class=\"wp-block-column is-layout-flow wp-block-column-is-layout-flow\">\n<figure class=\"wp-block-image aligncenter size-large wp-duotone-grayscale\"><img loading=\"lazy\" decoding=\"async\" width=\"1024\" height=\"700\" src=\"https:\/\/sisu.ut.ee\/wp-content\/uploads\/sites\/902\/UT260324AT038-1024x700.jpg\" alt=\"\" class=\"wp-image-674\" srcset=\"https:\/\/sisu.ut.ee\/wp-content\/uploads\/sites\/902\/UT260324AT038-1024x700.jpg 1024w, https:\/\/sisu.ut.ee\/wp-content\/uploads\/sites\/902\/UT260324AT038-300x205.jpg 300w, https:\/\/sisu.ut.ee\/wp-content\/uploads\/sites\/902\/UT260324AT038-768x525.jpg 768w, https:\/\/sisu.ut.ee\/wp-content\/uploads\/sites\/902\/UT260324AT038-1920x1312.jpg 1920w\" sizes=\"auto, (max-width: 1024px) 100vw, 1024px\"><\/figure>\n\n\n\n<p><strong>Taavi Lai<\/strong><\/p>\n\n\n\n<p>n\u00f5ukogu liige, SA INTEGRIA anal\u00fc\u00fcsi- ja teaduskeskus, Fourth View Consulting O\u00dc, juhatuse liige<\/p>\n\n\n\n<p><\/p>\n<\/div>\n\n\n\n<div class=\"wp-block-column is-layout-flow wp-block-column-is-layout-flow\">\n<figure class=\"wp-block-image aligncenter size-large wp-duotone-grayscale\"><img loading=\"lazy\" decoding=\"async\" width=\"1024\" height=\"706\" src=\"https:\/\/sisu.ut.ee\/wp-content\/uploads\/sites\/902\/UT260324AT047-1024x706.jpg\" alt=\"\" class=\"wp-image-668\" srcset=\"https:\/\/sisu.ut.ee\/wp-content\/uploads\/sites\/902\/UT260324AT047-1024x706.jpg 1024w, https:\/\/sisu.ut.ee\/wp-content\/uploads\/sites\/902\/UT260324AT047-300x207.jpg 300w, https:\/\/sisu.ut.ee\/wp-content\/uploads\/sites\/902\/UT260324AT047-768x529.jpg 768w, https:\/\/sisu.ut.ee\/wp-content\/uploads\/sites\/902\/UT260324AT047-1920x1323.jpg 1920w\" sizes=\"auto, (max-width: 1024px) 100vw, 1024px\"><\/figure>\n\n\n\n<p><strong>Kaja P\u00f5lluste<\/strong><\/p>\n\n\n\n<p>n\u00f5ukogu liige, sisehaiguste kaasprofessor<\/p>\n\n\n\n<p>Tartu \u00dclikool<\/p>\n<\/div>\n<\/div>\n<\/div>\n<\/div>\n\n\n\n<div class=\"wp-block-columns is-layout-flex wp-container-core-columns-is-layout-9d6595d7 wp-block-columns-is-layout-flex\">\n<div class=\"wp-block-column is-layout-flow wp-block-column-is-layout-flow\">\n<div class=\"wp-block-columns is-layout-flex wp-container-core-columns-is-layout-9d6595d7 wp-block-columns-is-layout-flex\">\n<div class=\"wp-block-column is-layout-flow wp-block-column-is-layout-flow\">\n<figure class=\"wp-block-image aligncenter size-large wp-duotone-grayscale\"><img loading=\"lazy\" decoding=\"async\" width=\"1024\" height=\"709\" src=\"https:\/\/sisu.ut.ee\/wp-content\/uploads\/sites\/902\/UT260324AT024-1024x709.jpg\" alt=\"\" class=\"wp-image-673\" srcset=\"https:\/\/sisu.ut.ee\/wp-content\/uploads\/sites\/902\/UT260324AT024-1024x709.jpg 1024w, https:\/\/sisu.ut.ee\/wp-content\/uploads\/sites\/902\/UT260324AT024-300x208.jpg 300w, https:\/\/sisu.ut.ee\/wp-content\/uploads\/sites\/902\/UT260324AT024-768x532.jpg 768w, https:\/\/sisu.ut.ee\/wp-content\/uploads\/sites\/902\/UT260324AT024-1920x1329.jpg 1920w\" sizes=\"auto, (max-width: 1024px) 100vw, 1024px\"><\/figure>\n\n\n\n<p><strong>K\u00e4tlin Anni<\/strong><\/p>\n\n\n\n<p>n\u00f5ukogu liige, kliinilise ps\u00fchholoogia lektor, heaolu-uuringute teadur<\/p>\n\n\n\n<p>Tartu \u00dclikool<\/p>\n<\/div>\n\n\n\n<div class=\"wp-block-column is-layout-flow wp-block-column-is-layout-flow\">\n<figure class=\"wp-block-image aligncenter size-large wp-duotone-grayscale\"><img loading=\"lazy\" decoding=\"async\" width=\"1024\" height=\"748\" src=\"https:\/\/sisu.ut.ee\/wp-content\/uploads\/sites\/902\/Urmeli015-1024x748.jpg\" alt=\"\" class=\"wp-image-704\" srcset=\"https:\/\/sisu.ut.ee\/wp-content\/uploads\/sites\/902\/Urmeli015-1024x748.jpg 1024w, https:\/\/sisu.ut.ee\/wp-content\/uploads\/sites\/902\/Urmeli015-300x219.jpg 300w, https:\/\/sisu.ut.ee\/wp-content\/uploads\/sites\/902\/Urmeli015-768x561.jpg 768w, https:\/\/sisu.ut.ee\/wp-content\/uploads\/sites\/902\/Urmeli015-1920x1403.jpg 1920w\" sizes=\"auto, (max-width: 1024px) 100vw, 1024px\"><\/figure>\n\n\n\n<p><\/p>\n\n\n\n<p><strong>Urmeli Katus<\/strong><\/p>\n\n\n\n<p>n\u00f5ukogu liige, t\u00f5endusp\u00f5hise praktika keskuse juhataja<\/p>\n\n\n\n<p>Tartu \u00dclikool<\/p>\n<\/div>\n<\/div>\n<\/div>\n\n\n\n<div class=\"wp-block-column is-layout-flow wp-block-column-is-layout-flow\">\n<div class=\"wp-block-columns is-layout-flex wp-container-core-columns-is-layout-9d6595d7 wp-block-columns-is-layout-flex\">\n<div class=\"wp-block-column is-layout-flow wp-block-column-is-layout-flow\">\n<figure class=\"wp-block-image aligncenter size-large wp-duotone-grayscale\"><img loading=\"lazy\" decoding=\"async\" width=\"1024\" height=\"749\" src=\"https:\/\/sisu.ut.ee\/wp-content\/uploads\/sites\/902\/Rainer8cc-1024x749.jpg\" alt=\"\" class=\"wp-image-720\" style=\"aspect-ratio:1.4008264462809918\" srcset=\"https:\/\/sisu.ut.ee\/wp-content\/uploads\/sites\/902\/Rainer8cc-1024x749.jpg 1024w, https:\/\/sisu.ut.ee\/wp-content\/uploads\/sites\/902\/Rainer8cc-300x220.jpg 300w, https:\/\/sisu.ut.ee\/wp-content\/uploads\/sites\/902\/Rainer8cc-768x562.jpg 768w, https:\/\/sisu.ut.ee\/wp-content\/uploads\/sites\/902\/Rainer8cc-1920x1405.jpg 1920w\" sizes=\"auto, (max-width: 1024px) 100vw, 1024px\"><\/figure>\n\n\n\n<p><strong>Rainer Reile<\/strong><\/p>\n\n\n\n<p>n\u00f5ukogu liige, epidemioloogia ja biostatistika osakonna juhataja, vanemteadur<\/p>\n\n\n\n<p>Tervise Arengu Instituut<\/p>\n<\/div>\n\n\n\n<div class=\"wp-block-column is-layout-flow wp-block-column-is-layout-flow\">\n<figure class=\"wp-block-image aligncenter size-large wp-duotone-grayscale\"><img loading=\"lazy\" decoding=\"async\" width=\"1024\" height=\"731\" src=\"https:\/\/sisu.ut.ee\/wp-content\/uploads\/sites\/902\/UT260324AT063-1024x731.jpg\" alt=\"\" class=\"wp-image-670\" style=\"aspect-ratio:1.4008264462809918\" srcset=\"https:\/\/sisu.ut.ee\/wp-content\/uploads\/sites\/902\/UT260324AT063-1024x731.jpg 1024w, https:\/\/sisu.ut.ee\/wp-content\/uploads\/sites\/902\/UT260324AT063-300x214.jpg 300w, https:\/\/sisu.ut.ee\/wp-content\/uploads\/sites\/902\/UT260324AT063-768x548.jpg 768w, https:\/\/sisu.ut.ee\/wp-content\/uploads\/sites\/902\/UT260324AT063-1920x1370.jpg 1920w\" sizes=\"auto, (max-width: 1024px) 100vw, 1024px\"><\/figure>\n\n\n\n<p><strong>Tuuli Ruus<\/strong><\/p>\n\n\n\n<p>kompetentsikeskuse juhataja, t\u00f5endusp\u00f5hise praktika keskuse metoodik<\/p>\n\n\n\n<p>Tartu \u00dclikool<\/p>\n<\/div>\n<\/div>\n<\/div>\n<\/div>\n\n\n\n<h1 class=\"wp-block-heading\">Kontakt<\/h1>\n\n\n\n<p>Ravila 19<br>50411 Tartu linn,<br>Tartu linn, Tartumaa<br>EST<\/p>\n\n\n\n<p><strong>Tuuli Ruus<\/strong><\/p>\n\n\n\n<p>juhataja<br>Tervise ja heaolu hindamisvahendite kompetentsikeskus<br>Tartu \u00dclikool<\/p>\n\n\n\n<p><a href=\"mailto:hik@ut.ee\">hik@ut.ee<\/a><br>tel +372 5186031<\/p>\n","protected":false},"excerpt":{"rendered":"<p>Kompetentsikeskuse t\u00f6\u00f6d juhivad n\u00f5ukogu ja juhataja. N\u00f5ukogu koosseisu kuuluvad Kirsti Akkermann n\u00f5ukogu esimees, kliinilise ps\u00fchholoogia professor Tartu \u00dclikool Liina Haring n\u00f5ukogu liige, ps\u00fchhiaatria kaasprofessor Tartu \u00dclikool Taavi Lai n\u00f5ukogu liige, SA INTEGRIA anal\u00fc\u00fcsi- ja teaduskeskus, Fourth View Consulting O\u00dc, juhatuse &#8230;<\/p>\n","protected":false},"author":830,"featured_media":0,"parent":0,"menu_order":0,"comment_status":"closed","ping_status":"closed","template":"","meta":{"_acf_changed":false,"inline_featured_image":false,"footnotes":""},"class_list":["post-140","page","type-page","status-publish","hentry"],"acf":[],"_links":{"self":[{"href":"https:\/\/sisu.ut.ee\/hik\/wp-json\/wp\/v2\/pages\/140","targetHints":{"allow":["GET"]}}],"collection":[{"href":"https:\/\/sisu.ut.ee\/hik\/wp-json\/wp\/v2\/pages"}],"about":[{"href":"https:\/\/sisu.ut.ee\/hik\/wp-json\/wp\/v2\/types\/page"}],"author":[{"embeddable":true,"href":"https:\/\/sisu.ut.ee\/hik\/wp-json\/wp\/v2\/users\/830"}],"replies":[{"embeddable":true,"href":"https:\/\/sisu.ut.ee\/hik\/wp-json\/wp\/v2\/comments?post=140"}],"version-history":[{"count":29,"href":"https:\/\/sisu.ut.ee\/hik\/wp-json\/wp\/v2\/pages\/140\/revisions"}],"predecessor-version":[{"id":778,"href":"https:\/\/sisu.ut.ee\/hik\/wp-json\/wp\/v2\/pages\/140\/revisions\/778"}],"wp:attachment":[{"href":"https:\/\/sisu.ut.ee\/hik\/wp-json\/wp\/v2\/media?parent=140"}],"curies":[{"name":"wp","href":"https:\/\/api.w.org\/{rel}","templated":true}]}}