{"id":16,"date":"2024-04-04T00:17:30","date_gmt":"2024-04-03T21:17:30","guid":{"rendered":"https:\/\/sisu.ut.ee\/hammaste_anatoomia_oklusioon\/anomaaliad\/"},"modified":"2024-04-10T16:59:23","modified_gmt":"2024-04-10T13:59:23","slug":"anomaaliad","status":"publish","type":"page","link":"https:\/\/sisu.ut.ee\/hammaste_anatoomia_oklusioon\/anomaaliad\/","title":{"rendered":"Hammaste arvu, suuruse ja kuju anomaaliad"},"content":{"rendered":"<h3>Hammaste arvu anomaaliad:<\/h3>\n<p><strong>H\u00fcpodontia<\/strong> <em>(hypodontia, <\/em>ka <em>agenesia)<\/em> \u2013 hammaste arv on s\u00fcnnip\u00e4raselt normist v\u00e4iksem.\u00a0Esineb &lt;28 hammast, sest tarkusehammaste puudumist anomaaliaks ei loeta. Tegemist on levinud anomaaliaga, mille esinemissagedus on j\u00e4\u00e4vhammaskonnas 3,5-8% (v\u00e4lja arvatud kolmandad molaarid); ajutises hammaskonnas esineb harva (&lt;1%). K\u00f5ige sagedasem puuduv hammas on kolmandad molaarid, teised premolaarid ja lateraalsed intsisiivid. Hulgaline hammaste puudumine kaasneb enamasti m\u00f5ne s\u00fcndroomiga.<\/p>\n<p><img loading=\"lazy\" decoding=\"async\" width=\"549\" height=\"283\" class=\"alignnone wp-image-88 aligncenter\" style=\"margin-left: auto; margin-right: auto;\" title=\"H\u00fcpodontia ehk agenesia. Allikas: [val=http:\/\/locoodonto.blogspot.com\/p\/radiologia.html href=http:\/\/locoodonto.blogspot.com\/p\/radiologia.html]\" src=\"https:\/\/sisu.ut.ee\/wp-content\/uploads\/sites\/114\/anomaalia1.png\" alt=\"H\u00fcpodontia ehk agenesia. Allikas: [val=http:\/\/locoodonto.blogspot.com\/p\/radiologia.html href=http:\/\/locoodonto.blogspot.com\/p\/radiologia.html]\" srcset=\"https:\/\/sisu.ut.ee\/wp-content\/uploads\/sites\/114\/anomaalia1.png 549w, https:\/\/sisu.ut.ee\/wp-content\/uploads\/sites\/114\/anomaalia1-300x155.png 300w\" sizes=\"auto, (max-width: 549px) 100vw, 549px\"><\/p>\n<p><strong>Oligodontia<\/strong> \u2013 s\u00fcnnip\u00e4raselt puuduvaid hambaid on rohkem kui neli.<\/p>\n<p><strong>Anodontia<\/strong> \u2013 hammaste t\u00e4ielik puudumine.\u00a0Esineb harva, peamiselt ektodermaalse d\u00fcsp\u00fclaasia s\u00fcndroomi korral.<\/p>\n<p><strong>H\u00fcperdontia<\/strong> <em>(hyperdontia) <\/em>\u2013 hammaste arv on normist suurem.\u00a0Anomaalia \u00fcldine esinemissagedus on 1-3%. Enamasti esineb \u00fcks lisahammas (75-85% juhtudest) mis 90% paikneb \u00fclal\u00f5uas. K\u00f5ige sagedamini asetseb lisahammas \u00fclemiste eeshammaste piirkonnas (mesiodens), sageduselt j\u00e4rgmised on neljandad molaarid ning seej\u00e4rel \u00fclemine paramolaar, alumine premolaar ja \u00fclemine lateraalne intsisiiv. Hulgaliselt lisahambaid v\u00f5ib kaasneda m\u00f5ningate s\u00fcndroomidega.<\/p>\n<p><img loading=\"lazy\" decoding=\"async\" width=\"264\" height=\"178\" class=\"alignnone wp-image-89 aligncenter\" style=\"margin-left: auto; margin-right: auto;\" title=\"Mesiodens. Allikas: [val=http:\/\/http:\/\/www.btorthodontics.com\/blog\/what-is-hyperdontia\/ href=http:\/\/www.btorthodontics.com\/blog\/what-is-hyperdontia\/]\" src=\"https:\/\/sisu.ut.ee\/wp-content\/uploads\/sites\/114\/anomaalia2.png\" alt=\"Mesiodens. Allikas: [val=http:\/\/http:\/\/www.btorthodontics.com\/blog\/what-is-hyperdontia\/ href=http:\/\/www.btorthodontics.com\/blog\/what-is-hyperdontia\/]\"><\/p>\n<p style=\"text-align: left;\">\u00dclemisel fotol on \u00fclemiste tsentraalsete intsisiivide vahel on n\u00e4ha v\u00e4ikene paaritu hammas \u2013 mesiodens; kaniinide jaoks puudub ruum ja need on hambareast v\u00e4ljapoole nihkunud.<\/p>\n<p><img loading=\"lazy\" decoding=\"async\" width=\"455\" height=\"458\" class=\"alignnone wp-image-90 aligncenter\" style=\"margin-left: auto; margin-right: auto;\" title=\"Paramolaar. Allikas: [val=http:\/\/www.jisponline.com\/viewimage.asp?img=JIndianSocPeriodontol_2013_17_3_383_115647_f2.jpg href=http:\/\/www.jisponline.com\/viewimage.asp?img=JIndianSocPeriodontol_2013_17_3_383_115647_f2.jpg]\" src=\"https:\/\/sisu.ut.ee\/wp-content\/uploads\/sites\/114\/anomaalia3.png\" alt=\"Paramolaar. Allikas: [val=http:\/\/www.jisponline.com\/viewimage.asp?img=JIndianSocPeriodontol_2013_17_3_383_115647_f2.jpg href=http:\/\/www.jisponline.com\/viewimage.asp?img=JIndianSocPeriodontol_2013_17_3_383_115647_f2.jpg]\" srcset=\"https:\/\/sisu.ut.ee\/wp-content\/uploads\/sites\/114\/anomaalia3.png 455w, https:\/\/sisu.ut.ee\/wp-content\/uploads\/sites\/114\/anomaalia3-298x300.png 298w, https:\/\/sisu.ut.ee\/wp-content\/uploads\/sites\/114\/anomaalia3-150x150.png 150w\" sizes=\"auto, (max-width: 455px) 100vw, 455px\"><\/p>\n<h3>Hammaste suuruse anomaaliad:<\/h3>\n<p><strong>Mikrodontia<\/strong> <em>(microdontia) <\/em>\u2013 hammas on normist v\u00e4iksem.\u00a0Esinemissagedus ei ole suur, 1-8%. Pigem esineb suhtelist mikrodontiat \u2013 suurema l\u00f5ualuu korral j\u00e4\u00e4vad hammaste vahele vahed ning hambad tunduvad normist v\u00e4iksemad. K\u00f5ige sagedamini esineb mikrodontia \u00fclemistel lateraalsetel intsisiividel ja \u00fclemistel kolmandatel molaaridel.\u00a0K\u00fcllalt sageli esinev koonusekujuline \u00fclemine\u00a0 lateraalne intsisiiv.<\/p>\n<p><img loading=\"lazy\" decoding=\"async\" width=\"444\" height=\"279\" class=\"alignnone wp-image-91 aligncenter\" style=\"margin-left: auto; margin-right: auto;\" title=\"Mikrodontia. Allikas: [val=http:\/\/blogkamilagodoy.com.br\/microdontia-pode-gerar-problemas-ortodonticos\/ href=http:\/\/blogkamilagodoy.com.br\/microdontia-pode-gerar-problemas-ortodonticos\/]\" src=\"https:\/\/sisu.ut.ee\/wp-content\/uploads\/sites\/114\/anomaalia4.png\" alt=\"Mikrodontia. Allikas: [val=http:\/\/blogkamilagodoy.com.br\/microdontia-pode-gerar-problemas-ortodonticos\/ href=http:\/\/blogkamilagodoy.com.br\/microdontia-pode-gerar-problemas-ortodonticos\/]\" srcset=\"https:\/\/sisu.ut.ee\/wp-content\/uploads\/sites\/114\/anomaalia4.png 444w, https:\/\/sisu.ut.ee\/wp-content\/uploads\/sites\/114\/anomaalia4-300x189.png 300w\" sizes=\"auto, (max-width: 444px) 100vw, 444px\"><\/p>\n<p><strong>Makrodontia<\/strong> <em>(macrodontia) <\/em>\u2013 hammas on normist suurem.\u00a0Enam esineb suhtelist makrodontiat \u2013 inimestel, kellel on v\u00e4ike l\u00f5ualuu, ei mahu ka normaalsuuruses hambad ritta, vaid kuhjuvad (vt hambumusanomaaliad).<\/p>\n<p><img loading=\"lazy\" decoding=\"async\" width=\"430\" height=\"316\" class=\"alignnone wp-image-92 aligncenter\" style=\"margin-left: auto; margin-right: auto;\" title=\"Makrodontia. Allikas: [val=http:\/\/www.doctoruldedinti.info\/amomalii-dentare-de-volum\/ href=http:\/\/www.doctoruldedinti.info\/amomalii-dentare-de-volum\/]\" src=\"https:\/\/sisu.ut.ee\/wp-content\/uploads\/sites\/114\/anomaalia5.png\" alt=\"Makrodontia. Allikas: [val=http:\/\/www.doctoruldedinti.info\/amomalii-dentare-de-volum\/ href=http:\/\/www.doctoruldedinti.info\/amomalii-dentare-de-volum\/]\" srcset=\"https:\/\/sisu.ut.ee\/wp-content\/uploads\/sites\/114\/anomaalia5.png 430w, https:\/\/sisu.ut.ee\/wp-content\/uploads\/sites\/114\/anomaalia5-300x220.png 300w\" sizes=\"auto, (max-width: 430px) 100vw, 430px\"><\/p>\n<h3>Hammaste kuju anomaaliad:<\/h3>\n<p>Hamba kuju on indiviidile omane ja hammastel ongi mitmeid anatoomilisi variante.\u00a0Hambad varieeruvad nii laiuse (intsisiivid) kui k\u00f6prude suuruse ja arvu (molaarid, harvem premolaarid) poolest.<\/p>\n<p>Levinumad kujuanomaaliad:<\/p>\n<p><strong>Kahestunud hammas.\u00a0<\/strong>V\u00f5ib olla tegemist olukorraga, kus \u00fchest hambaalgmest areneb kaks hammast v\u00f5i kasvavad kaks hammast osaliselt v\u00f5i t\u00e4ielikult kokku. Kliiniliselt on hammas normaalsest suurem ja jagab \u00fchist pulbi\u00f5\u00f5nt. Hambakroonil on n\u00e4ha kokkupuutekohal vagu. Esinemissagedus j\u00e4\u00e4vhammaskonnas on k\u00f5rgem (0,1%) kui piimahammaskonnas \u00a0(0,5%). P\u00f5hjuseks peetakse hamba arengu aegset traumat.<\/p>\n<p>R\u00f6ntgen\u00fclesv\u00f5ttel on n\u00e4ha \u00fche juurega, kuid krooni osas kahestunud ajutised lateraalsed intsiivid. L\u00f5ikumata intsiivid on normaalse kujuga.<\/p>\n<p><img loading=\"lazy\" decoding=\"async\" width=\"559\" height=\"317\" class=\"alignnone wp-image-93 aligncenter\" style=\"margin-left: auto; margin-right: auto;\" title=\"Allikas: [val=http:\/\/www.ijdr.in\/viewimage.asp?img=IndianJDentRes_2013_24_2_277_116680_f2.jpg href=http:\/\/www.ijdr.in\/viewimage.asp?img=IndianJDentRes_2013_24_2_277_116680_f2.jpg]\" src=\"https:\/\/sisu.ut.ee\/wp-content\/uploads\/sites\/114\/anomaalia6.png\" alt=\"Allikas: [val=http:\/\/www.ijdr.in\/viewimage.asp?img=IndianJDentRes_2013_24_2_277_116680_f2.jpg href=http:\/\/www.ijdr.in\/viewimage.asp?img=IndianJDentRes_2013_24_2_277_116680_f2.jpg]\" srcset=\"https:\/\/sisu.ut.ee\/wp-content\/uploads\/sites\/114\/anomaalia6.png 559w, https:\/\/sisu.ut.ee\/wp-content\/uploads\/sites\/114\/anomaalia6-300x170.png 300w\" sizes=\"auto, (max-width: 559px) 100vw, 559px\"><\/p>\n<p><img loading=\"lazy\" decoding=\"async\" width=\"349\" height=\"162\" class=\"alignnone wp-image-94 aligncenter\" style=\"margin-left: auto; margin-right: auto;\" title=\"Allikas: [val=http:\/\/medicine.academic.ru\/24220\/gemination href=http:\/\/medicine.academic.ru\/24220\/gemination]\" src=\"https:\/\/sisu.ut.ee\/wp-content\/uploads\/sites\/114\/anomaalia7.png\" alt=\"Allikas: [val=http:\/\/medicine.academic.ru\/24220\/gemination href=http:\/\/medicine.academic.ru\/24220\/gemination]\" srcset=\"https:\/\/sisu.ut.ee\/wp-content\/uploads\/sites\/114\/anomaalia7.png 349w, https:\/\/sisu.ut.ee\/wp-content\/uploads\/sites\/114\/anomaalia7-300x139.png 300w\" sizes=\"auto, (max-width: 349px) 100vw, 349px\"><\/p>\n<p><strong>Kokkukasvanud hamba(juure)d<\/strong>.\u00a0P\u00f5hjuseks peetakse traumat v\u00f5i ruumipuudust v\u00f5i hamba asendianomaaliat. Enam esineb seda tagumises ja \u00fclemises piirkonnas (kokku kasvavad teine ja kolmas molaar). Kui anomaalia j\u00e4\u00e4b r\u00f6ntgen\u00fclesv\u00f5ttel diagnoosimata, v\u00f5ib hamba eemaldamise k\u00e4igus esineda ootamatuid raskusi.<\/p>\n<p><img loading=\"lazy\" decoding=\"async\" width=\"563\" height=\"375\" class=\"alignnone wp-image-95 aligncenter\" style=\"margin-left: auto; margin-right: auto;\" title=\"Allikas: [val=http:\/\/theolduvaigorge.tumblr.com\/post\/39329037955\/malformalady-concrescence-describes-the-union href=http:\/\/theolduvaigorge.tumblr.com\/post\/39329037955\/malformalady-concrescence-describes-the-union]\" src=\"https:\/\/sisu.ut.ee\/wp-content\/uploads\/sites\/114\/anomaalia8.png\" alt=\"Allikas: [val=http:\/\/theolduvaigorge.tumblr.com\/post\/39329037955\/malformalady-concrescence-describes-the-union href=http:\/\/theolduvaigorge.tumblr.com\/post\/39329037955\/malformalady-concrescence-describes-the-union]\" srcset=\"https:\/\/sisu.ut.ee\/wp-content\/uploads\/sites\/114\/anomaalia8.png 563w, https:\/\/sisu.ut.ee\/wp-content\/uploads\/sites\/114\/anomaalia8-300x200.png 300w\" sizes=\"auto, (max-width: 563px) 100vw, 563px\"><\/p>\n<p><strong>(Lisa)k\u00f6ber<\/strong>.\u00a0Eeshammastel, enam \u00fclemistel lateraalsetel intsisiividel, v\u00f5ib palatinaalsel pinnal esineda k\u00f6ber, mis ulatub kuni poole hamba k\u00f5rguseni (Taloni k\u00f6ber).<\/p>\n<p><img loading=\"lazy\" decoding=\"async\" width=\"563\" height=\"344\" class=\"alignnone wp-image-96 aligncenter\" style=\"margin-left: auto; margin-right: auto;\" title=\"Allikas: [val=http:\/\/www.contempclindent.org\/viewimage.asp?img=ContempClinDent_2012_3_4_491_107453_f2.jpg href= http:\/\/www.contempclindent.org\/viewimage.asp?img=ContempClinDent_2012_3_4_491_107453_f2.jpg]\" src=\"https:\/\/sisu.ut.ee\/wp-content\/uploads\/sites\/114\/anomaalia9.png\" alt=\"Allikas: [val=http:\/\/www.contempclindent.org\/viewimage.asp?img=ContempClinDent_2012_3_4_491_107453_f2.jpg href= http:\/\/www.contempclindent.org\/viewimage.asp?img=ContempClinDent_2012_3_4_491_107453_f2.jpg]\" srcset=\"https:\/\/sisu.ut.ee\/wp-content\/uploads\/sites\/114\/anomaalia9.png 563w, https:\/\/sisu.ut.ee\/wp-content\/uploads\/sites\/114\/anomaalia9-300x183.png 300w\" sizes=\"auto, (max-width: 563px) 100vw, 563px\"><\/p>\n<p>Lisak\u00f6brud on tavalised ka molaaridel. \u00dclemiste molaaride palatinaalsel poolel asub Carabelli k\u00f6bruna tuntud lisak\u00f6ber. \u00a0Fotol on n\u00e4ha geneetiliselt m\u00e4\u00e4ratud lisak\u00f6pru palatinaalsel ehk suulae poolel nii \u00fclemisel teisel piimamolaaril (hambarea eelviimane hammas) kui esimesel j\u00e4\u00e4vmolaaril (viimane hammas hambareas).<\/p>\n<p><img loading=\"lazy\" decoding=\"async\" class=\"alignnone wp-image-97 aligncenter\" style=\"margin-left: auto; margin-right: auto;\" title=\"anomaalia91.png\" src=\"https:\/\/sisu.ut.ee\/wp-content\/uploads\/sites\/114\/anomaalia91.png\" alt=\"anomaalia91.png\" width=\"560\" height=\"373\" srcset=\"https:\/\/sisu.ut.ee\/wp-content\/uploads\/sites\/114\/anomaalia91.png 605w, https:\/\/sisu.ut.ee\/wp-content\/uploads\/sites\/114\/anomaalia91-300x200.png 300w\" sizes=\"auto, (max-width: 560px) 100vw, 560px\"><\/p>\n<p><em><strong>Dens evaginatus<\/strong><\/em>.\u00a0Tuntud ka tsentraalse tuberkulumi ehk keskse k\u00f6brukese nime all, mis paikneb keskses hambavaos. Enim esineb alumistel j\u00e4\u00e4vatel premolaaridel ning enamasti bilateraalselt (ehk kahepoolselt). Harva esinev ja p\u00f5hjus tundub olevat geneetiline.<\/p>\n<p><img loading=\"lazy\" decoding=\"async\" width=\"200\" height=\"138\" class=\"alignnone wp-image-98 aligncenter\" style=\"margin-left: auto; margin-right: auto;\" title=\"Allikas: [val=http:\/\/www.dimensionsofdentalhygiene.com\/2014\/07_July\/Features\/Detect_Tooth_Abnormalities.aspx href= http:\/\/www.dimensionsofdentalhygiene.com\/2014\/07_July\/Features\/Detect_Tooth_Abnormalities.aspx]\" src=\"https:\/\/sisu.ut.ee\/wp-content\/uploads\/sites\/114\/anomaalia92.png\" alt=\"Allikas: [val=http:\/\/www.dimensionsofdentalhygiene.com\/2014\/07_July\/Features\/Detect_Tooth_Abnormalities.aspx href= http:\/\/www.dimensionsofdentalhygiene.com\/2014\/07_July\/Features\/Detect_Tooth_Abnormalities.aspx]\"><\/p>\n<p><em><strong>Dens invaginatus<\/strong><\/em>.\u00a0Kasutatakse ka iseloomustavat v\u00e4ljendit <em>dens in dente<\/em>, t\u00f5lkes \u201chammas hambas\u201d. Tegemist on emaili pinna sissesopistumisega, mille s\u00fcgavus varieerub. Enamasti avastatakse see juhuleiuna r\u00f6ntgen\u00fclesv\u00f5ttelt. K\u00f5ige enam esineb see kahepoolselt \u00fclemistelt lateraalsetel intsisiividel.<\/p>\n<p><img loading=\"lazy\" decoding=\"async\" width=\"403\" height=\"260\" class=\"alignnone wp-image-99 aligncenter\" style=\"margin-left: auto; margin-right: auto;\" title=\"Allikas: [val=http:\/\/www.srt-psc.com\/1case98.html href=http:\/\/www.srt-psc.com\/1case98.html]\" src=\"https:\/\/sisu.ut.ee\/wp-content\/uploads\/sites\/114\/anomaalia93.png\" alt=\"Allikas: [val=http:\/\/www.srt-psc.com\/1case98.html href=http:\/\/www.srt-psc.com\/1case98.html]\" srcset=\"https:\/\/sisu.ut.ee\/wp-content\/uploads\/sites\/114\/anomaalia93.png 403w, https:\/\/sisu.ut.ee\/wp-content\/uploads\/sites\/114\/anomaalia93-300x194.png 300w\" sizes=\"auto, (max-width: 403px) 100vw, 403px\"><\/p>\n<p><strong>Taurodontism<\/strong>.\u00a0Hammas on suurenenud ja samal ajal on suurenenud ka pulbi\u00f5\u00f5s, mis nihutab pulbi\u00f5\u00f5ne p\u00f5hja\u00a0 mitmejuurelistel hammastel apikaalsemale (ehk juuretippude) poole. Esineb peamiselt j\u00e4\u00e4vhammaskonnas ja kaasneb sageli m\u00f5ne s\u00fcndroomiga.<\/p>\n<p><img loading=\"lazy\" decoding=\"async\" width=\"558\" height=\"417\" class=\"alignnone wp-image-100 aligncenter\" style=\"margin-left: auto; margin-right: auto;\" title=\"Allikas: [val=http:\/\/www.contempclindent.org\/viewimage.asp?img=ContempClinDent_2012_3_6_253_101108_f1.jpg href= http:\/\/www.contempclindent.org\/viewimage.asp?img=ContempClinDent_2012_3_6_253_101108_f1.jpg]\" src=\"https:\/\/sisu.ut.ee\/wp-content\/uploads\/sites\/114\/anomaalia94.png\" alt=\"Allikas: [val=http:\/\/www.contempclindent.org\/viewimage.asp?img=ContempClinDent_2012_3_6_253_101108_f1.jpg href= http:\/\/www.contempclindent.org\/viewimage.asp?img=ContempClinDent_2012_3_6_253_101108_f1.jpg]\" srcset=\"https:\/\/sisu.ut.ee\/wp-content\/uploads\/sites\/114\/anomaalia94.png 558w, https:\/\/sisu.ut.ee\/wp-content\/uploads\/sites\/114\/anomaalia94-300x224.png 300w\" sizes=\"auto, (max-width: 558px) 100vw, 558px\"><\/p>\n<p><strong>K\u00f5verdumine<\/strong>.\u00a0Juure k\u00f5verdumine, mille p\u00f5hjuseks on enamasti trauma juure arengu faasis. Sagedamini esineb hammastel, mis on ka enim trauma t\u00f5ttu vigastatavad j\u00e4\u00e4vhambad: \u00fclemised intsisiivid ja seej\u00e4rel alumised intsisiivid. Selline k\u00f5verdunud juur v\u00f5ib raskendada juureravi ja hamba eemaldamist.<\/p>\n<p><img loading=\"lazy\" decoding=\"async\" class=\"alignnone wp-image-101 aligncenter\" style=\"margin-left: auto; margin-right: auto;\" title=\"Allikas: [val=http:\/\/www.foundationendodontics.com\/wp-content\/blogs.dir\/1221\/files\/2013\/12\/bs2.jpg href=http:\/\/www.foundationendodontics.com\/wp-content\/blogs.dir\/1221\/files\/2013\/12\/bs2.jpg]\" src=\"https:\/\/sisu.ut.ee\/wp-content\/uploads\/sites\/114\/anomaalia95.png\" alt=\"Allikas: [val=http:\/\/www.foundationendodontics.com\/wp-content\/blogs.dir\/1221\/files\/2013\/12\/bs2.jpg href=http:\/\/www.foundationendodontics.com\/wp-content\/blogs.dir\/1221\/files\/2013\/12\/bs2.jpg]\" width=\"556\" height=\"398\" srcset=\"https:\/\/sisu.ut.ee\/wp-content\/uploads\/sites\/114\/anomaalia95.png 500w, https:\/\/sisu.ut.ee\/wp-content\/uploads\/sites\/114\/anomaalia95-300x215.png 300w\" sizes=\"auto, (max-width: 556px) 100vw, 556px\"><\/p>\n<p style=\"text-align: center;\">\n<\/p>","protected":false},"excerpt":{"rendered":"<p>Hammaste arvu anomaaliad: H\u00fcpodontia (hypodontia, ka agenesia) \u2013 hammaste arv on s\u00fcnnip\u00e4raselt normist v\u00e4iksem.\u00a0Esineb &lt;28 hammast, sest tarkusehammaste puudumist anomaaliaks ei loeta. Tegemist on levinud anomaaliaga, mille esinemissagedus on j\u00e4\u00e4vhammaskonnas 3,5-8% (v\u00e4lja arvatud kolmandad molaarid); ajutises hammaskonnas esineb harva (&lt;1%). &#8230;<\/p>\n","protected":false},"author":12,"featured_media":0,"parent":0,"menu_order":0,"comment_status":"closed","ping_status":"closed","template":"","meta":{"_acf_changed":false,"inline_featured_image":false,"footnotes":""},"class_list":["post-16","page","type-page","status-publish","hentry"],"acf":[],"_links":{"self":[{"href":"https:\/\/sisu.ut.ee\/hammaste_anatoomia_oklusioon\/wp-json\/wp\/v2\/pages\/16","targetHints":{"allow":["GET"]}}],"collection":[{"href":"https:\/\/sisu.ut.ee\/hammaste_anatoomia_oklusioon\/wp-json\/wp\/v2\/pages"}],"about":[{"href":"https:\/\/sisu.ut.ee\/hammaste_anatoomia_oklusioon\/wp-json\/wp\/v2\/types\/page"}],"author":[{"embeddable":true,"href":"https:\/\/sisu.ut.ee\/hammaste_anatoomia_oklusioon\/wp-json\/wp\/v2\/users\/12"}],"replies":[{"embeddable":true,"href":"https:\/\/sisu.ut.ee\/hammaste_anatoomia_oklusioon\/wp-json\/wp\/v2\/comments?post=16"}],"version-history":[{"count":2,"href":"https:\/\/sisu.ut.ee\/hammaste_anatoomia_oklusioon\/wp-json\/wp\/v2\/pages\/16\/revisions"}],"predecessor-version":[{"id":444,"href":"https:\/\/sisu.ut.ee\/hammaste_anatoomia_oklusioon\/wp-json\/wp\/v2\/pages\/16\/revisions\/444"}],"wp:attachment":[{"href":"https:\/\/sisu.ut.ee\/hammaste_anatoomia_oklusioon\/wp-json\/wp\/v2\/media?parent=16"}],"curies":[{"name":"wp","href":"https:\/\/api.w.org\/{rel}","templated":true}]}}