{"id":3,"date":"2024-04-04T04:16:47","date_gmt":"2024-04-04T01:16:47","guid":{"rendered":"https:\/\/sisu.ut.ee\/fzbg\/14-2019\/"},"modified":"2024-04-04T04:17:08","modified_gmt":"2024-04-04T01:17:08","slug":"14-2019","status":"publish","type":"page","link":"https:\/\/sisu.ut.ee\/fzbg\/14-2019\/","title":{"rendered":"14 \/ 2019"},"content":{"rendered":"<h3>\r\n\t<img loading=\"lazy\" decoding=\"async\" width=\"905\" height=\"1440\" class=\"alignnone wp-image-32\" style=\"width: 250px;height: 398px;float: right\" src=\"https:\/\/sisu.ut.ee\/wp-content\/uploads\/sites\/279\/fzbg-14-kaas-page-001_esikulg.jpg\" title=\"fzbg-14-kaas-page-001_esikulg.jpg\" alt=\"Forschungen zur baltischen Geschichte 14 \/ 2019\" srcset=\"https:\/\/sisu.ut.ee\/wp-content\/uploads\/sites\/279\/fzbg-14-kaas-page-001_esikulg.jpg 905w, https:\/\/sisu.ut.ee\/wp-content\/uploads\/sites\/279\/fzbg-14-kaas-page-001_esikulg-189x300.jpg 189w, https:\/\/sisu.ut.ee\/wp-content\/uploads\/sites\/279\/fzbg-14-kaas-page-001_esikulg-644x1024.jpg 644w, https:\/\/sisu.ut.ee\/wp-content\/uploads\/sites\/279\/fzbg-14-kaas-page-001_esikulg-768x1222.jpg 768w\" sizes=\"auto, (max-width: 905px) 100vw, 905px\"><a data-fid=\"63094\" href=\"https:\/\/sisu.ut.ee\/wp-content\/uploads\/sites\/279\/fzbg-14-2019.pdf\">Forschungen zur baltischen Geschichte 14 \/ 2019\u00a0(pdf)<\/a>\r\n<\/h3>\r\n\r\n<p>\r\n\t\u00a0\r\n<\/p>\r\n\r\n<p>\r\n\t<strong>Aufs\u00e4tze<\/strong>\r\n<\/p>\r\n\r\n<ul>\r\n\t<li>\r\n\t\tJohannes G\u00f6tz: Die Wahl des livl\u00e4ndischen Meisters: Ein Indikator\u00a0f\u00fcr das Verh\u00e4ltnis zwischen Zentrum und Provinz im Deutschen\u00a0Orden\u00a0 (s 11)\r\n\t<\/li>\r\n\t<li>\r\n\t\tIlmar Tammisto: Der Rossdienst und die Adelsfahne in Livland\u00a0in der ersten H\u00e4lfte des 17. Jahrhunderts\u00a0 (s 71)\r\n\t<\/li>\r\n\t<li>\r\n\t\tMerili Metsvahi: Die Geburt einer Legende. Zu den Voraussetzungen\u00a0der Verbreitung der Vorstellung des \u201aRechts der ersten\u00a0Nacht\u2018 auf estnischem Gebiet (s 99)\r\n\t<\/li>\r\n\t<li>\r\n\t\tDenise von Weymarn-Goldschmidt: De mortuis nil nisi bene\u00a0oder was uns die Todesanzeigen der \u201eRevalschen W\u00f6chentlichen\u00a0Nachrichten\u201c \u00fcber die deutschsprachige Gesellschaft der Ostseeprovinzen\u00a0an der Wende vom 18. zum 19. Jahrhundert verraten (s 114)\r\n\t<\/li>\r\n\t<li>\r\n\t\tRaivis Bi\u010devskis &amp; Bastian Brombach: Kulturpolitik und\u00a0Wissenstransfer am Herderinstitut zu Riga? Ein Beitrag zur intellektuellen\u00a0Geschichte des Baltikums in den 1920er und 1930er\u00a0Jahren (s 136)\r\n\t<\/li>\r\n\t<li>\r\n\t\tOdeta Rudling: Der rustic turn in der Litauischen SSR: nationaler\u00a0Konservatismus, l\u00e4ndlicher Raum und die Volkst\u00fcmlichkeit\u00a0der litauischen Kultur im Sp\u00e4tsozialismus 1956\u20131990 (s 157)\r\n\t<\/li>\r\n<\/ul>\r\n\r\n<p>\r\n\t<strong>Mitteilungen<\/strong>\r\n<\/p>\r\n\r\n<ul>\r\n\t<li>\r\n\t\tKarsten Br\u00fcggemann: An der Universit\u00e4t Tallinn verteidigte\u00a0Dissertationen zu historisch relevanten Th emen 2000\u20132018 (s\u00a0189)\r\n\t<\/li>\r\n\t<li>\r\n\t\tAnti Selart &amp; Mihkel M\u00e4esalu: Die estnischen Kopfj\u00e4ger in\u00a0Polen. Eine Archivreise (s\u00a0197)\r\n\t<\/li>\r\n\t<li>\r\n\t\tHarry Liivrand &amp; Kristel Pappel: August von Kotzebue und\u00a0kein Ende (s\u00a0206)\r\n\t<\/li>\r\n\t<li>\r\n\t\tSvetlana Bogojavlenska &amp; Maike Sach: Wie lange lebt ein\u00a0Historiker? Robert Vipper in der russischen, lettischen und sowjetischen\u00a0Geschichtsschreibung. Bericht zu einer Tagung in Riga\u00a0(23.\u201324. M\u00e4rz 2018) (s\u00a0208)\r\n\t<\/li>\r\n\t<li>\r\n\t\tKarsten Br\u00fcggemann: Wie postkolonial ist der Poststalinismus\u00a0Oder \u201eLet the Hegemon Speak\u201c. Anmerkungen zu zwei Neuerscheinungen (s 213)\r\n\t<\/li>\r\n<\/ul>\r\n\r\n<p>\r\n\t<strong>Besprechungen\u00a0<\/strong>\r\n<\/p>\r\n\r\n<ul>\r\n\t<li>\r\n\t\tEnn Tarvel: Eesti rahva lugu [Die Erz\u00e4hlung vom estnischen\u00a0Volk] (von Anti Selart) (s\u00a0225)\r\n\t<\/li>\r\n\t<li>\r\n\t\tNeil Taylor: Estonia. A Modern History (von Olaf Mertelsmann) (s\u00a0228)\r\n\t<\/li>\r\n\t<li>\r\n\t\tLinda Kaljundi, Tiina-Mall Kreem: Ajalugu pildis \u2013 pilt\u00a0ajaloos: rahvuslik ja rahvus\u00fclene minevik eesti kunstis \/ History\u00a0in Images \u2013 Image in History: National and Transnational Past\u00a0in Estonian Art (von K\u00e4di Talvoja) (s\u00a0232)\r\n\t<\/li>\r\n\t<li>\r\n\t\tLiv-, Est- und Kurl\u00e4ndisches Urkundenbuch. Erste Abteilung,\u00a0Bd. 13 (von Mihkel M\u00e4esalu) (s\u00a0237)\r\n\t<\/li>\r\n\t<li>\r\n\t\tArvo Tering: Lexikon der Studenten aus Estland, Livland und\u00a0Kurland an europ\u00e4ischen Universit\u00e4ten 1561\u20131800 (von Martin\u00a0Kl\u00f6ker) (s\u00a0241)\r\n\t<\/li>\r\n\t<li>\r\n\t\tUutmoodi ja paremini! \u00dchiskondlikest muutustest 18. sajandil\u00a0ja 19. sajandi algul [Auf neue Weise und besser! \u00dcber die gesellschaftlichen\u00a0Ver\u00e4nderungen im 18. Jahrhundert und zu Beginn\u00a0des 19. Jahrhunderts] (von Mati Laur) (s\u00a0244)\r\n\t<\/li>\r\n\t<li>\r\n\t\tTh e Great War in Lithuania and Lithuanians in the Great War:\u00a0Experiences and Memories (von Mart Kuldkepp) (s\u00a0249)\r\n\t<\/li>\r\n\t<li>\r\n\t\tLatvia \u2013 A Work in Progress? 100 Years of State- and Nation-\u00a0Building (von Aigi Rahi-Tamm) (s\u00a0254)\r\n\t<\/li>\r\n\t<li>\r\n\t\t\u0112riks J\u0113kabsons: Latvijas un Amerikas Savienoto Valstu\u00a0attiec\u012bbas 1918.\u20131922. gad\u0101 [Die Beziehungen zwischen Lettland\u00a0und den Vereinigten Staaten von Amerika in den Jahren 1918\u20131922] (von J\u0101nis \u0136eruss) (s\u00a0259)\r\n\t<\/li>\r\n\t<li>\r\n\t\tJ\u00fcri Kivim\u00e4e: Rektor Hans Kruus (von Karsten Br\u00fcggemann) (s 262)\r\n\t<\/li>\r\n\t<li>\r\n\t\tArnolds Kloti\u0146\u0161: M\u016bzika p\u0113ckara sta\u013cinism\u0101: Latvijas\u00a0m\u016bzikas dz\u012bve un jaunrade, 1944\u20131953 [Musik im Stalinismus\u00a0der Nachkriegszeit. Das Musikleben und kreative Werk in\r\n\t<\/li>\r\n\t<li>\r\n\t\tLettland 1944\u20131953] (von Daina Bleiere) (s\u00a0270)\r\n\t<\/li>\r\n\t<li>\r\n\t\tLars Frederick St\u00f6cker: Bridging the Baltic Sea. Networks\u00a0of Resistance and Opposition during the Cold War Era (by Jan\u00a0C. Behrends) (s\u00a0274)\r\n\t<\/li>\r\n\t<li>\r\n\t\tRaimo Pullat: Tallinna arhiivi tagasitoomisest Saksamaalt\u00a0[\u00dcber die R\u00fcckf\u00fchrung des Revaler Archivs aus Deutschland]\u00a0(von Anti Selart) (s\u00a0276)\r\n\t<\/li>\r\n\t<li>\r\n\t\tEkaterina Makhotina: Erinnerungen an den Krieg \u2013 Krieg\u00a0der Erinnerungen. Litauen und der Zweite Weltkrieg (von\u00a0Karsten Br\u00fcggemann) (s\u00a0279)\r\n\t<\/li>\r\n<\/ul>\r\n<br><div class=\"wp-block-group attached-files-group is-layout-constrained wp-block-group-is-layout-constrained\"><div class=\"wp-block-file\"><a href=\"https:\/\/sisu.ut.ee\/wp-content\/uploads\/sites\/279\/fzbg-14-2019.pdf\" target=\"_blank\" rel=\"noreferrer noopener\">fzbg-14-2019.pdf<\/a><\/div><\/div>","protected":false},"excerpt":{"rendered":"<p>Forschungen zur baltischen Geschichte 14 \/ 2019\u00a0(pdf) \u00a0 Aufs\u00e4tze Johannes G\u00f6tz: Die Wahl des livl\u00e4ndischen Meisters: Ein Indikator\u00a0f\u00fcr das Verh\u00e4ltnis zwischen Zentrum und Provinz im Deutschen\u00a0Orden\u00a0 (s 11) Ilmar Tammisto: Der Rossdienst und die Adelsfahne in Livland\u00a0in der ersten H\u00e4lfte &#8230;<\/p>\n","protected":false},"author":148,"featured_media":0,"parent":0,"menu_order":0,"comment_status":"closed","ping_status":"closed","template":"","meta":{"_acf_changed":false,"inline_featured_image":false,"footnotes":""},"class_list":["post-3","page","type-page","status-publish","hentry"],"acf":[],"_links":{"self":[{"href":"https:\/\/sisu.ut.ee\/fzbg\/wp-json\/wp\/v2\/pages\/3","targetHints":{"allow":["GET"]}}],"collection":[{"href":"https:\/\/sisu.ut.ee\/fzbg\/wp-json\/wp\/v2\/pages"}],"about":[{"href":"https:\/\/sisu.ut.ee\/fzbg\/wp-json\/wp\/v2\/types\/page"}],"author":[{"embeddable":true,"href":"https:\/\/sisu.ut.ee\/fzbg\/wp-json\/wp\/v2\/users\/148"}],"replies":[{"embeddable":true,"href":"https:\/\/sisu.ut.ee\/fzbg\/wp-json\/wp\/v2\/comments?post=3"}],"version-history":[{"count":2,"href":"https:\/\/sisu.ut.ee\/fzbg\/wp-json\/wp\/v2\/pages\/3\/revisions"}],"predecessor-version":[{"id":154,"href":"https:\/\/sisu.ut.ee\/fzbg\/wp-json\/wp\/v2\/pages\/3\/revisions\/154"}],"wp:attachment":[{"href":"https:\/\/sisu.ut.ee\/fzbg\/wp-json\/wp\/v2\/media?parent=3"}],"curies":[{"name":"wp","href":"https:\/\/api.w.org\/{rel}","templated":true}]}}