{"id":14,"date":"2024-04-04T04:16:48","date_gmt":"2024-04-04T01:16:48","guid":{"rendered":"https:\/\/sisu.ut.ee\/fzbg\/forschungen-zur-baltischen-geschichte-3-2008\/"},"modified":"2024-04-04T04:17:08","modified_gmt":"2024-04-04T01:17:08","slug":"forschungen-zur-baltischen-geschichte-3-2008","status":"publish","type":"page","link":"https:\/\/sisu.ut.ee\/fzbg\/forschungen-zur-baltischen-geschichte-3-2008\/","title":{"rendered":"Forschungen zur baltischen Geschichte 3 \/ 2008"},"content":{"rendered":"<h3>\r\n\t<img loading=\"lazy\" decoding=\"async\" width=\"928\" height=\"1442\" class=\"alignnone wp-image-58\" style=\"width: 250px;height: 388px;float: right\" src=\"https:\/\/sisu.ut.ee\/wp-content\/uploads\/sites\/279\/fzbg-3-kaas-page-001_esikulg.jpg\" title=\"fzbg-3-kaas-page-001_esikulg.jpg\" alt=\"Forschungen zur baltischen Geschichte 3 \/ 2008\" srcset=\"https:\/\/sisu.ut.ee\/wp-content\/uploads\/sites\/279\/fzbg-3-kaas-page-001_esikulg.jpg 928w, https:\/\/sisu.ut.ee\/wp-content\/uploads\/sites\/279\/fzbg-3-kaas-page-001_esikulg-193x300.jpg 193w, https:\/\/sisu.ut.ee\/wp-content\/uploads\/sites\/279\/fzbg-3-kaas-page-001_esikulg-659x1024.jpg 659w, https:\/\/sisu.ut.ee\/wp-content\/uploads\/sites\/279\/fzbg-3-kaas-page-001_esikulg-768x1193.jpg 768w\" sizes=\"auto, (max-width: 928px) 100vw, 928px\"><a data-fid=\"63121\" href=\"https:\/\/sisu.ut.ee\/wp-content\/uploads\/sites\/279\/fzbg-3-2008.pdf\">Forschungen zur baltischen Geschichte 3 \/ 2008 (pdf)<\/a>\r\n<\/h3>\r\n\r\n<p>\r\n\t\u00a0\r\n<\/p>\r\n\r\n<ul>\r\n\t<li>\r\n\t\tGert von Pistohlkors: Baltische Regionalgeschichte in universalhistorischer\u00a0Perspektive: Sechzig Jahre Baltische Historikertreffen in G\u00f6ttingen (s\u00a011)\r\n\t<\/li>\r\n<\/ul>\r\n\r\n<p>\r\n\t<strong>Aufs\u00e4tze<\/strong>\r\n<\/p>\r\n\r\n<ul>\r\n\t<li>\r\n\t\tAndris \u0160ne: Stammesf\u00fcrstentum und Egalit\u00e4t: Die sozialen Beziehungen\u00a0auf dem Territorium Lettlands am Ende der pr\u00e4historischen\u00a0Zeit (10.\u201312. Jh.) (s 33)\r\n\t<\/li>\r\n\t<li>\r\n\t\tHeiki Valk: Estland im 11.\u201313. Jahrhundert. Neuere Aspekte aus\u00a0Sicht der Arch\u00e4ologie\u00a0(s 57)\r\n\t<\/li>\r\n\t<li>\r\n\t\tEnn K\u00fcng: Die schwedische Ostseepolitik, die internationale\u00a0Handelskonjunktur und die Entstehung der Narvaer Handelsflotte\u00a0in der zweiten H\u00e4lfte des 17. Jahrhunderts (s\u00a087)\r\n\t<\/li>\r\n\t<li>\r\n\t\tArvo Tering: Die Seereisen baltischer Studenten in die Universit\u00e4tsst\u00e4dte\u00a0Nord- und Westeuropas im 17. und 18. Jahrhundert (s 103)\r\n\t<\/li>\r\n\t<li>\r\n\t\tMati Laur: Peccatum contra sextum vor dem Pernauer Landgericht\u00a0in den 1740er Jahren (s 132)\r\n\t<\/li>\r\n\t<li>\r\n\t\tUldis Kreslin\u0161: Der Putsch von Valmiera am 21. Januar 1927:\u00a0Zur lokalen und allgemeinen Einordnung des Geschehens (s\u00a0151)\r\n\t<\/li>\r\n\t<li>\r\n\t\tRasa Parpuce: Die Arbeit des Parit\u00e4tischen Ausschusses in den\u00a0Jahren 1939\u20131940: Die Aufteilung der lettischen Kulturg\u00fcter (s 164)\r\n\t<\/li>\r\n\t<li>\r\n\t\tAgo Pajur: Die Aufl\u00f6sung der estnischen Armee im Sommer\u00a01940 (s\u00a0198)\r\n\t<\/li>\r\n<\/ul>\r\n\r\n<p>\r\n\t<strong>Mitteilungen<\/strong>\r\n<\/p>\r\n\r\n<ul>\r\n\t<li>\r\n\t\tValters Nollendorfs: Vergangenheit in die Zukunft: Das Lettische\u00a0Okkupationsmuseum vor dem Umbau (s 225)\r\n\t<\/li>\r\n\t<li>\r\n\t\tHeiki Ahonen: Das Estnische Museum der Okkupationen: Ein\u00a0\u00dcberblick \u00fcber seine Arbeit (s\u00a0233)\r\n\t<\/li>\r\n\t<li>\r\n\t\tPiret Noorhani: Baltic Heritage Network: Die Pfl ege des exilbaltischen\u00a0Kulturerbes \u2013 Zwischen bilanz und Zukunftsperspektiven (s\u00a0239)\r\n\t<\/li>\r\n\t<li>\r\n\t\tKarsten Br\u00fcggemann: Russland und das Baltikum. Bestandsaufnahmen\u00a0eines komplexen Verh\u00e4ltnisses im Nordosten Europas.\u00a060. Baltisches Historikertreff en der Baltischen Historischen\u00a0Kommission (G\u00f6ttingen, 2.\/3. Juni 2007). Ein Konferenzbericht (s\u00a0243)\r\n\t<\/li>\r\n<\/ul>\r\n\r\n<p>\r\n\t<strong>Besprechungen<\/strong>\u00a0\r\n<\/p>\r\n\r\n<ul>\r\n\t<li>\r\n\t\tNordosteuropa als Geschichtsregion: Beitr\u00e4ge des III. Internationalen\u00a0Symposiums zur deutschen Kultur und Geschichte im\u00a0europ\u00e4ischen Nordosten vom 20.-22. September 2001 in Tallinn\u00a0(Estland) (von Janet Laidla) (s\u00a0251)\r\n\t<\/li>\r\n\t<li>\r\n\t\tRalph Tuchtenhagen: Geschichte der baltischen L\u00e4nder (von\u00a0Indrek Kiverik) (s\u00a0255)\r\n\t<\/li>\r\n\t<li>\r\n\t\tSeppo Zetterberg: Viron historia [Die Ge schich te Estlands]\u00a0(von \u00dclle Tarkiainen) (s\u00a0261)\r\n\t<\/li>\r\n\t<li>\r\n\t\tArchaeological research in Estonia 1865\u20132005 (Estonian\u00a0Archaeology, Bd. 1) (von Andrejs Vasks) (s\u00a0266)\r\n\t<\/li>\r\n\t<li>\r\n\t\tMathias Niendorf: Das Gro\u00dff\u00fcrstentum Litauen: Studien zur\u00a0Nationsbildung in der Fr\u00fchen Neuzeit (1569\u20131795) (von Darius\u00a0Baronas) (s\u00a0269)\r\n\t<\/li>\r\n\t<li>\r\n\t\tL\u00e4\u00e4nemere provintside arenguperspektiivid Rootsi suurriigis 16\/17.\u00a0sajandil. [Entwicklungsperspektiven der Ostseeprovinzen im\u00a0schwedischen Gro\u00dfreich im 16. und 17. Jahrhundert] (von Aivar\u00a0P\u00f5ldvee) (s 274)\r\n\t<\/li>\r\n\t<li>\r\n\t\t\u0420\u043e\u0441\u0441\u0438\u044f \u0438 \u0411\u0430\u043b\u0442\u0438\u044f [Russland und das Baltikum], Bd. 1-4 (von\u00a0T\u00f5nu Tannberg) (s\u00a0280)\r\n\t<\/li>\r\n\t<li>\r\n\t\tEa Jansen: Eestlane muutuvas ajas. Seisus\u00fchiskonnast kodaniku\u00fchiskonda\u00a0[Der Este im Wandel der Zeiten. Von der\u00a0St\u00e4ndegesellschaft zur Zivilgesellschaft] (von Kersti Lust) (s\u00a0285)\u00a0\r\n\t<\/li>\r\n\t<li>\r\n\t\tFlorian Kolbinger: Im Schleppseil Europas? Das russische\u00a0Seminar f\u00fcr r\u00f6misches Recht bei der juristischen Fakult\u00e4t der\u00a0Universit\u00e4t Berlin in den Jahren 1887\u20131896 (von Marju Luts-Sootak) (s\u00a0290)\r\n\t<\/li>\r\n\t<li>\r\n\t\tIneta Lip\u0161a: R\u012bga boh\u0113mas var\u0101 [Riga unter der Macht der\u00a0Boheme] (von Ilgvars Butulis) (s 294)\r\n\t<\/li>\r\n\t<li>\r\n\t\t\u0421\u0421\u0421\u0420 \u0438 \u041b\u0438\u0442\u0432\u0430 \u0432 \u0433\u043e\u0434\u044b \u0412\u0442\u043e\u0440\u043e\u0439 \u043c\u0438\u0440\u043e\u0432\u043e\u0439 \u0432\u043e\u0439\u043d\u044b. \u0422\u043e\u043c I. \u0421\u0421\u0421\u0420 \u0438\u00a0\u041b\u0438\u0442\u043e\u0432\u0441\u043a\u0430\u044f \u0420\u0435\u0441\u043f\u0443\u0431\u043b\u0438\u043a\u0430 (\u043c\u0430\u0440\u0442 1939 \u0096 \u0430\u0432\u0433\u0443\u0441\u0442 1940 \u0433\u0433.). \u0421\u0431\u043e\u0440\u043d\u0438\u043a\u00a0\u0434\u043e\u043a\u0443\u043c\u0435\u043d\u0442\u043e\u0432 [Die UdSSR und Litauen in den Jahren des Zweiten\u00a0Weltkriegs. Bd. 1. Die UdSSR und die Litauische Republik\u00a0(M\u00e4rz 1939-August 1940). Dokumentensammlung] (von Karsten\u00a0Br\u00fcggemann) (s\u00a0296)\r\n\t<\/li>\r\n\t<li>\r\n\t\tOlev Liivik: Eestimaa Kommunistliku Partei Keskkomitee\u00a0aparaat [Der Apparat des Zentralkomitees der Kommunistischen\u00a0Partei Estlands] (von David Feest) (s\u00a0302)\r\n\t<\/li>\r\n\t<li>\r\n\t\tEKP KK b\u00fcroo istungite regestid. I kd. 1940\u20131954 [Die Regesten\u00a0der Sitzungsprotokolle des B\u00fcros des ZK der KPE. Bd. 1. 1940\u20131954] (von David Feest) (s\u00a0305)\r\n\t<\/li>\r\n\t<li>\r\n\t\tEesti NSV aastatel 1940\u20131953: Sovetiseerimise mehhanismid ja\u00a0tagaj\u00e4rjed N\u00f5ukogude Liidu ja Ida-Euroopa arengute kontekstis\u00a0[Die Estnische SSR 1940 \u20131953. Mechanismen und Konsequenzen\u00a0der Sowjetisierung in Estland im Kontext der sowjetischen und\u00a0osteurop\u00e4ischen Entwicklungen] (von Seppo Zetterberg) (s\u00a0307)\r\n\t<\/li>\r\n\t<li>\r\n\t\tDavid Feest: Zwangskollektivierung im Baltikum. Die\u00a0Sowjetisierung des estnischen Dorfes 1944\u20131953 (von Olev\u00a0Liivik) (s\u00a0312)\r\n\t<\/li>\r\n\t<li>\r\n\t\tToomas Karjah\u00e4rm, V\u00e4ino Sirk: Kohanemine ja vastupanu.\u00a0Eesti haritlaskond 1940\u20131987 [Widerstand und Anpassung. Die\u00a0estnische Intelligenz 1940\u20131987] (von Olaf Mertelsmann) (s 316)\r\n\t<\/li>\r\n<\/ul>\r\n<br><div class=\"wp-block-group attached-files-group is-layout-constrained wp-block-group-is-layout-constrained\"><div class=\"wp-block-file\"><a href=\"https:\/\/sisu.ut.ee\/wp-content\/uploads\/sites\/279\/fzbg-3-2008.pdf\" target=\"_blank\" rel=\"noreferrer noopener\">fzbg-3-2008.pdf<\/a><\/div><\/div>","protected":false},"excerpt":{"rendered":"<p>Forschungen zur baltischen Geschichte 3 \/ 2008 (pdf) \u00a0 Gert von Pistohlkors: Baltische Regionalgeschichte in universalhistorischer\u00a0Perspektive: Sechzig Jahre Baltische Historikertreffen in G\u00f6ttingen (s\u00a011) Aufs\u00e4tze Andris \u0160ne: Stammesf\u00fcrstentum und Egalit\u00e4t: Die sozialen Beziehungen\u00a0auf dem Territorium Lettlands am Ende der pr\u00e4historischen\u00a0Zeit (10.\u201312. &#8230;<\/p>\n","protected":false},"author":148,"featured_media":0,"parent":0,"menu_order":0,"comment_status":"closed","ping_status":"closed","template":"","meta":{"_acf_changed":false,"inline_featured_image":false,"footnotes":""},"class_list":["post-14","page","type-page","status-publish","hentry"],"acf":[],"_links":{"self":[{"href":"https:\/\/sisu.ut.ee\/fzbg\/wp-json\/wp\/v2\/pages\/14","targetHints":{"allow":["GET"]}}],"collection":[{"href":"https:\/\/sisu.ut.ee\/fzbg\/wp-json\/wp\/v2\/pages"}],"about":[{"href":"https:\/\/sisu.ut.ee\/fzbg\/wp-json\/wp\/v2\/types\/page"}],"author":[{"embeddable":true,"href":"https:\/\/sisu.ut.ee\/fzbg\/wp-json\/wp\/v2\/users\/148"}],"replies":[{"embeddable":true,"href":"https:\/\/sisu.ut.ee\/fzbg\/wp-json\/wp\/v2\/comments?post=14"}],"version-history":[{"count":2,"href":"https:\/\/sisu.ut.ee\/fzbg\/wp-json\/wp\/v2\/pages\/14\/revisions"}],"predecessor-version":[{"id":143,"href":"https:\/\/sisu.ut.ee\/fzbg\/wp-json\/wp\/v2\/pages\/14\/revisions\/143"}],"wp:attachment":[{"href":"https:\/\/sisu.ut.ee\/fzbg\/wp-json\/wp\/v2\/media?parent=14"}],"curies":[{"name":"wp","href":"https:\/\/api.w.org\/{rel}","templated":true}]}}