{"id":12,"date":"2024-04-04T04:16:48","date_gmt":"2024-04-04T01:16:48","guid":{"rendered":"https:\/\/sisu.ut.ee\/fzbg\/forschungen-zur-baltischen-geschichte-5-2010\/"},"modified":"2024-04-04T04:17:08","modified_gmt":"2024-04-04T01:17:08","slug":"forschungen-zur-baltischen-geschichte-5-2010","status":"publish","type":"page","link":"https:\/\/sisu.ut.ee\/fzbg\/forschungen-zur-baltischen-geschichte-5-2010\/","title":{"rendered":"Forschungen zur baltischen Geschichte 5 \/ 2010"},"content":{"rendered":"<h3>\r\n\t<img loading=\"lazy\" decoding=\"async\" width=\"930\" height=\"1449\" class=\"alignnone wp-image-54\" style=\"width: 250px;height: 390px;float: right\" src=\"https:\/\/sisu.ut.ee\/wp-content\/uploads\/sites\/279\/fzbg-5-kaas-page-001_esikulg.jpg\" title=\"fzbg-5-kaas-page-001_esikulg.jpg\" alt=\"Forschungen zur baltischen Geschichte 5 \/ 2010\" srcset=\"https:\/\/sisu.ut.ee\/wp-content\/uploads\/sites\/279\/fzbg-5-kaas-page-001_esikulg.jpg 930w, https:\/\/sisu.ut.ee\/wp-content\/uploads\/sites\/279\/fzbg-5-kaas-page-001_esikulg-193x300.jpg 193w, https:\/\/sisu.ut.ee\/wp-content\/uploads\/sites\/279\/fzbg-5-kaas-page-001_esikulg-657x1024.jpg 657w, https:\/\/sisu.ut.ee\/wp-content\/uploads\/sites\/279\/fzbg-5-kaas-page-001_esikulg-768x1197.jpg 768w\" sizes=\"auto, (max-width: 930px) 100vw, 930px\"><a data-fid=\"63117\" href=\"https:\/\/sisu.ut.ee\/wp-content\/uploads\/sites\/279\/fzbg-5-2010.pdf\">Forschungen zur baltischen Geschichte 5 \/ 2010 (pdf)<\/a>\r\n<\/h3>\r\n\r\n<p>\r\n\t\u00a0\r\n<\/p>\r\n\r\n<p>\r\n\t<strong>Aufs\u00e4tze<\/strong>\r\n<\/p>\r\n\r\n<ul>\r\n\t<li>\r\n\t\tMadis Maasing: Die Wieksche Fehde (1532\u20131536) und Markgraf\u00a0Wilhelm von Brandenburg (s 11)\r\n\t<\/li>\r\n\t<li>\r\n\t\tVivian Siirman: Der literarische Nachlass des Superintendenten\u00a0von Livland Hermann Samson (s\u00a036)\r\n\t<\/li>\r\n\t<li>\r\n\t\t\u00dclle Tarkiainen: Die Vermessung Livlands (s 59)\r\n\t<\/li>\r\n\t<li>\r\n\t\tAnne Sommerlat: \u201eDas stille Verdienst des patriotischen Gelehrten\u201c?\u00a0Geschichtsforscher im aufgekl\u00e4rten Kurland (s\u00a075)\r\n\t<\/li>\r\n\t<li>\r\n\t\tM\u0101r\u012bte Jakov\u013ceva: Eine einfache Annexion? Die Handels- und\u00a0Grenzkonvention zwischen dem Herzogtum Kurland und Russland vom 10.\/21. Mai 1783 (s\u00a095)\r\n\t<\/li>\r\n\t<li>\r\n\t\tIndrek J\u00fcrjo: Wer ist der Autor des Aufkl\u00e4rungs-Pamphlets\u00a0\u201eBriefe \u00fcber Reval\u201c? (s 110)\r\n\t<\/li>\r\n\t<li>\r\n\t\tAnita \u010cerpinska: Als 1812 die Rigaer Vorst\u00e4dte brannten. Ein\u00a0Rekonstruktionsversuch (s\u00a0124)\r\n\t<\/li>\r\n\t<li>\r\n\t\tEgl\u0117 Bendikait\u0117: \u201eHier und jetzt\u201c: \u00fcber Bedingungen und Wirkungsspielr\u00e4ume\u00a0der zionistischen Bewegung in Litauen 1906\u20131940 (s\u00a0143)\r\n\t<\/li>\r\n\t<li>\r\n\t\tHiljar Tammela: Auszeichnungen f\u00fcr die \u201eAvantgarde\u201c zum\u00a010. Jahrestag der Estnischen SSR im Juli 1950 (s\u00a0168)\r\n\t<\/li>\r\n\t<li>\r\n\t\tSimo Mikkonen: Gef\u00e4hrliche Republiken \u2013 Moskaus Medienpolitik\u00a0im besetzten Baltikum (s\u00a0184)\r\n\t<\/li>\r\n<\/ul>\r\n\r\n<p>\r\n\t<strong>Mitteilungen<\/strong>\r\n<\/p>\r\n\r\n<ul>\r\n\t<li>\r\n\t\tUlrich Morgenstern: \u00dcberlegungen zu den russisch-ostseefinnischen\u00a0Wechselbeziehungen in der traditionellen Instrumentalkultur (s\u00a0205)\r\n\t<\/li>\r\n\t<li>\r\n\t\tKarsten Br\u00fcggemann: Das Baltikum 20 Jahre nach der \u201eSingenden\u00a0Revolution\u201c. Ein Konferenzbericht (s\u00a0220)\r\n\t<\/li>\r\n<\/ul>\r\n\r\n<p>\r\n\t<strong>Debatte<\/strong>\r\n<\/p>\r\n\r\n<ul>\r\n\t<li>\r\n\t\tBj\u00f6rn M. Felder: Lettland im Zweiten Weltkrieg (s 225)\r\n\t<\/li>\r\n<\/ul>\r\n\r\n<p>\r\n\t\u00a0 \u00a0 \u00a0Diskussionsbeitr\u00e4ge von Olaf Mertelsmann und Kaspar\u00a0Zellis\r\n<\/p>\r\n\r\n<p>\r\n\t\u00a0 \u00a0 \u00a0Bj\u00f6rn M. Felder: F\u00fcr eine Stalinismusforschung jenseits der\u00a0Regionalgeschichte: Eine Antwort auf Olaf Mertelsmann und\u00a0Kaspars Zellis (s 234)\r\n<\/p>\r\n\r\n<ul>\r\n\t<li>\r\n\t\tAnton Weiss-Wendt: Murder without Hatred: Estonians and\u00a0the Holocaust (s 242)\r\n\t<\/li>\r\n<\/ul>\r\n\r\n<p>\r\n\t\u00a0 \u00a0 \u00a0Diskussionsbeitr\u00e4ge von Olaf Mertelsmann und Vadim\u00a0R\u00f5uk\u00a0\r\n<\/p>\r\n\r\n<p>\r\n\t\u00a0 \u00a0 \u00a0Anton Weiss-Wendt: On Structural Explanation and\u00a0Structural Misunderstanding: Response to my Critics (s\u00a0250)\r\n<\/p>\r\n\r\n<p>\r\n\t<strong>Besprechungen<\/strong>\r\n<\/p>\r\n\r\n<ul>\r\n\t<li>\r\n\t\tS\u00f5nasse p\u00fc\u00fctud minevik [In Worte gebannte Vergangenheit] in\u00a0honorem Enn Tarvel (von Mati Laur) (s 261)\r\n\t<\/li>\r\n\t<li>\r\n\t\tRobert Schweitzer: Finnland, das Zarenreich und die\u00a0Deutschen. Gesammelte Studien zum europ\u00e4ischen Nordosten\u00a0(von Kari Tarkiainen) (s\u00a0265)\r\n\t<\/li>\r\n\t<li>\r\n\t\tKaspars K\u013cavi\u0146\u0161: apSt\u0101v\u0113\u0161ana [Das Totenoffi cium] (von\u00a0Gustavs Strenga) (s\u00a0268)\r\n\t<\/li>\r\n\t<li>\r\n\t\tCarola Gottzmann, Petra H\u00f6rner: Lexikon der deutschsprachigen\u00a0Literatur des Baltikums und St. Petersburgs: vom\u00a0Mittelalter bis zur Gegenwart (von Martin Kl\u00f6ker) (s 275)\r\n\t<\/li>\r\n\t<li>\r\n\t\tTh e \u201eBaltic Frontier\u201c Revisited. Power Structures and Cross-Cultural Interactions in the Baltic Region (von Karsten\u00a0Br\u00fcggemann) (s\u00a0283)\r\n\t<\/li>\r\n\t<li>\r\n\t\tTh e Clash of Cultures of the Medieval Baltic Frontier\u00a0(von Jukka Korpela) (s\u00a0288)\r\n\t<\/li>\r\n\t<li>\r\n\t\tGrundlagen f\u00fcr ein neues Europa. Das Magdeburger und L\u00fcbecker\u00a0Recht in Sp\u00e4tmittelalter und Fr\u00fche Neuzeit (von Tiina Kala) (s\u00a0292)\r\n\t<\/li>\r\n\t<li>\r\n\t\tRein Zobel: Tallinn (Reval) in the Middle Ages. Town Building\u00a0in the 13th\u201314th Centuries (von Villu Kadakas) (s\u00a0296)\r\n\t<\/li>\r\n\t<li>\r\n\t\tInna P\u00f5ltsam-J\u00fcrjo: Liivimaa v\u00e4ikelinn Uus-P\u00e4rnu 16. sajandi\u00a0esimesel poolel [Die livl\u00e4ndische Kleinstadt Neu-Pernau in der ersten\u00a0H\u00e4lfte des 16. Jahrhunderts] (von Enn K\u00fcng) (s 300)\r\n\t<\/li>\r\n\t<li>\r\n\t\tDie baltischen Lande im Zeitalter der Reformation und\u00a0Konfessionalisierung. Estland, Livland, \u00d6sel, Ingermanland,\u00a0Kurland und Lettgallen. Stadt, Land und Konfession 1500\u20131721 (von J\u00fcrgen Beyer) (s\u00a0307)\r\n\t<\/li>\r\n\t<li>\r\n\t\tRalph Tuchtenhagen: Zentralstaat und Provinz im\u00a0fr\u00fchneuzeitlichen Nordosteuropa (von Enn K\u00fcng und Mati Laur) (s 315)\r\n\t<\/li>\r\n\t<li>\r\n\t\tMathias Mesenh\u00f6ller: St\u00e4ndische Modernisierung. Der kurl\u00e4ndische\u00a0Ritter schafts adel 1760\u20131830 (von Mati Laur) (s\u00a0322)\r\n\t<\/li>\r\n\t<li>\r\n\t\t\u0420\u043e\u0441\u0441\u0438\u044f \u0438 \u0411\u0430\u043b\u0442\u0438\u044f, B\u044b\u043f. 5: \u0412\u043e\u0439\u043d\u044b, \u0440\u0435\u0432\u043e\u043b\u044e\u0446\u0438\u0438 \u0438 \u043e\u0431\u0449\u0435\u0441\u0442\u0432\u043e\u00a0[Russland und das Baltikum, H. 5: Kriege, Revolutionen und die\u00a0Gesellschaft] (von Sirje Tamul) (s 326)\r\n\t<\/li>\r\n\t<li>\r\n\t\t\u0418\u043d\u0442\u0435\u043b\u043b\u0438\u0433\u0435\u043d\u0446\u0438\u044f \u0432 \u043c\u043d\u043e\u0433\u043e\u043d\u0430\u0446\u0438\u043e\u043d\u0430\u043b\u044c\u043d\u043e\u0439 \u0438\u043c\u043f\u0435\u0440\u0438\u0438. \u0420\u0443\u0441\u0441\u043a\u0438\u0435, \u043b\u0430\u0442\u044b\u0448\u0438, \u043d\u0435\u043c\u0446\u044b. XIX \u2013 \u043d\u0430\u0447\u0430\u043b\u043e XX \u0432\u0432. [Die Intelligenz im\u00a0multinationalen\u00a0Imperium. Russen, Letten und Deutsche. 19. Jahrhundert bis Anfang des 20. Jahrhunderts] (von T\u00f5nu Tannberg) (s\u00a0328)\r\n\t<\/li>\r\n\t<li>\r\n\t\tVene impeerium ja Baltikum: venestus, rahvuslus ja moderniseerimine\u00a019. sajandi teisel poolel ja 20. sajandi alguses [Das Russische\u00a0Imperium und das Baltikum: Russifi zierung, Nationalismus und\u00a0Modernisierung in der zweiten H\u00e4lfte des 19. und Anfang des 20.\u00a0Jahrhunderts] (von Toomas Karjah\u00e4rm) (s\u00a0332)\r\n\t<\/li>\r\n\t<li>\r\n\t\tJ\u0101nis B\u0113rzi\u0146\u0161: Latvijas r\u016bpniec\u012bbas str\u0101dnieku soci\u0101lais portrets\u00a01900\u20131914 [Ein soziales Portr\u00e4t der Industriearbeiter Lettlands\u00a01900\u20131914] (von Ilgvars Butulis) (s 341)\r\n\t<\/li>\r\n\t<li>\r\n\t\tVita Zel\u010de: Latvie\u0161u av\u012b\u017eniec\u012bba. Laikraksti sav\u0101 laikmet\u0101\u00a0un sabiedr\u012bb\u0101, 1822\u20131865 [Das lettische Zeitungswesen. Die\u00a0Zeitungen in ihrem Zeitalter und in der Gesellschaft, 1822\u20131865]\u00a0(von Ineta Lip\u0161a) (s\u00a0345)\r\n\t<\/li>\r\n\t<li>\r\n\t\tEesti ajaloost N\u00f5ukogude v\u00f5imu perioodil \/ Studies in the History\u00a0of Estonia during the Soviet Rule (von Konrad Maier) (s 351)\r\n\t<\/li>\r\n\t<li>\r\n\t\tS\u00f5na j\u00f5ul: diasporaa roll Eesti iseseisvuse taastamisel [Mit\u00a0der Macht des Wortes: Die Rolle der Diaspora bei der\u00a0Wiederherstellung der estnischen Unabh\u00e4ngigkeit] (von Maarja\u00a0Merivoo-Parro) (s\u00a0355)\r\n\t<\/li>\r\n\t<li>\r\n\t\tIdentity and Foreign Policy. Baltic-Russian Relations and\u00a0European Integration (von Ekaterina Makhotina) (s\u00a0358)\r\n\t<\/li>\r\n<\/ul>\r\n<br><div class=\"wp-block-group attached-files-group is-layout-constrained wp-block-group-is-layout-constrained\"><div class=\"wp-block-file\"><a href=\"https:\/\/sisu.ut.ee\/wp-content\/uploads\/sites\/279\/fzbg-5-2010.pdf\" target=\"_blank\" rel=\"noreferrer noopener\">fzbg-5-2010.pdf<\/a><\/div><\/div>","protected":false},"excerpt":{"rendered":"<p>Forschungen zur baltischen Geschichte 5 \/ 2010 (pdf) \u00a0 Aufs\u00e4tze Madis Maasing: Die Wieksche Fehde (1532\u20131536) und Markgraf\u00a0Wilhelm von Brandenburg (s 11) Vivian Siirman: Der literarische Nachlass des Superintendenten\u00a0von Livland Hermann Samson (s\u00a036) \u00dclle Tarkiainen: Die Vermessung Livlands (s 59) &#8230;<\/p>\n","protected":false},"author":148,"featured_media":0,"parent":0,"menu_order":0,"comment_status":"closed","ping_status":"closed","template":"","meta":{"_acf_changed":false,"inline_featured_image":false,"footnotes":""},"class_list":["post-12","page","type-page","status-publish","hentry"],"acf":[],"_links":{"self":[{"href":"https:\/\/sisu.ut.ee\/fzbg\/wp-json\/wp\/v2\/pages\/12","targetHints":{"allow":["GET"]}}],"collection":[{"href":"https:\/\/sisu.ut.ee\/fzbg\/wp-json\/wp\/v2\/pages"}],"about":[{"href":"https:\/\/sisu.ut.ee\/fzbg\/wp-json\/wp\/v2\/types\/page"}],"author":[{"embeddable":true,"href":"https:\/\/sisu.ut.ee\/fzbg\/wp-json\/wp\/v2\/users\/148"}],"replies":[{"embeddable":true,"href":"https:\/\/sisu.ut.ee\/fzbg\/wp-json\/wp\/v2\/comments?post=12"}],"version-history":[{"count":2,"href":"https:\/\/sisu.ut.ee\/fzbg\/wp-json\/wp\/v2\/pages\/12\/revisions"}],"predecessor-version":[{"id":145,"href":"https:\/\/sisu.ut.ee\/fzbg\/wp-json\/wp\/v2\/pages\/12\/revisions\/145"}],"wp:attachment":[{"href":"https:\/\/sisu.ut.ee\/fzbg\/wp-json\/wp\/v2\/media?parent=12"}],"curies":[{"name":"wp","href":"https:\/\/api.w.org\/{rel}","templated":true}]}}