{"id":10,"date":"2024-04-04T04:16:48","date_gmt":"2024-04-04T01:16:48","guid":{"rendered":"https:\/\/sisu.ut.ee\/fzbg\/forschungen-zur-baltischen-geschichte-7-2012\/"},"modified":"2024-04-04T04:17:08","modified_gmt":"2024-04-04T01:17:08","slug":"forschungen-zur-baltischen-geschichte-7-2012","status":"publish","type":"page","link":"https:\/\/sisu.ut.ee\/fzbg\/forschungen-zur-baltischen-geschichte-7-2012\/","title":{"rendered":"Forschungen zur baltischen Geschichte 7 \/ 2012"},"content":{"rendered":"<h3>\r\n\t<img loading=\"lazy\" decoding=\"async\" width=\"921\" height=\"1444\" class=\"alignnone wp-image-50\" style=\"width: 250px;height: 392px;float: right\" src=\"https:\/\/sisu.ut.ee\/wp-content\/uploads\/sites\/279\/fzbg-7-kaas-page-001_esikulg.jpg\" title=\"fzbg-7-kaas-page-001_esikulg.jpg\" alt=\"Forschungen zur baltischen Geschichte 7 \/ 2012\" srcset=\"https:\/\/sisu.ut.ee\/wp-content\/uploads\/sites\/279\/fzbg-7-kaas-page-001_esikulg.jpg 921w, https:\/\/sisu.ut.ee\/wp-content\/uploads\/sites\/279\/fzbg-7-kaas-page-001_esikulg-191x300.jpg 191w, https:\/\/sisu.ut.ee\/wp-content\/uploads\/sites\/279\/fzbg-7-kaas-page-001_esikulg-653x1024.jpg 653w, https:\/\/sisu.ut.ee\/wp-content\/uploads\/sites\/279\/fzbg-7-kaas-page-001_esikulg-768x1204.jpg 768w\" sizes=\"auto, (max-width: 921px) 100vw, 921px\"><a data-fid=\"63113\" href=\"https:\/\/sisu.ut.ee\/wp-content\/uploads\/sites\/279\/fzbg-7-2012.pdf\">Forschungen zur baltischen Geschichte 7 \/ 2012 (pdf)<\/a>\r\n<\/h3>\r\n\r\n<p>\r\n\t\u00a0\r\n<\/p>\r\n\r\n<p>\r\n\t<strong>Aufs\u00e4tze<\/strong>\r\n<\/p>\r\n\r\n<ul>\r\n\t<li>\r\n\t\tTiina Kala: Gab es eine \u201enationale Frage\u201c im mittelalterlichen\u00a0Reval? (s\u00a011)\r\n\t<\/li>\r\n\t<li>\r\n\t\tDoroth\u00e9e Goetze: Ein Abenteurer des Drei\u00dfigj\u00e4hrigen Krieges\u00a0\u2013 Christian Dietrich von Czernichow und seine Diversionspl\u00e4ne\u00a0gegen die Insel \u00d6sel 1645 und 1648 (s\u00a035)\r\n\t<\/li>\r\n\t<li>\r\n\t\tEnn K\u00fcng: Die B\u00f6rse in Narva als Symbol ihrer Zeit (s 61)\r\n\t<\/li>\r\n\t<li>\r\n\t\tUlrike Plath: Libertine Literatur und die \u201eErotik der Aufkl\u00e4rung\u201c\u00a0im Baltikum (s\u00a076)\r\n\t<\/li>\r\n\t<li>\r\n\t\tKristi Kukk: Ein noch schwererer Fall von Amnesie? Die lettische\u00a0nationale Geschichtsschreibung vom 19. Jahrhundert bis zum\u00a0Zweiten Weltkrieg in vergleichender Perspektive (s 106)\r\n\t<\/li>\r\n\t<li>\r\n\t\tIrina Bu\u0161a: Egill Skallagrimsson in der lettischen Geschichtsschreibung (s 120)\r\n\t<\/li>\r\n\t<li>\r\n\t\tHeidi Lepplaan: \u201eMein Haus, mein Land, mein Erb und Eigen\u201c:\u00a0Deutsche Reaktionen auf das estnische Agrargesetz 1919 (s\u00a0141)\r\n\t<\/li>\r\n<\/ul>\r\n\r\n<p>\r\n\t<strong>Mitteilungen<\/strong>\r\n<\/p>\r\n\r\n<ul>\r\n\t<li>\r\n\t\tAndris Levans: Der Herbst der lettischen Historie? Zum Ersten Kongress der Historiker Lettlands 2011 (s\u00a0169)\r\n\t<\/li>\r\n\t<li>\r\n\t\tUlrike Plath: Neue Wege der baltischen Geschichtswissenschaft:\u00a0Zur Gr\u00fcndung des Zentrums f\u00fcr Umweltgeschichte\u00a0(KAJAK) in Tallinn (s\u00a0177)\r\n\t<\/li>\r\n\t<li>\r\n\t\tStefan Donecker, Stefan Ewert: Ostseeraum und Schwarzmeergebiet\u00a0im interregionalen Vergleich. Ein Tagungsbericht (s\u00a0181)\r\n\t<\/li>\r\n\t<li>\r\n\t\tCarol Marmor: \u201eUnser eigenes olympisches Spiel\u201c? Anmerkungen\u00a0zu einer estnischen Ausstellung zum 30. Jahrestag der\u00a0Olympischen Segelwettk\u00e4mpfe von 1980 (s\u00a0185)\r\n\t<\/li>\r\n<\/ul>\r\n\r\n<p>\r\n\t<strong>Besprechungen<\/strong>\r\n<\/p>\r\n\r\n<ul>\r\n\t<li>\r\n\t\tMichael North: Geschichte der Ostsee. Handel und Kulturen\u00a0(von Marten Seppel) (s\u00a0197)\r\n\t<\/li>\r\n\t<li>\r\n\t\tAndrejs Plakans: A Concise History of the Baltic States (von\u00a0Kristina Pauksens) (s\u00a0200)\r\n\t<\/li>\r\n\t<li>\r\n\t\t\u0414\u0415\u041d\u0418\u0421 \u0413. \u0425\u0420\u0423\u0421\u0422\u0410\u041b\u0401\u0412: \u0421\u0435\u0432\u0435\u0440\u043d\u044b\u0435 \u043a\u0440\u0435\u0441\u0442\u043e\u043d\u043e\u0441\u0446\u044b: \u0420\u0443\u0441\u044c \u0432 \u0431\u043e\u0440\u044c-\u00a0\u0431\u0435 \u0437\u0430 \u0441\u0444\u0435\u0440\u044b \u0432\u043b\u0438\u044f\u043d\u0438\u044f \u0432 \u0412\u043e\u0441\u0442\u043e\u0447\u043d\u043e\u0439 \u041f\u0440\u0438\u0431\u0430\u043b\u0442\u0438\u043a\u0435 XII\u2012XIII\u00a0\u0432\u0432. [Die Kreuzfahrer des Nordens. Die Rus\u2019 im Kampf um\u00a0Einfl usssph\u00e4ren im \u00f6stlichen Baltikum des 12.\u201313. Jahrhunderts]\u00a0(von Andris \u0160n\u0113) (s\u00a0206)\r\n\t<\/li>\r\n\t<li>\r\n\t\tIvar Leimus, Rein Loodus u.a.: Tallinna Suurgild ja gildimaja\u00a0[Die Revaler Gro\u00dfe Gilde und das Gildehaus] (von Anti\u00a0Selart) (s\u00a0212)\r\n\t<\/li>\r\n\t<li>\r\n\t\tDie baltischen Lande im Zeitalter der Reformation und\u00a0Konfessio nalisierung. Livland, Estland, \u00d6sel, Ingermanland,\u00a0Kurland und Lettgallen. Stadt, Land und Konfession 1500\u20121721,\u00a02. und 3. Teil (von Anti Selart) (s\u00a0215)\u00a0\r\n\t<\/li>\r\n\t<li>\r\n\t\tAjalooarhiivi varasalvest. Dokumente Eesti ajaloost Rootsi\u00a0ja Vene ajal (17.\u201320. sajandi algul) [Aus der Fundgrube des\u00a0Historischen Archivs. Dokumente \u00fcber die estnische Geschichte\u00a0aus der schwedischen und russischen Zeit (17. Jahrhundert bis\u00a0Anfang des 20. Jahrhunderts)] (von Liis Rannast-Kask) (s 218)\r\n\t<\/li>\r\n\t<li>\r\n\t\t\u0420\u043e\u0441\u0441\u0438\u044f \u0438 \u0411\u0430\u043b\u0442\u0438\u044f. \u0412\u044b\u043f. 6. \u0414\u0438\u0430\u043b\u043e\u0433 \u0438\u0441\u0442\u043e\u0440\u0438\u043a\u043e\u0432 \u0440\u0430\u0437\u043d\u044b\u0445 \u0441\u0442\u0440\u0430\u043d \u0438\u00a0\u043f\u043e\u043a\u043e\u043b\u0435\u043d\u0438\u0439 [Russland und das Baltikum. H. 6: Der Dialog zwischen\u00a0den Historikern verschiedener L\u00e4nder und Generationen]\u00a0(von Ago Pajur) (s 220)\r\n\t<\/li>\r\n\t<li>\r\n\t\tT\u00f5nu Tannberg: Eesti mees Vene kroonus. Uurimusi Baltikumi\u00a0ja Venemaa s\u00f5ja aja loost impeeriumi perioodil 1721\u20131917 [Der Este\u00a0in der russischen Armee. Untersuchungen zur Milit\u00e4rgeschichte\u00a0des Baltikums und Russlands in der imperialen Periode 1721\u20131917] (von Toomas Karjah\u00e4rm) (s\u00a0224)\r\n\t<\/li>\r\n\t<li>\r\n\t\tGeisteswissenschaften und Publizistik im Baltikum des 19. und\u00a0fr\u00fchen 20. Jahrhunderts (von Manfred von Boetticher) (s\u00a0231)\r\n\t<\/li>\r\n\t<li>\r\n\t\t\u0421\u0412\u0415\u0422\u041b\u0410\u041d\u0410 \u0418. \u0420\u042b\u0416\u0410\u041a\u041e\u0412\u0410: Historica Lettica. \u041d\u0430\u0446\u0438\u043e\u043d\u0430\u043b\u044c\u043d\u0430\u044f \u0438\u0441\u0442\u043e-\u00a0\u0440\u0438\u044f \u0438 \u044d\u0442\u043d\u0438 \u0447\u0435 \u0441\u043a\u0430\u044f \u0438\u0434\u0435\u043d\u0442\u0438\u0447 \u043d\u043e\u0441\u0442\u044c. \u041e \u043a\u043e\u043d \u0441\u0442\u0440\u0443 \u0438 \u0440\u043e \u0432\u0430 \u043d\u0438\u0438 \u0438 \u043a\u0443\u043b\u044c-\u0442\u0443\u0440 \u043d\u043e\u043c \u0440\u0435 \u0444\u0435 \u0440\u0438 \u0440\u043e \u0432\u0430 \u043d\u0438\u0438 \u043f\u0440\u043e\u0448 \u043b\u043e\u0433\u043e \u043b\u0430\u0442\u044b\u0448\u0435\u0439 [Historica Lettica.\u00a0Nationale Geschichte und ethnische Identit\u00e4t. \u00dcber die\u00a0Konstruktion und das kulturelle Referieren der Vergangenheit\u00a0der Letten] (von M\u0101rti\u0146\u0161 Mintaurs) (s 234)\r\n\t<\/li>\r\n\t<li>\r\n\t\tBalti biidermeier. Panoraame ja l\u00e4hivaatlusi \/ Baltic Biedermeier.\u00a0Panoramas and Introspections (von Konrad Maier) (s\u00a0240)\r\n\t<\/li>\r\n\t<li>\r\n\t\tJaanus Plaat, Arne Maasik: \u00d5igeusu kirikud, kloostrid ja\u00a0kabelid Eestis \/ \u041f\u0440\u0430\u0432\u043e\u0441\u043b\u0430\u0432\u043d\u044b\u0435 \u0446\u0435\u0440\u043a\u0432\u0438, \u043c\u043e\u043d\u0430\u0441\u0442\u044b\u0440\u0438 \u0438 \u0447\u0430\u0441\u043e\u0432\u043d\u0438 \u0432 \u042d\u0441\u0442\u043e\u043d\u0438\u0438 \/ Orthodox Churches, Convents and Chapels in\u00a0Estonia (von Karsten Br\u00fcggemann) (s\u00a0244)\r\n\t<\/li>\r\n\t<li>\r\n\t\t\u041c\u0418\u0425\u0410\u0418\u041b \u0414\u041e\u041b\u0411\u0418\u041b\u041e\u0412, \u0414\u0410\u0420\u0418\u0423\u0421 \u0421\u0422\u0410\u041b\u042e\u041d\u0410\u0421: \u041e\u0431\u0440\u0430\u0442\u043d\u0430\u044f \u0443\u043d\u0438\u044f: \u0438\u0437\u00a0\u0438\u0441\u0442\u043e\u0440\u0438\u0438 \u043e\u0442\u043d\u043e\u0448\u0435\u043d\u0438\u0439 \u043c\u0435\u0436\u0434\u0443 \u043a\u0430\u0442\u043e\u043b\u0438\u0446\u0438\u0437\u043c\u043e\u043c \u0438 \u043f\u0440\u0430\u0432\u043e\u0441\u043b\u0430\u0432\u0438\u0435\u043c \u0432\u00a0\u0420\u043e\u0441\u0441\u0438\u0439\u0441\u043a\u043e\u0439 \u0438\u043c\u043f\u0435\u0440\u0438\u0438 1840\u20131873 [A Reverse Union: An Episode\u00a0from the History of the Relationship between Catholicism and\u00a0Orthodoxy in the Russian Empire, 1840\u20131873] (von Irina Paert) (s\u00a0247)\r\n\t<\/li>\r\n\t<li>\r\n\t\tProtokolle der Estl\u00e4ndischen Ritterschaft 1914\u20131920 (von Mati\u00a0Laur) (s\u00a0250)\r\n\t<\/li>\r\n\t<li>\r\n\t\tUmgesiedelt \u2013 Vertrieben. Deutschbalten und Polen 1939\u20131945\u00a0im Warthegau (von Karsten Br\u00fcggemann) (s\u00a0252)\r\n\t<\/li>\r\n\t<li>\r\n\t\tSven J\u00fcngerkes: Deutsche Besatzungsverwaltung in Lettland\u00a01941\u20131945. Eine Kommunikations- und Kulturgeschichte nationalsozialistischer\u00a0Organisationen (von Toomas Hiio) (s\u00a0255)\r\n\t<\/li>\r\n\t<li>\r\n\t\tKatrin Reichelt: Lettland unter deutscher Besatzung. Der\u00a0lettische Anteil am Holocaust (von Olaf Mertelsmann) (s\u00a0262)\r\n\t<\/li>\r\n\t<li>\r\n\t\tM\u016bzika okup\u0101cij\u0101. Latvijas m\u016bzikas dz\u012bve un jaunrade 1940\u20131945\u00a0[Die Musik in der Okkupation. Das musikalische Leben und\u00a0Schaff en in Lettland 1940\u20131945] (von Kaspars Zellis) (s 266)\r\n\t<\/li>\r\n\t<li>\r\n\t\tAlexander Statiev: Th e Soviet Counterinsurgency in the\u00a0Western Borderlands (von Kaarel Piirim\u00e4e) (s\u00a0270)\r\n\t<\/li>\r\n\t<li>\r\n\t\t\u041f\u0440\u0438\u0431\u0430\u043b\u0442\u0438\u0439\u0441\u043a\u0438\u0439 \u043d\u0430\u0446\u0438\u043e\u043d\u0430\u043b\u0438\u0437\u043c \u0432 \u0434\u043e\u043a\u0443\u043c\u0435\u043d\u0442\u0430\u0445 \u041d\u041a\u0412\u0414, \u041c\u0412\u0414 \u0438\u00a0\u041c\u0413\u0411 \u0421\u0421\u0421\u0420 [Der baltische Nationalismus in den Dokumenten\u00a0des NKVD, des MVD und des MGB der UdSSR] (von T\u00f5nu\u00a0Tannberg) (s\u00a0276)\r\n\t<\/li>\r\n\t<li>\r\n\t\tJ\u0101nis Keruss, Ineta Lip\u0161a, Inese Runce, Kaspars Zellis:\u00a0Latvijas Universit\u0101tes V\u0113stures un fi lozofi jas fakult\u0101tes v\u0113sture\u00a0padomju laik\u0101: person\u012bbas, strukt\u016bras, idejas (1944\u20131991)\u00a0[Die Geschichte der Historisch-Philosophischen Fakult\u00e4t\u00a0der Universit\u00e4t Lettlands in der Sowjetzeit: Pers\u00f6nlichkeiten,\u00a0Strukturen, Ideen (1944\u20131991)] (von Kristine Wohlfart) (s\u00a0280)\r\n\t<\/li>\r\n\t<li>\r\n\t\tSoldiers of Memory: World War II and Its Aftermath in\u00a0Estonian Post-Soviet Life Stories (von Uku Lember) (s\u00a0285)\r\n\t<\/li>\r\n\t<li>\r\n\t\tP\u0113d\u0113jais kar\u0161: Atmi\u0146a un traumas komunik\u0101cija [Der letzte Krieg:\u00a0Erinnerung und Kommunikation eines Traumas] (von Eva-Clarita Pettai) (s\u00a0290)\r\n\t<\/li>\r\n\t<li>\r\n\t\tVilnius. Geschichte und Ged\u00e4chtnis einer Stadt zwischen den\u00a0Kulturen (von Linda Lainvoo) (s\u00a0295)\r\n\t<\/li>\r\n\t<li>\r\n\t\tUue Maailma lood [Die Geschichten aus der Uus Maailm (Neue\u00a0Welt)] (von Priit Raudkivi) (s\u00a0298)\r\n\t<\/li>\r\n<\/ul>\r\n\r\n<p>\r\n\t\u00a0\r\n<\/p>\r\n<br><div class=\"wp-block-group attached-files-group is-layout-constrained wp-block-group-is-layout-constrained\"><div class=\"wp-block-file\"><a href=\"https:\/\/sisu.ut.ee\/wp-content\/uploads\/sites\/279\/fzbg-7-2012.pdf\" target=\"_blank\" rel=\"noreferrer noopener\">fzbg-7-2012.pdf<\/a><\/div><\/div>","protected":false},"excerpt":{"rendered":"<p>Forschungen zur baltischen Geschichte 7 \/ 2012 (pdf) \u00a0 Aufs\u00e4tze Tiina Kala: Gab es eine \u201enationale Frage\u201c im mittelalterlichen\u00a0Reval? (s\u00a011) Doroth\u00e9e Goetze: Ein Abenteurer des Drei\u00dfigj\u00e4hrigen Krieges\u00a0\u2013 Christian Dietrich von Czernichow und seine Diversionspl\u00e4ne\u00a0gegen die Insel \u00d6sel 1645 und 1648 &#8230;<\/p>\n","protected":false},"author":148,"featured_media":0,"parent":0,"menu_order":0,"comment_status":"closed","ping_status":"closed","template":"","meta":{"_acf_changed":false,"inline_featured_image":false,"footnotes":""},"class_list":["post-10","page","type-page","status-publish","hentry"],"acf":[],"_links":{"self":[{"href":"https:\/\/sisu.ut.ee\/fzbg\/wp-json\/wp\/v2\/pages\/10","targetHints":{"allow":["GET"]}}],"collection":[{"href":"https:\/\/sisu.ut.ee\/fzbg\/wp-json\/wp\/v2\/pages"}],"about":[{"href":"https:\/\/sisu.ut.ee\/fzbg\/wp-json\/wp\/v2\/types\/page"}],"author":[{"embeddable":true,"href":"https:\/\/sisu.ut.ee\/fzbg\/wp-json\/wp\/v2\/users\/148"}],"replies":[{"embeddable":true,"href":"https:\/\/sisu.ut.ee\/fzbg\/wp-json\/wp\/v2\/comments?post=10"}],"version-history":[{"count":2,"href":"https:\/\/sisu.ut.ee\/fzbg\/wp-json\/wp\/v2\/pages\/10\/revisions"}],"predecessor-version":[{"id":147,"href":"https:\/\/sisu.ut.ee\/fzbg\/wp-json\/wp\/v2\/pages\/10\/revisions\/147"}],"wp:attachment":[{"href":"https:\/\/sisu.ut.ee\/fzbg\/wp-json\/wp\/v2\/media?parent=10"}],"curies":[{"name":"wp","href":"https:\/\/api.w.org\/{rel}","templated":true}]}}