{"id":1072,"date":"2024-04-03T23:40:45","date_gmt":"2024-04-03T20:40:45","guid":{"rendered":"https:\/\/sisu.ut.ee\/ewod\/about-et-96\/"},"modified":"2024-04-04T00:08:17","modified_gmt":"2024-04-03T21:08:17","slug":"about","status":"publish","type":"page","link":"https:\/\/sisu.ut.ee\/ewod\/j\/jannsen\/about\/","title":{"rendered":"Johann Voldemar Jannsen &#8211; about"},"content":{"rendered":"<p><strong><span style=\"font-family: verdana, geneva;font-size: medium\">Articles<\/span><\/strong><\/p>\n<p><strong><em><span style=\"font-family: verdana, geneva\">German<\/span><\/em><\/strong><br><span style=\"font-family: verdana, geneva\">\u00dclle Sihver, <strong>Konzeptionen des \u203aNationalen Erwachens\u2039. Der pers\u00f6nliche Beitrag von Johann Voldemar Jannsen, Johann K\u00f6hler, Carl Robert Jakobson und Jakob Hurt zur estnischen Bewegung in der zweiten H\u00e4lfte des 19. Jahrhunderts<\/strong>. \u2013 Kulturgeschichte der baltischen L\u00e4nder in der Fr\u00fchen Neuzeit. Mit einem Ausblick in die Moderne. Hrsg. von Klaus Garber und Martin Kl\u00f6ker. T\u00fcbingen: Max Niemeyer Verlag, 2003, pp 463-480.<\/span><br><span style=\"font-family: verdana, geneva\"><strong>Hundert Jahre estnische Nationalhymne und 150. Geburtstag ihres Dichters<\/strong>. \u2013 Mitteilungen aus baltischem Leben (M\u00fcnchen), no 2, 1969, pp 21-23.<\/span><br><span style=\"font-family: verdana, geneva\">Karl Taev, <strong>J. W. Jannsen in der engen Pforte des Zensors<\/strong>. \u2013 Ajaloo-keeleteaduskonna t\u00f6id. Tartu: 1957, pp 104-105.<\/span><\/p>\n","protected":false},"excerpt":{"rendered":"<p>Articles German\u00dclle Sihver, Konzeptionen des \u203aNationalen Erwachens\u2039. Der pers\u00f6nliche Beitrag von Johann Voldemar Jannsen, Johann K\u00f6hler, Carl Robert Jakobson und Jakob Hurt zur estnischen Bewegung in der zweiten H\u00e4lfte des 19. Jahrhunderts. \u2013 Kulturgeschichte der baltischen L\u00e4nder in der Fr\u00fchen &#8230;<\/p>\n","protected":false},"author":43,"featured_media":0,"parent":20,"menu_order":0,"comment_status":"closed","ping_status":"closed","template":"","meta":{"_acf_changed":false,"inline_featured_image":false,"footnotes":""},"class_list":["post-1072","page","type-page","status-publish","hentry"],"acf":[],"_links":{"self":[{"href":"https:\/\/sisu.ut.ee\/ewod\/wp-json\/wp\/v2\/pages\/1072","targetHints":{"allow":["GET"]}}],"collection":[{"href":"https:\/\/sisu.ut.ee\/ewod\/wp-json\/wp\/v2\/pages"}],"about":[{"href":"https:\/\/sisu.ut.ee\/ewod\/wp-json\/wp\/v2\/types\/page"}],"author":[{"embeddable":true,"href":"https:\/\/sisu.ut.ee\/ewod\/wp-json\/wp\/v2\/users\/43"}],"replies":[{"embeddable":true,"href":"https:\/\/sisu.ut.ee\/ewod\/wp-json\/wp\/v2\/comments?post=1072"}],"version-history":[{"count":1,"href":"https:\/\/sisu.ut.ee\/ewod\/wp-json\/wp\/v2\/pages\/1072\/revisions"}],"predecessor-version":[{"id":4008,"href":"https:\/\/sisu.ut.ee\/ewod\/wp-json\/wp\/v2\/pages\/1072\/revisions\/4008"}],"up":[{"embeddable":true,"href":"https:\/\/sisu.ut.ee\/ewod\/wp-json\/wp\/v2\/pages\/20"}],"wp:attachment":[{"href":"https:\/\/sisu.ut.ee\/ewod\/wp-json\/wp\/v2\/media?parent=1072"}],"curies":[{"name":"wp","href":"https:\/\/api.w.org\/{rel}","templated":true}]}}