{"id":8633,"date":"2024-04-03T23:41:24","date_gmt":"2024-04-03T20:41:24","guid":{"rendered":"https:\/\/sisu.ut.ee\/ewod\/?page_id=8633"},"modified":"2026-04-24T15:54:36","modified_gmt":"2026-04-24T12:54:36","slug":"agu-tammeveski","status":"publish","type":"page","link":"https:\/\/sisu.ut.ee\/ewod\/et\/t\/agu-tammeveski\/","title":{"rendered":"Agu Tammeveski"},"content":{"rendered":"<figure class=\"wp-block-image alignright size-large is-resized\"><a href=\"https:\/\/sisu.ut.ee\/wp-content\/uploads\/sites\/108\/agu_tammeveski_alar_madisson.jpg\"><img loading=\"lazy\" decoding=\"async\" width=\"676\" height=\"1024\" src=\"https:\/\/sisu.ut.ee\/wp-content\/uploads\/sites\/108\/agu_tammeveski_alar_madisson_vaike-676x1024.jpg\" alt=\"\" class=\"wp-image-6335\" style=\"aspect-ratio:0.6601467238949623;width:229px;height:auto\" title=\"Foto: Alar Madisson\" srcset=\"https:\/\/sisu.ut.ee\/wp-content\/uploads\/sites\/108\/agu_tammeveski_alar_madisson_vaike-676x1024.jpg 676w, https:\/\/sisu.ut.ee\/wp-content\/uploads\/sites\/108\/agu_tammeveski_alar_madisson_vaike-198x300.jpg 198w, https:\/\/sisu.ut.ee\/wp-content\/uploads\/sites\/108\/agu_tammeveski_alar_madisson_vaike-768x1163.jpg 768w, https:\/\/sisu.ut.ee\/wp-content\/uploads\/sites\/108\/agu_tammeveski_alar_madisson_vaike-1015x1536.jpg 1015w, https:\/\/sisu.ut.ee\/wp-content\/uploads\/sites\/108\/agu_tammeveski_alar_madisson_vaike-1353x2048.jpg 1353w, https:\/\/sisu.ut.ee\/wp-content\/uploads\/sites\/108\/agu_tammeveski_alar_madisson_vaike-1920x2907.jpg 1920w, https:\/\/sisu.ut.ee\/wp-content\/uploads\/sites\/108\/agu_tammeveski_alar_madisson_vaike-scaled.jpg 1691w\" sizes=\"auto, (max-width: 676px) 100vw, 676px\"><\/a><\/figure>\n\n\n\n<p>Agu Tammeveski (kasutanud ka pseudon\u00fc\u00fcmi Indrek Kraas, s\u00fcndinud 20. X 1951) on proosakirjanik.<\/p>\n\n\n\n<p>Tammeveski s\u00fcndis Hiiumaal. Ta l\u00f5petas 1969. aastal N\u00f5o keskkooli ja l\u00e4bis seej\u00e4rel s\u00f5jav\u00e4eteenistuse. P\u00e4rast seda oli ta kaheksa aastat ookeanilaeval kokk, hiljem metsat\u00f6\u00f6line. Ta on Eesti Kirjanike Liidu liige 2004. aastast.<\/p>\n\n\n\n<p>1986. aastal v\u00f5itis Tammeveski jutustus \u201e\u00d5hk\u201c ajakirja Vikerkaar jutuv\u00f5istluse. Tammeveski on kirjutanud novelle, mille eest ta on p\u00e4lvinud August M\u00e4lgu novelliv\u00f5istlusel kahel korral auhinnalise koha (novelli \u201eSipelgate universum\u201c eest 1999. aastal ja \u201eIgaviku maaletooja\u201c eest 2000. aastal). 2003. aastal ilmus Tammeveskilt romaan \u201eKas teie olite siis teistsugune?\u201c, mis saavutas \u00e4ram\u00e4rkimise 2002. aasta romaaniv\u00f5istlusel.<\/p>\n\n\n\n<p>Tammeveski kirjutab enamasti s\u00fcndmustele pikas ajaperspektiivis tagasi vaadates. Loo r\u00e4\u00e4kimise hetkel ei juhtu midagi m\u00e4rkimisv\u00e4\u00e4rset. Tammeveski jutukogu \u201eM\u00f6\u00f6duvate p\u00e4evade soolane ja magus. Seitse juttu \u00fche pealkirjaga\u201c (2016) lugusid \u00fchendab inimese kulgemine igatsuse ja ootuse h\u00f5lmas. Loogiline eneseanal\u00fc\u00fcs ei vii tegelasi tegelike soovide ja unistuste t\u00e4itumisele l\u00e4hemale. Millised tegelaste soovid ja unistused t\u00e4psemalt on, j\u00e4\u00e4b v\u00e4ljendamatuks. S\u00fc\u017eeeline tegevus on Tammeveski juttudes alati millelegi eelm\u00e4nguks, tagap\u00f5hjaks; seistakse millegi l\u00e4vepakul, tulekul on miski, kuid kindlasti mitte triumf. Inimsuhted on Tammeveski lugudes v\u00f5\u00f5ristavalt kauged: keegi ei otsi kaaslaselt l\u00e4hedust ega soojust. Selles avaldub Tammeveski loomingule omane neutraalsus.<\/p>\n\n\n\n<p>Tammeveski on olnud \u00fcks filmi \u201eAmeerika m\u00e4ed\u201c (1994, re\u017eiss\u00f6\u00f6r Peeter Simm) kolmest stsenaristist.<\/p>\n\n\n\n<p><em>L. P.<\/em><\/p>\n\n\n\n<h4 class=\"wp-block-heading\"><br>Raamatud eesti keeles<\/h4>\n\n\n\n<p><strong><em>Proosa<\/em><\/strong><br><strong>Pikk hoojooks<\/strong>: jutte aastaist 1986\u20132001. Tallinn: Tuum, 2002. 135 lk.<br><strong>Kas teie olite siis teistsugune?<\/strong>: meestekas. Tallinn: A. Tammeveski, 2003. 89 lk.<br><strong>Kolmevennap\u00e4ev<\/strong>: lugu meie p\u00e4evilt. K\u00f5rgessaare: A. Tammeveski, 2004. 79 lk.<br><strong>Suvep\u00e4eva valgus; Ajaleidja<\/strong>: kaks jutustust. K\u00f5rgessaare: A. Tammeveski, 2004. 109 lk.<br><strong>\u00dchtmoodi eikuidagi<\/strong>: romaan lisapalaga. Isabella: A. Tammeveski, 2013. 253 lk.<br><strong>M\u00f6\u00f6duvate p\u00e4evade soolane ja magus<\/strong>: seitse juttu \u00fche pealkirjaga. Tallinn: Eesti Keele Sihtasutus, 2016. 189 lk.<\/p>\n","protected":false},"excerpt":{"rendered":"<p>Agu Tammeveski (kasutanud ka pseudon\u00fc\u00fcmi Indrek Kraas, s\u00fcndinud 20. X 1951) on proosakirjanik. Tammeveski s\u00fcndis Hiiumaal. Ta l\u00f5petas 1969. aastal N\u00f5o keskkooli ja l\u00e4bis seej\u00e4rel s\u00f5jav\u00e4eteenistuse. P\u00e4rast seda oli ta kaheksa aastat ookeanilaeval kokk, hiljem metsat\u00f6\u00f6line. Ta on Eesti Kirjanike &#8230;<\/p>\n","protected":false},"author":43,"featured_media":0,"parent":6510,"menu_order":0,"comment_status":"closed","ping_status":"closed","template":"","meta":{"_acf_changed":false,"inline_featured_image":false,"footnotes":""},"class_list":["post-8633","page","type-page","status-publish","hentry"],"acf":[],"_links":{"self":[{"href":"https:\/\/sisu.ut.ee\/ewod\/et\/wp-json\/wp\/v2\/pages\/8633","targetHints":{"allow":["GET"]}}],"collection":[{"href":"https:\/\/sisu.ut.ee\/ewod\/et\/wp-json\/wp\/v2\/pages"}],"about":[{"href":"https:\/\/sisu.ut.ee\/ewod\/et\/wp-json\/wp\/v2\/types\/page"}],"author":[{"embeddable":true,"href":"https:\/\/sisu.ut.ee\/ewod\/et\/wp-json\/wp\/v2\/users\/43"}],"replies":[{"embeddable":true,"href":"https:\/\/sisu.ut.ee\/ewod\/et\/wp-json\/wp\/v2\/comments?post=8633"}],"version-history":[{"count":2,"href":"https:\/\/sisu.ut.ee\/ewod\/et\/wp-json\/wp\/v2\/pages\/8633\/revisions"}],"predecessor-version":[{"id":8636,"href":"https:\/\/sisu.ut.ee\/ewod\/et\/wp-json\/wp\/v2\/pages\/8633\/revisions\/8636"}],"up":[{"embeddable":true,"href":"https:\/\/sisu.ut.ee\/ewod\/et\/wp-json\/wp\/v2\/pages\/6510"}],"wp:attachment":[{"href":"https:\/\/sisu.ut.ee\/ewod\/et\/wp-json\/wp\/v2\/media?parent=8633"}],"curies":[{"name":"wp","href":"https:\/\/api.w.org\/{rel}","templated":true}]}}