{"id":8538,"date":"2024-04-03T23:40:16","date_gmt":"2024-04-03T20:40:16","guid":{"rendered":"https:\/\/sisu.ut.ee\/ewod\/?page_id=8538"},"modified":"2026-04-23T13:10:33","modified_gmt":"2026-04-23T10:10:33","slug":"andra-teede","status":"publish","type":"page","link":"https:\/\/sisu.ut.ee\/ewod\/et\/t\/andra-teede\/","title":{"rendered":"Andra Teede"},"content":{"rendered":"<figure class=\"wp-block-image alignright size-large\"><a href=\"https:\/\/sisu.ut.ee\/wp-content\/uploads\/sites\/108\/andra_teede_alar_madisson-scaled.jpg\"><img loading=\"lazy\" decoding=\"async\" width=\"1024\" height=\"681\" src=\"https:\/\/sisu.ut.ee\/wp-content\/uploads\/sites\/108\/andra_teede_alar_madisson-1024x681.jpg\" alt=\"Andra Teede\" class=\"wp-image-2797\" title=\"Foto: Alar Madisson\" srcset=\"https:\/\/sisu.ut.ee\/wp-content\/uploads\/sites\/108\/andra_teede_alar_madisson-1024x681.jpg 1024w, https:\/\/sisu.ut.ee\/wp-content\/uploads\/sites\/108\/andra_teede_alar_madisson-300x200.jpg 300w, https:\/\/sisu.ut.ee\/wp-content\/uploads\/sites\/108\/andra_teede_alar_madisson-768x511.jpg 768w, https:\/\/sisu.ut.ee\/wp-content\/uploads\/sites\/108\/andra_teede_alar_madisson-1536x1022.jpg 1536w, https:\/\/sisu.ut.ee\/wp-content\/uploads\/sites\/108\/andra_teede_alar_madisson-2048x1363.jpg 2048w, https:\/\/sisu.ut.ee\/wp-content\/uploads\/sites\/108\/andra_teede_alar_madisson-1920x1278.jpg 1920w\" sizes=\"auto, (max-width: 1024px) 100vw, 1024px\"><\/a><\/figure>\n\n\n\n<p>Andra Teede (s\u00fcndinud 23. IX 1988) on luuletaja, prosaist ja dramaturg.<\/p>\n\n\n\n<p>Teede s\u00fcndis ja omandas keskhariduse Tallinnas. Ta \u00f5ppis m\u00f5nda aega Tartu \u00dclikoolis eesti keelt ja kirjandust, seej\u00e4rel Eesti Muusika ja Teatriakadeemia lavakunstikoolis, mille l\u00f5petas dramaturgina. Tartu NAKi, Eesti Kirjanike Liidu ning Eesti Lavastajate ja Dramaturgide Liidu liige.<\/p>\n\n\n\n<p>Luuledeb\u00fc\u00fcdi tegi (\u00fches Janno Pikkati ja Mart Valneriga) kogus \u201eV\u00e4ike kuri kevad\u201c (2005), millele j\u00e4rgnes isiklik deb\u00fc\u00fctkogu \u201eTakso Tallinna taevas\u201c (2006), mis oskuslikult ja elavalt p\u00f5imib tundel\u00fc\u00fcrikat ajakajalisusega, oluliseks taustaks keskkonnana Tallinna linnaruum ja inimesed. Erinevad linnad ja inimesed on kesksel kohal ka argip\u00e4eva elu-olu poetiseerivas kogus \u201eSaage \u00fcle\u201c (2007). Luulekogudes \u201eAtlas\u201c (2009), \u201eK\u00e4igud\u201c (2011) ja \u201e\u00dche jalaga p\u00f5hjas\u201c (2013) on kesksel kohal (osalt ka autori perekonnanimest t\u00f5ukuv ja sellega m\u00e4ngiv) teel olemise ja reisitemaatika. Muuhulgas m\u00f5tiskletakse ootamise, aja ja olemise \u00fcle. \u00dclevaate loomingust pakub valikkogu \u201e100% Andra Teede\u201c (2014). Peamiselt kirjutab vabav\u00e4rsilist luulet, milles omal kohal humoorikus ja temperamentsus, k\u00f5ne- ja argikeelsus, leidub ka romantilisi allhoovusi.<\/p>\n\n\n\n<p>On kirjutanud libreto ooperile \u201eKorduma kippuvad k\u00fcsimused\u201c (heliloojad Marianna Liik ja Sander M\u00f6lder). Dokumentaaln\u00e4idend \u201eEstoplast\u201c, mis tugineb n\u00f5ukogudeaegses valgustite tehases t\u00f6\u00f6tanutega tehtud intervjuudel ja arhiivmaterjalidel, p\u00e4lvis 2013. aastal Eesti Teatri Agentuuri n\u00e4idendiv\u00f5istlusel kolmanda preemia. 2017. aastal sai Eesti Teatriliidu algup\u00e4rase dramaturgia auhinna \u201e45 339 km\u00b2 raba\u201c, mis tugineb k\u00fcsitlustel ja intervjuudel v\u00e4liseestlastega (kirjutatud koos lavastaja Laura Metsaga).<\/p>\n\n\n\n<p>Teede on avaldanud artikleid ja kriitikat ajakirjanduses. Ta on alates 2014. aastast Eesti k\u00f5ige kauem eetris olnud telesarja \u201e\u00d5nne 13\u201c stsenarist.<\/p>\n\n\n\n<p>2009. aastal p\u00e4lvis Tartu Kultuurikandja aunimetuse. Ta valiti ka aastatel 2025-2027 kirjanikupalga saajate hulka.<\/p>\n\n\n\n<p><em>A. K.<\/em><\/p>\n\n\n\n<h4 class=\"wp-block-heading\"><br>Raamatud eesti keeles<\/h4>\n\n\n\n<p><em><strong>Luule<\/strong><\/em><br><strong>Takso Tallinna taevas<\/strong>. Luige: Verb, 2006, 56 lk.<br><strong>Saage \u00fcle<\/strong>. Tallinn: T\u00e4nap\u00e4ev, 2007, 92 lk.<br><strong>Atlas<\/strong>. P\u00e4rnu: Jumalikud Ilmutused, 2009, 64 lk.<br><strong>K\u00e4igud<\/strong>. P\u00e4rnu, Saarde: Jumalikud Ilmutused, 2011, 108 lk.<br><strong>\u00dche jalaga p\u00f5hjas<\/strong>. Tallinn: Kite, 2013, 54 lk.<br><strong>100% Andra Teede<\/strong>. Saarde, P\u00e4rnu: Jumalikud Ilmutused, 2014, 155 lk.<br><strong>Kaks punkt null<\/strong>. Tallinn: Teede Tekst, 2018, 99 lk.<br><strong>Pikad mehed, pikad elud<\/strong>. P\u00e4rnu: Jumalikud Ilmutused, 2018, 70 lk.<br><strong>Emadep\u00e4ev<\/strong>. Tallinn: Teede Tekst, 2022, 96 lk.<br><strong>Lind ei ole<\/strong>. Tallinn: Teede Tekst, 2025, 124 lk.<\/p>\n\n\n\n<p><em><strong>Romaanid<\/strong><\/em><br><strong>Kateriin ja kurjad onud<\/strong>. Tallinn: Varrak, 2024, 263 lk.<\/p>\n\n\n\n<p><em><strong>N\u00e4idendid<\/strong><\/em><br><strong>Esimene armastus<\/strong>: dokumentaaln\u00e4idend. Tallinn: Eesti Draamateater, 2020, 98 lk.<br><strong>Varumehed<\/strong>: dokumentaaln\u00e4idend. Tallinn: Eesti Draamateater, 2023, 90 lk.<\/p>\n\n\n\n<p><em><strong>Varia<\/strong><\/em><br><strong>Morna lapsed<\/strong>. Teos p\u00f5hineb Astrid Reinla loodud tegelastel. Tallinn: Teede Tekst, 2020, 136 lk.<br><\/p>\n","protected":false},"excerpt":{"rendered":"<p>Andra Teede (s\u00fcndinud 23. IX 1988) on luuletaja, prosaist ja dramaturg. Teede s\u00fcndis ja omandas keskhariduse Tallinnas. Ta \u00f5ppis m\u00f5nda aega Tartu \u00dclikoolis eesti keelt ja kirjandust, seej\u00e4rel Eesti Muusika ja Teatriakadeemia lavakunstikoolis, mille l\u00f5petas dramaturgina. Tartu NAKi, Eesti Kirjanike &#8230;<\/p>\n","protected":false},"author":43,"featured_media":0,"parent":6510,"menu_order":0,"comment_status":"closed","ping_status":"closed","template":"","meta":{"_acf_changed":false,"inline_featured_image":false,"footnotes":""},"class_list":["post-8538","page","type-page","status-publish","hentry"],"acf":[],"_links":{"self":[{"href":"https:\/\/sisu.ut.ee\/ewod\/et\/wp-json\/wp\/v2\/pages\/8538","targetHints":{"allow":["GET"]}}],"collection":[{"href":"https:\/\/sisu.ut.ee\/ewod\/et\/wp-json\/wp\/v2\/pages"}],"about":[{"href":"https:\/\/sisu.ut.ee\/ewod\/et\/wp-json\/wp\/v2\/types\/page"}],"author":[{"embeddable":true,"href":"https:\/\/sisu.ut.ee\/ewod\/et\/wp-json\/wp\/v2\/users\/43"}],"replies":[{"embeddable":true,"href":"https:\/\/sisu.ut.ee\/ewod\/et\/wp-json\/wp\/v2\/comments?post=8538"}],"version-history":[{"count":1,"href":"https:\/\/sisu.ut.ee\/ewod\/et\/wp-json\/wp\/v2\/pages\/8538\/revisions"}],"predecessor-version":[{"id":8539,"href":"https:\/\/sisu.ut.ee\/ewod\/et\/wp-json\/wp\/v2\/pages\/8538\/revisions\/8539"}],"up":[{"embeddable":true,"href":"https:\/\/sisu.ut.ee\/ewod\/et\/wp-json\/wp\/v2\/pages\/6510"}],"wp:attachment":[{"href":"https:\/\/sisu.ut.ee\/ewod\/et\/wp-json\/wp\/v2\/media?parent=8538"}],"curies":[{"name":"wp","href":"https:\/\/api.w.org\/{rel}","templated":true}]}}