{"id":8423,"date":"2026-04-20T12:11:51","date_gmt":"2026-04-20T09:11:51","guid":{"rendered":"https:\/\/sisu.ut.ee\/ewod\/?page_id=8423"},"modified":"2026-04-20T12:12:17","modified_gmt":"2026-04-20T09:12:17","slug":"grethe-room","status":"publish","type":"page","link":"https:\/\/sisu.ut.ee\/ewod\/et\/r\/grethe-room\/","title":{"rendered":"Grethe R\u00f5\u00f5m"},"content":{"rendered":"<p>Grethe R\u00f5\u00f5m (s\u00fcnd. 18. XI 1976) on laste- ja noortekirjanik.<\/p>\n\n\n\n<p>R\u00f5\u00f5m s\u00fcndis Kuressaares. Ta l\u00f5petas 1995. aastal Kuressaare G\u00fcmnaasiumi, omandas 2002. aastal Tartu \u00dclikoolis magistrikraadi eesti ja soome-ugri keeleteaduse erialal ja 2022. aastal magistrikraadi haridusteaduste erialal. Lisaks kirjanikut\u00f6\u00f6le on Grethe R\u00f5\u00f5m t\u00f6\u00f6tanud ajakirjanikuna maakonnalehes V\u00f5rumaa Teataja ja ajakirjas Eesti Naine ning teinud toimetajat\u00f6\u00f6d Eesti Rahvusringh\u00e4\u00e4lingu Tartu stuudios. Ta t\u00f6\u00f6tas aastatel 2008\u20132022 fotograafina. Alates 2021. aastast t\u00f6\u00f6tab ta emakeele\u00f5petajana.<\/p>\n\n\n\n<p>Grethe R\u00f5\u00f5mu loomingut iseloomustavad soojus, fantaasiarikkus ja tugev side oma kodukohaga. Mitmes tema teoses on olulisel kohal m\u00fc\u00fctilised olendid ja seikluslik element. N\u00e4iteks on \u201eKaarnapuu\u201d seikluslugu, kus p\u00f5imuvad R\u00f5uge p\u00e4rimus, perekonnaprobleemid ja esimese armastuse teemad. Raamat v\u00f5itis 2024. aastal Tartu lastekirjanduse auhinna. Lisaks on R\u00f5\u00f5m 2011. aastal p\u00e4lvinud Bernard Kangro kirjanduspreemia raamatu \u201eRaamatuvardjad: t\u00e4htraamatu tagasitulek\u201d eest.<\/p>\n\n\n\n<p><em>L. P.<\/em><\/p>\n\n\n\n<h4 class=\"wp-block-heading\"><br>Raamatud eesti keeles<\/h4>\n\n\n\n<p><em><strong>Laste-  ja noorsooraamatud<\/strong><\/em><br><strong>Lohe Lembitu lood. 1. raamat, Pahandus \u00d6\u00f6bikuorus<\/strong>. Tallinn: Ajakirjade Kirjastus, 2009, 120 lk.<br><strong>Lohe Lembitu lood. 2. raamat, Kitser\u00f6\u00f6v<\/strong>. Tallinn: Ajakirjade Kirjastus, 2010, 120 lk.<br><strong>Raamatuvardjad: t\u00e4htraamatu tagasitulek<\/strong>. Tindi (V\u00f5rumaa): Mugul, 2010, 119 lk.<br><strong>Kaarnapuu<\/strong>. Tallinn: Varrak, 2023, 310 lk.<br><strong>Ruudi, Tuula ja hambahaldjas Tauno<\/strong>. Tallinn: Varrak, 2024, 166 lk.<br><strong>Viimane<\/strong>. R\u00f5uge: Mugul O\u00dc, 2025, 398 lk. [Fantaasiaromaan.]<\/p>\n","protected":false},"excerpt":{"rendered":"<p>Grethe R\u00f5\u00f5m (s\u00fcnd. 18. XI 1976) on laste- ja noortekirjanik. R\u00f5\u00f5m s\u00fcndis Kuressaares. Ta l\u00f5petas 1995. aastal Kuressaare G\u00fcmnaasiumi, omandas 2002. aastal Tartu \u00dclikoolis magistrikraadi eesti ja soome-ugri keeleteaduse erialal ja 2022. aastal magistrikraadi haridusteaduste erialal. Lisaks kirjanikut\u00f6\u00f6le on Grethe &#8230;<\/p>\n","protected":false},"author":43,"featured_media":0,"parent":6503,"menu_order":0,"comment_status":"closed","ping_status":"closed","template":"","meta":{"_acf_changed":false,"inline_featured_image":false,"footnotes":""},"class_list":["post-8423","page","type-page","status-publish","hentry"],"acf":[],"_links":{"self":[{"href":"https:\/\/sisu.ut.ee\/ewod\/et\/wp-json\/wp\/v2\/pages\/8423","targetHints":{"allow":["GET"]}}],"collection":[{"href":"https:\/\/sisu.ut.ee\/ewod\/et\/wp-json\/wp\/v2\/pages"}],"about":[{"href":"https:\/\/sisu.ut.ee\/ewod\/et\/wp-json\/wp\/v2\/types\/page"}],"author":[{"embeddable":true,"href":"https:\/\/sisu.ut.ee\/ewod\/et\/wp-json\/wp\/v2\/users\/43"}],"replies":[{"embeddable":true,"href":"https:\/\/sisu.ut.ee\/ewod\/et\/wp-json\/wp\/v2\/comments?post=8423"}],"version-history":[{"count":1,"href":"https:\/\/sisu.ut.ee\/ewod\/et\/wp-json\/wp\/v2\/pages\/8423\/revisions"}],"predecessor-version":[{"id":8424,"href":"https:\/\/sisu.ut.ee\/ewod\/et\/wp-json\/wp\/v2\/pages\/8423\/revisions\/8424"}],"up":[{"embeddable":true,"href":"https:\/\/sisu.ut.ee\/ewod\/et\/wp-json\/wp\/v2\/pages\/6503"}],"wp:attachment":[{"href":"https:\/\/sisu.ut.ee\/ewod\/et\/wp-json\/wp\/v2\/media?parent=8423"}],"curies":[{"name":"wp","href":"https:\/\/api.w.org\/{rel}","templated":true}]}}