{"id":8408,"date":"2026-04-20T11:54:49","date_gmt":"2026-04-20T08:54:49","guid":{"rendered":"https:\/\/sisu.ut.ee\/ewod\/?page_id=8408"},"modified":"2026-04-20T11:55:04","modified_gmt":"2026-04-20T08:55:04","slug":"helena-koch","status":"publish","type":"page","link":"https:\/\/sisu.ut.ee\/ewod\/et\/k\/helena-koch\/","title":{"rendered":"Helena Koch"},"content":{"rendered":"<p>Helena Koch (s\u00fcnd. 4. III 1989) on diplomaat, lastekirjanik ja kirjanduskriitik.<\/p>\n\n\n\n<p>Koch s\u00fcndis P\u00f5lvas. Ta l\u00f5petas 2012. aastal Tartu \u00dclikooli kirjandus- ja teatriteaduse erialal ja 2015. aastal Berliini Humboldti \u00dclikooli magistri\u00f5ppe Euroopa kirjanduse erialal. Samas valdkonnas on ta end t\u00e4iendanud Berliini Vaba\u00fclikoolis, Konstanzi \u00fclikoolis ja Drakadeemias. Alates 2021. aastast t\u00f6\u00f6tab Helena Koch diplomaadina V\u00e4lisministeeriumis. Alates 2025. aastast on ta Kirjanike Liidu liige.<\/p>\n\n\n\n<p>Koch deb\u00fcteeris 2018. aastal lasteajakirjas T\u00e4heke ning on avaldanud jutte ka lasteajakirjas Hea Laps. Alates 2020. aastast on Koch avaldanud raamatuarvustusi ajalehes Postimees. 2025. aastal lavastas Ivo Eensalu koguperelavastusena Helena Kochi kirjutatud n\u00e4idendi \u201eKartuli kuningriik\u201d. See teos on t\u00f5lgitud soome keelde ja l\u00e4ti keelde.<\/p>\n\n\n\n<p><em>L. P.<\/em><\/p>\n\n\n\n<h4 class=\"wp-block-heading\"><br>Raamatud eesti keeles<\/h4>\n\n\n\n<p><em><strong>Lasteraamatud<\/strong><\/em><br><strong>Loomaaed lasteaias<\/strong>. Saue: P\u00e4ike ja Pilv, 2019, 22 lk.<br><strong>K\u00f5hu m\u00e4ss<\/strong>. Tallinn: Tammerraamat, 2020, 36 lk.<br><strong>Kartuli kuningriik<\/strong>. Tallinn: Koolibri, 2021, 38 lk.<br><strong>Pungivana ja teisi j\u00f5ulujutte<\/strong>. Tallinn: Koolibri, 2023, 42 lk.<br><strong>Jussi sussid<\/strong>. Tallinn: Koolibri, 2024, 18 lk.<\/p>\n","protected":false},"excerpt":{"rendered":"<p>Helena Koch (s\u00fcnd. 4. III 1989) on diplomaat, lastekirjanik ja kirjanduskriitik. Koch s\u00fcndis P\u00f5lvas. Ta l\u00f5petas 2012. aastal Tartu \u00dclikooli kirjandus- ja teatriteaduse erialal ja 2015. aastal Berliini Humboldti \u00dclikooli magistri\u00f5ppe Euroopa kirjanduse erialal. Samas valdkonnas on ta end t\u00e4iendanud &#8230;<\/p>\n","protected":false},"author":43,"featured_media":0,"parent":6484,"menu_order":0,"comment_status":"closed","ping_status":"closed","template":"","meta":{"_acf_changed":false,"inline_featured_image":false,"footnotes":""},"class_list":["post-8408","page","type-page","status-publish","hentry"],"acf":[],"_links":{"self":[{"href":"https:\/\/sisu.ut.ee\/ewod\/et\/wp-json\/wp\/v2\/pages\/8408","targetHints":{"allow":["GET"]}}],"collection":[{"href":"https:\/\/sisu.ut.ee\/ewod\/et\/wp-json\/wp\/v2\/pages"}],"about":[{"href":"https:\/\/sisu.ut.ee\/ewod\/et\/wp-json\/wp\/v2\/types\/page"}],"author":[{"embeddable":true,"href":"https:\/\/sisu.ut.ee\/ewod\/et\/wp-json\/wp\/v2\/users\/43"}],"replies":[{"embeddable":true,"href":"https:\/\/sisu.ut.ee\/ewod\/et\/wp-json\/wp\/v2\/comments?post=8408"}],"version-history":[{"count":1,"href":"https:\/\/sisu.ut.ee\/ewod\/et\/wp-json\/wp\/v2\/pages\/8408\/revisions"}],"predecessor-version":[{"id":8409,"href":"https:\/\/sisu.ut.ee\/ewod\/et\/wp-json\/wp\/v2\/pages\/8408\/revisions\/8409"}],"up":[{"embeddable":true,"href":"https:\/\/sisu.ut.ee\/ewod\/et\/wp-json\/wp\/v2\/pages\/6484"}],"wp:attachment":[{"href":"https:\/\/sisu.ut.ee\/ewod\/et\/wp-json\/wp\/v2\/media?parent=8408"}],"curies":[{"name":"wp","href":"https:\/\/api.w.org\/{rel}","templated":true}]}}