{"id":8247,"date":"2024-04-03T23:39:27","date_gmt":"2024-04-03T20:39:27","guid":{"rendered":"https:\/\/sisu.ut.ee\/ewod\/?page_id=8247"},"modified":"2026-04-14T00:40:57","modified_gmt":"2026-04-13T21:40:57","slug":"eia-uus","status":"publish","type":"page","link":"https:\/\/sisu.ut.ee\/ewod\/et\/u\/eia-uus\/","title":{"rendered":"Eia Uus"},"content":{"rendered":"<figure class=\"wp-block-image alignright size-large is-resized\"><a href=\"https:\/\/sisu.ut.ee\/wp-content\/uploads\/sites\/108\/eia_uus_alar_madisson.jpg\"><img loading=\"lazy\" decoding=\"async\" width=\"678\" height=\"1024\" src=\"https:\/\/sisu.ut.ee\/wp-content\/uploads\/sites\/108\/eia_uus_alar_madisson_vaike-678x1024.jpg\" alt=\"\" class=\"wp-image-6239\" style=\"aspect-ratio:0.6621095446986581;width:239px;height:auto\" srcset=\"https:\/\/sisu.ut.ee\/wp-content\/uploads\/sites\/108\/eia_uus_alar_madisson_vaike-678x1024.jpg 678w, https:\/\/sisu.ut.ee\/wp-content\/uploads\/sites\/108\/eia_uus_alar_madisson_vaike-199x300.jpg 199w, https:\/\/sisu.ut.ee\/wp-content\/uploads\/sites\/108\/eia_uus_alar_madisson_vaike-768x1160.jpg 768w, https:\/\/sisu.ut.ee\/wp-content\/uploads\/sites\/108\/eia_uus_alar_madisson_vaike-1017x1536.jpg 1017w, https:\/\/sisu.ut.ee\/wp-content\/uploads\/sites\/108\/eia_uus_alar_madisson_vaike-1356x2048.jpg 1356w, https:\/\/sisu.ut.ee\/wp-content\/uploads\/sites\/108\/eia_uus_alar_madisson_vaike.jpg 1396w\" sizes=\"auto, (max-width: 678px) 100vw, 678px\"><\/a><\/figure>\n\n\n\n<p>Eia Uus (s\u00fcndinud 15.02.1985) on prosaist.<\/p>\n\n\n\n<p>Ta s\u00fcndis Haapsalus, on \u00f5ppinud vahetus\u00f5pilasena Tais ning magistri\u00f5ppes kirjandusteadust Tallinna \u00dclikoolis. T\u00f6\u00f6tanud muuhulgas Kuukulgur Filmis projektim\u00e4ned\u017eerina ja ajakirjanduses. 2018-2023 t\u00f6\u00f6tas Postimehe Kirjastuse tegevjuhina. Eesti Kirjanike Liidu liige alates 2019. aastast. Olnud osaline 2000ndate noorkirjanike r\u00fchmituses Purpurmust Org.<\/p>\n\n\n\n<p>Sylvia Plathist inspireeritud deb\u00fc\u00fctromaan \u201eKuu k\u00fclm kuma\u201c (2005, romaan m\u00e4rgiti \u00e4ra 2004. aasta romaaniv\u00f5istlusel ning p\u00e4lvis Eduard Vilde nimelise kirjandusauhinna) k\u00e4sitleb Tais \u00f5ppiva tundliku neiu sisemaailma ja suhteid ning heitlust depressiooniga. Prantsusmaal elatud aastad kajastuvad kirjastuse Petrone Print Minu-sarjas ilmunud reisikirjas \u201eMinu Prantsusmaa\u201c (2013) ning on andnud ainest romaanile \u201eAasta Pariisis\u201c (2014).<\/p>\n\n\n\n<p>Laiemat k\u00f5lapinda p\u00e4lvis romaan \u201eT\u00fcdrukune\u201c (2019, kolmas koht Eesti Kirjanike Liidu romaaniv\u00f5istlusel), mis keskendub naiseks olemise problemaatikale maskuliinses \u00fchiskonnas, sisaldades omajagu sotsiaalset kriitikat. Olulisel kohal on naise kehaga seonduv, sotsiaalsed normid ja stereot\u00fc\u00fcbid, traumad, aga ka poliitika telgitagused ning mitmesugused \u00fchiskondlikud teemad.<\/p>\n\n\n\n<p><em>A. K.<\/em><\/p>\n\n\n\n<h4 class=\"wp-block-heading\"><br>Raamatud eesti keeles<\/h4>\n\n\n\n<p><em><strong>Romaanid<\/strong><\/em><br><strong>Kuu k\u00fclm kuma<\/strong>. Tallinn: Varrak, 2005, 271 lk. [Teine tr\u00fckk: 2018.]<br><strong>Kahe n\u00e4oga jumal<\/strong>. Tallinn: Pegasus, 2008, 187 lk. [Teine tr\u00fckk: 2019.]<br><strong>Aasta Pariisis<\/strong>. Tallinn: Ajakirjade Kirjastus, 2014, 263 lk.<br><strong>T\u00fcdrukune<\/strong>. Tallinn: Postimees Kirjastus, 2019, 271 lk.<\/p>\n\n\n\n<p><em><strong>Lasteraamatud<\/strong><\/em><br><strong>Seitsme maa ja mere taha, ehk, Lugu t\u00fcdrukust, kes kohtus muinasjutuga<\/strong>. Tallinn: Postimees Kirjastus, 2019, 54 lk. [Teine tr\u00fckk: 2020.]<br><strong>Anna ja kadunud h\u00f5bekala<\/strong>. Saue: Tint &amp; Torm, 2025, 110 lk.<\/p>\n\n\n\n<p><strong><em>Esseed ja m\u00e4lestused<\/em><\/strong><br><strong>Eluisu<\/strong>. Saue: Tint &amp; Torm, 2026, 158 lk.<\/p>\n\n\n\n<p><strong><em>Reisikirjad<\/em><br>Minu Prantsusmaa<\/strong>: elu nagu sirelivein. Tartu: Petrone Print, 2013, 326 lk. [Teine tr\u00fckk: 2019.]<br><strong>Kirjad Buenos Airesest<\/strong>. Tallinn: Postimees Kirjastus, 2021, 261 lk.<\/p>\n\n\n\n<p><strong><em>Biograafiad<\/em><\/strong><br><strong>Anett Kontaveit: v\u00f5itlejahing<\/strong>. Tallinn: Pilgrim Raamat, 2024, 319 lk.<\/p>\n","protected":false},"excerpt":{"rendered":"<p>Eia Uus (s\u00fcndinud 15.02.1985) on prosaist. Ta s\u00fcndis Haapsalus, on \u00f5ppinud vahetus\u00f5pilasena Tais ning magistri\u00f5ppes kirjandusteadust Tallinna \u00dclikoolis. T\u00f6\u00f6tanud muuhulgas Kuukulgur Filmis projektim\u00e4ned\u017eerina ja ajakirjanduses. 2018-2023 t\u00f6\u00f6tas Postimehe Kirjastuse tegevjuhina. Eesti Kirjanike Liidu liige alates 2019. aastast. Olnud osaline 2000ndate &#8230;<\/p>\n","protected":false},"author":43,"featured_media":0,"parent":6538,"menu_order":0,"comment_status":"closed","ping_status":"closed","template":"","meta":{"_acf_changed":false,"inline_featured_image":false,"footnotes":""},"class_list":["post-8247","page","type-page","status-publish","hentry"],"acf":[],"_links":{"self":[{"href":"https:\/\/sisu.ut.ee\/ewod\/et\/wp-json\/wp\/v2\/pages\/8247","targetHints":{"allow":["GET"]}}],"collection":[{"href":"https:\/\/sisu.ut.ee\/ewod\/et\/wp-json\/wp\/v2\/pages"}],"about":[{"href":"https:\/\/sisu.ut.ee\/ewod\/et\/wp-json\/wp\/v2\/types\/page"}],"author":[{"embeddable":true,"href":"https:\/\/sisu.ut.ee\/ewod\/et\/wp-json\/wp\/v2\/users\/43"}],"replies":[{"embeddable":true,"href":"https:\/\/sisu.ut.ee\/ewod\/et\/wp-json\/wp\/v2\/comments?post=8247"}],"version-history":[{"count":2,"href":"https:\/\/sisu.ut.ee\/ewod\/et\/wp-json\/wp\/v2\/pages\/8247\/revisions"}],"predecessor-version":[{"id":8250,"href":"https:\/\/sisu.ut.ee\/ewod\/et\/wp-json\/wp\/v2\/pages\/8247\/revisions\/8250"}],"up":[{"embeddable":true,"href":"https:\/\/sisu.ut.ee\/ewod\/et\/wp-json\/wp\/v2\/pages\/6538"}],"wp:attachment":[{"href":"https:\/\/sisu.ut.ee\/ewod\/et\/wp-json\/wp\/v2\/media?parent=8247"}],"curies":[{"name":"wp","href":"https:\/\/api.w.org\/{rel}","templated":true}]}}