{"id":8184,"date":"2024-04-03T23:39:16","date_gmt":"2024-04-03T20:39:16","guid":{"rendered":"https:\/\/sisu.ut.ee\/ewod\/?page_id=8184"},"modified":"2026-04-13T15:22:59","modified_gmt":"2026-04-13T12:22:59","slug":"luise-vaher","status":"publish","type":"page","link":"https:\/\/sisu.ut.ee\/ewod\/et\/v\/luise-vaher\/","title":{"rendered":"Luise Vaher"},"content":{"rendered":"<p>Luise Vaher (neiup\u00f5lvenimi Kapstas; 3. IX \/ 21. VIII 1912 \u2013 14. II 1992) oli prosaist.<\/p>\n\n\n\n<p>Vaher s\u00fcndis Valgamaal, \u00f5ppis Valgas, V\u00f5ru \u00d5petajate Seminaris ja Valga T\u00fctarlaste G\u00fcmnaasiumis. Esimese N\u00f5ukogude okupatsiooni ajal osales n\u00f5ukoguliku korra kehtestamisel, olles muuhulgas Valgamaa t\u00e4itevkomitee sekret\u00e4r. Ta v\u00f5ttis osa s\u00f5jast, oli rinde\u00f5de Eesti Laskurkorpuses. Vaher t\u00f6\u00f6tas Valga ajalehes toimetajana ja oli Valgamaa haridusosakonna juhataja. Astus NLKPsse 1948, kuid heideti sealt 1950. aastal v\u00e4lja s\u00fc\u00fcdistatuna kulaklikus p\u00e4ritolus. Parteiline kuuluvus taastati 1989. 1960. aastast oli Vaher kutseline kirjanik, 1961. aastast Kirjanike Liidu liige. Ta on maetud Viljandisse.<\/p>\n\n\n\n<p>Vaheri ilukirjandusliku loometee alguses on ajakirjanduses ilmunud proosapalad. 1957. ja 1958. aasta p\u00e4lvis ta ajakirja Looming novelliv\u00f5istlusel teise auhinna, millele j\u00e4rgnes romaaniv\u00f5istluse kolmas auhind s\u00f5jaj\u00e4rgset k\u00fclaelu k\u00e4sitleva \u201eEmaj\u00f5e jutustuse\u201c (1960) eest. Loomingu p\u00f5hiosa moodustavad romaanid: triloogia \u201eRinde\u00f5de\u201c (1965), \u201eTormip\u00f6\u00f6rises\u201c (1982), \u201eP\u00f5lev p\u00e4risosa\u201c (1987, A. H. Tammsaare nimeline kirjanduspreemia) ning diloogia \u201eP\u00e4eva palge ees\u201c (1968, 1967. aasta romaaniv\u00f5istluse kolmas koht) ja \u201eMeelespealillede h\u00f5ng\u201c (1983; see romaan esialgse pealkirjaga \u201eMa purustasin p\u00e4ikese\u201c p\u00e4lvis 1965. aasta romaaniv\u00f5istlusel ergutuspreemia). Teoste p\u00f5hikese t\u00f5ukub Vaheri isiklikest kogemustest-l\u00e4bielamistest ja paigutub peamiselt 1940.-1950. aastatesse, k\u00e4sitledes uue poliitilise korraga seotud valikuid, s\u00f5jas\u00fcndmusi ja s\u00f5jaj\u00e4rgset \u00fchiskonda. Vaheri teostele on iseloomulik panoraamsuse taotlus ja ettev\u00f5tlik naistegelane.<\/p>\n\n\n\n<p><em>A. K.<\/em><\/p>\n\n\n\n<h4 class=\"wp-block-heading\"><br>Raamatud eesti keeles<\/h4>\n\n\n\n<p><strong><em>Romaanid<\/em><\/strong><br><strong>Emaj\u00f5e jutustus<\/strong>. Tallinn: Eesti Riiklik Kirjastus, 1960, 524 lk [2. tr\u00fckk: 1974]<br><strong>Rinde\u00f5de<\/strong>. Tallinn: Eesti Raamat, 1965, 306 lk [2. tr\u00fckk: 1982]<br><strong>P\u00e4eva palge ees<\/strong>. Tallinn: Eesti Raamat, 1968, 247 lk [2. tr\u00fckk: 1983]<br><strong>Rinde\u00f5de. Tormip\u00f6\u00f6rises<\/strong>. Tallinn: Eesti Raamat, 1982, 638 lk<br><strong>P\u00e4eva palge ees. Meelespealillede h\u00f5ng<\/strong>. Tallinn: Eesti Raamat, 1983, 464 lk<br><strong>P\u00f5lev p\u00e4risosa<\/strong>. Tallinn: Eesti Raamat, 1987, 334 lk<\/p>\n\n\n\n<p><strong><em>L\u00fchiproosa<\/em><\/strong><br><strong>Katrina \u00dcle<\/strong>: jutustused. Tallinn: Eesti Riiklik Kirjastus, 1962, 260 lk<br><strong>Reportaa\u017e Tuhande ja R\u00f5\u00f5mu t\u00e4navalt<\/strong>: jutustus noore p\u00f5lvkonna kasvatamise probleemidest. Tallinn: Eesti Riiklik Kirjastus, 1962, 86 lk<\/p>\n","protected":false},"excerpt":{"rendered":"<p>Luise Vaher (neiup\u00f5lvenimi Kapstas; 3. IX \/ 21. VIII 1912 \u2013 14. II 1992) oli prosaist. Vaher s\u00fcndis Valgamaal, \u00f5ppis Valgas, V\u00f5ru \u00d5petajate Seminaris ja Valga T\u00fctarlaste G\u00fcmnaasiumis. Esimese N\u00f5ukogude okupatsiooni ajal osales n\u00f5ukoguliku korra kehtestamisel, olles muuhulgas Valgamaa t\u00e4itevkomitee &#8230;<\/p>\n","protected":false},"author":43,"featured_media":0,"parent":6512,"menu_order":0,"comment_status":"closed","ping_status":"closed","template":"","meta":{"_acf_changed":false,"inline_featured_image":false,"footnotes":""},"class_list":["post-8184","page","type-page","status-publish","hentry"],"acf":[],"_links":{"self":[{"href":"https:\/\/sisu.ut.ee\/ewod\/et\/wp-json\/wp\/v2\/pages\/8184","targetHints":{"allow":["GET"]}}],"collection":[{"href":"https:\/\/sisu.ut.ee\/ewod\/et\/wp-json\/wp\/v2\/pages"}],"about":[{"href":"https:\/\/sisu.ut.ee\/ewod\/et\/wp-json\/wp\/v2\/types\/page"}],"author":[{"embeddable":true,"href":"https:\/\/sisu.ut.ee\/ewod\/et\/wp-json\/wp\/v2\/users\/43"}],"replies":[{"embeddable":true,"href":"https:\/\/sisu.ut.ee\/ewod\/et\/wp-json\/wp\/v2\/comments?post=8184"}],"version-history":[{"count":2,"href":"https:\/\/sisu.ut.ee\/ewod\/et\/wp-json\/wp\/v2\/pages\/8184\/revisions"}],"predecessor-version":[{"id":8186,"href":"https:\/\/sisu.ut.ee\/ewod\/et\/wp-json\/wp\/v2\/pages\/8184\/revisions\/8186"}],"up":[{"embeddable":true,"href":"https:\/\/sisu.ut.ee\/ewod\/et\/wp-json\/wp\/v2\/pages\/6512"}],"wp:attachment":[{"href":"https:\/\/sisu.ut.ee\/ewod\/et\/wp-json\/wp\/v2\/media?parent=8184"}],"curies":[{"name":"wp","href":"https:\/\/api.w.org\/{rel}","templated":true}]}}