{"id":7434,"date":"2025-06-16T14:24:08","date_gmt":"2025-06-16T11:24:08","guid":{"rendered":"https:\/\/sisu.ut.ee\/ewod\/?page_id=7434"},"modified":"2025-06-16T14:24:09","modified_gmt":"2025-06-16T11:24:09","slug":"ilmar-sikemae-kohta","status":"publish","type":"page","link":"https:\/\/sisu.ut.ee\/ewod\/et\/s\/ilmar-sikemae\/ilmar-sikemae-kohta\/","title":{"rendered":"Ilmar Sikem\u00e4e kohta"},"content":{"rendered":"<p><em><strong>Artiklid<\/strong><\/em><br>Ralf Parve, <strong>Kiri 50-aastasele koolivennale<\/strong>. \u2013 Looming, nr 12, 1964, lk 1869\u20131873.<br>Einar Maasik, <strong>Ilmar Sikem\u00e4e l\u00e4bi viie aastak\u00fcmne<\/strong>. \u2013 Keel ja Kirjandus, nr 12, 1964, lk 753\u2013754.<br>Karl Mihkla, <strong>Ilmar Sikem\u00e4e ja tema kodunurk J\u00e4rvamaa<\/strong>. \u2013 Keel ja Kirjandus, nr 12, 1974, lk 752\u2013755.<br>Oskar Kuningas, <strong>Juubelikiri Ilmar Sikem\u00e4ele<\/strong>. \u2013 Looming, nr 12, 1984, lk 1716\u20131717.<br>Teet Kallas, <strong>[Nekroloog]<\/strong>. \u2013 Looming, nr 9, 1998, lk 1454.<br>Aksel Tamm, <strong>Ilmar Sikem\u00e4e<\/strong>. \u2013 Aga see oli \u00fcks mees: eluvisandeid. Tallinn: Kuldsulg, 2003, 230 lk, lk 158\u2013169.<\/p>\n\n\n\n<p><em><strong>Arvustused<\/strong><\/em><br>Egon Rannet, <strong>Noore autori esimesest raamatust \u2018Teekond j\u00e4tkub\u2019<\/strong>. \u2013 Looming, nr 4, 1951, lk 495\u2013499.<br>\u00dclo Tonts, <strong>Teri kahek\u00fcmne aasta l\u00f5ikusest<\/strong>. \u2013 Keel ja Kirjandus, nr 3, 1962, lk 183\u2013185. [Raamatust \u2018N\u00e4oga tuleviku poole\u2019.]<br>Arnold Tulik, <strong>Kunst algab karakterist<\/strong>. \u2013 Looming, nr 6, 1962, lk 953\u2013957. [\u2018N\u00e4oga tuleviku poole\u2019.]<br>Endel Mallene, <strong>Neljak\u00fcmne aasta tunde- ja m\u00f5ttep\u00e4evik<\/strong>. \u2013 Looming, nr 4, 1970, lk 629\u2013631. [Raamatust \u2018Sada lugu\u2019.]<\/p>\n","protected":false},"excerpt":{"rendered":"<p>ArtiklidRalf Parve, Kiri 50-aastasele koolivennale. \u2013 Looming, nr 12, 1964, lk 1869\u20131873.Einar Maasik, Ilmar Sikem\u00e4e l\u00e4bi viie aastak\u00fcmne. \u2013 Keel ja Kirjandus, nr 12, 1964, lk 753\u2013754.Karl Mihkla, Ilmar Sikem\u00e4e ja tema kodunurk J\u00e4rvamaa. \u2013 Keel ja Kirjandus, nr 12, &#8230;<\/p>\n","protected":false},"author":43,"featured_media":0,"parent":7432,"menu_order":0,"comment_status":"closed","ping_status":"closed","template":"","meta":{"_acf_changed":false,"inline_featured_image":false,"footnotes":""},"class_list":["post-7434","page","type-page","status-publish","hentry"],"acf":[],"_links":{"self":[{"href":"https:\/\/sisu.ut.ee\/ewod\/et\/wp-json\/wp\/v2\/pages\/7434","targetHints":{"allow":["GET"]}}],"collection":[{"href":"https:\/\/sisu.ut.ee\/ewod\/et\/wp-json\/wp\/v2\/pages"}],"about":[{"href":"https:\/\/sisu.ut.ee\/ewod\/et\/wp-json\/wp\/v2\/types\/page"}],"author":[{"embeddable":true,"href":"https:\/\/sisu.ut.ee\/ewod\/et\/wp-json\/wp\/v2\/users\/43"}],"replies":[{"embeddable":true,"href":"https:\/\/sisu.ut.ee\/ewod\/et\/wp-json\/wp\/v2\/comments?post=7434"}],"version-history":[{"count":1,"href":"https:\/\/sisu.ut.ee\/ewod\/et\/wp-json\/wp\/v2\/pages\/7434\/revisions"}],"predecessor-version":[{"id":7435,"href":"https:\/\/sisu.ut.ee\/ewod\/et\/wp-json\/wp\/v2\/pages\/7434\/revisions\/7435"}],"up":[{"embeddable":true,"href":"https:\/\/sisu.ut.ee\/ewod\/et\/wp-json\/wp\/v2\/pages\/7432"}],"wp:attachment":[{"href":"https:\/\/sisu.ut.ee\/ewod\/et\/wp-json\/wp\/v2\/media?parent=7434"}],"curies":[{"name":"wp","href":"https:\/\/api.w.org\/{rel}","templated":true}]}}