{"id":5,"date":"2024-04-03T23:06:49","date_gmt":"2024-04-03T20:06:49","guid":{"rendered":"https:\/\/sisu.ut.ee\/evidolemus\/kirjandus\/"},"modified":"2024-04-03T23:06:51","modified_gmt":"2024-04-03T20:06:51","slug":"kirjandus","status":"publish","type":"page","link":"https:\/\/sisu.ut.ee\/evidolemus\/kirjandus\/","title":{"rendered":"Kirjandus"},"content":{"rendered":"<h2>Kasutatud kirjandus:<\/h2>\n<ul>\n<li>Eestu Vabariigi p\u00f5hiseadus.\u00a0<a href=\"https:\/\/www.riigiteataja.ee\/akt\/127042011002&amp;leiaKehtiv\" target=\"_blank\" rel=\"noopener\">https:\/\/www.riigiteataja.ee\/akt\/127042011002&amp;leiaKehtiv<\/a><\/li>\n<li>Eesti Vabariigi lastekaitse seadus.\u00a0<a href=\"https:\/\/www.riigiteataja.ee\/akt\/111072013007&amp;leiaKehtiv\" target=\"_blank\" rel=\"noopener\">https:\/\/www.riigiteataja.ee\/akt\/111072013007&amp;leiaKehtiv<\/a><\/li>\n<li><span style=\"line-height: 1.6em\">Koolieelse lasteasutuse seadus.\u00a0<\/span><a style=\"line-height: 1.6em\" href=\"https:\/\/www.riigiteataja.ee\/akt\/114032011006&amp;leiaKehtiv\" target=\"_blank\" rel=\"noopener\">https:\/\/www.riigiteataja.ee\/akt\/114032011006&amp;leiaKehtiv<\/a><\/li>\n<li><span style=\"line-height: 1.6em\">P\u00f5hikooli ja g\u00fcmnaasiumiseadus.\u00a0<\/span><a style=\"line-height: 1.6em\" href=\"https:\/\/www.riigiteataja.ee\/akt\/111072013002&amp;leiaKehtiv\" target=\"_blank\" rel=\"noopener\">https:\/\/www.riigiteataja.ee\/akt\/111072013002&amp;leiaKehtiv<\/a><span style=\"line-height: 1.6em\">\u00a0<\/span><\/li>\n<li>Koolieelse lasteasutuse riiklik \u00f5ppekava.\u00a0<a href=\"https:\/\/www.riigiteataja.ee\/akt\/13351772&amp;leiaKehtiv\" target=\"_blank\" rel=\"noopener\">https:\/\/www.riigiteataja.ee\/akt\/13351772&amp;leiaKehtiv<\/a><\/li>\n<li>P\u00f5hikooli riiklik \u00f5ppekava.\u00a0<a href=\"https:\/\/www.riigiteataja.ee\/akt\/128082013007&amp;leiaKehtiv\" target=\"_blank\" rel=\"noopener\">https:\/\/www.riigiteataja.ee\/akt\/128082013007&amp;leiaKehtiv<\/a><\/li>\n<li><span style=\"line-height: 1.6em\">Sattler, J.M. (2001). <\/span><em style=\"line-height: 1.6em\">Assessment of children. Cognitive applications<\/em><span style=\"line-height: 1.6em\"> (4th ed)<\/span><\/li>\n<li><span style=\"line-height: 1.6em\">Semago, M.M. (1999). <\/span><em style=\"line-height: 1.6em\">Psihologo-mediko-pedagogitsheskoe obsledovanie rebjonka.<\/em><span style=\"line-height: 1.6em\"> Kirjastus Arkti, Moskva<\/span><\/li>\n<li><span style=\"line-height: 1.6em\">S\u00f5erd, J. (koost.)\u00a0(1994). <\/span><em style=\"line-height: 1.6em\">Koolips\u00fchholoogi testik\u00e4siraamat.<\/em><span style=\"line-height: 1.6em\">\u00a0<\/span><span style=\"line-height: 1.6em\">Lk 5-17.\u00a0<\/span><span style=\"line-height: 1.6em\">Tln:\u00a0<\/span><span style=\"line-height: 1.6em\">Haridust\u00f6\u00f6tajate Koolituskeskus\u00a0<\/span><\/li>\n<\/ul>\n<h2>Soovitatav kirjandus:<\/h2>\n<ul>\n<li>Palts, K., H\u00e4idkind, P. (2013). Lapse arengu hindamine. <em>Lapse arengu hindamise ja toetamise juhendmaterjal koolieelsetele lasteasutustele<\/em>. Lk. 7-29. \u00a0http:\/\/www.hm.ee\/sites\/default\/files\/juhendmaterjal_alusharidus.pdf \u00a0\u00a0<\/li>\n<\/ul>\n<div><span>K\u00e4esoleva sisupaketiga haakuvad temaatiliselt j\u00e4rgmised sisupaketid:<\/span><\/div>\n<div><\/div>\n<ol>\n<li><span style=\"line-height: 1.6em\">Hindamise objekt ja potentsiaalsed arenguh\u00e4lvete tunnused lastel vanuses 0-14 aastat.\u00a0<\/span><a style=\"line-height: 1.6em\" href=\"http:\/\/sisu.ut.ee\/evidobjekt\" target=\"_blank\" rel=\"noopener\">http:\/\/sisu.ut.ee\/evidobjekt<\/a><\/li>\n<li>Laste arengutaseme hindamise t\u00fc\u00fcbid ja meetodid ning \u00f5petajate p\u00e4devus laste hindamisel.\u00a0<a href=\"http:\/\/sisu.ut.ee\/evidmeetod\" target=\"_blank\" rel=\"noopener\">http:\/\/sisu.ut.ee\/evidmeetod<\/a><\/li>\n<li>Laste uurimise spetsiifika ja erivajadustega laste uurimine.\u00a0<a href=\"http:\/\/sisu.ut.ee\/evidlapsed\" target=\"_blank\" rel=\"noopener\">http:\/\/sisu.ut.ee\/evidlapsed<\/a><\/li>\n<li>Hindamise ja n\u00f5ustamise korraldus Eestis.\u00a0<a href=\"http:\/\/sisu.ut.ee\/evidkorraldus\" target=\"_blank\" rel=\"noopener\">http:\/\/sisu.ut.ee\/evidkorraldus<\/a><\/li>\n<li>Laste \u00f5petamise ja kasvatamise diferentseerimine erivajaduste identifitseerimise v\u00e4ljundina.\u00a0<a href=\"http:\/\/sisu.ut.ee\/eviddiferents\" target=\"_blank\" rel=\"noopener\">http:\/\/sisu.ut.ee\/eviddiferents<\/a><\/li>\n<\/ol>\n","protected":false},"excerpt":{"rendered":"<p>Kasutatud kirjandus: Eestu Vabariigi p\u00f5hiseadus.\u00a0https:\/\/www.riigiteataja.ee\/akt\/127042011002&amp;leiaKehtiv Eesti Vabariigi lastekaitse seadus.\u00a0https:\/\/www.riigiteataja.ee\/akt\/111072013007&amp;leiaKehtiv Koolieelse lasteasutuse seadus.\u00a0https:\/\/www.riigiteataja.ee\/akt\/114032011006&amp;leiaKehtiv P\u00f5hikooli ja g\u00fcmnaasiumiseadus.\u00a0https:\/\/www.riigiteataja.ee\/akt\/111072013002&amp;leiaKehtiv\u00a0 Koolieelse lasteasutuse riiklik \u00f5ppekava.\u00a0https:\/\/www.riigiteataja.ee\/akt\/13351772&amp;leiaKehtiv P\u00f5hikooli riiklik \u00f5ppekava.\u00a0https:\/\/www.riigiteataja.ee\/akt\/128082013007&amp;leiaKehtiv Sattler, J.M. (2001). Assessment of children. Cognitive applications (4th ed) Semago, M.M. (1999). Psihologo-mediko-pedagogitsheskoe obsledovanie rebjonka. Kirjastus Arkti, &#8230;<\/p>\n","protected":false},"author":3,"featured_media":0,"parent":0,"menu_order":0,"comment_status":"closed","ping_status":"closed","template":"","meta":{"_acf_changed":false,"inline_featured_image":false,"footnotes":""},"class_list":["post-5","page","type-page","status-publish","hentry"],"acf":[],"_links":{"self":[{"href":"https:\/\/sisu.ut.ee\/evidolemus\/wp-json\/wp\/v2\/pages\/5","targetHints":{"allow":["GET"]}}],"collection":[{"href":"https:\/\/sisu.ut.ee\/evidolemus\/wp-json\/wp\/v2\/pages"}],"about":[{"href":"https:\/\/sisu.ut.ee\/evidolemus\/wp-json\/wp\/v2\/types\/page"}],"author":[{"embeddable":true,"href":"https:\/\/sisu.ut.ee\/evidolemus\/wp-json\/wp\/v2\/users\/3"}],"replies":[{"embeddable":true,"href":"https:\/\/sisu.ut.ee\/evidolemus\/wp-json\/wp\/v2\/comments?post=5"}],"version-history":[{"count":1,"href":"https:\/\/sisu.ut.ee\/evidolemus\/wp-json\/wp\/v2\/pages\/5\/revisions"}],"predecessor-version":[{"id":40,"href":"https:\/\/sisu.ut.ee\/evidolemus\/wp-json\/wp\/v2\/pages\/5\/revisions\/40"}],"wp:attachment":[{"href":"https:\/\/sisu.ut.ee\/evidolemus\/wp-json\/wp\/v2\/media?parent=5"}],"curies":[{"name":"wp","href":"https:\/\/api.w.org\/{rel}","templated":true}]}}