{"id":27,"date":"2024-04-04T04:56:26","date_gmt":"2024-04-04T01:56:26","guid":{"rendered":"https:\/\/sisu.ut.ee\/estshg\/konverentsid\/"},"modified":"2025-11-11T16:09:39","modified_gmt":"2025-11-11T14:09:39","slug":"konverentsid","status":"publish","type":"page","link":"https:\/\/sisu.ut.ee\/estshg\/konverentsid\/","title":{"rendered":"Konverentsid"},"content":{"rendered":"<p><\/p>\n\n\n\n<p><strong>Eesti Inimese Geneetika \u00dchingu XXVII aastakonverents toimus 30.\u201331. oktoobril 2025 Haapsalu kultuurikeskuses.<\/strong><\/p>\n\n\n\n<p>Konverentsil esinesid Allen Kaasik, K\u00e4rt M\u00e4tlik, Lehti Saag, Kaarel Krjut\u0161kov, Mari Sepp, Hanna Vihma, Elin Org, Sirli Rosenvald, Tanel Laisaar, Kadi-Liis Veiman, Urmo V\u00f5sa, Este Leidmaa, Triin Laisk, Olga T\u0161uiko ja Radko Avi. <\/p>\n\n\n\n<p>Konverentsi programmi leiate<strong> <a href=\"https:\/\/sisu.ut.ee\/wp-content\/uploads\/sites\/345\/Programm-20.10.2025.pdf\" data-type=\"attachment\" data-id=\"582\" target=\"_blank\" rel=\"noreferrer noopener\">siit<\/a>.<\/strong><br><br>Konverentsi ettekandeid saab j\u00e4rele vaadata<strong> <a href=\"https:\/\/teadus.postimees.ee\/8346694\/vaata-otse-haapsalu-randa-jouab-nobelistide-voimas-jarellainetus-geenikonverents-2025\" data-type=\"link\" data-id=\"https:\/\/teadus.postimees.ee\/8346694\/vaata-otse-haapsalu-randa-jouab-nobelistide-voimas-jarellainetus-geenikonverents-2025\">Postimehe kodulehel<\/a><\/strong><a href=\"https:\/\/sisu.ut.ee\/estshg\/wp-admin\/post.php?post=27&amp;action=edit\" data-type=\"link\" data-id=\"https:\/\/sisu.ut.ee\/estshg\/wp-admin\/post.php?post=27&amp;action=edit\">.<\/a><\/p>\n\n\n\n<p>Elut\u00f6\u00f6preemia p\u00e4lvis Aleksandr \u017darkovski. <\/p>\n\n\n\n<p>EIG\u00dc aastakonverentsi stipendiumile nomineeriti Lisette Haug.<\/p>\n\n\n\n<p>Terminikonkursi v\u00f5itis termin \u201clinkage desiquilibrium ehk alleels\u00f5ltuvus\u201d (esitas Telver Obj\u00e4rtel). <\/p>\n\n\n\n<p><\/p>\n\n\n\n<p><\/p>\n","protected":false},"excerpt":{"rendered":"<p>Eesti Inimese Geneetika \u00dchingu XXVII aastakonverents toimus 30.\u201331. oktoobril 2025 Haapsalu kultuurikeskuses. Konverentsil esinesid Allen Kaasik, K\u00e4rt M\u00e4tlik, Lehti Saag, Kaarel Krjut\u0161kov, Mari Sepp, Hanna Vihma, Elin Org, Sirli Rosenvald, Tanel Laisaar, Kadi-Liis Veiman, Urmo V\u00f5sa, Este Leidmaa, Triin Laisk, &#8230;<\/p>\n","protected":false},"author":182,"featured_media":0,"parent":0,"menu_order":0,"comment_status":"closed","ping_status":"closed","template":"","meta":{"_acf_changed":false,"inline_featured_image":false,"footnotes":""},"class_list":["post-27","page","type-page","status-publish","hentry"],"acf":[],"_links":{"self":[{"href":"https:\/\/sisu.ut.ee\/estshg\/wp-json\/wp\/v2\/pages\/27","targetHints":{"allow":["GET"]}}],"collection":[{"href":"https:\/\/sisu.ut.ee\/estshg\/wp-json\/wp\/v2\/pages"}],"about":[{"href":"https:\/\/sisu.ut.ee\/estshg\/wp-json\/wp\/v2\/types\/page"}],"author":[{"embeddable":true,"href":"https:\/\/sisu.ut.ee\/estshg\/wp-json\/wp\/v2\/users\/182"}],"replies":[{"embeddable":true,"href":"https:\/\/sisu.ut.ee\/estshg\/wp-json\/wp\/v2\/comments?post=27"}],"version-history":[{"count":29,"href":"https:\/\/sisu.ut.ee\/estshg\/wp-json\/wp\/v2\/pages\/27\/revisions"}],"predecessor-version":[{"id":628,"href":"https:\/\/sisu.ut.ee\/estshg\/wp-json\/wp\/v2\/pages\/27\/revisions\/628"}],"wp:attachment":[{"href":"https:\/\/sisu.ut.ee\/estshg\/wp-json\/wp\/v2\/media?parent=27"}],"curies":[{"name":"wp","href":"https:\/\/api.w.org\/{rel}","templated":true}]}}