{"id":102,"date":"2024-04-04T04:56:32","date_gmt":"2024-04-04T01:56:32","guid":{"rendered":"https:\/\/sisu.ut.ee\/estshg\/xxiv-teaduskonverents-parnus-2022\/"},"modified":"2025-05-21T09:52:50","modified_gmt":"2025-05-21T06:52:50","slug":"xxiv-teaduskonverents-parnus-2022","status":"publish","type":"page","link":"https:\/\/sisu.ut.ee\/estshg\/xxiv-teaduskonverents-parnus-2022\/","title":{"rendered":"XXIV teaduskonverents P\u00e4rnus 29.-30.09.2022"},"content":{"rendered":"<p>\n\t\u00a0\u00a0\n<\/p>\n<p>\n\t2022. aasta Eesti Inimese Geneetika \u00dchingu XXIV\u00a0aastakonverents toimus\u00a0P\u00e4rnus ravispahotellis Tervis (<a href=\"http:\/\/www.spatervis.ee\/\">www.spatervis.ee<\/a>) 29.-30.09.2022.\u00a0\u00a0\n<\/p>\n<p>\n\t<b>Konverentsil\u00a0esinesid:\u00a0<\/b>Priit Palta, Kaur Alasoo, Reedik M\u00e4gi, Toomas Toomsoo, T\u00f5nis Timmusk,<b>\u00a0<\/b>Anne Pink, Jaak Kals, Erik Abner, Jaak Truu, Kaarel Adamberg, Karin Kogerman, Tuuli K\u00e4\u00e4mbre ja Maarja Laos. Ettekanded tegid ka konverentsile esitatud teeside p\u00f5hjal programmikomitee poolt valitud\u00a03 noorteadlast ning selgi aastal oli\u00a0p\u00f5nev ja v\u00e4rskeid m\u00f5tteid pakkuv ettev\u00f5tlusmaastiku ja start-up temaatika sessioon.\n<\/p>\n<p>\n\t\u00dcle anti ka Eesti InimeseGeneetika \u00dchingu\u00a0<strong>elut\u00f6\u00f6preemia<\/strong>, seekord Raivo Uibole.\n<\/p>\n<p>\n\t\u00a0\n<\/p>\n<p>\n\t<a href=\"https:\/\/www.dropbox.com\/s\/nr5c759789d6fi1\/EstSHG%20P%C3%A4rnu%20programm%202022.pdf?dl=0\" target=\"_blank\" title=\"\" rel=\"noopener\">PROGRAMM<\/a>\u00a0(.pfd formaadis)\n<\/p>\n<p>\n\tEttekannete <a data-url=\"https:\/\/vimeo.com\/showcase\/9928444\" href=\"https:\/\/vimeo.com\/showcase\/9928444\" target=\"_blank\" title=\"\" rel=\"noopener\">salvestused<\/a>.\n<\/p>\n<p>\n\t\u00a0\n<\/p>\n<article>\n<p>\n\t\t<span style=\"font-size:16px\"><strong><span style=\"color:#4b0082\">Neljap\u00e4ev, 29. september 2022. a.<\/span><\/strong><\/span>\n\t<\/p>\n<p>\n\t\t10.00 Kohale saabumine\n\t<\/p>\n<p>\n\t\t10.15-10.50 Tervitussuupisted, registreerimine\n\t<\/p>\n<p>\n\t\t10.50-11.00 Konverentsi avas\u00f5na: EstSHG president prof. Neeme T\u00f5nisson\n\t<\/p>\n<p>\n\t\t<span style=\"color:#4b0082\"><strong>Esimene Sessioon. \u00abGenoomika\u00bb\u00a0\u00a0<\/strong><\/span>\n\t<\/p>\n<p>\n\t\t11.00-11.30 Priit Palta: Mikrosatelliidi variantide geneetilineassotsiatsiooniuuring FinnGeni andmestikus\n\t<\/p>\n<p>\n\t\t11.30-12.00 Kaur Alasoo: \u00dclegenoomsetest seosuuringutest uudsete ravimitesihtm\u00e4rkideni\n\t<\/p>\n<p>\n\t\t12.00-12.30 Reedik M\u00e4gi: Rasedusdiabeedi geneetikast\n\t<\/p>\n<p>\n\t\t12.30-13.30 L\u00f5una\n\t<\/p>\n<p>\n\t\t<span style=\"color:#4b0082\"><strong>Teine Sessioon. \u00abNeurobioloogia\u00bb<\/strong><\/span>\n\t<\/p>\n<p>\n\t\t13.30-14.00 Toomas Toomsoo: Millest jutustavad geenid- Parkinsoni t\u00f5ven\u00e4itel\n\t<\/p>\n<p>\n\t\t14.00-14.30 T\u00f5nis Timmusk: S\u00fcnaptilisest aktiivsusest s\u00f5ltuva geeni-ekspressiooni regulatsioon n\u00e4rvis\u00fcsteemis ja selle patoloogiates\n\t<\/p>\n<p>\n\t\t14.30-15.00 Thermo Fisher Scientific ettekanne\n\t<\/p>\n<p>\n\t\t15.00-15.30 Kohvipaus\n\t<\/p>\n<p>\n\t\t<span style=\"color:#4b0082\"><strong>Kolmas Sessioon. \u00abVaskulaarbioloogia\u00bb<\/strong><\/span>\n\t<\/p>\n<p>\n\t\t15.30-16.00 Anne Pink: Integriin-vahendatud vaskulaarse permeabiilsuseregulatsioon\n\t<\/p>\n<p>\n\t\t16.00-16.30 Jaak Kals: Arteriometaboloomika\n\t<\/p>\n<p>\n\t\t16.30-17.00 Erik Abner: POMC keskmise riskiga variandid\n\t<\/p>\n<p>\n\t\t17.00-17.45 Elut\u00f6\u00f6 preemia laureaadi ettekanne\n\t<\/p>\n<p>\n\t\t20.00-24.00 Arutelu-\u00f5htu koos \u00f5htus\u00f6\u00f6giga\n\t<\/p>\n<p>\n\t\t\u00a0\n\t<\/p>\n<p>\n\t\t<span style=\"font-size:16px\"><span style=\"color:#4b0082\"><strong>Reede, 30. september 2022.a.<\/strong><\/span><\/span>\n\t<\/p>\n<p>\n\t\t08.30-10.00 N\u00e4ituse k\u00fclastamine\n\t<\/p>\n<p>\n\t\t09.00-10.00 EstSHG \u00fcldkoosolek\n\t<\/p>\n<p>\n\t\t<span style=\"color:#4b0082\"><strong>Neljas sessioon. \u00abBakterid\u00bb<\/strong><\/span>\n\t<\/p>\n<p>\n\t\t10.00-10.30 Jaak Truu: Keskkonna mikrobioom ja inimese tervis\n\t<\/p>\n<p>\n\t\t10.30-11.00 Kaarel Adamberg: Soolemikrobioota seos toidu ja tervisega\n\t<\/p>\n<p>\n\t\t11.00-11.30 Karin Kogermann: Antimikroobsed kiulised haavakatted- uudsedlahendused haavainfektsioonide ravis\n\t<\/p>\n<p>\n\t\t11.30\u201312.00 Kohvipaus\n\t<\/p>\n<p>\n\t\t<span style=\"color:#4b0082\"><strong>Viies Sessioon. \u00abNoorteadlased\u00bb<\/strong><\/span>\n\t<\/p>\n<p>\n\t\t12.00-12.15 Karolina Anja: S\u00f6\u00f6misk\u00e4itumiste geneetilised korrelaadid\n\t<\/p>\n<p>\n\t\t12.15-12.30 Kadri Irdt: Vanad vaigun\u00e4tsud kui uudne materjal ajaloouurimiseks\n\t<\/p>\n<p>\n\t\t12.30-12.45 Laura Luhari: Kasvaja eksoomi sekveneerimise andmetebioinformaatiline anal\u00fc\u00fcs kopsuv\u00e4hi kliiniliselt oluliste mutatsioonideavastamiseks\n\t<\/p>\n<p>\n\t\t12.45-13.00 <a data-fid=\"73007\" href=\"https:\/\/sisu.ut.ee\/wp-content\/uploads\/sites\/345\/kristineroos_estshg_konverentsi_abstrakt.pdf\">Kristine Roos: Ovulatsioonieelse munasarja folliikuli rakut\u00fc\u00fcpidegeeniekspressiooni seos hormoonstimulatsiooni vastusega IVFpatsientidel<\/a>\n\t<\/p>\n<p>\n\t\t<span style=\"color:#4b0082\"><strong>Kuues Sessioon.\u00a0\u00abOnkoloogia\u00bb<\/strong><\/span>\n\t<\/p>\n<p>\n\t\t13.00-13.30 Tuuli K\u00e4\u00e4mbre: Mitokondriaalne metabolism ja selle s\u00f5rmej\u00e4ljedkasvajates\n\t<\/p>\n<p>\n\t\t13.30-14.00 Maarja Laos: Uued suunad v\u00e4hi immuunteraapias\n\t<\/p>\n<p>\n\t\t14.00-15.00L\u00f5unas\u00f6\u00f6k\n\t<\/p>\n<p>\n\t\t<span style=\"color:#4b0082\"><strong>Seitsmes Sessioon. \u00abEttev\u00f5tlus ja start-up maastik\u00bb<\/strong><\/span>\n\t<\/p>\n<p>\n\t\t15.00-16.45 Olesja Bondarenko: Nanoosakeste-p\u00f5hised bakterivastasedhaavasidemed haavainfektsiooni ennetamiseks ja raviks\n\t<\/p>\n<p>\n\t\tHelle Sadam: Faagidisplei meetodi rakendused\n\t<\/p>\n<p>\n\t\tPeeter Padrik: Pol\u00fcgeensete riskiskooride rakendamine tervishoius\n\t<\/p>\n<p>\n\t\tMerike Leego: <a data-url=\"https:\/\/www.dropbox.com\/s\/6qw7lssiti9gc02\/EU%20Funding%20for%20health%20innovation%20-%20Merike%20Leego%20%2030.09.22.pdf?dl=0\" href=\"https:\/\/www.dropbox.com\/s\/6qw7lssiti9gc02\/EU%20Funding%20for%20health%20innovation%20-%20Merike%20Leego%20%2030.09.22.pdf?dl=0\" target=\"_blank\" title=\"\" rel=\"noopener\">Euroopa Komisjoni innovatsiooni tugimeetmed tervishoiu valdkonnale<\/a>\n\t<\/p>\n<p>\n\t\tKai J\u00f5ers: Mida uut t\u00f5i\/toob meile rakendunud IVDR m\u00e4\u00e4rus\n\t<\/p>\n<p>\n\t\t16.45-16.55 Konverentsi l\u00f5pus\u00f5na\n\t<\/p>\n<p>\n\t\t17.00 \u00c4ras\u00f5it\n\t<\/p>\n<\/article>\n<p>\n\t\u00a0\n<\/p>\n<p>\n\t2022 aasta konverentsi sponsorid:\u00a0\n<\/p>\n<p>\n\t<a href=\"https:\/\/www.youtube.com\/watch?v=wZN070rl7VA\" target=\"_blank\" title=\"\" rel=\"noopener\"><img loading=\"lazy\" decoding=\"async\" alt=\"Thermo Fisher\" height=\"137\" src=\"https:\/\/estshg.ut.ee\/wp-content\/uploads\/sites\/345\/screenshot_2022-09-28_at_20.33.49.png\" title=\"\" width=\"303\"><\/a>\n<\/p>\n<p>\n\t<img loading=\"lazy\" decoding=\"async\" alt=\"AstraZeneca\" height=\"35\" src=\"https:\/\/estshg.ut.ee\/wp-content\/uploads\/sites\/345\/screenshot_2022-09-28_at_20.24.56.png\" title=\"\" width=\"124\"><img loading=\"lazy\" decoding=\"async\" alt=\"\" height=\"57\" src=\"https:\/\/estshg.ut.ee\/wp-content\/uploads\/sites\/345\/screenshot_2022-09-26_at_17.37.02_01.png\" title=\"\" width=\"156\"><img loading=\"lazy\" decoding=\"async\" alt=\"\" height=\"43\" src=\"https:\/\/estshg.ut.ee\/wp-content\/uploads\/sites\/345\/screenshot_2022-09-26_at_17.36.41_01.png\" title=\"\" width=\"152\"><img loading=\"lazy\" decoding=\"async\" alt=\"\" height=\"57\" src=\"https:\/\/estshg.ut.ee\/wp-content\/uploads\/sites\/345\/screenshot_2022-09-26_at_17.36.46_01.png\" title=\"\" width=\"156\"><img loading=\"lazy\" decoding=\"async\" alt=\"\" height=\"53\" src=\"https:\/\/estshg.ut.ee\/wp-content\/uploads\/sites\/345\/screenshot_2022-09-26_at_17.36.35.png\" title=\"\" width=\"174\">\n<\/p>\n<p>\n\t<img loading=\"lazy\" decoding=\"async\" alt=\"\" height=\"43\" src=\"https:\/\/estshg.ut.ee\/wp-content\/uploads\/sites\/345\/screenshot_2022-09-26_at_17.36.26.png\" title=\"\" width=\"152\">\u00a0<a href=\"https:\/\/drive.google.com\/file\/d\/1qNA6TenG7nvI8JMDgVh3If7hyFOFR1Pq\/view\" target=\"_blank\" title=\"\" rel=\"noopener\"><img loading=\"lazy\" decoding=\"async\" alt=\"\" height=\"53\" src=\"https:\/\/estshg.ut.ee\/wp-content\/uploads\/sites\/345\/screenshot_2022-09-26_at_17.36.19.png\" title=\"\" width=\"174\"><img loading=\"lazy\" decoding=\"async\" alt=\"\" height=\"74\" src=\"https:\/\/estshg.ut.ee\/wp-content\/uploads\/sites\/345\/screenshot_2022-09-26_at_17.36.14.png\" title=\"\" width=\"135\"><img loading=\"lazy\" decoding=\"async\" alt=\"\" height=\"61\" src=\"https:\/\/estshg.ut.ee\/wp-content\/uploads\/sites\/345\/screenshot_2022-09-26_at_17.36.01_01.png\" title=\"\" width=\"58\"><img loading=\"lazy\" decoding=\"async\" alt=\"\" height=\"60\" src=\"https:\/\/estshg.ut.ee\/wp-content\/uploads\/sites\/345\/screenshot_2022-09-26_at_17.36.08_01.png\" title=\"\" width=\"111\"><img loading=\"lazy\" decoding=\"async\" alt=\"\" height=\"80\" src=\"https:\/\/estshg.ut.ee\/wp-content\/uploads\/sites\/345\/screenshot_2022-09-26_at_17.37.14_01.png\" title=\"\" width=\"120\"><\/a>\n<\/p>\n<p>\n\t<img decoding=\"async\" alt=\"\" src=\"https:\/\/capture.dropbox.com\/kB6uDVMooXTtT5Or\">\n<\/p>\n<p>\n\tEesti Inimesegeneetika \u00dchingu juhatus<\/p>\n","protected":false},"excerpt":{"rendered":"<p>\u00a0\u00a0 2022. aasta Eesti Inimese Geneetika \u00dchingu XXIV\u00a0aastakonverents toimus\u00a0P\u00e4rnus ravispahotellis Tervis (www.spatervis.ee) 29.-30.09.2022.\u00a0\u00a0 Konverentsil\u00a0esinesid:\u00a0Priit Palta, Kaur Alasoo, Reedik M\u00e4gi, Toomas Toomsoo, T\u00f5nis Timmusk,\u00a0Anne Pink, Jaak Kals, Erik Abner, Jaak Truu, Kaarel Adamberg, Karin Kogerman, Tuuli K\u00e4\u00e4mbre ja Maarja Laos. Ettekanded &#8230;<\/p>\n","protected":false},"author":182,"featured_media":0,"parent":0,"menu_order":0,"comment_status":"closed","ping_status":"closed","template":"","meta":{"_acf_changed":false,"inline_featured_image":false,"footnotes":""},"class_list":["post-102","page","type-page","status-publish","hentry"],"acf":[],"_links":{"self":[{"href":"https:\/\/sisu.ut.ee\/estshg\/wp-json\/wp\/v2\/pages\/102","targetHints":{"allow":["GET"]}}],"collection":[{"href":"https:\/\/sisu.ut.ee\/estshg\/wp-json\/wp\/v2\/pages"}],"about":[{"href":"https:\/\/sisu.ut.ee\/estshg\/wp-json\/wp\/v2\/types\/page"}],"author":[{"embeddable":true,"href":"https:\/\/sisu.ut.ee\/estshg\/wp-json\/wp\/v2\/users\/182"}],"replies":[{"embeddable":true,"href":"https:\/\/sisu.ut.ee\/estshg\/wp-json\/wp\/v2\/comments?post=102"}],"version-history":[{"count":4,"href":"https:\/\/sisu.ut.ee\/estshg\/wp-json\/wp\/v2\/pages\/102\/revisions"}],"predecessor-version":[{"id":554,"href":"https:\/\/sisu.ut.ee\/estshg\/wp-json\/wp\/v2\/pages\/102\/revisions\/554"}],"wp:attachment":[{"href":"https:\/\/sisu.ut.ee\/estshg\/wp-json\/wp\/v2\/media?parent=102"}],"curies":[{"name":"wp","href":"https:\/\/api.w.org\/{rel}","templated":true}]}}