{"id":114,"date":"2024-04-03T23:25:02","date_gmt":"2024-04-03T23:25:02","guid":{"rendered":"https:\/\/sisu.ut.ee\/espon\/saared\/"},"modified":"2024-04-03T23:27:40","modified_gmt":"2024-04-03T23:27:40","slug":"saared","status":"publish","type":"page","link":"https:\/\/sisu.ut.ee\/espon\/saared\/","title":{"rendered":"Euroopa saarte areng &#8211; Euroopa saared ja \u00fchtekuuluvuspoliitika"},"content":{"rendered":"<p style=\"text-align: justify\"><strong>EUROISLANDS \u2013 The Development of the Islands \u2013 European Islands and Cohesion Policy<\/strong><\/p>\n<p style=\"text-align: justify\">Viimastel aastatel on Euroopa ruumipoliitikates suurt r\u00f5hku pandud geograafiliselt eriliste piirkondade arengu elavdamiseks. EUROISLANDSi sihtanal\u00fc\u00fcs uuris saarte arengut v\u00f5rrelduna ELi keskmiste n\u00e4itajatega, v\u00e4ljendades saarte erip\u00e4ra ja mitmekesisust ning v\u00f5ttes arvesse Euroopa \u00fchtekuuluvuspoliitika aruteluteemasid.<\/p>\n<p style=\"text-align: justify\"><strong>Uurimisk\u00fcsimused<\/strong><\/p>\n<ul style=\"text-align: justify\">\n<li>Anal\u00fc\u00fcsida saarte arengud\u00fcnaamikat, keskendudes arengut piiravatele teguritele ja potentsiaalidele.<\/li>\n<li>V\u00f5rrelda arengut piiravaid tegureid erinevat t\u00fc\u00fcpi saartel.<\/li>\n<li>Anal\u00fc\u00fcsida arengupotentsiaalide rakendamiste v\u00f5imalusi Euroopa, rahvusvahelisel, riiklikul, regionaalsel ja kohalikul tasandil.<\/li>\n<li>Pakkuda v\u00e4lja poliitikalahendusi saarte konkurentsiv\u00f5ime t\u00f5stmiseks.<\/li>\n<\/ul>\n<p style=\"text-align: justify\"><strong>Tulemused<\/strong><\/p>\n<ul style=\"text-align: justify\">\n<li>Euroopa saarte arengu anal\u00fc\u00fcs ja v\u00f5rdlus Euroopa keskmiste n\u00e4itajatega.<\/li>\n<li>Euroopa poliitikate m\u00f5ju anal\u00fc\u00fcs saartele.<\/li>\n<li>Saarte arengupotentsiaalide tuvastamine.<\/li>\n<li>Euroopa saarte t\u00fcpoloogiad.<\/li>\n<li>Ettepanekud saarte arengut puudutavate EU poliitikate t\u00f5husamaks muutmiseks.<\/li>\n<\/ul>\n<p style=\"text-align: justify\"><a href=\"https:\/\/sisu.ut.ee\/wp-content\/uploads\/sites\/169\/finalreport_foreword_cu-16-11-2011_1.pdf\" target=\"_blank\" data-fid=\"16531\" rel=\"noopener\">Uuringu l\u00f5pparuanne (ingliskeelne)<\/a><\/p>\n<p style=\"text-align: justify\"><a href=\"https:\/\/sisu.ut.ee\/wp-content\/uploads\/sites\/169\/euroislands_eestikeelne_kokkuvote.pdf\" target=\"_blank\" data-fid=\"16532\" rel=\"noopener\">Eestikeelne kokkuv\u00f5te<\/a><\/p>\n<p style=\"text-align: center\"><img loading=\"lazy\" decoding=\"async\" width=\"660\" height=\"934\" class=\"alignnone wp-image-225\" src=\"https:\/\/sisu.ut.ee\/wp-content\/uploads\/sites\/169\/saared.png\" title=\"Multimodaalne ligip\u00e4\u00e4setavuse indeks\" alt=\"Multimodaalne ligip\u00e4\u00e4setavuse indeks\" srcset=\"https:\/\/sisu.ut.ee\/wp-content\/uploads\/sites\/169\/saared.png 660w, https:\/\/sisu.ut.ee\/wp-content\/uploads\/sites\/169\/saared-212x300.png 212w\" sizes=\"auto, (max-width: 660px) 100vw, 660px\"><\/p>\n<p style=\"text-align: justify\"><strong>Projekti informatsioon<\/strong><\/p>\n<p style=\"text-align: justify\">Eelarve: 250 000 \u20ac<br>L\u00f5pparuanne: 1. m\u00e4rts 2011<br>Juhtpartner: Research Unit, University of the Aegean \u2013 GR<br>Kontaktisik: Ionnais Spilainis,\u00a0<a style=\"background-color: #ffffff\" class=\"spamspan\" href=\"mailto:ispil@aegean.gr\">ispil@aegean.gr<\/a><\/p>\n<p style=\"text-align: justify\">\u00a0<\/p>\n<p style=\"text-align: justify\">\n<\/p>","protected":false},"excerpt":{"rendered":"<p>EUROISLANDS \u2013 The Development of the Islands \u2013 European Islands and Cohesion Policy Viimastel aastatel on Euroopa ruumipoliitikates suurt r\u00f5hku pandud geograafiliselt eriliste piirkondade arengu elavdamiseks. EUROISLANDSi sihtanal\u00fc\u00fcs uuris saarte arengut v\u00f5rrelduna ELi keskmiste n\u00e4itajatega, v\u00e4ljendades saarte erip\u00e4ra ja mitmekesisust &#8230;<\/p>\n","protected":false},"author":85,"featured_media":0,"parent":0,"menu_order":0,"comment_status":"closed","ping_status":"closed","template":"","meta":{"_acf_changed":false,"inline_featured_image":false,"footnotes":""},"class_list":["post-114","page","type-page","status-publish","hentry"],"acf":[],"_links":{"self":[{"href":"https:\/\/sisu.ut.ee\/espon\/wp-json\/wp\/v2\/pages\/114","targetHints":{"allow":["GET"]}}],"collection":[{"href":"https:\/\/sisu.ut.ee\/espon\/wp-json\/wp\/v2\/pages"}],"about":[{"href":"https:\/\/sisu.ut.ee\/espon\/wp-json\/wp\/v2\/types\/page"}],"author":[{"embeddable":true,"href":"https:\/\/sisu.ut.ee\/espon\/wp-json\/wp\/v2\/users\/85"}],"replies":[{"embeddable":true,"href":"https:\/\/sisu.ut.ee\/espon\/wp-json\/wp\/v2\/comments?post=114"}],"version-history":[{"count":1,"href":"https:\/\/sisu.ut.ee\/espon\/wp-json\/wp\/v2\/pages\/114\/revisions"}],"predecessor-version":[{"id":497,"href":"https:\/\/sisu.ut.ee\/espon\/wp-json\/wp\/v2\/pages\/114\/revisions\/497"}],"wp:attachment":[{"href":"https:\/\/sisu.ut.ee\/espon\/wp-json\/wp\/v2\/media?parent=114"}],"curies":[{"name":"wp","href":"https:\/\/api.w.org\/{rel}","templated":true}]}}