{"id":4,"date":"2024-04-04T08:16:07","date_gmt":"2024-04-04T05:16:07","guid":{"rendered":"https:\/\/sisu.ut.ee\/eestivill\/eesti-villa-nadal-0\/"},"modified":"2026-03-14T13:20:52","modified_gmt":"2026-03-14T11:20:52","slug":"villa-konverents","status":"publish","type":"page","link":"https:\/\/sisu.ut.ee\/eestivill\/villa-konverents\/","title":{"rendered":"Villa konverents (EST)"},"content":{"rendered":"<p>Rahvusvahelise villa konverentsi laiemaks eesm\u00e4rgiks oli juhtida t\u00e4helepanu traditsioonilise k\u00e4sit\u00f6\u00f6 valdkonna uurimise ja arendamise olulistele teemadele. Kohalikel k\u00e4sit\u00f6\u00f6materjalidel on selle juures v\u00e4ga oluline roll, sest need aitavad pakkuda lahendusi j\u00f5udu koguvale keskkonnakriisile. Konkreetsem eesm\u00e4rk oli kohaliku villa kui kvaliteetse materjali kasutuse laiendamine, sest kahjuks h\u00e4vitatakse praegu Eestis u 85-90 % villast.<br>\nKonverents toimus Viljandis, Eesti P\u00e4rimusmuusika Keskuses.<br>\nVaata konverentsi <a href=\"https:\/\/www.flickr.com\/photos\/184756568@N05\/albums\/72177720303891720\/\" target=\"_blank\" rel=\"noopener\">galeriid.<\/a><\/p>\n<h4><\/h4>\n<h4><strong>1. p\u00e4ev, 17. november 2022 \u2013 v\u00e4lisesinejate ettekanded<br>\n<\/strong><\/h4>\n<p><strong><a href=\"https:\/\/uttv.ee\/naita?id=33811\" target=\"_blank\" rel=\"noopener\">KONVERENTSI 1. P\u00c4EVA ETTEKANNETE VIDEOSALVESTUS UTTV-s (eestikeelse t\u00f5lkega)<\/a><br>\n<\/strong><\/p>\n<p><span style=\"font-weight: normal;\"><span style=\"line-height: 115%;\"><span style=\"text-decoration: none;\"><strong>\u201cLambad, villat\u00f6\u00f6d ja taastav maakasutus\u201d<\/strong><\/span><\/span><\/span> Patrick Dillon (emeriitprofessor, Sotsiaalteaduste ja Rahvusvaheliste \u00d5pingute Kolled\u017e, Exeteri \u00dclikool, Suurbritannia)<\/p>\n<p><span style=\"font-weight: normal;\"><span style=\"line-height: 115%;\"><span style=\"text-decoration: none;\"><strong>\u201c\u00d6koloogilised p\u00f5imumised Eesti kohaliku villaga seoses\u201d<\/strong><\/span><\/span><\/span> Mathilde Lind <span class=\"VIiyi\" lang=\"en\"><span class=\"JLqJ4b\"><span class=\"Q4iAWc\">(ketraja ja etnoloog, USA)<\/span><\/span><\/span><\/p>\n<p><strong>\u201cBritish Wool, talust tooteni\u201d <\/strong>Haldi Kranich-Wood (villaekspert ja tootejuht ettev\u00f5ttes British Wool, Suurbritannia)<\/p>\n<p><strong>\u201cNorra villa v\u00e4\u00e4rindamise s\u00fcsteem \u2013 lambast tekstiilini\u201d <\/strong>Ingvild Svorkmo Espelien (Selbu villavabriku projektijuht, Norra)<\/p>\n<p><strong>\u201cUllkontoret \u2013 v\u00e4ike, aga suurem\u00f5\u00f5tmeline villat\u00f6\u00f6tluse liin Rootsis\u201d<\/strong> Hans Bulthuis (Ullkontoret, kohaliku villa aktivist, Visby, Rootsi)<\/p>\n<p><span style=\"font-weight: normal;\"><span style=\"line-height: 115%;\"><span style=\"text-decoration: none;\"><strong>\u201cKuidas alustada \u2013 kolm koost\u00f6\u00f6le suunanud villaprojekti Ojamaalt\u201d<\/strong><\/span><\/span><\/span> Jenny Andersson (Ullkontoret, Gotland Grey GUTI, kohaliku villa aktivist, Visby, Rootsi)<\/p>\n<p><span style=\"font-weight: normal;\"><span style=\"line-height: 115%;\"><span style=\"text-decoration: none;\"><strong>\u201c<\/strong><\/span><\/span><\/span><strong>WOOLDAYS\/3 aastat kohaliku villa tutvustamist ja v\u00f5rgustumist kunstnike, disainerite ja arhitektidega\u201d<\/strong> Anne Baasgaard (tekstiilikunstnik, Trondheimi villav\u00f5rgustiku eestvedaja, Norra)<\/p>\n<p><strong>Eesti-Norra villakoost\u00f6\u00f6 projekti tutvustus <\/strong><span class=\"VIiyi\" lang=\"en\"><span class=\"JLqJ4b ChMk0b\"><span class=\"Q4iAWc\">(Ave Matsin, <\/span><\/span><\/span>Ingvild Svorkmo Espelien, Eli Wendelbo, Lee Reinula, Diana Tuulik, Merje Beilmann)<\/p>\n<h4><\/h4>\n<h4><strong>2. p\u00e4ev, 18. november \u2013 eestikeelsed ettekanded<br>\n<\/strong><\/h4>\n<p><strong><a href=\"https:\/\/uttv.ee\/naita?id=33813\" target=\"_blank\" rel=\"noopener\">KONVERENTSI 2. P\u00c4EVA ETTEKANNETE VIDEOSALVESTUS UTTV-s<\/a><br>\n<\/strong><\/p>\n<p><strong>Avas\u00f5nad Anu Raualt<\/strong> (tekstiilikunstnik, emeriitprofessor)<\/p>\n<p><strong>\u201cT\u00dc VKA Vilma villakoja tegemised 2016-2022\u201d<\/strong><b> <\/b>Astri Kaljus (T\u00dc VKA rahvusliku tekstiili lektor ja villakoja perenaine)<\/p>\n<p><strong>\u201cPallase rakendusuuringud: kohalik lambavill disainiprotsessis\u201d<\/strong> Liisi Tamm (K\u00f5rgem Kunstikool Pallas)<\/p>\n<p><strong>\u201eVilla hindamine ja kvaliteet\u201c <\/strong>Kaie Ahlskog (loomakasvatusspetsialist, ProAgria Etel\u00e4-Suomi ry)<\/p>\n<p><strong>\u201cJ\u00e4\u00e4kvilla kasutamine mullikile asendamiseks\u201d <\/strong>Kert Jalakas (tehase ja tarneahela juht, Woola O\u00dc)<\/p>\n<p><strong>\u201eVillakasutaja vaatenurk M\u00c4\u00c4 villagraanulite tootmise n\u00e4itel\u201c<\/strong> Mihkel Peedimaa (arendusjuht, Villatoode O\u00dc)<\/p>\n<p><strong>\u201eKohalikust villast kvaliteetse p\u00f5randavaibani \u2013 entusiasm v\u00f5i ettev\u00f5tlus?\u201c<\/strong> Aivi Valliste (Tekero p\u00f5randafirma vaibameister ja Kihnu maalammaste kasvataja)<\/p>\n<p><strong>P\u00e4eva l\u00f5pus toimusid:<br>\nKoost\u00f6\u00f6mess partnerite leidmiseks<\/strong><br>\n<strong>H\u00fcpikn\u00e4itused<\/strong><br>\n<strong>Villa sorteerimise koolitus<\/strong> (Ingvild Svorkmo Espelien, Selbu Spinneri AS)<br>\n<strong>Vilma maja villakoja tuur<\/strong><br>\n<strong>Anu Raua stipendiumi \u00fcle andmine ja Studia Vernacula uue numbri esitlus<\/strong><br>\n<strong>Ketramisv\u00f5istlus<\/strong> (Julika Roos, Hea Villa Selts)<br>\n<em>Ketramisv\u00f5istlus toimus kahes t\u00f6\u00f6vahendi klassis: kedervars ja vokk. Osalejad ketrasid 3 minuti jooksul kohapeal etteantud kraasvillast l\u00f5nga, kasutades vokki v\u00f5i kedervart ja enda valitud ketrustehnikat. V\u00f5istlustules valminud l\u00f5nga juures hinnati pikkust ja \u00fchtlust. M\u00f5lema klassi tulemusi hinnati eraldi. V\u00f5istluse peakohtunik oli tunnustatud ketraja ja vokientusiast Julika Roos.<\/em><\/p>\n<p><em>Konverentsi toimumist toetasid Tartu \u00dclikool, Eesti Kultuurkapital ja EEA\/Norway Cooperation Program in Higher Education.<\/em><\/p>\n<p><img loading=\"lazy\" decoding=\"async\" width=\"2363\" height=\"417\" class=\"alignnone wp-image-17\" style=\"width: 425px; height: 75px;\" title=\"pealogo_est_sinine.png\" src=\"https:\/\/sisu.ut.ee\/wp-content\/uploads\/sites\/591\/pealogo_est_sinine.png\" alt=\"T\u00dc logo\" srcset=\"https:\/\/sisu.ut.ee\/wp-content\/uploads\/sites\/591\/pealogo_est_sinine.png 2363w, https:\/\/sisu.ut.ee\/wp-content\/uploads\/sites\/591\/pealogo_est_sinine-300x53.png 300w, https:\/\/sisu.ut.ee\/wp-content\/uploads\/sites\/591\/pealogo_est_sinine-1024x181.png 1024w, https:\/\/sisu.ut.ee\/wp-content\/uploads\/sites\/591\/pealogo_est_sinine-768x136.png 768w, https:\/\/sisu.ut.ee\/wp-content\/uploads\/sites\/591\/pealogo_est_sinine-1536x271.png 1536w, https:\/\/sisu.ut.ee\/wp-content\/uploads\/sites\/591\/pealogo_est_sinine-2048x361.png 2048w, https:\/\/sisu.ut.ee\/wp-content\/uploads\/sites\/591\/pealogo_est_sinine-1920x339.png 1920w\" sizes=\"auto, (max-width: 2363px) 100vw, 2363px\">\u00a0 <img loading=\"lazy\" decoding=\"async\" width=\"652\" height=\"316\" class=\"alignnone wp-image-16\" style=\"width: 206px; height: 100px;\" title=\"kulka_logo_sin.png\" src=\"https:\/\/sisu.ut.ee\/wp-content\/uploads\/sites\/591\/kulka_logo_sin.png\" alt=\"KULKA logo\" srcset=\"https:\/\/sisu.ut.ee\/wp-content\/uploads\/sites\/591\/kulka_logo_sin.png 652w, https:\/\/sisu.ut.ee\/wp-content\/uploads\/sites\/591\/kulka_logo_sin-300x145.png 300w\" sizes=\"auto, (max-width: 652px) 100vw, 652px\">\u00a0 <img loading=\"lazy\" decoding=\"async\" width=\"1674\" height=\"1173\" class=\"alignnone wp-image-18\" style=\"height: 100px; width: 143px;\" title=\"eea_grants4x.png\" src=\"https:\/\/sisu.ut.ee\/wp-content\/uploads\/sites\/591\/eea_grants4x.png\" alt=\"Norway\" srcset=\"https:\/\/sisu.ut.ee\/wp-content\/uploads\/sites\/591\/eea_grants4x.png 1674w, https:\/\/sisu.ut.ee\/wp-content\/uploads\/sites\/591\/eea_grants4x-300x210.png 300w, https:\/\/sisu.ut.ee\/wp-content\/uploads\/sites\/591\/eea_grants4x-1024x718.png 1024w, https:\/\/sisu.ut.ee\/wp-content\/uploads\/sites\/591\/eea_grants4x-768x538.png 768w, https:\/\/sisu.ut.ee\/wp-content\/uploads\/sites\/591\/eea_grants4x-1536x1076.png 1536w\" sizes=\"auto, (max-width: 1674px) 100vw, 1674px\"><\/p>\n","protected":false},"excerpt":{"rendered":"<p>Rahvusvahelise villa konverentsi laiemaks eesm\u00e4rgiks oli juhtida t\u00e4helepanu traditsioonilise k\u00e4sit\u00f6\u00f6 valdkonna uurimise ja arendamise olulistele teemadele. Kohalikel k\u00e4sit\u00f6\u00f6materjalidel on selle juures v\u00e4ga oluline roll, sest need aitavad pakkuda lahendusi j\u00f5udu koguvale keskkonnakriisile. Konkreetsem eesm\u00e4rk oli kohaliku villa kui kvaliteetse materjali &#8230;<\/p>\n","protected":false},"author":28,"featured_media":0,"parent":0,"menu_order":0,"comment_status":"closed","ping_status":"closed","template":"","meta":{"_acf_changed":false,"inline_featured_image":false,"footnotes":""},"class_list":["post-4","page","type-page","status-publish","hentry"],"acf":[],"_links":{"self":[{"href":"https:\/\/sisu.ut.ee\/eestivill\/wp-json\/wp\/v2\/pages\/4","targetHints":{"allow":["GET"]}}],"collection":[{"href":"https:\/\/sisu.ut.ee\/eestivill\/wp-json\/wp\/v2\/pages"}],"about":[{"href":"https:\/\/sisu.ut.ee\/eestivill\/wp-json\/wp\/v2\/types\/page"}],"author":[{"embeddable":true,"href":"https:\/\/sisu.ut.ee\/eestivill\/wp-json\/wp\/v2\/users\/28"}],"replies":[{"embeddable":true,"href":"https:\/\/sisu.ut.ee\/eestivill\/wp-json\/wp\/v2\/comments?post=4"}],"version-history":[{"count":9,"href":"https:\/\/sisu.ut.ee\/eestivill\/wp-json\/wp\/v2\/pages\/4\/revisions"}],"predecessor-version":[{"id":192,"href":"https:\/\/sisu.ut.ee\/eestivill\/wp-json\/wp\/v2\/pages\/4\/revisions\/192"}],"wp:attachment":[{"href":"https:\/\/sisu.ut.ee\/eestivill\/wp-json\/wp\/v2\/media?parent=4"}],"curies":[{"name":"wp","href":"https:\/\/api.w.org\/{rel}","templated":true}]}}