{"id":21,"date":"2025-01-06T15:16:32","date_gmt":"2025-01-06T13:16:32","guid":{"rendered":"https:\/\/sisu.ut.ee\/eestijuured\/?page_id=21"},"modified":"2026-04-21T14:19:54","modified_gmt":"2026-04-21T11:19:54","slug":"uudised","status":"publish","type":"page","link":"https:\/\/sisu.ut.ee\/eestijuured\/uudised\/","title":{"rendered":"Uudised"},"content":{"rendered":"<section class=\"hero-news-block page-section--wide\">\n\t<div class=\"container-fluid\">\n\t\t<div class=\"row\">\n\t\t\t\t\t\t\t<div class=\"col-12\">\n\t\t\t\t\t<div class=\"news-card-large mb-2\" style=\"background-image: url(https:\/\/sisu.ut.ee\/wp-content\/uploads\/sites\/862\/ak_031-1920x1280.jpg);\">\n\t\t\t\t\t\t<div class=\"news-card-large__content\">\n\t\t\t\t\t\t\t\t\t\t\t\t\t\t\t<a href=\"https:\/\/sisu.ut.ee\/eestijuured\/eesti-humanitaarteaduste-aastakonverents\/\" target=\"_self\">\n\t\t\t\t\t\t\t\t\t\t\t\t\t\t\t\t\t\t\t<h2 class=\"h1 mb-4\">Eesti humanitaarteaduste aastakonverents<\/h2>\n\t\t\t\t\t\t\t\t\t\t\t\t\t\t\t\t\t<\/a>\n\t\t\t\t\t\t\t\t<a href=\"https:\/\/sisu.ut.ee\/eestijuured\/eesti-humanitaarteaduste-aastakonverents\/\" class=\"btn btn-outline-light btn-icon\" target=\"_self\">Loe l\u00e4hemalt<\/a>\n\t\t\t\t\t\t\t\t\t\t\t\t\t<\/div>\n\t\t\t\t\t<\/div>\n\t\t\t\t<\/div>\n\t\t\t\t\t\t    <\/div>\n  <\/div>\n<\/section>\n\n\n<section class=\"hero-news-block page-section--wide\">\n\t<div class=\"container-fluid\">\n\t\t<div class=\"row\">\n\t\t\t\t\t\t\t<div class=\"col-12\">\n\t\t\t\t\t<div class=\"news-card-large mb-2\" style=\"background-image: url(https:\/\/sisu.ut.ee\/wp-content\/uploads\/sites\/862\/Teadusteo-auhinna-saajad-vasakult-Karl-Pajusalu-Kristiina-Tambets-Valter-Lang-Sandra-Sammler-Mari-Torv.-Fotograaf-Andres-Tennus_0.jpg);\">\n\t\t\t\t\t\t<div class=\"news-card-large__content\">\n\t\t\t\t\t\t\t\t\t\t\t\t\t\t\t<a href=\"https:\/\/kestlikuarengukeskus.ut.ee\/et\/sisu\/kristiina-tambets-edukas-valdkondadeuleses-teadusprojektis-tunnevad-koik-osalised-end\" target=\"_self\">\n\t\t\t\t\t\t\t\t\t\t\t\t\t\t\t\t\t\t\t<h2 class=\"h1 mb-4\">Kristiina Tambets: edukas valdkondade\u00fcleses teadusprojektis tunnevad k\u00f5ik osalised end kaasatuna<\/h2>\n\t\t\t\t\t\t\t\t\t\t\t\t\t\t\t\t\t<\/a>\n\t\t\t\t\t\t\t\t<a href=\"https:\/\/kestlikuarengukeskus.ut.ee\/et\/sisu\/kristiina-tambets-edukas-valdkondadeuleses-teadusprojektis-tunnevad-koik-osalised-end\" class=\"btn btn-outline-light btn-icon\" target=\"_self\">Loe Kristiina Tambetsi m\u00f5tteid tippkeskuse teemal<\/a>\n\t\t\t\t\t\t\t\t\t\t\t\t\t<\/div>\n\t\t\t\t\t<\/div>\n\t\t\t\t<\/div>\n\t\t\t\t\t\t    <\/div>\n  <\/div>\n<\/section>\n\n\n<div class=\"posts-full-width-block page-section\">\n\t\t\t\t\t\t\t\t\t\t\t\t\t\t\t<article class=\"post-1702 post type-post status-publish format-standard has-post-thumbnail hentry category-uudised\">\n  <div class=\"article-card-full d-flex flex-column border-bottom px-2 pb-2 mb-2\">\n    <div class=\"article-card__categories d-flex flex-wrap fw-bold\">\n      <a href=\"https:\/\/sisu.ut.ee\/eestijuured\/category\/uudised\/\" class=\"\">#Uudised<\/a>\n      <\/div>\n    <div class=\"d-flex flex-column flex-sm-row align-items-center\">\n      <a href=\"https:\/\/sisu.ut.ee\/eestijuured\/genes-language-immunity-insights-from-local-ancestry-inference-leveraging-ancient-dna-and-biobank-sources-a-seminar-with-practical-workshop\/\" class=\"article-card-full__img-wrap\">\n                  <img loading=\"lazy\" decoding=\"async\" width=\"1024\" height=\"576\" src=\"https:\/\/sisu.ut.ee\/wp-content\/uploads\/sites\/862\/Guest-Workshop-2-1024x576.png\" class=\"img-fluid article-card-full__img wp-post-image\" alt=\"\" srcset=\"https:\/\/sisu.ut.ee\/wp-content\/uploads\/sites\/862\/Guest-Workshop-2-1024x576.png 1024w, https:\/\/sisu.ut.ee\/wp-content\/uploads\/sites\/862\/Guest-Workshop-2-300x169.png 300w, https:\/\/sisu.ut.ee\/wp-content\/uploads\/sites\/862\/Guest-Workshop-2-768x432.png 768w, https:\/\/sisu.ut.ee\/wp-content\/uploads\/sites\/862\/Guest-Workshop-2.png 1920w\" sizes=\"auto, (max-width: 1024px) 100vw, 1024px\">\n              <\/a>\n      <div class=\"d-flex flex-column w-100 mt-2 mt-sm-0 ms-sm-2\">\n        <h3 class=\"article-card-full__title h5 mb-1\">Geenid, keel, immuunsus: teadmised kohaliku p\u00e4ritolu tuvastamisest, kasutades vana DNA\u2011d ja biopanga andmeid- seminar koos praktilise t\u00f6\u00f6toaga<\/h3>\n\n                  <div class=\"article-card-full__excerpt\">\n            <p>Kohaliku p\u00e4ritolu tuvastamist (LAI) saab kasutada haiguslokaatorite kaardistamiseks, t\u00e4nap\u00e4evaste populatsioonide omavaheliste seoste uurimiseks, assotsiatsiooniuuringute t\u00e4psustamiseks ning demograafilise ajaloo rekonstrueerimiseks. Alustame seminarilaadsest sessioonist, mis on m\u00f5eldud interdistsiplinaarsetele teadlastele ja kus uurime, milliseid teadmisi LAI v\u00f5imaldab saada. See pakub olulisi sisendeid meditsiinile, \u2026<\/p>\n          <\/div>\n        \n        <a href=\"https:\/\/sisu.ut.ee\/eestijuured\/genes-language-immunity-insights-from-local-ancestry-inference-leveraging-ancient-dna-and-biobank-sources-a-seminar-with-practical-workshop\/\" class=\"btn btn-secondary btn-sm mt-2 me-auto\">Loe edasi<\/a>\n\n              <\/div>\n    <\/div>\n  <\/div>\n<\/article>\n\t\t\t\t\t\t\t\t\t\t\t<article class=\"post-1688 post type-post status-publish format-standard has-post-thumbnail hentry category-uudised\">\n  <div class=\"article-card-full d-flex flex-column border-bottom px-2 pb-2 mb-2\">\n    <div class=\"article-card__categories d-flex flex-wrap fw-bold\">\n      <a href=\"https:\/\/sisu.ut.ee\/eestijuured\/category\/uudised\/\" class=\"\">#Uudised<\/a>\n      <\/div>\n    <div class=\"d-flex flex-column flex-sm-row align-items-center\">\n      <a href=\"https:\/\/sisu.ut.ee\/eestijuured\/6-7-may-2026-spring-summit-of-the-centres-of-excellence-estonian-roots-personalised-medicine\/\" class=\"article-card-full__img-wrap\">\n                  <img loading=\"lazy\" decoding=\"async\" width=\"1024\" height=\"576\" src=\"https:\/\/sisu.ut.ee\/wp-content\/uploads\/sites\/862\/Guest-Workshop-1-1-1024x576.png\" class=\"img-fluid article-card-full__img wp-post-image\" alt=\"\" srcset=\"https:\/\/sisu.ut.ee\/wp-content\/uploads\/sites\/862\/Guest-Workshop-1-1-1024x576.png 1024w, https:\/\/sisu.ut.ee\/wp-content\/uploads\/sites\/862\/Guest-Workshop-1-1-300x169.png 300w, https:\/\/sisu.ut.ee\/wp-content\/uploads\/sites\/862\/Guest-Workshop-1-1-768x432.png 768w, https:\/\/sisu.ut.ee\/wp-content\/uploads\/sites\/862\/Guest-Workshop-1-1.png 1920w\" sizes=\"auto, (max-width: 1024px) 100vw, 1024px\">\n              <\/a>\n      <div class=\"d-flex flex-column w-100 mt-2 mt-sm-0 ms-sm-2\">\n        <h3 class=\"article-card-full__title h5 mb-1\">6.-7. mai 2026 | Tippkeskuste kevadkonverents (ENG)<\/h3>\n\n                  <div class=\"article-card-full__excerpt\">\n            <p>Meil on hea meel kutsuda teid tippkeskuste \u201eEesti juured\u201c (CoEER) ja \u201ePersonaalmeditsiin\u201c (CEPM) kevadkonverentsile, mis toimub 6.\u20137. mail 2026 Tartus. Konverents toob kokku m\u00f5lema tippkeskuse teadlased, n\u00f5ukogu liikmed ja partnerid, et jagada viimaseid arenguid, arutada uusi suundi ning tugevdada koost\u00f6\u00f6d \u2026<\/p>\n          <\/div>\n        \n        <a href=\"https:\/\/sisu.ut.ee\/eestijuured\/6-7-may-2026-spring-summit-of-the-centres-of-excellence-estonian-roots-personalised-medicine\/\" class=\"btn btn-secondary btn-sm mt-2 me-auto\">Loe edasi<\/a>\n\n              <\/div>\n    <\/div>\n  <\/div>\n<\/article>\n\t\t\t\t\t\t\t\t\t\t\t<article class=\"post-1724 post type-post status-publish format-standard has-post-thumbnail hentry category-uudised\">\n  <div class=\"article-card-full d-flex flex-column border-bottom px-2 pb-2 mb-2\">\n    <div class=\"article-card__categories d-flex flex-wrap fw-bold\">\n      <a href=\"https:\/\/sisu.ut.ee\/eestijuured\/category\/uudised\/\" class=\"\">#Uudised<\/a>\n      <\/div>\n    <div class=\"d-flex flex-column flex-sm-row align-items-center\">\n      <a href=\"https:\/\/sisu.ut.ee\/eestijuured\/eesti-humanitaarteaduste-aastakonverents\/\" class=\"article-card-full__img-wrap\">\n                  <img loading=\"lazy\" decoding=\"async\" width=\"1024\" height=\"682\" src=\"https:\/\/sisu.ut.ee\/wp-content\/uploads\/sites\/862\/ak_031-1024x682.jpg\" class=\"img-fluid article-card-full__img wp-post-image\" alt=\"\" srcset=\"https:\/\/sisu.ut.ee\/wp-content\/uploads\/sites\/862\/ak_031-1024x682.jpg 1024w, https:\/\/sisu.ut.ee\/wp-content\/uploads\/sites\/862\/ak_031-300x200.jpg 300w, https:\/\/sisu.ut.ee\/wp-content\/uploads\/sites\/862\/ak_031-768x512.jpg 768w, https:\/\/sisu.ut.ee\/wp-content\/uploads\/sites\/862\/ak_031-1920x1280.jpg 1920w, https:\/\/sisu.ut.ee\/wp-content\/uploads\/sites\/862\/ak_031.jpg 2000w\" sizes=\"auto, (max-width: 1024px) 100vw, 1024px\">\n              <\/a>\n      <div class=\"d-flex flex-column w-100 mt-2 mt-sm-0 ms-sm-2\">\n        <h3 class=\"article-card-full__title h5 mb-1\">Eesti humanitaarteaduste aastakonverents<\/h3>\n\n                  <div class=\"article-card-full__excerpt\">\n            <p>2024. aastal said alguse Eesti humanitaarteaduste aastakonverentsid. J\u00e4rjekorras teine aastakonverents toimus 8.\u201310. aprillini ERMis ja Tartu \u00dclikoolis. Tippkeskuse liikmeid oli esinejate seas arvukalt. Plenaarettekandega \u201cBiomolekulaarhumanitaaria: kahes maailmas korraga v\u00f5i kahe maailma vahel?\u201d astus esimesel p\u00e4eval \u00fcles Ester Oras, kes on \u2026<\/p>\n          <\/div>\n        \n        <a href=\"https:\/\/sisu.ut.ee\/eestijuured\/eesti-humanitaarteaduste-aastakonverents\/\" class=\"btn btn-secondary btn-sm mt-2 me-auto\">Loe edasi<\/a>\n\n              <\/div>\n    <\/div>\n  <\/div>\n<\/article>\n\t\t\t\t\t\t\t\t\t\t\t<article class=\"post-1418 post type-post status-publish format-standard has-post-thumbnail hentry category-uudised\">\n  <div class=\"article-card-full d-flex flex-column border-bottom px-2 pb-2 mb-2\">\n    <div class=\"article-card__categories d-flex flex-wrap fw-bold\">\n      <a href=\"https:\/\/sisu.ut.ee\/eestijuured\/category\/uudised\/\" class=\"\">#Uudised<\/a>\n      <\/div>\n    <div class=\"d-flex flex-column flex-sm-row align-items-center\">\n      <a href=\"https:\/\/sisu.ut.ee\/eestijuured\/2025-aastal-valminud-seto-leelo-alternatiivnoodikirja-veebirakendus-ja-anne-vabarna-preemia\/\" class=\"article-card-full__img-wrap\">\n                  <img loading=\"lazy\" decoding=\"async\" width=\"1024\" height=\"768\" src=\"https:\/\/sisu.ut.ee\/wp-content\/uploads\/sites\/862\/Varska-Jarvelill_DSC1389-1024x768.jpg\" class=\"img-fluid article-card-full__img wp-post-image\" alt=\"\" srcset=\"https:\/\/sisu.ut.ee\/wp-content\/uploads\/sites\/862\/Varska-Jarvelill_DSC1389-1024x768.jpg 1024w, https:\/\/sisu.ut.ee\/wp-content\/uploads\/sites\/862\/Varska-Jarvelill_DSC1389-300x225.jpg 300w, https:\/\/sisu.ut.ee\/wp-content\/uploads\/sites\/862\/Varska-Jarvelill_DSC1389-768x576.jpg 768w, https:\/\/sisu.ut.ee\/wp-content\/uploads\/sites\/862\/Varska-Jarvelill_DSC1389-1920x1440.jpg 1920w\" sizes=\"auto, (max-width: 1024px) 100vw, 1024px\">\n              <\/a>\n      <div class=\"d-flex flex-column w-100 mt-2 mt-sm-0 ms-sm-2\">\n        <h3 class=\"article-card-full__title h5 mb-1\">2025. aastal valminud seto leelo alternatiivnoodikirja veebirakendus ja Anne Vabarna preemia<\/h3>\n\n                  <div class=\"article-card-full__excerpt\">\n            <p>Anne Vabarna nimelise seto omakultuuri preemia p\u00e4lvis 2025. aastal valminud seto leelo alternatiivse noodikirja projektijuht Janika Oras. Punktinoodi n\u00e4ol on tegemist originaalse alternatiivse noodistuss\u00fcsteemiga ja seda kasutava veebirakendusega, mille eesm\u00e4rgiks on nii visuaalselt kui kuuldeliselt edasi anda seto arhailise ja \u2026<\/p>\n          <\/div>\n        \n        <a href=\"https:\/\/sisu.ut.ee\/eestijuured\/2025-aastal-valminud-seto-leelo-alternatiivnoodikirja-veebirakendus-ja-anne-vabarna-preemia\/\" class=\"btn btn-secondary btn-sm mt-2 me-auto\">Loe edasi<\/a>\n\n              <\/div>\n    <\/div>\n  <\/div>\n<\/article>\n\t\t\t\t\t\t\t\t\t\t\t<article class=\"post-1416 post type-post status-publish format-standard hentry category-uudised\">\n  <div class=\"article-card-full d-flex flex-column border-bottom px-2 pb-2 mb-2\">\n    <div class=\"article-card__categories d-flex flex-wrap fw-bold\">\n      <a href=\"https:\/\/sisu.ut.ee\/eestijuured\/category\/uudised\/\" class=\"\">#Uudised<\/a>\n      <\/div>\n    <div class=\"d-flex flex-column flex-sm-row align-items-center\">\n      <a href=\"https:\/\/sisu.ut.ee\/eestijuured\/tippkeskuse-aastaseminar\/\" class=\"article-card-full__img-wrap\">\n                  <img loading=\"lazy\" decoding=\"async\" src=\"https:\/\/sisu.ut.ee\/wp-content\/themes\/tu\/public\/images\/default-placeholder.69fd84.svg\" class=\"img-fluid article-card-full__img\" alt=\"Vaikimisi pilt\" width=\"1000\" height=\"1000\">\n              <\/a>\n      <div class=\"d-flex flex-column w-100 mt-2 mt-sm-0 ms-sm-2\">\n        <h3 class=\"article-card-full__title h5 mb-1\">Tippkeskuse aastaseminar<\/h3>\n\n                  <div class=\"article-card-full__excerpt\">\n            <p>9.-10. detsembril toimus Emaj\u00f5e Suursoo Keskuses tippkeskuse \u201cEesti juured\u201d aastaseminar \u201eInterdistsiplinaarsed v\u00f5imalused minevikus\u00fcndmuste uurimisel\u201c, mille jooksul tippkeskuse seitse t\u00f6\u00f6r\u00fchma tutvustasid oma v\u00e4rskeid uurimist\u00f6id, tippkeskuse juhtumiuuringute r\u00fchmad tutvustasid oma saavutusi ja plaane ning toimusid\u00a0ka ajur\u00fcnnakud oluliste potentsiaalsete uurimisideede v\u00e4lja s\u00f5elumiseks. K\u00fclalisena \u2026<\/p>\n          <\/div>\n        \n        <a href=\"https:\/\/sisu.ut.ee\/eestijuured\/tippkeskuse-aastaseminar\/\" class=\"btn btn-secondary btn-sm mt-2 me-auto\">Loe edasi<\/a>\n\n              <\/div>\n    <\/div>\n  <\/div>\n<\/article>\n\t\t\t\t\t\t\t\t\t\t\t<article class=\"post-1411 post type-post status-publish format-standard has-post-thumbnail hentry category-uudised\">\n  <div class=\"article-card-full d-flex flex-column border-bottom px-2 pb-2 mb-2\">\n    <div class=\"article-card__categories d-flex flex-wrap fw-bold\">\n      <a href=\"https:\/\/sisu.ut.ee\/eestijuured\/category\/uudised\/\" class=\"\">#Uudised<\/a>\n      <\/div>\n    <div class=\"d-flex flex-column flex-sm-row align-items-center\">\n      <a href=\"https:\/\/sisu.ut.ee\/eestijuured\/muutudes-endaks-jaada-ingrid-ruutli-90-sunnipaevale-puhendatud-rahvalaulukonverents\/\" class=\"article-card-full__img-wrap\">\n                  <img loading=\"lazy\" decoding=\"async\" width=\"1024\" height=\"342\" src=\"https:\/\/sisu.ut.ee\/wp-content\/uploads\/sites\/862\/kokku-1-1024x342.jpg\" class=\"img-fluid article-card-full__img wp-post-image\" alt=\"\" srcset=\"https:\/\/sisu.ut.ee\/wp-content\/uploads\/sites\/862\/kokku-1-1024x342.jpg 1024w, https:\/\/sisu.ut.ee\/wp-content\/uploads\/sites\/862\/kokku-1-300x100.jpg 300w, https:\/\/sisu.ut.ee\/wp-content\/uploads\/sites\/862\/kokku-1-768x257.jpg 768w, https:\/\/sisu.ut.ee\/wp-content\/uploads\/sites\/862\/kokku-1.jpg 1825w\" sizes=\"auto, (max-width: 1024px) 100vw, 1024px\">\n              <\/a>\n      <div class=\"d-flex flex-column w-100 mt-2 mt-sm-0 ms-sm-2\">\n        <h3 class=\"article-card-full__title h5 mb-1\">Muutudes endaks j\u00e4\u00e4da. Ingrid R\u00fc\u00fctli 90. s\u00fcnnip\u00e4evale p\u00fchendatud rahvalaulukonverents<\/h3>\n\n                  <div class=\"article-card-full__excerpt\">\n            <p>Ingrid R\u00fc\u00fctel (snd 3.11.1935) on folklorist ja etnomusikoloog, kelle enam kui 60 aastat kestnud karj\u00e4\u00e4r on p\u00fchendatud eesti rahvamuusika uurimisele ning folklooriliikumise arendamisele. Tema silmapaistva teadusliku tegevuse keskmes on p\u00fc\u00fce m\u00f5testada ja avada p\u00e4rimuskultuuri olemust ning selle kaudu v\u00e4\u00e4rtustada ning \u2026<\/p>\n          <\/div>\n        \n        <a href=\"https:\/\/sisu.ut.ee\/eestijuured\/muutudes-endaks-jaada-ingrid-ruutli-90-sunnipaevale-puhendatud-rahvalaulukonverents\/\" class=\"btn btn-secondary btn-sm mt-2 me-auto\">Loe edasi<\/a>\n\n              <\/div>\n    <\/div>\n  <\/div>\n<\/article>\n\t\t\t\t\t\t\t\t\t\t\t<article class=\"post-1382 post type-post status-publish format-standard has-post-thumbnail hentry category-uudised\">\n  <div class=\"article-card-full d-flex flex-column border-bottom px-2 pb-2 mb-2\">\n    <div class=\"article-card__categories d-flex flex-wrap fw-bold\">\n      <a href=\"https:\/\/sisu.ut.ee\/eestijuured\/category\/uudised\/\" class=\"\">#Uudised<\/a>\n      <\/div>\n    <div class=\"d-flex flex-column flex-sm-row align-items-center\">\n      <a href=\"https:\/\/sisu.ut.ee\/eestijuured\/tippkeskus-tekitas-teadusfoorumil-palju-huvi\/\" class=\"article-card-full__img-wrap\">\n                  <img loading=\"lazy\" decoding=\"async\" width=\"1024\" height=\"768\" src=\"https:\/\/sisu.ut.ee\/wp-content\/uploads\/sites\/862\/IMG_4468-1024x768.jpg\" class=\"img-fluid article-card-full__img wp-post-image\" alt=\"\" srcset=\"https:\/\/sisu.ut.ee\/wp-content\/uploads\/sites\/862\/IMG_4468-1024x768.jpg 1024w, https:\/\/sisu.ut.ee\/wp-content\/uploads\/sites\/862\/IMG_4468-300x225.jpg 300w, https:\/\/sisu.ut.ee\/wp-content\/uploads\/sites\/862\/IMG_4468-768x576.jpg 768w, https:\/\/sisu.ut.ee\/wp-content\/uploads\/sites\/862\/IMG_4468-1536x1152.jpg 1536w, https:\/\/sisu.ut.ee\/wp-content\/uploads\/sites\/862\/IMG_4468-2048x1536.jpg 2048w, https:\/\/sisu.ut.ee\/wp-content\/uploads\/sites\/862\/IMG_4468-1920x1440.jpg 1920w\" sizes=\"auto, (max-width: 1024px) 100vw, 1024px\">\n              <\/a>\n      <div class=\"d-flex flex-column w-100 mt-2 mt-sm-0 ms-sm-2\">\n        <h3 class=\"article-card-full__title h5 mb-1\">Tippkeskus tekitas teadusfoorumil palju huvi<\/h3>\n\n                  <div class=\"article-card-full__excerpt\">\n            <p>Neljap\u00e4eval, 4. detsembril toimus teadusfoorum \u201cTeadusEST 2025: Eesti teaduse tipus on tihe\u201d, mille keskmes olid Eesti teaduse tippkeskused ja teaduse hindamine. \u201cMa ei v\u00e4si kinnitamast, et olen Eesti teadlaste \u00fcle v\u00e4ga uhke\u201d, s\u00f5nas Eesti Teadusagentuuri juhatuse esimees\u00a0Anu Noorma. \u201cMeil on \u2026<\/p>\n          <\/div>\n        \n        <a href=\"https:\/\/sisu.ut.ee\/eestijuured\/tippkeskus-tekitas-teadusfoorumil-palju-huvi\/\" class=\"btn btn-secondary btn-sm mt-2 me-auto\">Loe edasi<\/a>\n\n              <\/div>\n    <\/div>\n  <\/div>\n<\/article>\n\t\t\t\t\t\t\t\t\t\t\t<article class=\"post-1285 post type-post status-publish format-standard has-post-thumbnail hentry category-uudised\">\n  <div class=\"article-card-full d-flex flex-column border-bottom px-2 pb-2 mb-2\">\n    <div class=\"article-card__categories d-flex flex-wrap fw-bold\">\n      <a href=\"https:\/\/sisu.ut.ee\/eestijuured\/category\/uudised\/\" class=\"\">#Uudised<\/a>\n      <\/div>\n    <div class=\"d-flex flex-column flex-sm-row align-items-center\">\n      <a href=\"https:\/\/sisu.ut.ee\/eestijuured\/eesti-juured-teadusest-2025-foorumil-otseulekanne\/\" class=\"article-card-full__img-wrap\">\n                  <img loading=\"lazy\" decoding=\"async\" width=\"1024\" height=\"379\" src=\"https:\/\/sisu.ut.ee\/wp-content\/uploads\/sites\/862\/ETAG-teadusest-1024x379.png\" class=\"img-fluid article-card-full__img wp-post-image\" alt=\"\" srcset=\"https:\/\/sisu.ut.ee\/wp-content\/uploads\/sites\/862\/ETAG-teadusest-1024x379.png 1024w, https:\/\/sisu.ut.ee\/wp-content\/uploads\/sites\/862\/ETAG-teadusest-300x111.png 300w, https:\/\/sisu.ut.ee\/wp-content\/uploads\/sites\/862\/ETAG-teadusest-768x284.png 768w, https:\/\/sisu.ut.ee\/wp-content\/uploads\/sites\/862\/ETAG-teadusest-1536x568.png 1536w, https:\/\/sisu.ut.ee\/wp-content\/uploads\/sites\/862\/ETAG-teadusest-1920x711.png 1920w, https:\/\/sisu.ut.ee\/wp-content\/uploads\/sites\/862\/ETAG-teadusest.png 2021w\" sizes=\"auto, (max-width: 1024px) 100vw, 1024px\">\n              <\/a>\n      <div class=\"d-flex flex-column w-100 mt-2 mt-sm-0 ms-sm-2\">\n        <h3 class=\"article-card-full__title h5 mb-1\">Eesti juured TeadusEST 2025 foorumil (OTSE\u00dcLEKANNE)<\/h3>\n\n                  <div class=\"article-card-full__excerpt\">\n            <p>Eesti Teadusagentuur korraldab\u00a04. detsembril\u00a0Tartu Lydia hotelli s\u00fcndmuskeskuses\u00a0teadusfoorumit \u201cTeadusEST 2025: Eesti teaduse tipus on tihe\u201d, mille keskmes on Eesti teaduse tippkeskused ja teaduse hindamine (kes ja kuidas otsustab kus on piir \u201etipp\u201c ja \u201emitte-tipp teaduse\u201c vahel kui raha ei pruugi alati \u2026<\/p>\n          <\/div>\n        \n        <a href=\"https:\/\/sisu.ut.ee\/eestijuured\/eesti-juured-teadusest-2025-foorumil-otseulekanne\/\" class=\"btn btn-secondary btn-sm mt-2 me-auto\">Loe edasi<\/a>\n\n              <\/div>\n    <\/div>\n  <\/div>\n<\/article>\n\t\t\t\t\t\t\t\t\t\t\t<article class=\"post-1167 post type-post status-publish format-standard has-post-thumbnail hentry category-uudised\">\n  <div class=\"article-card-full d-flex flex-column border-bottom px-2 pb-2 mb-2\">\n    <div class=\"article-card__categories d-flex flex-wrap fw-bold\">\n      <a href=\"https:\/\/sisu.ut.ee\/eestijuured\/category\/uudised\/\" class=\"\">#Uudised<\/a>\n      <\/div>\n    <div class=\"d-flex flex-column flex-sm-row align-items-center\">\n      <a href=\"https:\/\/sisu.ut.ee\/eestijuured\/valminud-on-teos-vana-kannel-xv-muhu-regilaulud\/\" class=\"article-card-full__img-wrap\">\n                  <img loading=\"lazy\" decoding=\"async\" width=\"1024\" height=\"683\" src=\"https:\/\/sisu.ut.ee\/wp-content\/uploads\/sites\/862\/MuhuVK-esitlus_AMadisson-1024x683.jpg\" class=\"img-fluid article-card-full__img wp-post-image\" alt=\"\" srcset=\"https:\/\/sisu.ut.ee\/wp-content\/uploads\/sites\/862\/MuhuVK-esitlus_AMadisson-1024x683.jpg 1024w, https:\/\/sisu.ut.ee\/wp-content\/uploads\/sites\/862\/MuhuVK-esitlus_AMadisson-300x200.jpg 300w, https:\/\/sisu.ut.ee\/wp-content\/uploads\/sites\/862\/MuhuVK-esitlus_AMadisson-768x512.jpg 768w, https:\/\/sisu.ut.ee\/wp-content\/uploads\/sites\/862\/MuhuVK-esitlus_AMadisson-1536x1025.jpg 1536w, https:\/\/sisu.ut.ee\/wp-content\/uploads\/sites\/862\/MuhuVK-esitlus_AMadisson-1920x1281.jpg 1920w, https:\/\/sisu.ut.ee\/wp-content\/uploads\/sites\/862\/MuhuVK-esitlus_AMadisson.jpg 2000w\" sizes=\"auto, (max-width: 1024px) 100vw, 1024px\">\n              <\/a>\n      <div class=\"d-flex flex-column w-100 mt-2 mt-sm-0 ms-sm-2\">\n        <h3 class=\"article-card-full__title h5 mb-1\">Valminud on teos \u201eVana Kannel XV. Muhu regilaulud\u201c<\/h3>\n\n                  <div class=\"article-card-full__excerpt\">\n            <p>29. novembril esitleti Eesti Kirjandusmuuseumis Ingrid R\u00fc\u00fctli 90. juubelile p\u00fchendatud konverentsil v\u00e4ljaannet \u201eVana Kannel XV. Muhu regilaulud\u201c. Teose koostas Kanni Labi, viiside osa koostajad on Janika Oras ja Ingrid R\u00fc\u00fctel. Kahe k\u00f6ite kogupikkus on 1679 lehek\u00fclge. \u201eVana Kannel\u201c on Jakob \u2026<\/p>\n          <\/div>\n        \n        <a href=\"https:\/\/sisu.ut.ee\/eestijuured\/valminud-on-teos-vana-kannel-xv-muhu-regilaulud\/\" class=\"btn btn-secondary btn-sm mt-2 me-auto\">Loe edasi<\/a>\n\n              <\/div>\n    <\/div>\n  <\/div>\n<\/article>\n\t\t\t\t\t\t\t\t\t\t\t<article class=\"post-1155 post type-post status-publish format-standard has-post-thumbnail hentry category-uudised\">\n  <div class=\"article-card-full d-flex flex-column border-bottom px-2 pb-2 mb-2\">\n    <div class=\"article-card__categories d-flex flex-wrap fw-bold\">\n      <a href=\"https:\/\/sisu.ut.ee\/eestijuured\/category\/uudised\/\" class=\"\">#Uudised<\/a>\n      <\/div>\n    <div class=\"d-flex flex-column flex-sm-row align-items-center\">\n      <a href=\"https:\/\/sisu.ut.ee\/eestijuured\/varske-lugemine-folkloristika-ja-kultuurigeograafia-uurimisruhmalt\/\" class=\"article-card-full__img-wrap\">\n                  <img loading=\"lazy\" decoding=\"async\" width=\"1024\" height=\"343\" src=\"https:\/\/sisu.ut.ee\/wp-content\/uploads\/sites\/862\/kokku-1024x343.jpg\" class=\"img-fluid article-card-full__img wp-post-image\" alt=\"\" srcset=\"https:\/\/sisu.ut.ee\/wp-content\/uploads\/sites\/862\/kokku-1024x343.jpg 1024w, https:\/\/sisu.ut.ee\/wp-content\/uploads\/sites\/862\/kokku-300x100.jpg 300w, https:\/\/sisu.ut.ee\/wp-content\/uploads\/sites\/862\/kokku-768x257.jpg 768w, https:\/\/sisu.ut.ee\/wp-content\/uploads\/sites\/862\/kokku.jpg 1249w\" sizes=\"auto, (max-width: 1024px) 100vw, 1024px\">\n              <\/a>\n      <div class=\"d-flex flex-column w-100 mt-2 mt-sm-0 ms-sm-2\">\n        <h3 class=\"article-card-full__title h5 mb-1\">V\u00e4rske lugemine folkloristika ja kultuurigeograafia uurimisr\u00fchmalt<\/h3>\n\n                  <div class=\"article-card-full__excerpt\">\n            <p>Tippkeskuse \u201eEesti juured\u201c folkloristika ja kultuurigeograafia uurimisr\u00fchma liikmete artiklid t\u00e4itsid ajakirja Keel ja Kirjandus novembrinumbri. Regilaulude varieerumisele p\u00fchendatud Mari V\u00e4ina juhitud uurimisprojekti (PRG 1288) t\u00e4itjate kirjutised avavad eesti regilaulukorpuse saamis- ja uurimisloo asjaolusid, regilaulu esitustavade ning retseptsiooni muutumist ning avaldamispoliitikaid. \u2026<\/p>\n          <\/div>\n        \n        <a href=\"https:\/\/sisu.ut.ee\/eestijuured\/varske-lugemine-folkloristika-ja-kultuurigeograafia-uurimisruhmalt\/\" class=\"btn btn-secondary btn-sm mt-2 me-auto\">Loe edasi<\/a>\n\n              <\/div>\n    <\/div>\n  <\/div>\n<\/article>\n\t\t\t\n\t\t\t\t\t\t<\/div>\n\n\n\n<div class=\"wp-block-buttons is-content-justification-right is-layout-flex wp-container-core-buttons-is-layout-765c4724 wp-block-buttons-is-layout-flex\">\n<div class=\"wp-block-button\"><a class=\"wp-block-button__link wp-element-button\" href=\"https:\/\/sisu.ut.ee\/eestijuured\/category\/uudised\/\">Loe k\u00f5iki uudiseid<\/a><\/div>\n<\/div>\n\n\n\n<h2 class=\"wp-block-heading\">Infokirjad<\/h2>\n\n\n<div class=\"accordion-block mb-3\">\n\t\t<div class=\"accordion \" id=\"accordion-accordion-69ef8c96ca6d9\">\n\t\t\t\t\t\t\t<div class=\"accordion-item accordion-item--blue\">\n\t\t\t\t\t<h2 class=\"accordion-header\" id=\"accordion-69ef8c96ca6d9-heading-1\">\n\t\t\t\t\t\t<button class=\"accordion-button \" type=\"button\" data-bs-toggle=\"collapse\" data-bs-target=\"#accordion-69ef8c96ca6d9-collapse-1\" aria-expanded=\"true\" aria-controls=\"accordion-69ef8c96ca6d9-collapse-1\">\n\t\t\t\t\t\t\t2025-2026\n\t\t\t\t\t\t<\/button>\n\t\t\t\t\t<\/h2>\n\t\t\t\t\t<div id=\"accordion-69ef8c96ca6d9-collapse-1\" class=\"accordion-collapse collapse show\" aria-labelledby=\"accordion-69ef8c96ca6d9-heading-1\">\n\t\t\t\t\t\t<div class=\"accordion-body\">\n\t\t\t\t\t\t\t<p><a href=\"https:\/\/genoomikainstituut.sendsmaily.net\/templates\/cb0a4301-79dc-4cab-8c10-d46a7bbbc80f\/html\/\">JAANUAR 2026<\/a><\/p>\n<p><a href=\"https:\/\/genoomikainstituut.sendsmaily.net\/templates\/7c28c3f9-409a-4388-873e-7a8a7ed8620d\/html\/\">OKTOOBER 2025<\/a><\/p>\n<p><a href=\"https:\/\/genoomikainstituut.sendsmaily.net\/templates\/c1a59e93-42bf-41c3-93d2-e332abf0385c\/html\/\">JUUNI 2025<\/a><\/p>\n<p><a href=\"https:\/\/genoomikainstituut.sendsmaily.net\/templates\/3fb29c7d-60f2-4a08-a92e-74773cf08c3e\/html\/\">APRILL 2025\u00a0 <\/a><a href=\"https:\/\/genoomikainstituut.sendsmaily.net\/templates\/5ed5b64c-6c32-496a-9951-b86b34b8e5f1\/html\/\">(APRIL 2025 | eng)<\/a><\/p>\n\n\t\t\t\t\t\t<\/div>\n\t\t\t\t\t<\/div>\n\t\t\t\t<\/div>\n\t\t\t\t\t<\/div>\n\t<\/div>\n\n\n\n<hr class=\"wp-block-separator has-alpha-channel-opacity\">\n\n\n\n<div style=\"height:36px\" aria-hidden=\"true\" class=\"wp-block-spacer\"><\/div>\n\n\n\n<h2 class=\"wp-block-heading\">Rohkem infot erinevate t\u00f6\u00f6r\u00fchmade tegemistest<\/h2>\n\n\n<div class=\"accordion-block mb-3\">\n\t\t<div class=\"accordion \" id=\"accordion-accordion-69ef8c96cb07e\">\n\t\t\t\t\t\t\t<div class=\"accordion-item accordion-item--yellow\">\n\t\t\t\t\t<h2 class=\"accordion-header\" id=\"accordion-69ef8c96cb07e-heading-1\">\n\t\t\t\t\t\t<button class=\"accordion-button \" type=\"button\" data-bs-toggle=\"collapse\" data-bs-target=\"#accordion-69ef8c96cb07e-collapse-1\" aria-expanded=\"true\" aria-controls=\"accordion-69ef8c96cb07e-collapse-1\">\n\t\t\t\t\t\t\tEesti Kirjandusmuuseumi infokirjad\n\t\t\t\t\t\t<\/button>\n\t\t\t\t\t<\/h2>\n\t\t\t\t\t<div id=\"accordion-69ef8c96cb07e-collapse-1\" class=\"accordion-collapse collapse show\" aria-labelledby=\"accordion-69ef8c96cb07e-heading-1\">\n\t\t\t\t\t\t<div class=\"accordion-body\">\n\t\t\t\t\t\t\t<p>Eesti Kirjandusmuuseumi uudiskirjast saab infot s\u00fcndmuste, konverentside, n\u00e4ituste, uudisteoste ning muu p\u00f5neva kohta. Uudiskiri ilmub \u00fche korra kuus, iga kuu teisel kolmap\u00e4eval.<\/p>\n<p><a href=\"https:\/\/www.kirmus.ee\/et\/tegevus\/eesti-kirjandusmuuseumi-uudiskiri-list\">Eesti Kirjandusmuuseumi infokirjad<\/a><\/p>\n\n\t\t\t\t\t\t<\/div>\n\t\t\t\t\t<\/div>\n\t\t\t\t<\/div>\n\t\t\t\t\t\t\t<div class=\"accordion-item accordion-item--yellow\">\n\t\t\t\t\t<h2 class=\"accordion-header\" id=\"accordion-69ef8c96cb07e-heading-2\">\n\t\t\t\t\t\t<button class=\"accordion-button \" type=\"button\" data-bs-toggle=\"collapse\" data-bs-target=\"#accordion-69ef8c96cb07e-collapse-2\" aria-expanded=\"true\" aria-controls=\"accordion-69ef8c96cb07e-collapse-2\">\n\t\t\t\t\t\t\tAjaloo ja arheoloogia instituudi infokiri\n\t\t\t\t\t\t<\/button>\n\t\t\t\t\t<\/h2>\n\t\t\t\t\t<div id=\"accordion-69ef8c96cb07e-collapse-2\" class=\"accordion-collapse collapse show\" aria-labelledby=\"accordion-69ef8c96cb07e-heading-2\">\n\t\t\t\t\t\t<div class=\"accordion-body\">\n\t\t\t\t\t\t\t<p>Infokirjades r\u00e4\u00e4gitakse nii tudengitele kui ka t\u00f6\u00f6tajatele olulistel teemadel, tuuakse v\u00e4lja nii t\u00e4htsamad s\u00fcndmused seoses \u00f5ppet\u00f6\u00f6ga kui ka instituudi t\u00f6\u00f6s: \u00f5pikud, raamatud, teadust\u00f6\u00f6, esinemised, infotunnid. Infokiri saadetakse v\u00e4lja iga kuu, v. a. juulis.<\/p>\n<p><a href=\"https:\/\/ajalugu-arheoloogia.ut.ee\/et\/sisu\/instituudi-infokirjad\">Ajaloo ja arheoloogia instituudi infokiri<\/a><\/p>\n\n\t\t\t\t\t\t<\/div>\n\t\t\t\t\t<\/div>\n\t\t\t\t<\/div>\n\t\t\t\t\t<\/div>\n\t<\/div>\n\n\n\n<p><\/p>\n","protected":false},"excerpt":{"rendered":"<p>Infokirjad Rohkem infot erinevate t\u00f6\u00f6r\u00fchmade tegemistest<\/p>\n","protected":false},"author":745,"featured_media":0,"parent":0,"menu_order":0,"comment_status":"closed","ping_status":"closed","template":"","meta":{"_acf_changed":false,"inline_featured_image":false,"footnotes":""},"class_list":["post-21","page","type-page","status-publish","hentry"],"acf":[],"_links":{"self":[{"href":"https:\/\/sisu.ut.ee\/eestijuured\/wp-json\/wp\/v2\/pages\/21","targetHints":{"allow":["GET"]}}],"collection":[{"href":"https:\/\/sisu.ut.ee\/eestijuured\/wp-json\/wp\/v2\/pages"}],"about":[{"href":"https:\/\/sisu.ut.ee\/eestijuured\/wp-json\/wp\/v2\/types\/page"}],"author":[{"embeddable":true,"href":"https:\/\/sisu.ut.ee\/eestijuured\/wp-json\/wp\/v2\/users\/745"}],"replies":[{"embeddable":true,"href":"https:\/\/sisu.ut.ee\/eestijuured\/wp-json\/wp\/v2\/comments?post=21"}],"version-history":[{"count":29,"href":"https:\/\/sisu.ut.ee\/eestijuured\/wp-json\/wp\/v2\/pages\/21\/revisions"}],"predecessor-version":[{"id":1733,"href":"https:\/\/sisu.ut.ee\/eestijuured\/wp-json\/wp\/v2\/pages\/21\/revisions\/1733"}],"wp:attachment":[{"href":"https:\/\/sisu.ut.ee\/eestijuured\/wp-json\/wp\/v2\/media?parent=21"}],"curies":[{"name":"wp","href":"https:\/\/api.w.org\/{rel}","templated":true}]}}