{"id":19,"date":"2024-04-04T08:53:20","date_gmt":"2024-04-04T05:53:20","guid":{"rendered":"https:\/\/sisu.ut.ee\/biogymnaasium\/6-inimese-evolutsioon\/"},"modified":"2024-04-04T08:54:46","modified_gmt":"2024-04-04T05:54:46","slug":"6-inimese-evolutsioon","status":"publish","type":"page","link":"https:\/\/sisu.ut.ee\/biogymnaasium\/6-inimese-evolutsioon\/","title":{"rendered":"6. Inimese evolutsioon"},"content":{"rendered":"<p>\n\t<strong>Inimese evolutsioon<\/strong>\u00a0on rangelt v\u00f5ttes k\u00fcll\u00a0perekonna\u00a0<em>Homo<\/em>\u00a0(inimene)\u00a0evolutsioon, kuid seda uuriv\u00a0paleoantropoloogia\u00a0tegeleb ka\u00a0inimlaste\u00a0ehk\u00a0sugukonna\u00a0teiste\u00a0v\u00e4ljasurnud\u00a0inimesesarnaste\u00a0liikide\u00a0uurimisega.\u00a0Vastavalt sellele m\u00f5istetakse ka inimese evolutsiooni laiemalt.\n<\/p>\n<p>\n\tPerekonna\u00a0<em>Homo<\/em>\u00a0otsesteks eellasteks peetakse perekonda\u00a0<em>Australopithecus\u00a0<\/em>(l\u00f5unaahvid).\u00a0K\u00f5ik teised liigid perekonnast\u00a0<em>Homo<\/em>\u00a0peale\u00a0inimese\u00a0(<em>Homo sapiens-<\/em>\u00a0tark inimene) on v\u00e4lja surnud.\n<\/p>\n<p>\n\tInimeste evolutsiooni<strong>\u00a0<\/strong>t\u00e4htsaimad muutused\u00a0on seotud kahejalgsuse ja omnivoorsuse kujunemisega ning sotsiaalsete suhete t\u00e4iustumisega m\u00f5istelise infovahetuse arengus (l\u00f5pptulemuseks inimkeel k\u00f5nes ja kirjas). On arvatud, et\u00a0puieahvide\u00a0m\u00f5nede populatsioonide kohastumine avamaastiku tingimustega viiski kahejalgsuse tekkeni. Arvatakse, et artikuleeritud k\u00f5ne oli juba olemas 500 000 aastat tagasi.\n<\/p>\n<p>\n\tSotsiaalne evolutsioon t\u00e4hendab inim\u00fchiskonna ja tema kultuuride, tsivilisatsioonide, riikluse ja tehnoloogiate ajaloolist arengut ning selle k\u00e4igus omandatud kogemuste ja teadmiste uuenduslikku kuhjumist j\u00e4rglasp\u00f5lvkondades. Eellasp\u00f5lvkondades omandatud kogemuste, teadmiste ja tehnoloogiate edasiandmist j\u00e4rglasp\u00f5lvkondadele \u00fchiskondliku kommunikatsiooni vahenditega nimetatakse sotsiaalseks ehk kultuuriliseks p\u00e4rilikkuseks (s.t. ajaloo teke).\n<\/p>\n<p>\u00a0<\/p>\n<table class=\"table table-hover\" border=\"1\" cellpadding=\"3\" cellspacing=\"0\">\n<caption>\n\t\t<strong>Inimese evolutsioon<\/strong><br>\n\t<\/caption>\n<tbody>\n<tr>\n<td>\n<p dir=\"ltr\">\n\t\t\t\t\t<strong>Primaadid\u00a0\u00a0<\/strong>\n\t\t\t\t<\/p>\n<\/td>\n<td>\n<p dir=\"ltr\">\n\t\t\t\t\tPrimaadid ehk esikloomalised\u00a0on imetajad, kellel on kaks\u00a0 omadust, mis v\u00f5imaldasid neil\u00a0edukalt elada puude otsas peamiselt putukaid s\u00fc\u00fces:\n\t\t\t\t<\/p>\n<p dir=\"ltr\">\n\t\t\t\t\t1. s\u00f5rmede ja varvastega haaramine\u00a0<br>2. binokulaarne n\u00e4gemine.\u00a0\n\t\t\t\t<\/p>\n<\/td>\n<\/tr>\n<tr>\n<td>\n\t\t\t\t<strong>\u00a01. Leemurlased<\/strong>\n\t\t\t<\/td>\n<td>\n<p>\n\t\t\t\t\t<strong>\u00a0<\/strong><img loading=\"lazy\" decoding=\"async\" width=\"418\" height=\"479\" class=\"alignnone wp-image-232\" style=\"width: 400px;height: 458px\" src=\"https:\/\/sisu.ut.ee\/wp-content\/uploads\/sites\/647\/leemurid.jpg\" title=\"leemurid.jpg\" alt=\"Leemurlased\" srcset=\"https:\/\/sisu.ut.ee\/wp-content\/uploads\/sites\/647\/leemurid.jpg 418w, https:\/\/sisu.ut.ee\/wp-content\/uploads\/sites\/647\/leemurid-262x300.jpg 262w\" sizes=\"auto, (max-width: 418px) 100vw, 418px\">\n\t\t\t\t<\/p>\n<\/td>\n<\/tr>\n<tr>\n<td>\n\t\t\t\t<strong>\u00a02. Aielased<\/strong>\n\t\t\t<\/td>\n<td>\n\t\t\t\t<strong>\u00a0<\/strong><img loading=\"lazy\" decoding=\"async\" width=\"220\" height=\"163\" class=\"alignnone wp-image-233\" style=\"width: 400px;height: 296px\" src=\"https:\/\/sisu.ut.ee\/wp-content\/uploads\/sites\/647\/aye-aye_daubentonia_madagascariensis.jpg\" title=\"aye-aye_daubentonia_madagascariensis.jpg\" alt=\"Loorilased\">\n\t\t\t<\/td>\n<\/tr>\n<tr>\n<td>\n\t\t\t\t<strong>\u00a03. Loorilased\u00a0<\/strong>\n\t\t\t<\/td>\n<td>\n\t\t\t\t<strong>\u00a0<\/strong><img loading=\"lazy\" decoding=\"async\" width=\"280\" height=\"188\" class=\"alignnone wp-image-234\" style=\"width: 400px;height: 269px\" src=\"https:\/\/sisu.ut.ee\/wp-content\/uploads\/sites\/647\/mandrillus_sphinx_portrait.jpg\" title=\"mandrillus_sphinx_portrait.jpg\" alt=\"mandrill\">\n\t\t\t<\/td>\n<\/tr>\n<tr>\n<td>\n\t\t\t\t<strong>\u00a04. Kitsaninalised ahvid (nt p\u00e4rdiklased) \u2013 nt mandrill<\/strong>\n\t\t\t<\/td>\n<td>\n\t\t\t\t<strong>\u00a0<\/strong><img loading=\"lazy\" decoding=\"async\" width=\"612\" height=\"408\" class=\"alignnone wp-image-235\" style=\"width: 400px;height: 267px\" src=\"https:\/\/sisu.ut.ee\/wp-content\/uploads\/sites\/647\/gibbonbaby.jpg\" title=\"gibbonbaby.jpg\" alt=\"Gibonlased\" srcset=\"https:\/\/sisu.ut.ee\/wp-content\/uploads\/sites\/647\/gibbonbaby.jpg 612w, https:\/\/sisu.ut.ee\/wp-content\/uploads\/sites\/647\/gibbonbaby-300x200.jpg 300w\" sizes=\"auto, (max-width: 612px) 100vw, 612px\">\n\t\t\t<\/td>\n<\/tr>\n<tr>\n<td>\n\t\t\t\t<strong>\u00a05. Gibonlased<\/strong>\n\t\t\t<\/td>\n<td>\n\t\t\t\t\u00a0\n\t\t\t<\/td>\n<\/tr>\n<tr>\n<td>\n\t\t\t\t<strong>Inimahvlased<\/strong>\n\t\t\t<\/td>\n<td>\n\t\t\t\t<br>\u00a0\n\t\t\t<\/td>\n<\/tr>\n<tr>\n<td>\n\t\t\t\t<strong>1.\u00a0\u00a0\u00a0Orangutan<\/strong>\n\t\t\t<\/td>\n<td>\n\t\t\t\t<strong>\u00a0<\/strong><img loading=\"lazy\" decoding=\"async\" width=\"612\" height=\"418\" class=\"alignnone wp-image-236\" style=\"width: 400px;height: 273px\" src=\"https:\/\/sisu.ut.ee\/wp-content\/uploads\/sites\/647\/oranngu_baby.jpg\" title=\"oranngu_baby.jpg\" alt=\"Orangutan\" srcset=\"https:\/\/sisu.ut.ee\/wp-content\/uploads\/sites\/647\/oranngu_baby.jpg 612w, https:\/\/sisu.ut.ee\/wp-content\/uploads\/sites\/647\/oranngu_baby-300x205.jpg 300w\" sizes=\"auto, (max-width: 612px) 100vw, 612px\">\n\t\t\t<\/td>\n<\/tr>\n<tr>\n<td>\n\t\t\t\t<strong>\u00a02. Gorilla<\/strong>\n\t\t\t<\/td>\n<td>\n\t\t\t\t<strong>\u00a0<\/strong><img loading=\"lazy\" decoding=\"async\" width=\"612\" height=\"408\" class=\"alignnone wp-image-237\" style=\"width: 400px;height: 267px\" src=\"https:\/\/sisu.ut.ee\/wp-content\/uploads\/sites\/647\/gorillababy.jpg\" title=\"gorillababy.jpg\" alt=\"Gorilla\" srcset=\"https:\/\/sisu.ut.ee\/wp-content\/uploads\/sites\/647\/gorillababy.jpg 612w, https:\/\/sisu.ut.ee\/wp-content\/uploads\/sites\/647\/gorillababy-300x200.jpg 300w\" sizes=\"auto, (max-width: 612px) 100vw, 612px\">\n\t\t\t<\/td>\n<\/tr>\n<tr>\n<td>\n\t\t\t\t<strong>\u00a03.\u00a0\u00a0\u0160impans<\/strong>\n\t\t\t<\/td>\n<td>\n\t\t\t\t<strong>\u00a0<\/strong><img loading=\"lazy\" decoding=\"async\" width=\"612\" height=\"422\" class=\"alignnone wp-image-238\" style=\"width: 400px;height: 276px\" src=\"https:\/\/sisu.ut.ee\/wp-content\/uploads\/sites\/647\/shimpansbaby.jpg\" title=\"shimpansbaby.jpg\" alt=\"\u0160impans\" srcset=\"https:\/\/sisu.ut.ee\/wp-content\/uploads\/sites\/647\/shimpansbaby.jpg 612w, https:\/\/sisu.ut.ee\/wp-content\/uploads\/sites\/647\/shimpansbaby-300x207.jpg 300w\" sizes=\"auto, (max-width: 612px) 100vw, 612px\">\n\t\t\t<\/td>\n<\/tr>\n<tr>\n<td>\n\t\t\t\t<strong>\u00a04.\u00a0\u00a0Bonobo ehk k\u00e4\u00e4bus\u0161impans<\/strong>\n\t\t\t<\/td>\n<td>\n\t\t\t\t<strong>\u00a0<\/strong><img loading=\"lazy\" decoding=\"async\" width=\"612\" height=\"408\" class=\"alignnone wp-image-239\" style=\"width: 400px;height: 267px\" src=\"https:\/\/sisu.ut.ee\/wp-content\/uploads\/sites\/647\/bonobobaby.jpg\" title=\"bonobobaby.jpg\" alt=\"Bonobo\" srcset=\"https:\/\/sisu.ut.ee\/wp-content\/uploads\/sites\/647\/bonobobaby.jpg 612w, https:\/\/sisu.ut.ee\/wp-content\/uploads\/sites\/647\/bonobobaby-300x200.jpg 300w\" sizes=\"auto, (max-width: 612px) 100vw, 612px\">\n\t\t\t<\/td>\n<\/tr>\n<tr>\n<td>\n\t\t\t\t<strong>Inimlased ehk hominiidid<\/strong>\n\t\t\t<\/td>\n<td>\n\t\t\t\t\u00a0\n\t\t\t<\/td>\n<\/tr>\n<tr>\n<td>\n\t\t\t\t<strong>1. L\u00f5unaahvid ehk australopiteekused (pildil Lucy), <\/strong>sh\u00a0nn siredad l\u00f5unaahvid:\n<ul>\n<li>\n\t\t\t\t\t\t<em>Australopithecus anamensis<\/em>\n\t\t\t\t\t<\/li>\n<li>\n\t\t\t\t\t\t<em>Australopithecus afarensis<\/em>\n\t\t\t\t\t<\/li>\n<li>\n\t\t\t\t\t\t<em>Australopithecus bahrelghazali<\/em>\n\t\t\t\t\t<\/li>\n<li>\n\t\t\t\t\t\t<em>Australopithecus africanus<\/em>\n\t\t\t\t\t<\/li>\n<li>\n\t\t\t\t\t\t<em>Australopithecus garhi<\/em>\n\t\t\t\t\t<\/li>\n<\/ul>\n<p>\n\t\t\t\t\t<strong>ja nn robustsed l\u00f5unaahvid:<\/strong>\n\t\t\t\t<\/p>\n<ul>\n<li>\n\t\t\t\t\t\t<em>Paranthropus aethiopicus<\/em>\n\t\t\t\t\t<\/li>\n<li>\n\t\t\t\t\t\t<em>Paranthropus boisei<\/em>\n\t\t\t\t\t<\/li>\n<li>\n\t\t\t\t\t\t<em>Paranthropus robustus<\/em>\n\t\t\t\t\t<\/li>\n<\/ul>\n<p>\n\t\t\t\t\tAustralopiteekus oli hominiinide perekond, mis h\u00f5lmas mitmeid inimese eellasi, kes elasid 4\u20132 miljonit aastat tagasi Ida- ja L\u00f5una-Aafrikas.\u00a0\n\t\t\t\t<\/p>\n<p>\n\t\t\t\t\tAustralopiteekused liikusid neljak\u00e4puli, kuid v\u00f5isid ka ajutiselt p\u00fcsti seista. Nende ajumaht oli suurem kui ahvidel, kuid v\u00e4iksem kui kaasaegsetel inimestel. Nende koljud olid aju tagaosas piklikud ja ninaotsad lamedad. Nad olid kaetud karvaga ja nende kehaehitus oli ahvilik, kuid m\u00f5nev\u00f5rra inimesele l\u00e4hedasem.\n\t\t\t\t<\/p>\n<p>\n\t\t\t\t\tAustraopiteekuste toitumine oli t\u00f5en\u00e4oliselt segatoiduline, sisaldades taimseid ja loomseid toiduallikaid. Nende hambad ja l\u00f5ualuud n\u00e4itavad, et nad suutsid t\u00f6\u00f6delda k\u00f5va toitu, sealhulgas juuri, puuvilju, p\u00e4hkleid, seemneid ja putukaid.\n\t\t\t\t<\/p>\n<p>\n\t\t\t\t\tOluline t\u00e4htsus australopiteekuste seas on nende roll inimese evolutsioonis.\u00a0<em>Australopithecus afarensis,<\/em>\u00a0eriti kuulus leid nimega Lucy, on oluline, kuna see annab t\u00f5endeid varajase inimese kahel jalal liikumise kujunemise kohta. Need hominiinid andsid aluse inimarengule ja aitasid luua tee meie l\u00e4himate sugulaste,\u00a0<em>Homo<\/em>\u00a0perekonna tekkimisele.\n\t\t\t\t<\/p>\n<\/td>\n<td>\n<p>\n\t\t\t\t\t<img loading=\"lazy\" decoding=\"async\" width=\"200\" height=\"166\" class=\"alignnone wp-image-240\" style=\"width: 300px;height: 249px\" src=\"https:\/\/sisu.ut.ee\/wp-content\/uploads\/sites\/647\/australopithecus_africanus_-_cast_of_taung_child.jpg\" title=\"australopithecus_africanus_-_cast_of_taung_child.jpg\" alt=\"Inimlased ehk hominiidid\">\n\t\t\t\t<\/p>\n<p>\n\t\t\t\t\t<img loading=\"lazy\" decoding=\"async\" width=\"180\" height=\"240\" class=\"alignnone wp-image-241\" style=\"width: 300px;height: 400px\" src=\"https:\/\/sisu.ut.ee\/wp-content\/uploads\/sites\/647\/australopithecus_lucy49354079927_6caae00d54_m.jpg\" title=\"australopithecus_lucy49354079927_6caae00d54_m.jpg\" alt=\"Inimlased ehk hominiidid\">\n\t\t\t\t<\/p>\n<\/td>\n<\/tr>\n<tr>\n<td>\n\t\t\t\t<strong>Perekond inimene\u00a0Homo,\u00a0kelle v\u00e4ljasurnud eellasteks on<em>:<\/em><\/strong>\n<ul type=\"disc\">\n<li>\n\t\t\t\t\t\t<strong><em>Homo habilis<\/em><\/strong>\n\t\t\t\t\t<\/li>\n<li>\n\t\t\t\t\t\t<strong><em>Homo erectus<\/em><\/strong>\n\t\t\t\t\t<\/li>\n<li>\n\t\t\t\t\t\t<strong><em>Homo ergaster<\/em><\/strong>\n\t\t\t\t\t<\/li>\n<li>\n\t\t\t\t\t\t<strong><em>Homo antecessor<\/em><\/strong>\n\t\t\t\t\t<\/li>\n<li>\n\t\t\t\t\t\t<strong><em>Homo denissovan<\/em><\/strong>\n\t\t\t\t\t<\/li>\n<li>\n\t\t\t\t\t\t<strong><em>Homo floresiensis<\/em><\/strong>\n\t\t\t\t\t<\/li>\n<li>\n\t\t\t\t\t\t<strong><em>Homo heidelbergensis<\/em><\/strong>\n\t\t\t\t\t<\/li>\n<li>\n\t\t\t\t\t\t<strong><em>Homo\u00a0cromagnones<\/em><\/strong>\n\t\t\t\t\t<\/li>\n<li>\n\t\t\t\t\t\t<strong><em>Homo longi<\/em><\/strong>\n\t\t\t\t\t<\/li>\n<li>\n\t\t\t\t\t\t<strong><em>Homo luzonensis<\/em><\/strong>\n\t\t\t\t\t<\/li>\n<li>\n\t\t\t\t\t\t<strong><em>Homo naledi<\/em><\/strong>\n\t\t\t\t\t<\/li>\n<li>\n\t\t\t\t\t\t<strong><em>Homo neanderthalensis<\/em><\/strong>\n\t\t\t\t\t<\/li>\n<li>\n\t\t\t\t\t\t<strong><em>Homo rhodesiensis<\/em><\/strong>\n\t\t\t\t\t<\/li>\n<li>\n\t\t\t\t\t\t<strong><em>Homo rudolfensis<\/em><\/strong>\n\t\t\t\t\t<\/li>\n<\/ul>\n<p>\u00a0\n\t\t\t<\/p><\/td>\n<td>\n\t\t\t\t<strong>\u00a0<\/strong><img loading=\"lazy\" decoding=\"async\" width=\"220\" height=\"317\" class=\"alignnone wp-image-242\" style=\"width: 300px;height: 432px\" src=\"https:\/\/sisu.ut.ee\/wp-content\/uploads\/sites\/647\/members_of_genus_homo.png\" title=\"members_of_genus_homo.png\" alt=\"Perekond inimene\" srcset=\"https:\/\/sisu.ut.ee\/wp-content\/uploads\/sites\/647\/members_of_genus_homo.png 220w, https:\/\/sisu.ut.ee\/wp-content\/uploads\/sites\/647\/members_of_genus_homo-208x300.png 208w\" sizes=\"auto, (max-width: 220px) 100vw, 220px\">\n\t\t\t<\/td>\n<\/tr>\n<tr>\n<td>\n\t\t\t\t<strong>Osav inimene\u00a0\u00a0<em>Homo habilis<\/em><\/strong>\n<p>\n\t\t\t\t\toli \u00fcks varasemaid liike inimkonna perekonnast\u00a0<em>Homo<\/em>, mis eksisteeris umbes 2,4\u20131,4 miljonit aastat tagasi Ida- ja L\u00f5una-Aafrikas. Nimi viitab nende liigi teatud t\u00f6\u00f6riistade valmistamise oskustele.\n\t\t\t\t<\/p>\n<p>\n\t\t\t\t\t<em>Homo habilis\u00a0<\/em>oli keskmiselt umbes 1,1\u20131,4 meetrit pikk ja kaalus umbes 30\u201355 kilogrammi. Neil oli suhteliselt suur aju v\u00f5rreldes varasemate hominiididega, mille keskmine maht oli umbes 600\u2013700 cm\u00b3. Nende koljude kuju oli \u00fcmar ja nende l\u00f5uad olid v\u00e4iksemad kui nende eellastel.\n\t\t\t\t<\/p>\n<p>\n\t\t\t\t\t\u00dcks\u00a0<em>Homo habilis\u00b4<\/em>e<em>\u00a0<\/em>olulisemaid omadusi oli t\u00f6\u00f6riistade kasutamine ja valmistamine. Arvatakse, et nad suutsid kive t\u00f6\u00f6riistadena kasutada, sealhulgas kivikilde ja t\u00fckke, mida nad v\u00f5isid k\u00e4sitsi t\u00f6\u00f6delda. Need t\u00f6\u00f6riistad aitasid neil l\u00f5hkuda luid ja saada k\u00e4tte luu\u00fcdi ning t\u00f6\u00f6delda liha ja taimseid toiduaineid.\n\t\t\t\t<\/p>\n<p>\n\t\t\t\t\t<em>Homo habilis\u00b4<\/em>e toitumine oli t\u00f5en\u00e4oliselt segatoiduline, h\u00f5lmates liha, taimi, juuri, puuvilju ja putukaid. Nende hambad ja l\u00f5ualuud n\u00e4itavad kohanemist erinevate toiduainetega.\n\t\t\t\t<\/p>\n<p>\n\t\t\t\t\t<em>Homo habilis<\/em>\u00a0oli ka \u00fcleminekuvorm varasematest hominiinidest\u00a0<em>Homo<\/em>\u00a0perekonna hilisemate liikide, nagu\u00a0<em>Homo erectus<\/em>, suunas. Nad omavad olulist kohta inimese evolutsiooni ajaloos, kuna nad n\u00e4itavad esimesi m\u00e4rke t\u00f6\u00f6riistade kasutamisest ja varajase inimk\u00e4itumise arengust.\u00a0<em>Homo habilis<\/em>\u00a0oli ka inimese ajupoolkerade suurenemise ja keerukama k\u00e4itumise eelk\u00e4ija, mis v\u00f5imaldas neil kohaneda ja ellu j\u00e4\u00e4da muutuvas keskkonnas.\n\t\t\t\t<\/p>\n<\/td>\n<td>\n<p>\n\t\t\t\t\t<img loading=\"lazy\" decoding=\"async\" width=\"220\" height=\"206\" class=\"alignnone wp-image-243\" style=\"width: 300px;height: 281px\" src=\"https:\/\/sisu.ut.ee\/wp-content\/uploads\/sites\/647\/220px-knm_er_1813_h._habilis.png\" title=\"220px-knm_er_1813_h._habilis.png\" alt=\"Osav inimene  Homo habilis\">\n\t\t\t\t<\/p>\n<p>\n\t\t\t\t\t<img loading=\"lazy\" decoding=\"async\" width=\"170\" height=\"201\" class=\"alignnone wp-image-244\" style=\"width: 300px;height: 355px\" src=\"https:\/\/sisu.ut.ee\/wp-content\/uploads\/sites\/647\/homo_habilis_-_forensic_facial_reconstruction.png\" title=\"homo_habilis_-_forensic_facial_reconstruction.png\" alt=\"Osav inimene  Homo habilis\">\n\t\t\t\t<\/p>\n<\/td>\n<\/tr>\n<tr>\n<td>\n\t\t\t\t<strong>P\u00fcstine inimene\u00a0\u00a0<em>Homo erectus<\/em><\/strong>\n<p>\n\t\t\t\t\t\u00a0oli \u00fcks varasemaid ja kauakestvamaid liike inimkonna perekonnast\u00a0<em>Homo<\/em>, kes eksisteeris umbes 1,9 miljonit kuni 100 000 aastat tagasi.\u00a0<em>Homo erectus<\/em>\u00a0levis laialdaselt Aafrikast Aasiasse, j\u00f5udes Hiinasse, Indoneesiasse ja isegi Euroopasse.\n\t\t\t\t<\/p>\n<p>\n\t\t\t\t\t<em>Homo erectus<\/em>\u00a0oli f\u00fc\u00fcsiliselt suurem ja robustsem kui varasemad hominiidid. Nende keskmine pikkus oli umbes 1,6\u20131,8 meetrit ning kaal v\u00f5is ulatuda umbes 50\u201370 kilogrammini. Nende aju maht oli suurem kui\u00a0<em>Homo habilis\u00b4<\/em>el, keskmiselt 750\u20131250 cm\u00b3, ja nende koljude kuju oli juba sarnasem kaasaegsete inimeste omaga.\u00a0<em>Homo erectus\u00a0<\/em>oli tuntud ka v\u00e4ljaulatuvate kulmukaarte ja tugeva luustiku poolest.\n\t\t\t\t<\/p>\n<p>\n\t\t\t\t\t\u00dcks\u00a0<em>Homo erectus\u00b4<\/em>e olulisemaid tunnuseid oli bipolaarne k\u00f5nnak, st v\u00f5ime p\u00fcsti seista ja liikuda kahel jalal. Arvatakse, et nad suutsid k\u00f5ndida pika vahemaa suhteliselt t\u00f5husalt ning see v\u00f5imaldas neil laiemat levikut ja kohanemist erinevate keskkondadega.\n\t\t\t\t<\/p>\n<p>\n\t\t\t\t\t<em>Homo erectus<\/em>\u00a0oli ka m\u00e4rkimisv\u00e4\u00e4rne t\u00f6\u00f6riistade valmistaja ja kasutaja. Nad kasutasid kive, et valmistada t\u00f6\u00f6riistu, n\u00e4iteks k\u00e4sit\u00f6\u00f6kindlaid kivikilde ja -t\u00fckke. Need t\u00f6\u00f6riistad aitasid neil jahil, toidu valmistamisel, tule kasutamisel ja muudel igap\u00e4evastel \u00fclesannetel.\n\t\t\t\t<\/p>\n<p>\n\t\t\t\t\tToitumise osas olid\u00a0<em>Homo erectus\u00b4<\/em>ed<em>\u00a0<\/em>t\u00f5en\u00e4oliselt segatoidulised, s\u00fc\u00fces liha, kalu, taimi ja muid toiduaineid, mis olid k\u00e4ttesaadavad vastavalt nende elupaikadele. Nad olid kohanemisv\u00f5imelised ja suutsid ellu j\u00e4\u00e4da erinevates \u00f6kos\u00fcsteemides.\n\t\t\t\t<\/p>\n<p>\n\t\t\t\t\t<em>Homo erectus<\/em>\u00a0omab olulist kohta inimarengu ajaloos, kuna nad olid esimesed hominiidid, kes laiendasid oma levikut v\u00e4ljaspoole Aafrikat ja kohanesid erinevate keskkonnatingimustega.\u00a0\n\t\t\t\t<\/p>\n<\/td>\n<td>\n<p>\n\t\t\t\t\t<img loading=\"lazy\" decoding=\"async\" width=\"170\" height=\"211\" class=\"alignnone wp-image-245\" style=\"width: 400px;height: 496px\" src=\"https:\/\/sisu.ut.ee\/wp-content\/uploads\/sites\/647\/homo_georgicus_img_2921.jpg\" title=\"homo_georgicus_img_2921.jpg\" alt=\"P\u00fcstine inimene  Homo erectus\">\n\t\t\t\t<\/p>\n<p>\n\t\t\t\t\t<img loading=\"lazy\" decoding=\"async\" width=\"612\" height=\"466\" class=\"alignnone wp-image-246\" style=\"width: 400px;height: 305px\" src=\"https:\/\/sisu.ut.ee\/wp-content\/uploads\/sites\/647\/homo_erectus.jpg\" title=\"homo_erectus.jpg\" alt=\"P\u00fcstine inimene  Homo erectus\" srcset=\"https:\/\/sisu.ut.ee\/wp-content\/uploads\/sites\/647\/homo_erectus.jpg 612w, https:\/\/sisu.ut.ee\/wp-content\/uploads\/sites\/647\/homo_erectus-300x228.jpg 300w\" sizes=\"auto, (max-width: 612px) 100vw, 612px\">\n\t\t\t\t<\/p>\n<\/td>\n<\/tr>\n<tr>\n<td>\n\t\t\t\t<strong>T\u00f6\u00f6kas inimene<em>\u00a0<\/em>Homo ergaster<\/strong>\n<p>\n\t\t\t\t\ton v\u00e4ljasurnud hominiidiliik, kes elas umbes 1,9\u20131,4 miljonit aastat tagasi Aafrikas ja\u00a0 on tihedalt seotud\u00a0<em>Homo erectus<\/em>\u2018e liigiga.\n\t\t\t\t<\/p>\n<p>\n\t\t\t\t\t<em>Homo ergaster\u00b4<\/em>il<em>\u00a0<\/em>oli suhteliselt modernse v\u00e4limusega kehaehitus ja ta oli h\u00e4sti kohastunud kaheljalgsusega. Nende luustik n\u00e4itas inimestele sarnaseid omadusi, nagu piklik ja saledam kehaehitus. Siiski s\u00e4ilis neil m\u00f5ningaid primitiivseid tunnuseid, n\u00e4iteks j\u00e4ssakam kehaehitus ja suuremad hambad.\n\t\t\t\t<\/p>\n<p>\n\t\t\t\t\t<em>Homo ergaster\u00b4<\/em>i koljut iseloomustas omap\u00e4rane kombinatsioon primitiivsetest ja arenenud omadustest. Neil oli suhteliselt suur ajumaht, umbes 700 kuni 900 cm<sup>3<\/sup>. Neil oli madal laup ja m\u00e4rgatavad kulmukaared, kuigi need ei olnud nii silmatorkavad kui varasematel hominiididel. Nende n\u00e4gu ei olnud varasemate hominiinide omaga v\u00f5rreldes nii v\u00e4ljaulatuv, mis t\u00e4hendab, et see ei ulatunud nii palju ette ja ninaluud olid p\u00fcstisema asendiga.\n\t\t\t\t<\/p>\n<p>\n\t\t\t\t\t<em>Homo ergaster\u00b4<\/em>il oli t\u00f5en\u00e4oliselt keerukas sotsiaalne struktuur ja nad elasid v\u00e4ikestes gruppides v\u00f5i kogukondades. Nad olid osavad t\u00f6\u00f6riistade valmistajad ja kasutasid kivit\u00f6\u00f6riistu, nagu k\u00e4sikirved ja lihunike noad, mida nad t\u00f5en\u00e4oliselt kasutasid erinevatel eesm\u00e4rkidel, sealhulgas liha tapmiseks ja taimede t\u00f6\u00f6tlemiseks.\u00a0\n\t\t\t\t<\/p>\n<p>\n\t\t\t\t\t<em>Homo ergaster\u00b4<\/em>i fossiilid on leitud peamiselt Ida-Aafrikast, eriti Koobi Fora ja Turkana j\u00e4rve aladelt Keenias ning Olduvai orust Tansaanias.\u00a0\n\t\t\t\t<\/p>\n<\/td>\n<td>\n<p>\n\t\t\t\t\t\u00a0<img loading=\"lazy\" decoding=\"async\" width=\"330\" height=\"220\" class=\"alignnone wp-image-247\" style=\"width: 400px;height: 267px\" src=\"https:\/\/sisu.ut.ee\/wp-content\/uploads\/sites\/647\/homo_ergaster_reconstruction_american_museum_of_natural_history.jpg\" title=\"homo_ergaster_reconstruction_american_museum_of_natural_history.jpg\" alt=\"T\u00f6\u00f6kas inimene Homo ergaster\" srcset=\"https:\/\/sisu.ut.ee\/wp-content\/uploads\/sites\/647\/homo_ergaster_reconstruction_american_museum_of_natural_history.jpg 330w, https:\/\/sisu.ut.ee\/wp-content\/uploads\/sites\/647\/homo_ergaster_reconstruction_american_museum_of_natural_history-300x200.jpg 300w\" sizes=\"auto, (max-width: 330px) 100vw, 330px\">\n\t\t\t\t<\/p>\n<p>\n\t\t\t\t\t<img loading=\"lazy\" decoding=\"async\" width=\"220\" height=\"115\" class=\"alignnone wp-image-248\" style=\"width: 400px;height: 209px\" src=\"https:\/\/sisu.ut.ee\/wp-content\/uploads\/sites\/647\/bifaz_cordiforme.jpg\" title=\"bifaz_cordiforme.jpg\" alt=\"T\u00f6\u00f6kas inimene Homo ergaster\">\n\t\t\t\t<\/p>\n<\/td>\n<\/tr>\n<tr>\n<td>\n\t\t\t\t<strong><em>\u00a0<\/em><em>Homo antecessor<\/em><\/strong>\n<p>\n\t\t\t\t\toli \u00fcks varasemaid ja v\u00e4hemtuntud liike inimkonna perekonnast\u00a0<em>Homo<\/em>. Seda liiki esindavad fossiilid, mis on p\u00e4rit umbes 1,2 miljoni aasta tagusest ajast ja leitud\u00a0 Hispaanias.\n\t\t\t\t<\/p>\n<p>\n\t\t\t\t\t<em>Homo antecessor\u00b4<\/em>il oli keskmiselt suurem ajumaht v\u00f5rreldes varasemate hominiididega, ulatudes umbes 1000\u20131150 cm\u00b3-ni, mis on l\u00e4hedal kaasaegsete inimeste aju mahule. Nende kolju kuju oli juba m\u00f5nev\u00f5rra kaasaegse inimese omaga sarnasem. Fossiilidest leitud hambad ja l\u00f5ualuud n\u00e4itavad,\u00a0\n\t\t\t\t<\/p>\n<p>\n\t\t\t\t\tet\u00a0<em>Homo antecessor\u00b4<\/em>il oli inimesele iseloomulik hammaste ja l\u00f5ualuude morfoloogia.\n\t\t\t\t<\/p>\n<p>\n\t\t\t\t\t\u00a0Nad olid keskmiselt umbes 1,6\u20131,8 m pikkused, kuid nende kehaehitus v\u00f5is olla veel robustsem kui<em>\u00a0Homo erectuse\u00b4l<\/em>. Kulmukaared olid v\u00e4hem v\u00e4ljaulatuvad kui\u00a0<em>Homo erectuse\u00b4l<\/em>\u00a0ja nende l\u00f5uad olid veel suhteliselt suured.\n\t\t\t\t<\/p>\n<p>\n\t\t\t\t\tSelle liigi toitumisharjumused pole t\u00e4ielikult teada, kuid arvatakse, et\u00a0<em>Homo antecessor<\/em>\u00a0oli t\u00f5en\u00e4oliselt segatoiduline, s\u00fc\u00fces liha, kalu, taimi ja muid toiduaineid vastavalt saadaolevale ressursile. Nad olid ka jahimehed ja korilased, kes v\u00f5isid jahipidamisel kasutada lihtsaid t\u00f6\u00f6riistu.\n\t\t\t\t<\/p>\n<p>\n\t\t\t\t\t<em>Homo antecessor\u00a0<\/em>on oluline liik inimese evolutsiooni m\u00f5istmisel, kuna see esindab varajast \u00fcleminekut varasematest hominiididest\u00a0<em>Homo<\/em>\u00a0perekonna hilisemate liikide, sealhulgas\u00a0<em>Homo heidelbergensis\u00b4e<\/em>\u00a0ja\u00a0<em>Homo neanderthalensis\u2019e\u00a0<\/em>suunas. Kuna fossiilid on leitud Hispaaniast, v\u00f5ib\u00a0<em>Homo antecessor\u00a0<\/em>olla seotud kaasaegsete inimeste\u00a0<em>(Homo sapiens<\/em>) esivanemate populatsioonidega Euroopas.\n\t\t\t\t<\/p>\n<\/td>\n<td>\n<p>\n\t\t\t\t\t<img loading=\"lazy\" decoding=\"async\" width=\"300\" height=\"109\" class=\"alignnone wp-image-249\" style=\"width: 400px;height: 145px\" src=\"https:\/\/sisu.ut.ee\/wp-content\/uploads\/sites\/647\/gran_dolina_2012_sierra_de_atapuerca.jpg\" title=\"gran_dolina_2012_sierra_de_atapuerca.jpg\" alt=\"Homo antecessor\">\n\t\t\t\t<\/p>\n<p>\n\t\t\t\t\t<img loading=\"lazy\" decoding=\"async\" width=\"220\" height=\"232\" class=\"alignnone wp-image-250\" style=\"width: 400px;height: 422px\" src=\"https:\/\/sisu.ut.ee\/wp-content\/uploads\/sites\/647\/em_-_homo_antecessor_child_model_-_2_cropped.jpg\" title=\"em_-_homo_antecessor_child_model_-_2_cropped.jpg\" alt=\"Homo antecessor\">\n\t\t\t\t<\/p>\n<\/td>\n<\/tr>\n<tr>\n<td>\n\t\t\t\t<em>\u00a0<strong>Homo heidelbergensis<\/strong><\/em>\n<p>\n\t\t\t\t\t<em>\u00a0<\/em>oli\u00a0 liik, kes eksisteeris umbes 700 000\u2013200 000 aastat tagasi. Seda liiki on leitud erinevatest paikadest Euroopas, Aafrikas ja Aasias.\u00a0<em>Homo heidelbergensis<\/em>\u00a0on oluline, kuna seda peetakse \u00fcleminekuvormiks varasemate hominiidide ja Neandertali inimese (<em>Homo neanderthalensis<\/em>) ning kaasaegsete inimeste (<em>Homo sapiens<\/em>) vahel.\n\t\t\t\t<\/p>\n<p>\n\t\t\t\t\tF\u00fc\u00fcsiliselt oli\u00a0<em>Homo heidelbergensis<\/em>\u00a0juba l\u00e4hedal t\u00e4nap\u00e4evastele inimestele. Nende keskmine pikkus\u00a0 oli umbes 1,6\u20131,8 m ning nad olid suhteliselt tugevad ja robustsed. Ajumaht varieerus vahemikus 1100\u20131400 cm\u00b3, olles keskmiselt suurem kui\u00a0<em>Homo erectus\u00b4e<\/em>l. Nende koljude kuju oli juba l\u00e4hedal kaasaegse inimese omale, kuid m\u00f5nedel juhtudel v\u00f5is neil endiselt olla j\u00e4lgi eelk\u00e4ijatele omastest f\u00fc\u00fcsilistest tunnustest, nagu v\u00e4ljaulatuvad kulmukaared.\n\t\t\t\t<\/p>\n<p>\n\t\t\t\t\t<em>Homo heidelbergensis<\/em>\u00a0oli edukas jahimees ja korilane, kes suutis kohaneda erinevate keskkonnatingimustega. Nad kasutasid t\u00f6\u00f6riistu, sealhulgas k\u00e4sit\u00f6\u00f6kindlaid kivikilde ja t\u00fckke, mis olid eelnevatest liikidest keerukamad. T\u00f6\u00f6riistade valmistamine ja kasutamine oli neile oluline oskus, mis aitas jahipidamisel, toiduvalmistamisel ja muudel igap\u00e4evastel \u00fclesannetel.\n\t\t\t\t<\/p>\n<p>\n\t\t\t\t\t<em>Homo heidelbergensis\u00a0<\/em>oli t\u00f5en\u00e4oliselt segatoiduline, h\u00f5lmates liha, kalu, taimi ja muud k\u00e4ttesaadavat toitu vastavalt piirkonnale ja hooajale. Nad v\u00f5isid ka kasutada tuld, mis v\u00f5imaldas neil laiendada oma toiduvalikuid ja kaitsta end k\u00fclma eest.\n\t\t\t\t<\/p>\n<p>\n\t\t\t\t\t<em>Homo heidelbergensis<\/em>\u00a0m\u00e4ngis olulist rolli inimese evolutsioonis, kuna see liik andis aluse neandertali inimese ja kaasaegsete inimeste tekkele. Arvatakse, et\u00a0<em>Homo heidelbergensis<\/em>\u00a0oli \u00fcks eelk\u00e4ijatest, kellest tekkisid eraldi evolutsiooniliinid, mis viisid\u00a0<em>Homo neanderthalensis\u2019<\/em>e tekkimisele\u00a0 Euroopas ja\u00a0<em>Homo sapiens\u2019<\/em>i tekkele Aafrikas.\n\t\t\t\t<\/p>\n<p>\n\t\t\t\t\t\u00a0\n\t\t\t\t<\/p>\n<\/td>\n<td>\n<p>\n\t\t\t\t\t<img loading=\"lazy\" decoding=\"async\" width=\"220\" height=\"152\" class=\"alignnone wp-image-258\" style=\"width: 300px;height: 207px\" src=\"https:\/\/sisu.ut.ee\/wp-content\/uploads\/sites\/647\/homo_heidelbergensis_mauer_1_cast_at_goteborgs_naturhistoriska_museum_8733.jpg\" title=\"homo_heidelbergensis_mauer_1_cast_at_goteborgs_naturhistoriska_museum_8733.jpg\" alt=\"Homo heidelbergensis\">\n\t\t\t\t<\/p>\n<p>\n\t\t\t\t\t<img loading=\"lazy\" decoding=\"async\" width=\"220\" height=\"147\" class=\"alignnone wp-image-259\" style=\"width: 300px;height: 200px\" src=\"https:\/\/sisu.ut.ee\/wp-content\/uploads\/sites\/647\/220px-em_-_homo_heidelbergensis_model_-_2.jpg\" title=\"220px-em_-_homo_heidelbergensis_model_-_2.jpg\" alt=\"Homo heidelbergensis\">\n\t\t\t\t<\/p>\n<\/td>\n<\/tr>\n<tr>\n<td>\n\t\t\t\t<strong><em>Homo neanderthalensis<\/em>\u00a0<\/strong>\n<p>\n\t\t\t\t\ttuntud ka kui neandertallased, oli arhailiste inimeste liik, kes elas Euroopas ja osas L\u00e4\u00e4ne-Aasia piirkondades umbes 400 000 kuni 40 000 aastat tagasi. Nad on meie l\u00e4himad teadaolevad v\u00e4ljasurnud sugulased, jagades \u00fchist esivanemat meiega umbes 600 000 kuni 700 000 aastat tagasi.\n\t\t\t\t<\/p>\n<p>\n\t\t\t\t\tNeandertallastel oli tugev ja robustne kehaehitus, mis oli kohandunud k\u00fclmades keskkondades elluj\u00e4\u00e4miseks. Neil oli j\u00f5uline kehaehitus, l\u00fchemad j\u00e4semed v\u00f5rreldes t\u00e4nap\u00e4eva inimestega, mis aitas neil kehasoojust s\u00e4ilitada. Nende keskmine pikkus oli sarnane v\u00f5i veidi l\u00fchem kui t\u00e4nap\u00e4eva inimestel.\n\t\t\t\t<\/p>\n<p>\n\t\t\t\t\t\u00dcks k\u00f5ige silmatorkavamaid tunnuseid neandertallaste juures oli nende koljustruktuur. Neil oli suur ja piklik kolju, millel oli m\u00e4rgatav kulmukaar ja madal kaldus otsmik. Neil oli ka iseloomulik n\u00e4gu, millel oli v\u00e4ljaulatuv keskosa ja suurem nina v\u00f5rreldes t\u00e4nap\u00e4eva inimestega. Neandertallaste keskmine ajumaht oli umbes 1200\u20131740 cm<sup>3<\/sup>, mis on suurem kui enamiku t\u00e4nap\u00e4eva inimeste keskmine ajumaht. Erinevate neandertali isendite ajumaht v\u00f5is siiski varieeruda. \u00dcldiselt on neandertallaste ajumaht suurem kui varasematel inimliikidel, kuid on oluline meeles pidada, et ajumaht ei ole otsene intelligentsuse n\u00e4itaja.\n\t\t\t\t<\/p>\n<\/td>\n<td>\n<p>\n\t\t\t\t\t\u00a0<img loading=\"lazy\" decoding=\"async\" width=\"612\" height=\"344\" class=\"alignnone wp-image-251\" style=\"width:400px;height:225px\" src=\"https:\/\/sisu.ut.ee\/wp-content\/uploads\/sites\/647\/homo_neanderthaliensis.jpg\" title=\"homo_neanderthaliensis.jpg\" alt=\"Homo neanderthalensis\" srcset=\"https:\/\/sisu.ut.ee\/wp-content\/uploads\/sites\/647\/homo_neanderthaliensis.jpg 612w, https:\/\/sisu.ut.ee\/wp-content\/uploads\/sites\/647\/homo_neanderthaliensis-300x169.jpg 300w\" sizes=\"auto, (max-width: 612px) 100vw, 612px\"><img loading=\"lazy\" decoding=\"async\" width=\"612\" height=\"407\" class=\"alignnone wp-image-252\" style=\"width:400px;height:266px\" src=\"https:\/\/sisu.ut.ee\/wp-content\/uploads\/sites\/647\/istockphoto-606011478-612x612-1.jpg\" title=\"istockphoto-606011478-612\u00d7612.jpg\" alt=\"Homo neanderthalensis\" srcset=\"https:\/\/sisu.ut.ee\/wp-content\/uploads\/sites\/647\/istockphoto-606011478-612x612-1.jpg 612w, https:\/\/sisu.ut.ee\/wp-content\/uploads\/sites\/647\/istockphoto-606011478-612x612-1-300x200.jpg 300w\" sizes=\"auto, (max-width: 612px) 100vw, 612px\">\n\t\t\t\t<\/p>\n<\/td>\n<\/tr>\n<tr>\n<td>\n\t\t\t\t<strong>\u00a0<em>Homo denisovani\u00a0<\/em><\/strong>\n<p>\n\t\t\t\t\tehk Denisova inimene on v\u00e4ljasurnud inimliik, kes elas umbes 300 000 kuni 50 000 aastat tagasi Ida-Aasias. See liik sai oma nime Denisova koopa j\u00e4rgi, kus leiti esimesed fossiilid ja DNA j\u00e4\u00e4nused.\n\t\t\t\t<\/p>\n<p>\n\t\t\t\t\t<em>Homo denisovani\u00b4<\/em>d on teadaolevalt l\u00e4hedalt seotud nii\u00a0<em>Homo sapiens<\/em>\u2019i kui ka neandertali inimestega. Arvatakse, et nad olid geneetiliselt ja f\u00fc\u00fcsiliselt erinevad nendest kahest liigist ning moodustasid eraldi haru inimpuus.\n\t\t\t\t<\/p>\n<p>\n\t\t\t\t\tSeni on teada v\u00e4ga piiratud arv Denisova inimeste fossiile. Esimesed j\u00e4\u00e4nused leiti 2010. aastal Siberi Denisova koopast, sealhulgas s\u00f5rmeluude fragmendid ja hambad. Lisaks sellele on saadud Denisova inimeste DNA j\u00e4\u00e4nuseid, mis on aidanud kaasa nende geneetilise profiili uurimisele.\n\t\t\t\t<\/p>\n<p>\n\t\t\t\t\tDenisova inimeste DNA anal\u00fc\u00fcs on n\u00e4idanud, et nad jagavad geneetilist p\u00e4randit nii\u00a0<em>Homo sapiens<\/em>\u2019i kui ka Neandertali inimestega. Arvatakse, et\u00a0<em>H<\/em><em>omo denisovani\u00b4<\/em>d ja\u00a0<em>Homo sapiens<\/em>\u00a0ristusid omavahel, mille tulemusena kandis t\u00e4nap\u00e4eva inimene m\u00f5ningaid Denisova inimeste geene.\n\t\t\t\t<\/p>\n<p>\n\t\t\t\t\tSiiani on Denisova inimeste kohta teada v\u00e4he f\u00fc\u00fcsilisi omadusi, kuna s\u00e4ilinud fossiilid on fragmentaarsed. On spekuleeritud, et nad v\u00f5isid olla f\u00fc\u00fcsiliselt sarnased Neandertali inimestega, kuid t\u00e4psemaid andmeid nende v\u00e4limuse kohta pole veel kindlaks tehtud.\n\t\t\t\t<\/p>\n<p>\n\t\t\t\t\tKuigi Denisova inimene on v\u00e4lja surnud, on nende geneetiline p\u00e4rand osa t\u00e4nap\u00e4eva inimeste DNA-st, eriti Aasia p\u00e4ritolu inimestel. Denisova inimeste uurimine ja nende geneetilise p\u00e4randi m\u00f5istmine on aidanud avastada meie inimliigi mitmekesisust ja evolutsioonilist ajalugu.\n\t\t\t\t<\/p>\n<\/td>\n<td>\n<p>\n\t\t\t\t\t<img loading=\"lazy\" decoding=\"async\" width=\"150\" height=\"100\" class=\"alignnone wp-image-253\" style=\"width:200px;height:133px\" src=\"https:\/\/sisu.ut.ee\/wp-content\/uploads\/sites\/647\/denisova_phalanx_distalis.jpg\" title=\"denisova_phalanx_distalis.jpg\" alt=\"Homo denisovani\">\n\t\t\t\t<\/p>\n<p>\n\t\t\t\t\t<img loading=\"lazy\" decoding=\"async\" width=\"220\" height=\"331\" class=\"alignnone wp-image-254\" style=\"width:200px;height:301px\" src=\"https:\/\/sisu.ut.ee\/wp-content\/uploads\/sites\/647\/denisova_4_denisovan_molar_3.jpg\" title=\"denisova_4_denisovan_molar_3.jpg\" alt=\"Homo denisovani\" srcset=\"https:\/\/sisu.ut.ee\/wp-content\/uploads\/sites\/647\/denisova_4_denisovan_molar_3.jpg 220w, https:\/\/sisu.ut.ee\/wp-content\/uploads\/sites\/647\/denisova_4_denisovan_molar_3-199x300.jpg 199w\" sizes=\"auto, (max-width: 220px) 100vw, 220px\">\n\t\t\t\t<\/p>\n<\/td>\n<\/tr>\n<tr>\n<td>\n\t\t\t\t<strong>P\u00e4risinimene\u00a0 ehk n\u00fc\u00fcdisinimene ehk tark inimene\u00a0\u00a0<em>Homo sapiens\u00a0<\/em><\/strong>\n<p>\n\t\t\t\t\ttuntud ka kui t\u00e4nap\u00e4eva inimene, on ainus elluj\u00e4\u00e4nud inimliik perekonnas\u00a0<em>Homo<\/em>.\u00a0<em>Homo sapiens<\/em>\u00a0ilmus umbes 300 000 aastat tagasi ja on t\u00e4naseni domineeriv inimliik Maal.\n\t\t\t\t<\/p>\n<p>\n\t\t\t\t\t<em>Homo sapiens<\/em>\u2019il on mitmeid unikaalseid omadusi, mis eristavad teda teistest inimliikidest. \u00dcks olulisemaid omadusi on suur aju maht, mis v\u00f5imaldab keerulist m\u00f5tlemist, loovust, keele kasutamist ja keeruliste t\u00f6\u00f6riistade valmistamist. T\u00e4nap\u00e4eva inimese keskmine ajumaht on umbes 1300\u20131400 cm<sup>3<\/sup>.\n\t\t\t\t<\/p>\n<p>\n\t\t\t\t\tF\u00fc\u00fcsiliselt on\u00a0<em>Homo sapiens<\/em>\u2019il k\u00f5rge otsmik, \u00f5rnemad n\u00e4ojooned ja v\u00e4hem v\u00e4ljaulatuvad kulmukaared v\u00f5rreldes varasemate inimliikidega. Meie kehaehitus on kohastunud p\u00fcstise k\u00f5ndimise ja pikamaajooksu jaoks. Oleme keskmise suurusega kehaehitusega, pikemate ja peenemate j\u00e4semetega.\n\t\t\t\t<\/p>\n<p>\n\t\t\t\t\t\u00a0\n\t\t\t\t<\/p>\n<\/td>\n<td>\n\t\t\t\t<img loading=\"lazy\" decoding=\"async\" width=\"2560\" height=\"1440\" class=\"alignnone wp-image-255\" style=\"width:400px;height:225px\" src=\"https:\/\/sisu.ut.ee\/wp-content\/uploads\/sites\/647\/homo_sapiens-scaled.jpg\" title=\"homo_sapiens.jpg\" alt=\"P\u00e4risinimene  ehk n\u00fc\u00fcdisinimene ehk tark inimene  Homo sapiens\" srcset=\"https:\/\/sisu.ut.ee\/wp-content\/uploads\/sites\/647\/homo_sapiens-scaled.jpg 2560w, https:\/\/sisu.ut.ee\/wp-content\/uploads\/sites\/647\/homo_sapiens-300x169.jpg 300w, https:\/\/sisu.ut.ee\/wp-content\/uploads\/sites\/647\/homo_sapiens-1024x576.jpg 1024w, https:\/\/sisu.ut.ee\/wp-content\/uploads\/sites\/647\/homo_sapiens-768x432.jpg 768w, https:\/\/sisu.ut.ee\/wp-content\/uploads\/sites\/647\/homo_sapiens-1536x864.jpg 1536w, https:\/\/sisu.ut.ee\/wp-content\/uploads\/sites\/647\/homo_sapiens-2048x1152.jpg 2048w, https:\/\/sisu.ut.ee\/wp-content\/uploads\/sites\/647\/homo_sapiens-1920x1080.jpg 1920w\" sizes=\"auto, (max-width: 2560px) 100vw, 2560px\">\n\t\t\t<\/td>\n<\/tr>\n<tr>\n<td>\n\t\t\t\t<strong>\u00a0Cro-magnoni inimene ehk kromanjoonlane<\/strong>\n<p>\n\t\t\t\t\tkuulub liiki<em>\u00a0Homo sapiens sapiens<\/em>, tuntud ka kui kromanjoonlane v\u00f5i t\u00e4nap\u00e4eva inimene, on ainus elluj\u00e4\u00e4nud inimliik perekonnas\u00a0<em>Homo<\/em>. Kromanjoonlased on meie l\u00e4himad sugulased ja esindavad t\u00e4nap\u00e4eva inimeste kaasaegset vormi.\n\t\t\t\t<\/p>\n<p>\n\t\t\t\t\tKromanjoonlastel on anatoomilised ja f\u00fcsioloogilised omadused, mis eristavad neid teistest liikidest. \u00dcldiselt on neil keskmise suurusega kehaehitus, pikemad ja peenemad j\u00e4semed v\u00f5rreldes varasemate inimliikidega ning suhteliselt suur aju maht, umbes 1300\u20131400 cm<sup>3<\/sup>.\n\t\t\t\t<\/p>\n<p>\n\t\t\t\t\tNende kolju on \u00fcmar ja sile, k\u00f5rge otsmikuga ning kulmukaarteta. N\u00e4ojooned on peenemad v\u00f5rreldes teiste inimliikidega, nina on v\u00e4iksem ning l\u00f5ug on v\u00e4ljaulatuv. Kromanjoonlastel on ka m\u00e4rkimisv\u00e4\u00e4rselt keerukas keel, mis v\u00f5imaldab neil keerulist suhtlust ja informatsiooni jagamist.\n\t\t\t\t<\/p>\n<p>\n\t\t\t\t\tOluline osa kromanjoonlaste kohanemisest ja elluj\u00e4\u00e4misest tuleneb nende intellektuaalsetest v\u00f5imetest ja keerukast kultuurist. Nad on v\u00e4lja t\u00f6\u00f6tanud arenenud t\u00f6\u00f6riistade kasutamise oskused, kohandanud end erinevatesse keskkondadesse ning loonud sotsiaalseid struktuure ja koost\u00f6\u00f6vorme.\n\t\t\t\t<\/p>\n<p>\n\t\t\t\t\tKromanjoonlaste geneetiline mitmekesisus on m\u00e4rkimisv\u00e4\u00e4rne, mis v\u00f5imaldab neil kohaneda erinevate \u00f6koloogiliste ja kliimatingimustega \u00fcle maailma. Nad on l\u00e4bi teinud pika evolutsioonilise protsessi ning on t\u00e4nap\u00e4eval globaalselt levinud, moodustades erinevaid etnilisi, kultuurilisi ja keelelisi r\u00fchmi.\n\t\t\t\t<\/p>\n<\/td>\n<td>\n\t\t\t\t<img loading=\"lazy\" decoding=\"async\" width=\"297\" height=\"199\" class=\"alignnone wp-image-256\" style=\"width:400px;height:268px\" src=\"https:\/\/sisu.ut.ee\/wp-content\/uploads\/sites\/647\/2kromanjoonlased.jpg\" title=\"2kromanjoonlased.jpg\" alt=\"Cro-magnoni inimene ehk kromanjoonlane\">\n\t\t\t<\/td>\n<\/tr>\n<tr>\n<td>\n\t\t\t\t<strong><em>Homo sapiens sapiens\u00a0<\/em><\/strong>\n<p>\n\t\t\t\t\ton tuntud ka kui t\u00e4nap\u00e4eva inimene, on meie kaasaegne inimliik, kellele me kuulume.\u00a0<em>Homo sapiens<\/em>\u00a0<em>sapiens<\/em>\u00a0on evolutsiooniline haru, mis eraldus teistest\u00a0<em>Homo sapiens\u00b4<\/em>i alamliikidest umbes 200 000 aastat tagasi.\n\t\t\t\t<\/p>\n<p>\n\t\t\t\t\tF\u00fc\u00fcsiliselt on\u00a0<em>Homo sapiens sapiens\u00a0\u00a0<\/em>sarnane\u00a0<em>Homo sapiens<\/em>\u2019iga.\n\t\t\t\t<\/p>\n<p>\n\t\t\t\t\tKultuuriliselt on\u00a0<em>Homo sapiens sapiens<\/em>\u00a0v\u00e4lja t\u00f6\u00f6tanud mitmekesiseid oskusi ja teadmisi. Oleme loonud keerulisi keeli, arendanud kunsti ja muusikat, v\u00e4lja t\u00f6\u00f6tanud s\u00fcsteeme, nagu kirjas\u00fcsteemid ja arvutid, ning kasutanud tehnoloogiat erinevates valdkondades.\n\t\t\t\t<\/p>\n<p>\n\t\t\t\t\t<em>Homo sapiens sapiens<\/em>\u2019i edukus on suuresti seotud meie v\u00f5imega kohaneda erinevate keskkonnatingimustega ja arendada keerukaid sotsiaalseid struktuure. Oleme loonud mitmekesiseid kultuure, uskumusi, traditsioone ja v\u00e4\u00e4rtusi ning suudame suhelda ja koost\u00f6\u00f6d teha teistega erinevates \u00fchiskondlikes ja majanduslikes s\u00fcsteemides.\n\t\t\t\t<\/p>\n<p>\n\t\t\t\t\tT\u00e4nap\u00e4eva inimene on levinud peaaegu k\u00f5ikjal Maal ja on suutnud kohanduda erinevate keskkonnatingimustega, olgu selleks k\u00f5rb, d\u017eungel, tundra v\u00f5i linnakeskkond.\u00a0<em>Homo sapiens sapiens<\/em>\u2019i \u00fclekaalukas kohanemisv\u00f5ime, tehnoloogilised edusammud ja suhtlusoskused on v\u00f5imaldanud meil muuta oma elukeskkonda ja m\u00f5jutada teisi liike.\n\t\t\t\t<\/p>\n<p>\n\t\t\t\t\tOn oluline m\u00e4rkida, et<em>\u00a0Homo sapiens sapiens\u00a0<\/em>on mitmekesine liik, mis h\u00f5lmab erinevaid etnilisi, kultuurilisi ja keelelisi r\u00fchmi \u00fcle kogu maailma. See mitmekesisus on rikastanud meie kultuuri, teadmisi ja m\u00f5istmist maailmast.\n\t\t\t\t<\/p>\n<p>\n\t\t\t\t\t\u00a0\n\t\t\t\t<\/p>\n<p>\n\t\t\t\t\t<em>Homo sapiens\u00a0<\/em>ja\u00a0<em>Homo sapiens sapiens\u00a0<\/em>on tegelikult sama liigi erinevad nimetused. M\u00f5lemad terminid viitavad t\u00e4nap\u00e4eva inimesele. Alguses kasutati terminit\u00a0<em>Homo sapiens<\/em>, et viidata inimliigile, kellel on m\u00f5istus ja suutlikkus m\u00f5ista. Hiljem lisati liigi teisele osale \u201csapiens\u201d t\u00e4psustuseks, et r\u00f5hutada meie kaasaegset vormi v\u00f5rreldes teiste varasemate\u00a0<em>Homo sapiens\u00b4i<\/em>\u00a0alamliikidega, n\u00e4iteks\u00a0<em>Homo sapiens neanderthalensis\u00a0<\/em>(neandertallane).\n\t\t\t\t<\/p>\n<p>\n\t\t\t\t\tSeega,\u00a0<em>Homo sapiens sapiens<\/em>\u00a0on t\u00e4nap\u00e4eva inimene, kes kuulub liiki\u00a0<em>Homo sapiens<\/em>. Need kaks terminit viitavad samale inimliigile, kuid kasutavad lihtsalt erinevaid t\u00e4psustusi v\u00f5i s\u00fcnon\u00fc\u00fcme. M\u00f5ned teadlased eelistavad kasutada t\u00e4psemat terminit<em>\u00a0Homo sapiens sapiens<\/em>, et eristada meid varasematest inimliikidest ja r\u00f5hutada meie kaasaegset vormi.\n\t\t\t\t<\/p>\n<\/td>\n<td>\n\t\t\t\t<img loading=\"lazy\" decoding=\"async\" width=\"612\" height=\"428\" class=\"alignnone wp-image-257\" style=\"width:400px;height:280px\" src=\"https:\/\/sisu.ut.ee\/wp-content\/uploads\/sites\/647\/istockphoto-1187245319-612x612-1.jpg\" title=\"istockphoto-1187245319-612\u00d7612.jpg\" alt=\"Homo sapiens sapiens\" srcset=\"https:\/\/sisu.ut.ee\/wp-content\/uploads\/sites\/647\/istockphoto-1187245319-612x612-1.jpg 612w, https:\/\/sisu.ut.ee\/wp-content\/uploads\/sites\/647\/istockphoto-1187245319-612x612-1-300x210.jpg 300w\" sizes=\"auto, (max-width: 612px) 100vw, 612px\">\n\t\t\t<\/td>\n<\/tr>\n<\/tbody>\n<\/table>\n<h3>\n\t<br>KOKKUV\u00d5TTEKS<br>\n<\/h3>\n<p>\n\tInimese evolutsioon on pikaajaline protsess, mis on kestnud mitmeid miljoneid aastaid. Olulised tunnused, mis on iseloomulikud inimesele, on arenenud j\u00e4rk-j\u00e4rgult l\u00e4bi aegade. Siin on m\u00f5ned olulised s\u00fcndmused ja tunnused inimese evolutsioonis:\n<\/p>\n<ol>\n<li>\n<p>\n\t\t\t<strong>Bipedalism<\/strong>\u00a0(kaksjalgsus): inimestele on iseloomulik p\u00fcstine k\u00f5ndimine kahel jalal. Bipedalismi areng v\u00f5ib ulatuda umbes 6-7 miljoni aasta tagusesse aega, kui meie eellased hakkasid aeg-ajalt liikuma tagajalgadel.\n\t\t<\/p>\n<\/li>\n<li>\n<p>\n\t\t\t<strong>Suur aju<\/strong>: inimese aju on suhteliselt suur v\u00f5rreldes teiste primaatidega. Aju\u00a0 suurenemine toimus j\u00e4rk-j\u00e4rgult inimarengu k\u00e4igus, kusjuures eriti m\u00e4rkimisv\u00e4\u00e4rne kasv toimus umbes 2 miljoni aasta eest. Suur aju on seotud keeruka m\u00f5tlemise ja k\u00e4itumisega, mis on inimesele iseloomulikud.\n\t\t<\/p>\n<\/li>\n<li>\n<p>\n\t\t\t<strong>Higin\u00e4\u00e4rmete tekkimine:<\/strong>\u00a0inimesel tekkinud higin\u00e4\u00e4rmete t\u00e4pset aega on keeruline kindlaks teha, kuna selleks puuduvad otsesed fossiilid. Kuid teadlased usuvad, et higin\u00e4\u00e4rmed arenesid j\u00e4rk-j\u00e4rgult inimarengu k\u00e4igus ning nende t\u00e4ielik v\u00e4ljakujunemine v\u00f5is toimuda umbes 1,5-2 miljonit aastat tagasi.\n\t\t<\/p>\n<p>\n\t\t\tArvatakse, et higin\u00e4\u00e4rmed arenesid seoses inimkonna varajase arenguga avatud maastikel ja kliimamuutustega. Sel ajal hakkasid hominiinid (inimese eellased) elama troopilistes ja subtroopilistes piirkondades, kus neid m\u00f5jutas kuum ja kuiv kliima. Higin\u00e4\u00e4rmete areng v\u00f5imaldas neil s\u00e4ilitada kehatemperatuuri stabiilsena, vabastades higi ja h\u00f5lbustades selle aurustumist naha pinnalt.\u00a0\n\t\t<\/p>\n<\/li>\n<li>\n<p>\n\t\t\t<strong>Naha pigmenteerumine:<\/strong>\u00a0naha pigmenteerumine on seotud inimeste evolutsiooniga ja selle t\u00e4pset aega on samuti keeruline kindlaks teha, kuna selleks puuduvad otsesed fossiilid. Naha pigmenteerumine on seotud melanots\u00fc\u00fctide (pigmenteerunud rakkude) tootmise ja melaniini (pigment) sisaldusega nahas.\n\t\t<\/p>\n<p>\n\t\t\t\u00dcldiselt arvatakse, et inimese naha pigmenteerumine on p\u00f5hjustatud elukeskkonna ja p\u00e4ikesevalguse m\u00f5judest. Varem usuti, et inimese nahk oli algul pigmenteerumata ja et melaniiniline nahk kujunes v\u00e4lja hiljem, kui inimesed kolisid p\u00e4ikesek\u00fcllastest piirkondadest eemale. Kuid uued uuringud ja leitud fossiilid on seda teooriat osaliselt \u00fcmber l\u00fckanud.\n\t\t<\/p>\n<p>\n\t\t\tPraegused teadmised viitavad sellele, et naha pigmenteerumine muutus oluliselt umbes 1,2 miljonit aastat tagasi\u00a0<em>Homo erectus\u00b4e<\/em>\u00a0ja\u00a0<em>Homo heidelbergensis\u00b4e<\/em>\u00a0liinides. Need varajased inimliigid arenesid Aafrika troopilistes piirkondades, kus tugev p\u00e4ikesevalgus oli olemas. Naha pigmenteerumine aitas kaitsta neid p\u00e4ikese kahjulike m\u00f5jude eest.\n\t\t<\/p>\n<\/li>\n<li>\n<p>\n\t\t\t<strong>Keel ja suhtlus<\/strong>: inimesed on arenenud keeruka keele ja suhtlemisoskuse poolest. T\u00e4pset ajavahemikku, millal inimeste esivanemad omandasid keelekasutuse, on raske m\u00e4\u00e4ratleda. Siiski on keelekasutuseks vajalikud ajupiirkonnad\u00a0 j\u00e4rk-j\u00e4rgult arenenud l\u00e4bi evolutsiooni.\n\t\t<\/p>\n<\/li>\n<li>\n<p>\n\t\t\t<strong>T\u00f6\u00f6riistade kasutamine:<\/strong>\u00a0varajased inimesed hakkasid t\u00f6\u00f6riistu kasutama umbes 2,5 miljonit aastat tagasi. T\u00f6\u00f6riistade kasutamine on inimestele iseloomulik ja on aidanud meil ellu j\u00e4\u00e4da ja keskkonnaga kohaneda.\n\t\t<\/p>\n<\/li>\n<li>\n<p>\n\t\t\t<strong>Sotsiaalne k\u00e4itumine<\/strong>: inimesed on sotsiaalsed olendid, kellel on keerulised sotsiaalsed suhted ja koost\u00f6\u00f6v\u00f5ime. Sotsiaalne k\u00e4itumine on olnud evolutsiooniliselt oluline inimr\u00fchmade toimimise ja edasikandumise jaok\n\t\t<\/p>\n<\/li>\n<\/ol>\n<blockquote>\n<p>\n\t\t<strong>T\u00e4iendav info ja harjutus\u00fclesanded<\/strong>\n\t<\/p>\n<p>\n\t\tN\u00fc\u00fcdisinimese p\u00e4ritolu\u00a0<a href=\"https:\/\/vara.e-koolikott.ee\/taxonomy\/term\/2406\" target=\"_blank\" rel=\"noopener\">https:\/\/vara.e-koolikott.ee\/taxonomy\/term\/2406<\/a><br>Inimese evolutsiooni m\u00f5jutavad tegurid\u00a0<a href=\"https:\/\/vara.e-koolikott.ee\/taxonomy\/term\/2399\" target=\"_blank\" rel=\"noopener\">https:\/\/vara.e-koolikott.ee\/taxonomy\/term\/2399<\/a>\n\t<\/p>\n<\/blockquote>\n<blockquote>\n<p>\n\t\t<strong>Vaata videoid<\/strong>\n\t<\/p>\n<p>\n\t\tInimese evolutsioon\u00a0<a href=\"https:\/\/www.youtube.com\/watch?v=frE1rjhH77Y&amp;list=PLY-VkPA83qn1EOLZYHJ253n_Oi78r4Q3N\" target=\"_blank\" rel=\"noopener\">https:\/\/www.youtube.com\/watch?v=frE1rjhH77Y&amp;list=PLY-VkPA83qn1EOLZYHJ253n_Oi78r4Q3N<\/a>\n\t<\/p>\n<\/blockquote>\n<blockquote>\n<p>\n\t\t<strong>Oluline info, mida meelde j\u00e4tta<\/strong>\n\t<\/p>\n<ul>\n<li>\n\t\t\tEvolutsiooni olemus on\u00a0 elusorganismide muutumine ja areng aja jooksul. See on teaduslik teooria, mis kirjeldab, kuidas elusolendid on arenenud ja kohastunud vastavalt keskkonna muutustele ning kuidas uued liigid tekivad olemasolevate liikide evolutsioonilise protsessi tulemusena.\n\t\t<\/li>\n<li>\n\t\t\tEvolutsiooniteooria tugineb paljudele teaduslikele t\u00f5enditele, sealhulgas fossiilide leidudele, geneetilisele anal\u00fc\u00fcsile, liigir\u00fchmade geograafilisele jaotusele ning laboratoorsetele katsetele.\u00a0\n\t\t<\/li>\n<li>\n\t\t\tP\u00e4rilikkus ja geneetiline mitmekesisus \u2013 organismidel on omadus anda edasi oma omadusi j\u00e4rglastele.\u00a0\n\t\t<\/li>\n<li>\n\t\t\tGeneetiline mitmekesisus tekib mutatsioonide t\u00f5ttu, mis on juhuslikud muutused DNA-s.\n\t\t<\/li>\n<li>\n\t\t\tLooduslik valik kui evolutsiooni mehhanism \u2013 keskkonnas esinevate ressursside ja konkurentsi t\u00f5ttu on teatud tunnustel eelis, mis aitab organismil paremini kohaneda ja ellu j\u00e4\u00e4da. Neil omadustel on suurem t\u00f5en\u00e4osus p\u00e4randuda tulevastele p\u00f5lvkondadele.\n\t\t<\/li>\n<li>\n\t\t\tOlelusv\u00f5itlus ja kohastumine \u2013 organismid, kellel on sobivamad tunnused, kohanevad paremini keskkonnaga, mist\u00f5ttu nende geenid kanduvad suurema t\u00f5en\u00e4osusega edasi rohkematele j\u00e4rglastele.\n\t\t<\/li>\n<li>\n\t\t\tAja jooksul v\u00f5ivad liigid muutuda ja eristuda, kuna nende populatsioonid kohanevad erinevate keskkonnatingimustega. Kui liikidevahelised erinevused muutuvad piisavalt suureks, v\u00f5ib tekkida uus liik.\n\t\t<\/li>\n<li>\n\t\t\tFossiilide anal\u00fc\u00fcs n\u00e4itab, et elusolendid on aja jooksul muutunud ning liigid, mis eksisteerisid minevikus, erinevad m\u00f5nev\u00f5rra t\u00e4nap\u00e4evastest liikidest.\n\t\t<\/li>\n<li>\n\t\t\tKuigi evolutsiooniteooria on laialdaselt tunnustatud ja toetatud teaduslik teooria, on see olnud mitmete arutelude ja vastuolude keskpunktiks, kuid teaduslik kogukond peab seda \u00fcheks bioloogia ja eluteaduste p\u00f5hialuseks.\n\t\t<\/li>\n<\/ul>\n<\/blockquote>\n","protected":false},"excerpt":{"rendered":"<p>Inimese evolutsioon\u00a0on rangelt v\u00f5ttes k\u00fcll\u00a0perekonna\u00a0Homo\u00a0(inimene)\u00a0evolutsioon, kuid seda uuriv\u00a0paleoantropoloogia\u00a0tegeleb ka\u00a0inimlaste\u00a0ehk\u00a0sugukonna\u00a0teiste\u00a0v\u00e4ljasurnud\u00a0inimesesarnaste\u00a0liikide\u00a0uurimisega.\u00a0Vastavalt sellele m\u00f5istetakse ka inimese evolutsiooni laiemalt. Perekonna\u00a0Homo\u00a0otsesteks eellasteks peetakse perekonda\u00a0Australopithecus\u00a0(l\u00f5unaahvid).\u00a0K\u00f5ik teised liigid perekonnast\u00a0Homo\u00a0peale\u00a0inimese\u00a0(Homo sapiens-\u00a0tark inimene) on v\u00e4lja surnud. Inimeste evolutsiooni\u00a0t\u00e4htsaimad muutused\u00a0on seotud kahejalgsuse ja omnivoorsuse kujunemisega ning sotsiaalsete suhete t\u00e4iustumisega m\u00f5istelise &#8230;<\/p>\n","protected":false},"author":319,"featured_media":0,"parent":0,"menu_order":0,"comment_status":"closed","ping_status":"closed","template":"","meta":{"_acf_changed":false,"inline_featured_image":false,"footnotes":""},"class_list":["post-19","page","type-page","status-publish","hentry"],"acf":[],"_links":{"self":[{"href":"https:\/\/sisu.ut.ee\/biogymnaasium\/wp-json\/wp\/v2\/pages\/19","targetHints":{"allow":["GET"]}}],"collection":[{"href":"https:\/\/sisu.ut.ee\/biogymnaasium\/wp-json\/wp\/v2\/pages"}],"about":[{"href":"https:\/\/sisu.ut.ee\/biogymnaasium\/wp-json\/wp\/v2\/types\/page"}],"author":[{"embeddable":true,"href":"https:\/\/sisu.ut.ee\/biogymnaasium\/wp-json\/wp\/v2\/users\/319"}],"replies":[{"embeddable":true,"href":"https:\/\/sisu.ut.ee\/biogymnaasium\/wp-json\/wp\/v2\/comments?post=19"}],"version-history":[{"count":1,"href":"https:\/\/sisu.ut.ee\/biogymnaasium\/wp-json\/wp\/v2\/pages\/19\/revisions"}],"predecessor-version":[{"id":488,"href":"https:\/\/sisu.ut.ee\/biogymnaasium\/wp-json\/wp\/v2\/pages\/19\/revisions\/488"}],"wp:attachment":[{"href":"https:\/\/sisu.ut.ee\/biogymnaasium\/wp-json\/wp\/v2\/media?parent=19"}],"curies":[{"name":"wp","href":"https:\/\/api.w.org\/{rel}","templated":true}]}}